{"id":4002,"date":"2025-04-16T12:12:51","date_gmt":"2025-04-16T12:12:51","guid":{"rendered":"https:\/\/tidolore.ch\/staging\/behandlungen\/"},"modified":"2026-04-26T11:11:01","modified_gmt":"2026-04-26T11:11:01","slug":"behandlungen","status":"publish","type":"page","link":"https:\/\/tidolore.ch\/staging\/de\/behandlungen\/","title":{"rendered":"Behandlungen"},"content":{"rendered":"\t\t<div data-elementor-type=\"wp-page\" data-elementor-id=\"4002\" class=\"elementor elementor-4002 elementor-60\" data-elementor-post-type=\"page\">\n\t\t\t\t<div class=\"elementor-element elementor-element-bc9f403 e-con-full e-flex e-con e-parent\" data-id=\"bc9f403\" data-element_type=\"container\" data-e-type=\"container\" data-settings=\"{&quot;background_background&quot;:&quot;classic&quot;}\">\n\t\t<div class=\"elementor-element elementor-element-6b2c39f e-flex e-con-boxed e-con e-child\" data-id=\"6b2c39f\" data-element_type=\"container\" data-e-type=\"container\">\n\t\t\t\t\t<div class=\"e-con-inner\">\n\t\t\t\t<div class=\"elementor-element elementor-element-06496e6 elementor-widget elementor-widget-heading\" data-id=\"06496e6\" data-element_type=\"widget\" data-e-type=\"widget\" data-widget_type=\"heading.default\">\n\t\t\t\t<div class=\"elementor-widget-container\">\n\t\t\t\t\t<h1 class=\"elementor-heading-title elementor-size-default\">Behandlungen<\/h1>\t\t\t\t<\/div>\n\t\t\t\t<\/div>\n\t\t\t\t<div class=\"elementor-element elementor-element-3c20f0a elementor-widget elementor-widget-text-editor\" data-id=\"3c20f0a\" data-element_type=\"widget\" data-e-type=\"widget\" data-widget_type=\"text-editor.default\">\n\t\t\t\t<div class=\"elementor-widget-container\">\n\t\t\t\t\t\t\t\t\t<p>Abh\u00e4ngig von vielen Faktoren, wie der Art der Schmerzen und dem allgemeinen Gesundheitszustand, gibt es zahlreiche M\u00f6glichkeiten der Schmerzbehandlung.<\/p>\t\t\t\t\t\t\t\t<\/div>\n\t\t\t\t<\/div>\n\t\t\t\t\t<\/div>\n\t\t\t\t<\/div>\n\t\t\t\t<\/div>\n\t\t<div class=\"elementor-element elementor-element-56eb2e1 e-flex e-con-boxed e-con e-parent\" data-id=\"56eb2e1\" data-element_type=\"container\" data-e-type=\"container\">\n\t\t\t\t\t<div class=\"e-con-inner\">\n\t\t\t\t<div class=\"elementor-element elementor-element-de55f05 elementor-widget elementor-widget-text-editor\" data-id=\"de55f05\" data-element_type=\"widget\" data-e-type=\"widget\" data-widget_type=\"text-editor.default\">\n\t\t\t\t<div class=\"elementor-widget-container\">\n\t\t\t\t\t\t\t\t\t<h3><span style=\"font-size: 20px;\"><strong>Ist Schmerztherapie das Richtige f\u00fcr Sie?<\/strong><\/span><\/h3><section><div class=\"section_item\"><div class=\"text_container\"><article class=\"text-token-text-primary w-full\" dir=\"auto\" data-testid=\"conversation-turn-4\" data-scroll-anchor=\"true\"><div class=\"text-base my-auto mx-auto py-5 [--thread-content-margin:--spacing(4)] @[37rem]:[--thread-content-margin:--spacing(6)] @[72rem]:[--thread-content-margin:--spacing(16)] px-(--thread-content-margin)\"><div class=\"[--thread-content-max-width:32rem] @[34rem]:[--thread-content-max-width:40rem] @[64rem]:[--thread-content-max-width:48rem] mx-auto flex max-w-(--thread-content-max-width) flex-1 text-base gap-4 md:gap-5 lg:gap-6 group\/turn-messages focus-visible:outline-hidden\" tabindex=\"-1\"><div class=\"group\/conversation-turn relative flex w-full min-w-0 flex-col agent-turn\"><div class=\"relative flex-col gap-1 md:gap-3\"><div class=\"flex max-w-full flex-col grow\"><div class=\"min-h-8 text-message relative flex w-full flex-col items-end gap-2 text-start break-words whitespace-normal [.text-message+&amp;]:mt-5\" dir=\"auto\" data-message-author-role=\"assistant\" data-message-id=\"6dab0729-d325-434d-99f3-67366ccfde5f\" data-message-model-slug=\"gpt-4o\"><div class=\"flex w-full flex-col gap-1 empty:hidden first:pt-[3px]\"><div class=\"markdown prose dark:prose-invert w-full break-words dark\"><p>Es gibt viele M\u00f6glichkeiten, Schmerzen zu behandeln, abh\u00e4ngig von der Art der Schmerzen und Ihrem allgemeinen Gesundheitszustand. Manchmal kann eine Behandlung, die zuvor nicht funktioniert hat, gute Ergebnisse bringen, wenn sie mit einem multimodalen Ansatz kombiniert wird. <\/p><p data-start=\"0\" data-end=\"515\" data-is-last-node=\"\" data-is-only-node=\"\">Wir sind auf die Behandlung komplexer chronischer Schmerzprobleme spezialisiert.<\/p><h3 data-start=\"0\" data-end=\"515\"><strong><span style=\"font-size: 20px;\">Unsere Behandlungen<\/span><\/strong><\/h3><section><section><div class=\"section_item\"><div class=\"text_container\"><article class=\"text-token-text-primary w-full\" dir=\"auto\" data-testid=\"conversation-turn-4\" data-scroll-anchor=\"true\"><div class=\"text-base my-auto mx-auto py-5 [--thread-content-margin:--spacing(4)] @[37rem]:[--thread-content-margin:--spacing(6)] @[72rem]:[--thread-content-margin:--spacing(16)] px-(--thread-content-margin)\"><div class=\"[--thread-content-max-width:32rem] @[34rem]:[--thread-content-max-width:40rem] @[64rem]:[--thread-content-max-width:48rem] mx-auto flex max-w-(--thread-content-max-width) flex-1 text-base gap-4 md:gap-5 lg:gap-6 group\/turn-messages focus-visible:outline-hidden\" tabindex=\"-1\"><div class=\"group\/conversation-turn relative flex w-full min-w-0 flex-col agent-turn\"><div class=\"relative flex-col gap-1 md:gap-3\"><div class=\"flex max-w-full flex-col grow\"><div class=\"min-h-8 text-message relative flex w-full flex-col items-end gap-2 text-start break-words whitespace-normal [.text-message+&amp;]:mt-5\" dir=\"auto\" data-message-author-role=\"assistant\" data-message-id=\"6dab0729-d325-434d-99f3-67366ccfde5f\" data-message-model-slug=\"gpt-4o\"><div class=\"flex w-full flex-col gap-1 empty:hidden first:pt-[3px]\"><div class=\"markdown prose dark:prose-invert w-full break-words dark\"><p>Die Untersuchungen und Behandlungen finden ambulant statt und werden von der Krankenkasse oder ggf. der Unfallversicherung \u00fcbernommen. Wir empfangen Patienten auf \u00dcberweisung des Hausarztes oder eines Facharztes. <\/p><section><div class=\"section_item\"><div class=\"text_container\"><article class=\"text-token-text-primary w-full\" dir=\"auto\" data-testid=\"conversation-turn-4\" data-scroll-anchor=\"true\"><div class=\"text-base my-auto mx-auto py-5 [--thread-content-margin:--spacing(4)] @[37rem]:[--thread-content-margin:--spacing(6)] @[72rem]:[--thread-content-margin:--spacing(16)] px-(--thread-content-margin)\"><div class=\"[--thread-content-max-width:32rem] @[34rem]:[--thread-content-max-width:40rem] @[64rem]:[--thread-content-max-width:48rem] mx-auto flex max-w-(--thread-content-max-width) flex-1 text-base gap-4 md:gap-5 lg:gap-6 group\/turn-messages focus-visible:outline-hidden\" tabindex=\"-1\"><div class=\"group\/conversation-turn relative flex w-full min-w-0 flex-col agent-turn\"><div class=\"relative flex-col gap-1 md:gap-3\"><div class=\"flex max-w-full flex-col grow\"><div class=\"min-h-8 text-message relative flex w-full flex-col items-end gap-2 text-start break-words whitespace-normal [.text-message+&amp;]:mt-5\" dir=\"auto\" data-message-author-role=\"assistant\" data-message-id=\"6dab0729-d325-434d-99f3-67366ccfde5f\" data-message-model-slug=\"gpt-4o\"><div class=\"flex w-full flex-col gap-1 empty:hidden first:pt-[3px]\"><div class=\"markdown prose dark:prose-invert w-full break-words dark\"><ul><li><a href=\"https:\/\/tidolore.ch\/staging\/de\/minimal-invasive-eingriffe\/\">Minimal-invasive Eingriffe<\/a><\/li><li>Medikament\u00f6se Therapien<\/li><li>Neuromodulation<ul><li><a href=\"https:\/\/tidolore.ch\/staging\/de\/transkutane-elektrische-nervenstimulation\/\">TENS<\/a><\/li><li><a href=\"https:\/\/tidolore.ch\/staging\/de\/neurostimulation-des-rueckenmarks\/\">Neurostimulation des R\u00fcckenmarks<\/a><\/li><\/ul><\/li><li><a href=\"https:\/\/tidolore.ch\/staging\/de\/capsaicins-8\/\">Topisches Capsaicin<\/a><\/li><li>Ma\u00dfgeschneiderte, integrierte Pfade (Ern\u00e4hrung, Physiotherapie, psychologische Unterst\u00fctzung)<\/li><li>Mesotherapie<\/li><li><a href=\"https:\/\/tidolore.ch\/staging\/de\/plaettchenreiches-plasma-prp\/\">Pl\u00e4ttchenreiches Plasma (PRP)<\/a><\/li><\/ul><\/div><\/div><\/div><\/div><\/div><\/div><\/div><\/div><\/article><\/div><\/div><\/section><\/div><\/div><\/div><\/div><\/div><\/div><\/div><\/div><\/article><\/div><\/div><\/section><section><\/section><\/section><\/div><\/div><\/div><\/div><\/div><\/div><\/div><\/div><\/article><\/div><\/div><\/section>\t\t\t\t\t\t\t\t<\/div>\n\t\t\t\t<\/div>\n\t\t\t\t\t<\/div>\n\t\t\t\t<\/div>\n\t\t<div class=\"elementor-element elementor-element-bb5f083 e-flex e-con-boxed e-con e-parent\" data-id=\"bb5f083\" data-element_type=\"container\" data-e-type=\"container\" data-settings=\"{&quot;background_background&quot;:&quot;classic&quot;}\">\n\t\t\t\t\t<div class=\"e-con-inner\">\n\t\t\t\t<div class=\"elementor-element elementor-element-5711563 elementor-widget elementor-widget-heading\" data-id=\"5711563\" data-element_type=\"widget\" data-e-type=\"widget\" data-widget_type=\"heading.default\">\n\t\t\t\t<div class=\"elementor-widget-container\">\n\t\t\t\t\t<h2 class=\"elementor-heading-title elementor-size-default\">Arten von Schmerz<\/h2>\t\t\t\t<\/div>\n\t\t\t\t<\/div>\n\t\t\t\t<div class=\"elementor-element elementor-element-54ca6ab elementor-widget elementor-widget-text-editor\" data-id=\"54ca6ab\" data-element_type=\"widget\" data-e-type=\"widget\" data-widget_type=\"text-editor.default\">\n\t\t\t\t<div class=\"elementor-widget-container\">\n\t\t\t\t\t\t\t\t\t<blockquote><p><strong>Wir behandeln alle Arten von Schmerzen.<\/strong> Nachfolgend finden Sie einige Beispiele mit den entsprechenden Behandlungsm\u00f6glichkeiten:<\/p><\/blockquote>\t\t\t\t\t\t\t\t<\/div>\n\t\t\t\t<\/div>\n\t\t\t\t<div class=\"elementor-element elementor-element-af68219 elementor-widget__width-initial elementor-widget elementor-widget-ucaddon_post_carousel\" data-id=\"af68219\" data-element_type=\"widget\" data-e-type=\"widget\" data-widget_type=\"ucaddon_post_carousel.default\">\n\t\t\t\t<div class=\"elementor-widget-container\">\n\t\t\t\t\t\n<!-- start Post Carousel -->\n\t\t<link id='font-awesome-css' href='https:\/\/tidolore.ch\/staging\/wp-content\/plugins\/unlimited-elements-for-elementor\/assets_libraries\/font-awesome6\/fontawesome-all.min.css' type='text\/css' rel='stylesheet' >\n\t\t<link id='font-awesome-4-shim-css' href='https:\/\/tidolore.ch\/staging\/wp-content\/plugins\/unlimited-elements-for-elementor\/assets_libraries\/font-awesome6\/fontawesome-v4-shims.min.css' type='text\/css' rel='stylesheet' >\n\t\t<link id='owl-carousel-css' href='https:\/\/tidolore.ch\/staging\/wp-content\/plugins\/unlimited-elements-for-elementor\/assets_libraries\/owl-carousel-new\/assets\/owl.carousel.css' type='text\/css' rel='stylesheet' >\n\t\t<link id='lity-css' href='https:\/\/tidolore.ch\/staging\/wp-content\/plugins\/unlimited-elements-for-elementor\/assets_libraries\/lity\/lity.min.css' type='text\/css' rel='stylesheet' >\n\n<style>\/* widget: Post Carousel *\/\n\n#uc_post_carousel_elementor_af68219-wrapper{\n  min-height:1px;\n}\n\n#uc_post_carousel_elementor_af68219 *{\n  box-sizing:border-box;\n}\n\n#uc_post_carousel_elementor_af68219 .ue-grid-item-category a{\n  white-space: nowrap;\n}\n\n\n#uc_post_carousel_elementor_af68219{\n  position:relative;\n}\n\n.uc_post_title{\n  font-size:21px;\n}\n\n#uc_post_carousel_elementor_af68219 .ue-item{\n  transition:0.3s;\n  position:relative;\n}\n\n#uc_post_carousel_elementor_af68219 .uc_image_carousel_placeholder{\n  position:relative;\n}\n\n#uc_post_carousel_elementor_af68219 .ue_pos_carousel_image_overlay{\n  position:absolute;\n  top:0;\n  bottom:0;\n  left:0;\n  right:0;\n  transition:0.3s;\n}\n\n#uc_post_carousel_elementor_af68219 .owl-stage{\n  display:flex;\n}\n\n#uc_post_carousel_elementor_af68219 .uc_image_carousel_container_holder{\n  display: flex;\n  flex-direction: column;\n  height: 100%;\n}\n\n#uc_post_carousel_elementor_af68219 .uc_image_carousel_content{\n  flex-grow: 1;\n  justify-content: space-between;}\n\n\n#uc_post_carousel_elementor_af68219 .uc_carousel_item{\n  overflow:hidden;\n}\n\n#uc_post_carousel_elementor_af68219 .owl-nav .owl-prev{\n    position:absolute;\n    display:inline-block;\n    text-align:center;  \t\n    \t\n\n}\n#uc_post_carousel_elementor_af68219 .owl-nav .owl-next{\n  position:absolute;\n  display:inline-block;\n  text-align:center;\n  \t\n}\n\n\n#uc_post_carousel_elementor_af68219 .owl-dots {\n  overflow:hidden;\n  display:flex !important;\n}\n\n#uc_post_carousel_elementor_af68219 .owl-dot {\n  border-radius:50%;\n  display:inline-block;\n  padding: 0;\n}\n\n#uc_post_carousel_elementor_af68219 .uc_more_btn{\n  display:inline-block;\n  text-align:center;\n  text-decoration:none;\n}  \n\n#uc_post_carousel_elementor_af68219 .uc_more_btn svg{\n  width:1em;\n  height:1em;\n}\n\n#uc_post_carousel_elementor_af68219 .uc_image_carousel_placeholder{\n  overflow:hidden;\n}\n#uc_post_carousel_elementor_af68219 .uc_image_carousel_placeholder img{\n  display:block;\n  width:100%;\n}\n\n#uc_post_carousel_elementor_af68219 .uc_image_carousel_content {\n  display:flex;\n  flex-direction:column;\n}\n\n\t\n\n\n\n\n\n\n\n\n\n#uc_post_carousel_elementor_af68219 .ue-meta-data{  \n  display:flex !important;\n  flex-wrap: wrap;\n  line-height:1em;\n}\n\n#uc_post_carousel_elementor_af68219 .ue-grid-item-meta-data{\n      display:inline-flex;\n      align-items:center;\n}\n\n.ue-grid-item-meta-data{\n  font-size:12px;\n}\n\n#uc_post_carousel_elementor_af68219 .ue-grid-item-meta-data-icon{\n  line-height:1em;\n}\n\n#uc_post_carousel_elementor_af68219 .ue-grid-item-meta-data-icon svg{\n  width:1em;\n  height:1em;\n}\n\n#uc_post_carousel_elementor_af68219 .ue-debug-meta{\n  padding:10px;\n  border:1px solid red;\n  position:relative;\n  line-height:1.5em;\n  font-size:11px;\n  width:100%;\n}\n\n\n\n#uc_post_carousel_elementor_af68219 .owl-nav .owl-prev.disabled,\n#uc_post_carousel_elementor_af68219 .owl-nav .owl-next.disabled {\n   display: none;\n}\n\n<\/style>\n\n<div class=\"uc_overlay_image_carousel\" id=\"uc_post_carousel_elementor_af68219-wrapper\">\n   <div class=\"uc_carousel owl-carousel owl-theme uc-items-wrapper  \" data-custom-sethtml=\"true\"  data-id=\"\" id=\"uc_post_carousel_elementor_af68219\" >\n   \t\t<div class=\"uc_image_carousel_container_holder uc_carousel_item ue-item\">\n  \n    <div class=\"uc_image_carousel_placeholder elementor-animation-grow\">\n        <a href=\"https:\/\/tidolore.ch\/staging\/de\/neuropathie-des-nervus-cluneus\/\" style=\"display:block;\">         \n            <img loading=\"lazy\" decoding=\"async\" src=\"https:\/\/tidolore.ch\/staging\/wp-content\/uploads\/2025\/08\/dreamstime_m_238107192-768x512.jpg\"  src=\"https:\/\/tidolore.ch\/staging\/wp-content\/uploads\/2025\/08\/dreamstime_m_238107192-768x512.jpg\" alt=\"Archiv-Fotos\" width=\"768\" height=\"512\" alt=\"Archiv-Fotos\" title=\"Archiv-Fotos\"> \n        \t\n        <div class=\"ue_pos_carousel_image_overlay\"><\/div>\n    <\/a>      <\/div>\n  \n  \n    <div class=\"uc_image_carousel_content\" >\n        <div>\n          \n                            \n          \n                   <a href=\"https:\/\/tidolore.ch\/staging\/de\/neuropathie-des-nervus-cluneus\/\">            <div class=\"uc_post_title\">Neuropathie des Nervus Cluneus<\/div>\n          <\/a>                   \n         \n         <div class=\"ue-meta-data\">\n                        \t\t\t            \n                                    \n            \n                        \n                        \n                       \n                      \n           \n             \n            \n          <\/div>          \n          \n        <div class=\"uc_paragraph\" >Die Neuropathie des Nervus Cluneus ist eine wenig bekannte, aber nicht seltene Ursache f\u00fcr Schmerzen...<\/div>        \n        <\/div>\n    \n            \n    \t<div class=\"ue-item-btn-holder\">   \n           <a target=\"_blank\" href=\"https:\/\/tidolore.ch\/staging\/de\/neuropathie-des-nervus-cluneus\/\" class=\"uc_more_btn ue-dynamic-popup-single \" href='https:\/\/tidolore.ch\/staging\/de\/neuropathie-des-nervus-cluneus\/'>Mehr lesen<\/a>\n\t\t<\/div>\n    \n          <\/div>\n    \n  \n    \n<\/div>\n<div class=\"uc_image_carousel_container_holder uc_carousel_item ue-item\">\n  \n    <div class=\"uc_image_carousel_placeholder elementor-animation-grow\">\n        <a href=\"https:\/\/tidolore.ch\/staging\/de\/schulterschmerzen\/\" style=\"display:block;\">         \n            <img loading=\"lazy\" decoding=\"async\" src=\"https:\/\/tidolore.ch\/staging\/wp-content\/uploads\/2025\/08\/dreamstime_m_74662678-768x512.jpg\"  src=\"https:\/\/tidolore.ch\/staging\/wp-content\/uploads\/2025\/08\/dreamstime_m_74662678-768x512.jpg\" alt=\"Archiv-Fotos\" width=\"768\" height=\"512\" alt=\"Archiv-Fotos\" title=\"Archiv-Fotos\"> \n        \t\n        <div class=\"ue_pos_carousel_image_overlay\"><\/div>\n    <\/a>      <\/div>\n  \n  \n    <div class=\"uc_image_carousel_content\" >\n        <div>\n          \n                            \n          \n                   <a href=\"https:\/\/tidolore.ch\/staging\/de\/schulterschmerzen\/\">            <div class=\"uc_post_title\">Schulterschmerzen<\/div>\n          <\/a>                   \n         \n         <div class=\"ue-meta-data\">\n                        \t\t\t            \n                                    \n            \n                        \n                        \n                       \n                      \n           \n             \n            \n          <\/div>          \n          \n        <div class=\"uc_paragraph\" >Die Schulter ist eines der komplexesten Gelenke des K\u00f6rpers. Aufgrund ihrer besonderen Struktur erm\u00f6glicht...<\/div>        \n        <\/div>\n    \n            \n    \t<div class=\"ue-item-btn-holder\">   \n           <a target=\"_blank\" href=\"https:\/\/tidolore.ch\/staging\/de\/schulterschmerzen\/\" class=\"uc_more_btn ue-dynamic-popup-single \" href='https:\/\/tidolore.ch\/staging\/de\/schulterschmerzen\/'>Mehr lesen<\/a>\n\t\t<\/div>\n    \n          <\/div>\n    \n  \n    \n<\/div>\n<div class=\"uc_image_carousel_container_holder uc_carousel_item ue-item\">\n  \n    <div class=\"uc_image_carousel_placeholder elementor-animation-grow\">\n        <a href=\"https:\/\/tidolore.ch\/staging\/de\/schmerzen-im-zusammenhang-mit-dem-ehlers-danlos-syndrom\/\" style=\"display:block;\">         \n            <img loading=\"lazy\" decoding=\"async\" src=\"https:\/\/tidolore.ch\/staging\/wp-content\/uploads\/2025\/07\/dreamstime_m_270415598-768x542.jpg\"  src=\"https:\/\/tidolore.ch\/staging\/wp-content\/uploads\/2025\/07\/dreamstime_m_270415598-768x542.jpg\" alt=\"Archiv-Fotos\" width=\"768\" height=\"542\" alt=\"Archiv-Fotos\" title=\"Archiv-Fotos\"> \n        \t\n        <div class=\"ue_pos_carousel_image_overlay\"><\/div>\n    <\/a>      <\/div>\n  \n  \n    <div class=\"uc_image_carousel_content\" >\n        <div>\n          \n                            \n          \n                   <a href=\"https:\/\/tidolore.ch\/staging\/de\/schmerzen-im-zusammenhang-mit-dem-ehlers-danlos-syndrom\/\">            <div class=\"uc_post_title\">Schmerzen im Zusammenhang mit dem Ehlers-Danlos-Syndrom<\/div>\n          <\/a>                   \n         \n         <div class=\"ue-meta-data\">\n                        \t\t\t            \n                                    \n            \n                        \n                        \n                       \n                      \n           \n             \n            \n          <\/div>          \n          \n        <div class=\"uc_paragraph\" >Was ist das?\n\n\n\n\nDas Ehlers-Danlos-Syndrom (EDS) ist eine Gruppe von genetisch bedingten Erkrankungen,...<\/div>        \n        <\/div>\n    \n            \n    \t<div class=\"ue-item-btn-holder\">   \n           <a target=\"_blank\" href=\"https:\/\/tidolore.ch\/staging\/de\/schmerzen-im-zusammenhang-mit-dem-ehlers-danlos-syndrom\/\" class=\"uc_more_btn ue-dynamic-popup-single \" href='https:\/\/tidolore.ch\/staging\/de\/schmerzen-im-zusammenhang-mit-dem-ehlers-danlos-syndrom\/'>Mehr lesen<\/a>\n\t\t<\/div>\n    \n          <\/div>\n    \n  \n    \n<\/div>\n<div class=\"uc_image_carousel_container_holder uc_carousel_item ue-item\">\n  \n    <div class=\"uc_image_carousel_placeholder elementor-animation-grow\">\n        <a href=\"https:\/\/tidolore.ch\/staging\/de\/krebsbedingte-schmerzen\/\" style=\"display:block;\">         \n            <img loading=\"lazy\" decoding=\"async\" src=\"https:\/\/tidolore.ch\/staging\/wp-content\/uploads\/2025\/07\/dreamstime_m_99219098-768x543.jpg\"  src=\"https:\/\/tidolore.ch\/staging\/wp-content\/uploads\/2025\/07\/dreamstime_m_99219098-768x543.jpg\" alt=\"Archiv-Fotos\" width=\"768\" height=\"543\" alt=\"Archiv-Fotos\" title=\"Archiv-Fotos\"> \n        \t\n        <div class=\"ue_pos_carousel_image_overlay\"><\/div>\n    <\/a>      <\/div>\n  \n  \n    <div class=\"uc_image_carousel_content\" >\n        <div>\n          \n                            \n          \n                   <a href=\"https:\/\/tidolore.ch\/staging\/de\/krebsbedingte-schmerzen\/\">            <div class=\"uc_post_title\">Krebsbedingte Schmerzen<\/div>\n          <\/a>                   \n         \n         <div class=\"ue-meta-data\">\n                        \t\t\t            \n                                    \n            \n                        \n                        \n                       \n                      \n           \n             \n            \n          <\/div>          \n          \n        <div class=\"uc_paragraph\" >Selbst bei einer schwierigen Diagnose muss niemand mit unn\u00f6tigen Schmerzen leben\n\nWas ist das?\n\nKrebsbedingte...<\/div>        \n        <\/div>\n    \n            \n    \t<div class=\"ue-item-btn-holder\">   \n           <a target=\"_blank\" href=\"https:\/\/tidolore.ch\/staging\/de\/krebsbedingte-schmerzen\/\" class=\"uc_more_btn ue-dynamic-popup-single \" href='https:\/\/tidolore.ch\/staging\/de\/krebsbedingte-schmerzen\/'>Mehr lesen<\/a>\n\t\t<\/div>\n    \n          <\/div>\n    \n  \n    \n<\/div>\n<div class=\"uc_image_carousel_container_holder uc_carousel_item ue-item\">\n  \n    <div class=\"uc_image_carousel_placeholder elementor-animation-grow\">\n        <a href=\"https:\/\/tidolore.ch\/staging\/de\/kreuz-darmbein-gelenk\/\" style=\"display:block;\">         \n            <img loading=\"lazy\" decoding=\"async\" src=\"https:\/\/tidolore.ch\/staging\/wp-content\/uploads\/2025\/07\/dreamstime_xxl_296045140-768x536.jpg\"  src=\"https:\/\/tidolore.ch\/staging\/wp-content\/uploads\/2025\/07\/dreamstime_xxl_296045140-768x536.jpg\" alt=\"Archiv-Fotos\" width=\"768\" height=\"536\" alt=\"Archiv-Fotos\" title=\"Archiv-Fotos\"> \n        \t\n        <div class=\"ue_pos_carousel_image_overlay\"><\/div>\n    <\/a>      <\/div>\n  \n  \n    <div class=\"uc_image_carousel_content\" >\n        <div>\n          \n                            \n          \n                   <a href=\"https:\/\/tidolore.ch\/staging\/de\/kreuz-darmbein-gelenk\/\">            <div class=\"uc_post_title\">Kreuz-Darmbein-Gelenk<\/div>\n          <\/a>                   \n         \n         <div class=\"ue-meta-data\">\n                        \t\t\t            \n                                    \n            \n                        \n                        \n                       \n                      \n           \n             \n            \n          <\/div>          \n          \n        <div class=\"uc_paragraph\" >Eine oft \u00fcbersehene Ursache f\u00fcr chronische R\u00fcckenschmerzen\n\nBei einem erheblichen Prozentsatz der Patienten...<\/div>        \n        <\/div>\n    \n            \n    \t<div class=\"ue-item-btn-holder\">   \n           <a target=\"_blank\" href=\"https:\/\/tidolore.ch\/staging\/de\/kreuz-darmbein-gelenk\/\" class=\"uc_more_btn ue-dynamic-popup-single \" href='https:\/\/tidolore.ch\/staging\/de\/kreuz-darmbein-gelenk\/'>Mehr lesen<\/a>\n\t\t<\/div>\n    \n          <\/div>\n    \n  \n    \n<\/div>\n<div class=\"uc_image_carousel_container_holder uc_carousel_item ue-item\">\n  \n    <div class=\"uc_image_carousel_placeholder elementor-animation-grow\">\n        <a href=\"https:\/\/tidolore.ch\/staging\/de\/chronische-postoperative-schmerzen\/\" style=\"display:block;\">         \n            <img loading=\"lazy\" decoding=\"async\" src=\"https:\/\/tidolore.ch\/staging\/wp-content\/uploads\/2025\/07\/dreamstime_m_140156034-768x512.jpg\"  src=\"https:\/\/tidolore.ch\/staging\/wp-content\/uploads\/2025\/07\/dreamstime_m_140156034-768x512.jpg\" alt=\"Archiv-Fotos\" width=\"768\" height=\"512\" alt=\"Archiv-Fotos\" title=\"Archiv-Fotos\"> \n        \t\n        <div class=\"ue_pos_carousel_image_overlay\"><\/div>\n    <\/a>      <\/div>\n  \n  \n    <div class=\"uc_image_carousel_content\" >\n        <div>\n          \n                            \n          \n                   <a href=\"https:\/\/tidolore.ch\/staging\/de\/chronische-postoperative-schmerzen\/\">            <div class=\"uc_post_title\">Chronische postoperative Schmerzen<\/div>\n          <\/a>                   \n         \n         <div class=\"ue-meta-data\">\n                        \t\t\t            \n                                    \n            \n                        \n                        \n                       \n                      \n           \n             \n            \n          <\/div>          \n          \n        <div class=\"uc_paragraph\" >Was ist das?\n\nChronische postoperative Schmerzen sind Schmerzen, die l\u00e4nger als drei Monate nach der...<\/div>        \n        <\/div>\n    \n            \n    \t<div class=\"ue-item-btn-holder\">   \n           <a target=\"_blank\" href=\"https:\/\/tidolore.ch\/staging\/de\/chronische-postoperative-schmerzen\/\" class=\"uc_more_btn ue-dynamic-popup-single \" href='https:\/\/tidolore.ch\/staging\/de\/chronische-postoperative-schmerzen\/'>Mehr lesen<\/a>\n\t\t<\/div>\n    \n          <\/div>\n    \n  \n    \n<\/div>\n<div class=\"uc_image_carousel_container_holder uc_carousel_item ue-item\">\n  \n    <div class=\"uc_image_carousel_placeholder elementor-animation-grow\">\n        <a href=\"https:\/\/tidolore.ch\/staging\/de\/schleudertrauma\/\" style=\"display:block;\">         \n            <img loading=\"lazy\" decoding=\"async\" src=\"https:\/\/tidolore.ch\/staging\/wp-content\/uploads\/2025\/07\/image-12-768x511.png\"  src=\"https:\/\/tidolore.ch\/staging\/wp-content\/uploads\/2025\/07\/image-12-768x511.png\" alt=\"Archiv-Fotos\" width=\"768\" height=\"511\" alt=\"Archiv-Fotos\" title=\"Archiv-Fotos\"> \n        \t\n        <div class=\"ue_pos_carousel_image_overlay\"><\/div>\n    <\/a>      <\/div>\n  \n  \n    <div class=\"uc_image_carousel_content\" >\n        <div>\n          \n                            \n          \n                   <a href=\"https:\/\/tidolore.ch\/staging\/de\/schleudertrauma\/\">            <div class=\"uc_post_title\">Schleudertrauma<\/div>\n          <\/a>                   \n         \n         <div class=\"ue-meta-data\">\n                        \t\t\t            \n                                    \n            \n                        \n                        \n                       \n                      \n           \n             \n            \n          <\/div>          \n          \n        <div class=\"uc_paragraph\" >Ein Schleudertrauma ist eine Verletzung der Halswirbels\u00e4ule (Nacken), die auftritt, wenn der Kopf abrupt...<\/div>        \n        <\/div>\n    \n            \n    \t<div class=\"ue-item-btn-holder\">   \n           <a target=\"_blank\" href=\"https:\/\/tidolore.ch\/staging\/de\/schleudertrauma\/\" class=\"uc_more_btn ue-dynamic-popup-single \" href='https:\/\/tidolore.ch\/staging\/de\/schleudertrauma\/'>Mehr lesen<\/a>\n\t\t<\/div>\n    \n          <\/div>\n    \n  \n    \n<\/div>\n<div class=\"uc_image_carousel_container_holder uc_carousel_item ue-item\">\n  \n    <div class=\"uc_image_carousel_placeholder elementor-animation-grow\">\n        <a href=\"https:\/\/tidolore.ch\/staging\/de\/fibromyalgie\/\" style=\"display:block;\">         \n            <img loading=\"lazy\" decoding=\"async\" src=\"https:\/\/tidolore.ch\/staging\/wp-content\/uploads\/2025\/07\/dreamstime_m_102692985-768x512.jpg\"  src=\"https:\/\/tidolore.ch\/staging\/wp-content\/uploads\/2025\/07\/dreamstime_m_102692985-768x512.jpg\" alt=\"Archiv-Fotos\" width=\"768\" height=\"512\" alt=\"Archiv-Fotos\" title=\"Archiv-Fotos\"> \n        \t\n        <div class=\"ue_pos_carousel_image_overlay\"><\/div>\n    <\/a>      <\/div>\n  \n  \n    <div class=\"uc_image_carousel_content\" >\n        <div>\n          \n                            \n          \n                   <a href=\"https:\/\/tidolore.ch\/staging\/de\/fibromyalgie\/\">            <div class=\"uc_post_title\">Fibromyalgie<\/div>\n          <\/a>                   \n         \n         <div class=\"ue-meta-data\">\n                        \t\t\t            \n                                    \n            \n                        \n                        \n                       \n                      \n           \n             \n            \n          <\/div>          \n          \n        <div class=\"uc_paragraph\" >Fibromyalgie ist eine chronische und komplexe Erkrankung, die Ursachen hat:\n\n\nDiffuse Muskel- und Gelenkschmerzen\n\n\nGro\u00dfe...<\/div>        \n        <\/div>\n    \n            \n    \t<div class=\"ue-item-btn-holder\">   \n           <a target=\"_blank\" href=\"https:\/\/tidolore.ch\/staging\/de\/fibromyalgie\/\" class=\"uc_more_btn ue-dynamic-popup-single \" href='https:\/\/tidolore.ch\/staging\/de\/fibromyalgie\/'>Mehr lesen<\/a>\n\t\t<\/div>\n    \n          <\/div>\n    \n  \n    \n<\/div>\n<div class=\"uc_image_carousel_container_holder uc_carousel_item ue-item\">\n  \n    <div class=\"uc_image_carousel_placeholder elementor-animation-grow\">\n        <a href=\"https:\/\/tidolore.ch\/staging\/de\/postherpetische-neuralgie-schmerzen-nach-guertelrose-guertelrose\/\" style=\"display:block;\">         \n            <img loading=\"lazy\" decoding=\"async\" src=\"https:\/\/tidolore.ch\/staging\/wp-content\/uploads\/2025\/07\/dreamstime_m_89592011-768x512.jpg\"  src=\"https:\/\/tidolore.ch\/staging\/wp-content\/uploads\/2025\/07\/dreamstime_m_89592011-768x512.jpg\" alt=\"Archiv-Fotos\" width=\"768\" height=\"512\" alt=\"Archiv-Fotos\" title=\"Archiv-Fotos\"> \n        \t\n        <div class=\"ue_pos_carousel_image_overlay\"><\/div>\n    <\/a>      <\/div>\n  \n  \n    <div class=\"uc_image_carousel_content\" >\n        <div>\n          \n                            \n          \n                   <a href=\"https:\/\/tidolore.ch\/staging\/de\/postherpetische-neuralgie-schmerzen-nach-guertelrose-guertelrose\/\">            <div class=\"uc_post_title\">Postherpetische Neuralgie (Schmerzen nach G\u00fcrtelrose\/G\u00fcrtelrose)<\/div>\n          <\/a>                   \n         \n         <div class=\"ue-meta-data\">\n                        \t\t\t            \n                                    \n            \n                        \n                        \n                       \n                      \n           \n             \n            \n          <\/div>          \n          \n        <div class=\"uc_paragraph\" >Was ist das?\n\nDie postherpetische Neuralgie ist die h\u00e4ufigste chronische Komplikation der G\u00fcrtelrose....<\/div>        \n        <\/div>\n    \n            \n    \t<div class=\"ue-item-btn-holder\">   \n           <a target=\"_blank\" href=\"https:\/\/tidolore.ch\/staging\/de\/postherpetische-neuralgie-schmerzen-nach-guertelrose-guertelrose\/\" class=\"uc_more_btn ue-dynamic-popup-single \" href='https:\/\/tidolore.ch\/staging\/de\/postherpetische-neuralgie-schmerzen-nach-guertelrose-guertelrose\/'>Mehr lesen<\/a>\n\t\t<\/div>\n    \n          <\/div>\n    \n  \n    \n<\/div>\n<div class=\"uc_image_carousel_container_holder uc_carousel_item ue-item\">\n  \n    <div class=\"uc_image_carousel_placeholder elementor-animation-grow\">\n        <a href=\"https:\/\/tidolore.ch\/staging\/de\/periphere-neuropathien-diabetisch-toxisch-pharmakologisch\/\" style=\"display:block;\">         \n            <img loading=\"lazy\" decoding=\"async\" src=\"https:\/\/tidolore.ch\/staging\/wp-content\/uploads\/2025\/07\/Painful-Feet-768x576.jpg\"  src=\"https:\/\/tidolore.ch\/staging\/wp-content\/uploads\/2025\/07\/Painful-Feet-768x576.jpg\" alt=\"Fu\u00dfschmerzen\" width=\"768\" height=\"576\" alt=\"Fu\u00dfschmerzen\" title=\"Fu\u00dfschmerzen\"> \n        \t\n        <div class=\"ue_pos_carousel_image_overlay\"><\/div>\n    <\/a>      <\/div>\n  \n  \n    <div class=\"uc_image_carousel_content\" >\n        <div>\n          \n                            \n          \n                   <a href=\"https:\/\/tidolore.ch\/staging\/de\/periphere-neuropathien-diabetisch-toxisch-pharmakologisch\/\">            <div class=\"uc_post_title\">Periphere Neuropathien (diabetisch, toxisch, pharmakologisch)<\/div>\n          <\/a>                   \n         \n         <div class=\"ue-meta-data\">\n                        \t\t\t            \n                                    \n            \n                        \n                        \n                       \n                      \n           \n             \n            \n          <\/div>          \n          \n        <div class=\"uc_paragraph\" >Periphere Neuropathie ist eine Erkrankung, bei der die Nerven in den Armen und Beinen nicht mehr richtig...<\/div>        \n        <\/div>\n    \n            \n    \t<div class=\"ue-item-btn-holder\">   \n           <a target=\"_blank\" href=\"https:\/\/tidolore.ch\/staging\/de\/periphere-neuropathien-diabetisch-toxisch-pharmakologisch\/\" class=\"uc_more_btn ue-dynamic-popup-single \" href='https:\/\/tidolore.ch\/staging\/de\/periphere-neuropathien-diabetisch-toxisch-pharmakologisch\/'>Mehr lesen<\/a>\n\t\t<\/div>\n    \n          <\/div>\n    \n  \n    \n<\/div>\n<div class=\"uc_image_carousel_container_holder uc_carousel_item ue-item\">\n  \n    <div class=\"uc_image_carousel_placeholder elementor-animation-grow\">\n        <a href=\"https:\/\/tidolore.ch\/staging\/de\/schmerzen-nach-einer-amputation-phantomschmerz-stumpfschmerz\/\" style=\"display:block;\">         \n            <img loading=\"lazy\" decoding=\"async\" src=\"https:\/\/tidolore.ch\/staging\/wp-content\/uploads\/2025\/07\/dreamstime_m_117616170-768x512.jpg\"  src=\"https:\/\/tidolore.ch\/staging\/wp-content\/uploads\/2025\/07\/dreamstime_m_117616170-768x512.jpg\" alt=\"Archiv-Fotos\" width=\"768\" height=\"512\" alt=\"Archiv-Fotos\" title=\"Archiv-Fotos\"> \n        \t\n        <div class=\"ue_pos_carousel_image_overlay\"><\/div>\n    <\/a>      <\/div>\n  \n  \n    <div class=\"uc_image_carousel_content\" >\n        <div>\n          \n                            \n          \n                   <a href=\"https:\/\/tidolore.ch\/staging\/de\/schmerzen-nach-einer-amputation-phantomschmerz-stumpfschmerz\/\">            <div class=\"uc_post_title\">Schmerzen nach einer Amputation (Phantomschmerz, Stumpfschmerz)<\/div>\n          <\/a>                   \n         \n         <div class=\"ue-meta-data\">\n                        \t\t\t            \n                                    \n            \n                        \n                        \n                       \n                      \n           \n             \n            \n          <\/div>          \n          \n        <div class=\"uc_paragraph\" >Postamputationsschmerzen sind eine Form von chronischen Schmerzen, die nach der chirurgischen Entfernung...<\/div>        \n        <\/div>\n    \n            \n    \t<div class=\"ue-item-btn-holder\">   \n           <a target=\"_blank\" href=\"https:\/\/tidolore.ch\/staging\/de\/schmerzen-nach-einer-amputation-phantomschmerz-stumpfschmerz\/\" class=\"uc_more_btn ue-dynamic-popup-single \" href='https:\/\/tidolore.ch\/staging\/de\/schmerzen-nach-einer-amputation-phantomschmerz-stumpfschmerz\/'>Mehr lesen<\/a>\n\t\t<\/div>\n    \n          <\/div>\n    \n  \n    \n<\/div>\n<div class=\"uc_image_carousel_container_holder uc_carousel_item ue-item\">\n  \n    <div class=\"uc_image_carousel_placeholder elementor-animation-grow\">\n        <a href=\"https:\/\/tidolore.ch\/staging\/de\/chronische-unterleibs-und-beckenschmerzen\/\" style=\"display:block;\">         \n            <img loading=\"lazy\" decoding=\"async\" src=\"https:\/\/tidolore.ch\/staging\/wp-content\/uploads\/2025\/07\/image-11-768x513.png\"  src=\"https:\/\/tidolore.ch\/staging\/wp-content\/uploads\/2025\/07\/image-11-768x513.png\" alt=\"Archiv-Fotos\" width=\"768\" height=\"513\" alt=\"Archiv-Fotos\" title=\"Archiv-Fotos\"> \n        \t\n        <div class=\"ue_pos_carousel_image_overlay\"><\/div>\n    <\/a>      <\/div>\n  \n  \n    <div class=\"uc_image_carousel_content\" >\n        <div>\n          \n                            \n          \n                   <a href=\"https:\/\/tidolore.ch\/staging\/de\/chronische-unterleibs-und-beckenschmerzen\/\">            <div class=\"uc_post_title\">Chronische Unterleibs- und Beckenschmerzen<\/div>\n          <\/a>                   \n         \n         <div class=\"ue-meta-data\">\n                        \t\t\t            \n                                    \n            \n                        \n                        \n                       \n                      \n           \n             \n            \n          <\/div>          \n          \n        <div class=\"uc_paragraph\" >Chronische Unterleibs- oder Beckenschmerzen sind Schmerzen, die l\u00e4nger als drei Monate in einem Bereich...<\/div>        \n        <\/div>\n    \n            \n    \t<div class=\"ue-item-btn-holder\">   \n           <a target=\"_blank\" href=\"https:\/\/tidolore.ch\/staging\/de\/chronische-unterleibs-und-beckenschmerzen\/\" class=\"uc_more_btn ue-dynamic-popup-single \" href='https:\/\/tidolore.ch\/staging\/de\/chronische-unterleibs-und-beckenschmerzen\/'>Mehr lesen<\/a>\n\t\t<\/div>\n    \n          <\/div>\n    \n  \n    \n<\/div>\n<div class=\"uc_image_carousel_container_holder uc_carousel_item ue-item\">\n  \n    <div class=\"uc_image_carousel_placeholder elementor-animation-grow\">\n        <a href=\"https:\/\/tidolore.ch\/staging\/de\/kopfschmerzen-und-schmerzen-im-gesicht\/\" style=\"display:block;\">         \n            <img loading=\"lazy\" decoding=\"async\" src=\"https:\/\/tidolore.ch\/staging\/wp-content\/uploads\/2025\/07\/image-10-768x511.png\"  src=\"https:\/\/tidolore.ch\/staging\/wp-content\/uploads\/2025\/07\/image-10-768x511.png\" alt=\"Archiv-Fotos\" width=\"768\" height=\"511\" alt=\"Archiv-Fotos\" title=\"Archiv-Fotos\"> \n        \t\n        <div class=\"ue_pos_carousel_image_overlay\"><\/div>\n    <\/a>      <\/div>\n  \n  \n    <div class=\"uc_image_carousel_content\" >\n        <div>\n          \n                            \n          \n                   <a href=\"https:\/\/tidolore.ch\/staging\/de\/kopfschmerzen-und-schmerzen-im-gesicht\/\">            <div class=\"uc_post_title\">Kopfschmerzen und Schmerzen im Gesicht<\/div>\n          <\/a>                   \n         \n         <div class=\"ue-meta-data\">\n                        \t\t\t            \n                                    \n            \n                        \n                        \n                       \n                      \n           \n             \n            \n          <\/div>          \n          \n        <div class=\"uc_paragraph\" >(Migr\u00e4ne, Okzipitalneuralgie, Trigeminusneuralgie und andere Formen von chronischen Gesichtsschmerzen)\n\n\nWenn...<\/div>        \n        <\/div>\n    \n            \n    \t<div class=\"ue-item-btn-holder\">   \n           <a target=\"_blank\" href=\"https:\/\/tidolore.ch\/staging\/de\/kopfschmerzen-und-schmerzen-im-gesicht\/\" class=\"uc_more_btn ue-dynamic-popup-single \" href='https:\/\/tidolore.ch\/staging\/de\/kopfschmerzen-und-schmerzen-im-gesicht\/'>Mehr lesen<\/a>\n\t\t<\/div>\n    \n          <\/div>\n    \n  \n    \n<\/div>\n<div class=\"uc_image_carousel_container_holder uc_carousel_item ue-item\">\n  \n    <div class=\"uc_image_carousel_placeholder elementor-animation-grow\">\n        <a href=\"https:\/\/tidolore.ch\/staging\/de\/chronische-gelenkschmerzen-arthrose-und-entzuendliche-arthritis\/\" style=\"display:block;\">         \n            <img loading=\"lazy\" decoding=\"async\" src=\"https:\/\/tidolore.ch\/staging\/wp-content\/uploads\/2025\/07\/dreamstime_m_129053740-768x512.jpg\"  src=\"https:\/\/tidolore.ch\/staging\/wp-content\/uploads\/2025\/07\/dreamstime_m_129053740-768x512.jpg\" alt=\"Archiv-Fotos\" width=\"768\" height=\"512\" alt=\"Archiv-Fotos\" title=\"Archiv-Fotos\"> \n        \t\n        <div class=\"ue_pos_carousel_image_overlay\"><\/div>\n    <\/a>      <\/div>\n  \n  \n    <div class=\"uc_image_carousel_content\" >\n        <div>\n          \n                            \n          \n                   <a href=\"https:\/\/tidolore.ch\/staging\/de\/chronische-gelenkschmerzen-arthrose-und-entzuendliche-arthritis\/\">            <div class=\"uc_post_title\">Chronische Gelenkschmerzen (Arthrose und entz\u00fcndliche Arthritis)<\/div>\n          <\/a>                   \n         \n         <div class=\"ue-meta-data\">\n                        \t\t\t            \n                                    \n            \n                        \n                        \n                       \n                      \n           \n             \n            \n          <\/div>          \n          \n        <div class=\"uc_paragraph\" >Was sind chronische Gelenkschmerzen?\n\nChronische Gelenkschmerzen sind Schmerzen in den Gelenken (z.B....<\/div>        \n        <\/div>\n    \n            \n    \t<div class=\"ue-item-btn-holder\">   \n           <a target=\"_blank\" href=\"https:\/\/tidolore.ch\/staging\/de\/chronische-gelenkschmerzen-arthrose-und-entzuendliche-arthritis\/\" class=\"uc_more_btn ue-dynamic-popup-single \" href='https:\/\/tidolore.ch\/staging\/de\/chronische-gelenkschmerzen-arthrose-und-entzuendliche-arthritis\/'>Mehr lesen<\/a>\n\t\t<\/div>\n    \n          <\/div>\n    \n  \n    \n<\/div>\n<div class=\"uc_image_carousel_container_holder uc_carousel_item ue-item\">\n  \n    <div class=\"uc_image_carousel_placeholder elementor-animation-grow\">\n        <a href=\"https:\/\/tidolore.ch\/staging\/de\/komplexes-regionales-schmerzsyndrom-crps-algodystrophie\/\" style=\"display:block;\">         \n            <img loading=\"lazy\" decoding=\"async\" src=\"https:\/\/tidolore.ch\/staging\/wp-content\/uploads\/2025\/07\/image-8-768x513.png\"  src=\"https:\/\/tidolore.ch\/staging\/wp-content\/uploads\/2025\/07\/image-8-768x513.png\" alt=\"Archiv-Fotos\" width=\"768\" height=\"513\" alt=\"Archiv-Fotos\" title=\"Archiv-Fotos\"> \n        \t\n        <div class=\"ue_pos_carousel_image_overlay\"><\/div>\n    <\/a>      <\/div>\n  \n  \n    <div class=\"uc_image_carousel_content\" >\n        <div>\n          \n                            \n          \n                   <a href=\"https:\/\/tidolore.ch\/staging\/de\/komplexes-regionales-schmerzsyndrom-crps-algodystrophie\/\">            <div class=\"uc_post_title\">Komplexes regionales Schmerzsyndrom (CRPS, Algodystrophie)<\/div>\n          <\/a>                   \n         \n         <div class=\"ue-meta-data\">\n                        \t\t\t            \n                                    \n            \n                        \n                        \n                       \n                      \n           \n             \n            \n          <\/div>          \n          \n        <div class=\"uc_paragraph\" >Das komplexe regionale Schmerzsyndrom (CRPS) ist eine seltene Erkrankung des Nervensystems, die nach...<\/div>        \n        <\/div>\n    \n            \n    \t<div class=\"ue-item-btn-holder\">   \n           <a target=\"_blank\" href=\"https:\/\/tidolore.ch\/staging\/de\/komplexes-regionales-schmerzsyndrom-crps-algodystrophie\/\" class=\"uc_more_btn ue-dynamic-popup-single \" href='https:\/\/tidolore.ch\/staging\/de\/komplexes-regionales-schmerzsyndrom-crps-algodystrophie\/'>Mehr lesen<\/a>\n\t\t<\/div>\n    \n          <\/div>\n    \n  \n    \n<\/div>\n<div class=\"uc_image_carousel_container_holder uc_carousel_item ue-item\">\n  \n    <div class=\"uc_image_carousel_placeholder elementor-animation-grow\">\n        <a href=\"https:\/\/tidolore.ch\/staging\/de\/anhaltende-wirbelsaeulenschmerzen-nach-einer-operation\/\" style=\"display:block;\">         \n            <img loading=\"lazy\" decoding=\"async\" src=\"https:\/\/tidolore.ch\/staging\/wp-content\/uploads\/2025\/07\/dreamstime_m_128936884-768x512.jpg\"  src=\"https:\/\/tidolore.ch\/staging\/wp-content\/uploads\/2025\/07\/dreamstime_m_128936884-768x512.jpg\" alt=\"Archiv-Fotos\" width=\"768\" height=\"512\" alt=\"Archiv-Fotos\" title=\"Archiv-Fotos\"> \n        \t\n        <div class=\"ue_pos_carousel_image_overlay\"><\/div>\n    <\/a>      <\/div>\n  \n  \n    <div class=\"uc_image_carousel_content\" >\n        <div>\n          \n                            \n          \n                   <a href=\"https:\/\/tidolore.ch\/staging\/de\/anhaltende-wirbelsaeulenschmerzen-nach-einer-operation\/\">            <div class=\"uc_post_title\">Anhaltende Wirbels\u00e4ulenschmerzen nach einer Operation<\/div>\n          <\/a>                   \n         \n         <div class=\"ue-meta-data\">\n                        \t\t\t            \n                                    \n            \n                        \n                        \n                       \n                      \n           \n             \n            \n          <\/div>          \n          \n        <div class=\"uc_paragraph\" >Das persistierende Wirbels\u00e4ulenschmerzsyndrom Typ 2 beschreibt einen Zustand, bei dem die Schmerzen in...<\/div>        \n        <\/div>\n    \n            \n    \t<div class=\"ue-item-btn-holder\">   \n           <a target=\"_blank\" href=\"https:\/\/tidolore.ch\/staging\/de\/anhaltende-wirbelsaeulenschmerzen-nach-einer-operation\/\" class=\"uc_more_btn ue-dynamic-popup-single \" href='https:\/\/tidolore.ch\/staging\/de\/anhaltende-wirbelsaeulenschmerzen-nach-einer-operation\/'>Mehr lesen<\/a>\n\t\t<\/div>\n    \n          <\/div>\n    \n  \n    \n<\/div>\n<div class=\"uc_image_carousel_container_holder uc_carousel_item ue-item\">\n  \n    <div class=\"uc_image_carousel_placeholder elementor-animation-grow\">\n        <a href=\"https:\/\/tidolore.ch\/staging\/de\/zervikale-radikulopathie\/\" style=\"display:block;\">         \n            <img loading=\"lazy\" decoding=\"async\" src=\"https:\/\/tidolore.ch\/staging\/wp-content\/uploads\/2025\/07\/dreamstime_m_266484448-768x512.jpg\"  src=\"https:\/\/tidolore.ch\/staging\/wp-content\/uploads\/2025\/07\/dreamstime_m_266484448-768x512.jpg\" alt=\"Archiv-Fotos\" width=\"768\" height=\"512\" alt=\"Archiv-Fotos\" title=\"Archiv-Fotos\"> \n        \t\n        <div class=\"ue_pos_carousel_image_overlay\"><\/div>\n    <\/a>      <\/div>\n  \n  \n    <div class=\"uc_image_carousel_content\" >\n        <div>\n          \n                            \n          \n                   <a href=\"https:\/\/tidolore.ch\/staging\/de\/zervikale-radikulopathie\/\">            <div class=\"uc_post_title\">Zervikale Radikulopathie<\/div>\n          <\/a>                   \n         \n         <div class=\"ue-meta-data\">\n                        \t\t\t            \n                                    \n            \n                        \n                        \n                       \n                      \n           \n             \n            \n          <\/div>          \n          \n        <div class=\"uc_paragraph\" >Die zervikale Radikulopathie ist eine Erkrankung, bei der eine oder mehrere Nervenwurzeln der Halswirbels\u00e4ule...<\/div>        \n        <\/div>\n    \n            \n    \t<div class=\"ue-item-btn-holder\">   \n           <a target=\"_blank\" href=\"https:\/\/tidolore.ch\/staging\/de\/zervikale-radikulopathie\/\" class=\"uc_more_btn ue-dynamic-popup-single \" href='https:\/\/tidolore.ch\/staging\/de\/zervikale-radikulopathie\/'>Mehr lesen<\/a>\n\t\t<\/div>\n    \n          <\/div>\n    \n  \n    \n<\/div>\n<div class=\"uc_image_carousel_container_holder uc_carousel_item ue-item\">\n  \n    <div class=\"uc_image_carousel_placeholder elementor-animation-grow\">\n        <a href=\"https:\/\/tidolore.ch\/staging\/de\/zervikale-facettengelenke\/\" style=\"display:block;\">         \n            <img loading=\"lazy\" decoding=\"async\" src=\"https:\/\/tidolore.ch\/staging\/wp-content\/uploads\/2025\/06\/Lumbar-Stenosis-Before-768x960.png\"  src=\"https:\/\/tidolore.ch\/staging\/wp-content\/uploads\/2025\/06\/Lumbar-Stenosis-Before-768x960.png\" alt=\"Lumbale Stenose Vorher\" width=\"768\" height=\"960\" alt=\"Lumbale Stenose Vorher\" title=\"Lumbale Stenose Vorher\"> \n        \t\n        <div class=\"ue_pos_carousel_image_overlay\"><\/div>\n    <\/a>      <\/div>\n  \n  \n    <div class=\"uc_image_carousel_content\" >\n        <div>\n          \n                            \n          \n                   <a href=\"https:\/\/tidolore.ch\/staging\/de\/zervikale-facettengelenke\/\">            <div class=\"uc_post_title\">Zervikale Facettengelenke<\/div>\n          <\/a>                   \n         \n         <div class=\"ue-meta-data\">\n                        \t\t\t            \n                                    \n            \n                        \n                        \n                       \n                      \n           \n             \n            \n          <\/div>          \n          \n        <div class=\"uc_paragraph\" >Die Facettengelenke des Halses sind kleine Gelenke, die die Dreh-, Kipp- und Beugebewegungen des Kopfes...<\/div>        \n        <\/div>\n    \n            \n    \t<div class=\"ue-item-btn-holder\">   \n           <a target=\"_blank\" href=\"https:\/\/tidolore.ch\/staging\/de\/zervikale-facettengelenke\/\" class=\"uc_more_btn ue-dynamic-popup-single \" href='https:\/\/tidolore.ch\/staging\/de\/zervikale-facettengelenke\/'>Mehr lesen<\/a>\n\t\t<\/div>\n    \n          <\/div>\n    \n  \n    \n<\/div>\n<div class=\"uc_image_carousel_container_holder uc_carousel_item ue-item\">\n  \n    <div class=\"uc_image_carousel_placeholder elementor-animation-grow\">\n        <a href=\"https:\/\/tidolore.ch\/staging\/de\/ischias\/\" style=\"display:block;\">         \n            <img loading=\"lazy\" decoding=\"async\" src=\"https:\/\/tidolore.ch\/staging\/wp-content\/uploads\/2025\/07\/image-6-768x513.png\"  src=\"https:\/\/tidolore.ch\/staging\/wp-content\/uploads\/2025\/07\/image-6-768x513.png\" alt=\"Archiv-Fotos\" width=\"768\" height=\"513\" alt=\"Archiv-Fotos\" title=\"Archiv-Fotos\"> \n        \t\n        <div class=\"ue_pos_carousel_image_overlay\"><\/div>\n    <\/a>      <\/div>\n  \n  \n    <div class=\"uc_image_carousel_content\" >\n        <div>\n          \n                            \n          \n                   <a href=\"https:\/\/tidolore.ch\/staging\/de\/ischias\/\">            <div class=\"uc_post_title\">Ischias<\/div>\n          <\/a>                   \n         \n         <div class=\"ue-meta-data\">\n                        \t\t\t            \n                                    \n            \n                        \n                        \n                       \n                      \n           \n             \n            \n          <\/div>          \n          \n        <div class=\"uc_paragraph\" >Was ist das?\n\nIschias ist ein Schmerz, der entlang des Ischiasnervs, dem l\u00e4ngsten Nerv im menschlichen...<\/div>        \n        <\/div>\n    \n            \n    \t<div class=\"ue-item-btn-holder\">   \n           <a target=\"_blank\" href=\"https:\/\/tidolore.ch\/staging\/de\/ischias\/\" class=\"uc_more_btn ue-dynamic-popup-single \" href='https:\/\/tidolore.ch\/staging\/de\/ischias\/'>Mehr lesen<\/a>\n\t\t<\/div>\n    \n          <\/div>\n    \n  \n    \n<\/div>\n<div class=\"uc_image_carousel_container_holder uc_carousel_item ue-item\">\n  \n    <div class=\"uc_image_carousel_placeholder elementor-animation-grow\">\n        <a href=\"https:\/\/tidolore.ch\/staging\/de\/stenose-des-spinalkanals\/\" style=\"display:block;\">         \n            <img loading=\"lazy\" decoding=\"async\" src=\"https:\/\/tidolore.ch\/staging\/wp-content\/uploads\/2025\/07\/Image-from-ViewMedica-768x432.png\"  src=\"https:\/\/tidolore.ch\/staging\/wp-content\/uploads\/2025\/07\/Image-from-ViewMedica-768x432.png\" alt=\"Visualisierung der Spinalkanalstenose\" width=\"768\" height=\"432\" alt=\"Visualisierung der Spinalkanalstenose\" title=\"Visualisierung der Spinalkanalstenose\"> \n        \t\n        <div class=\"ue_pos_carousel_image_overlay\"><\/div>\n    <\/a>      <\/div>\n  \n  \n    <div class=\"uc_image_carousel_content\" >\n        <div>\n          \n                            \n          \n                   <a href=\"https:\/\/tidolore.ch\/staging\/de\/stenose-des-spinalkanals\/\">            <div class=\"uc_post_title\">Stenose des Spinalkanals<\/div>\n          <\/a>                   \n         \n         <div class=\"ue-meta-data\">\n                        \t\t\t            \n                                    \n            \n                        \n                        \n                       \n                      \n           \n             \n            \n          <\/div>          \n          \n        <div class=\"uc_paragraph\" >Die Spinalkanalstenose ist eine der h\u00e4ufigsten Ursachen f\u00fcr chronische Schmerzen im unteren R\u00fcckenbereich,...<\/div>        \n        <\/div>\n    \n            \n    \t<div class=\"ue-item-btn-holder\">   \n           <a target=\"_blank\" href=\"https:\/\/tidolore.ch\/staging\/de\/stenose-des-spinalkanals\/\" class=\"uc_more_btn ue-dynamic-popup-single \" href='https:\/\/tidolore.ch\/staging\/de\/stenose-des-spinalkanals\/'>Mehr lesen<\/a>\n\t\t<\/div>\n    \n          <\/div>\n    \n  \n    \n<\/div>\n<div class=\"uc_image_carousel_container_holder uc_carousel_item ue-item\">\n  \n    <div class=\"uc_image_carousel_placeholder elementor-animation-grow\">\n        <a href=\"https:\/\/tidolore.ch\/staging\/de\/discogene-schmerzen\/\" style=\"display:block;\">         \n            <img loading=\"lazy\" decoding=\"async\" src=\"https:\/\/tidolore.ch\/staging\/wp-content\/uploads\/2025\/07\/Plif-Image-768x432.png\"  src=\"https:\/\/tidolore.ch\/staging\/wp-content\/uploads\/2025\/07\/Plif-Image-768x432.png\" alt=\"Visualisierung von diskogenen Schmerzen\" width=\"768\" height=\"432\" alt=\"Visualisierung von diskogenen Schmerzen\" title=\"Visualisierung von diskogenen Schmerzen\"> \n        \t\n        <div class=\"ue_pos_carousel_image_overlay\"><\/div>\n    <\/a>      <\/div>\n  \n  \n    <div class=\"uc_image_carousel_content\" >\n        <div>\n          \n                            \n          \n                   <a href=\"https:\/\/tidolore.ch\/staging\/de\/discogene-schmerzen\/\">            <div class=\"uc_post_title\">Discogene Schmerzen<\/div>\n          <\/a>                   \n         \n         <div class=\"ue-meta-data\">\n                        \t\t\t            \n                                    \n            \n                        \n                        \n                       \n                      \n           \n             \n            \n          <\/div>          \n          \n        <div class=\"uc_paragraph\" >Bei bis zu 40% der Patienten mit chronischen Kreuzschmerzen sind die Schmerzen auf die Bandscheiben zur\u00fcckzuf\u00fchren.\n\nWas...<\/div>        \n        <\/div>\n    \n            \n    \t<div class=\"ue-item-btn-holder\">   \n           <a target=\"_blank\" href=\"https:\/\/tidolore.ch\/staging\/de\/discogene-schmerzen\/\" class=\"uc_more_btn ue-dynamic-popup-single \" href='https:\/\/tidolore.ch\/staging\/de\/discogene-schmerzen\/'>Mehr lesen<\/a>\n\t\t<\/div>\n    \n          <\/div>\n    \n  \n    \n<\/div>\n<div class=\"uc_image_carousel_container_holder uc_carousel_item ue-item\">\n  \n    <div class=\"uc_image_carousel_placeholder elementor-animation-grow\">\n        <a href=\"https:\/\/tidolore.ch\/staging\/de\/facettengelenksyndrom\/\" style=\"display:block;\">         \n            <img loading=\"lazy\" decoding=\"async\" src=\"https:\/\/tidolore.ch\/staging\/wp-content\/uploads\/2025\/06\/Lumbar-Stenosis-Before-768x960.png\"  src=\"https:\/\/tidolore.ch\/staging\/wp-content\/uploads\/2025\/06\/Lumbar-Stenosis-Before-768x960.png\" alt=\"Lumbale Stenose Vorher\" width=\"768\" height=\"960\" alt=\"Lumbale Stenose Vorher\" title=\"Lumbale Stenose Vorher\"> \n        \t\n        <div class=\"ue_pos_carousel_image_overlay\"><\/div>\n    <\/a>      <\/div>\n  \n  \n    <div class=\"uc_image_carousel_content\" >\n        <div>\n          \n                            \n          \n                   <a href=\"https:\/\/tidolore.ch\/staging\/de\/facettengelenksyndrom\/\">            <div class=\"uc_post_title\">Facettengelenksyndrom<\/div>\n          <\/a>                   \n         \n         <div class=\"ue-meta-data\">\n                        \t\t\t            \n                                    \n            \n                        \n                        \n                       \n                      \n           \n             \n            \n          <\/div>          \n          \n        <div class=\"uc_paragraph\" >Eine h\u00e4ufige Ursache: Facettengelenksyndrom\n\nBei etwa 15-41% der Patienten mit chronischen Kreuzschmerzen...<\/div>        \n        <\/div>\n    \n            \n    \t<div class=\"ue-item-btn-holder\">   \n           <a target=\"_blank\" href=\"https:\/\/tidolore.ch\/staging\/de\/facettengelenksyndrom\/\" class=\"uc_more_btn ue-dynamic-popup-single \" href='https:\/\/tidolore.ch\/staging\/de\/facettengelenksyndrom\/'>Mehr lesen<\/a>\n\t\t<\/div>\n    \n          <\/div>\n    \n  \n    \n<\/div>\n\n   <\/div>\t\n<\/div>\n\n\n<!-- end Post Carousel -->\t\t\t\t<\/div>\n\t\t\t\t<\/div>\n\t\t\t\t\t<\/div>\n\t\t\t\t<\/div>\n\t\t<div class=\"elementor-element elementor-element-f9e59de e-flex e-con-boxed e-con e-parent\" data-id=\"f9e59de\" data-element_type=\"container\" data-e-type=\"container\">\n\t\t\t\t\t<div class=\"e-con-inner\">\n\t\t\t\t<div class=\"elementor-element elementor-element-445f89f elementor-widget elementor-widget-heading\" data-id=\"445f89f\" data-element_type=\"widget\" data-e-type=\"widget\" data-widget_type=\"heading.default\">\n\t\t\t\t<div class=\"elementor-widget-container\">\n\t\t\t\t\t<h2 class=\"elementor-heading-title elementor-size-default\">Unsere Behandlungen<\/h2>\t\t\t\t<\/div>\n\t\t\t\t<\/div>\n\t\t\t\t<div class=\"elementor-element elementor-element-2299c51 elementor-widget__width-initial elementor-widget elementor-widget-ucaddon_post_carousel\" data-id=\"2299c51\" data-element_type=\"widget\" data-e-type=\"widget\" data-widget_type=\"ucaddon_post_carousel.default\">\n\t\t\t\t<div class=\"elementor-widget-container\">\n\t\t\t\t\t\n<!-- start Post Carousel -->\n\n<style>\/* widget: Post Carousel *\/\n\n#uc_post_carousel_elementor_2299c51-wrapper{\n  min-height:1px;\n}\n\n#uc_post_carousel_elementor_2299c51 *{\n  box-sizing:border-box;\n}\n\n#uc_post_carousel_elementor_2299c51 .ue-grid-item-category a{\n  white-space: nowrap;\n}\n\n\n#uc_post_carousel_elementor_2299c51{\n  position:relative;\n}\n\n.uc_post_title{\n  font-size:21px;\n}\n\n#uc_post_carousel_elementor_2299c51 .ue-item{\n  transition:0.3s;\n  position:relative;\n}\n\n#uc_post_carousel_elementor_2299c51 .uc_image_carousel_placeholder{\n  position:relative;\n}\n\n#uc_post_carousel_elementor_2299c51 .ue_pos_carousel_image_overlay{\n  position:absolute;\n  top:0;\n  bottom:0;\n  left:0;\n  right:0;\n  transition:0.3s;\n}\n\n#uc_post_carousel_elementor_2299c51 .owl-stage{\n  display:flex;\n}\n\n#uc_post_carousel_elementor_2299c51 .uc_image_carousel_container_holder{\n  display: flex;\n  flex-direction: column;\n  height: 100%;\n}\n\n#uc_post_carousel_elementor_2299c51 .uc_image_carousel_content{\n  flex-grow: 1;\n  justify-content: space-between;}\n\n\n#uc_post_carousel_elementor_2299c51 .uc_carousel_item{\n  overflow:hidden;\n}\n\n#uc_post_carousel_elementor_2299c51 .owl-nav .owl-prev{\n    position:absolute;\n    display:inline-block;\n    text-align:center;  \t\n    \t\n\n}\n#uc_post_carousel_elementor_2299c51 .owl-nav .owl-next{\n  position:absolute;\n  display:inline-block;\n  text-align:center;\n  \t\n}\n\n\n#uc_post_carousel_elementor_2299c51 .owl-dots {\n  overflow:hidden;\n  display:flex !important;\n}\n\n#uc_post_carousel_elementor_2299c51 .owl-dot {\n  border-radius:50%;\n  display:inline-block;\n  padding: 0;\n}\n\n#uc_post_carousel_elementor_2299c51 .uc_more_btn{\n  display:inline-block;\n  text-align:center;\n  text-decoration:none;\n}  \n\n#uc_post_carousel_elementor_2299c51 .uc_more_btn svg{\n  width:1em;\n  height:1em;\n}\n\n#uc_post_carousel_elementor_2299c51 .uc_image_carousel_placeholder{\n  overflow:hidden;\n}\n#uc_post_carousel_elementor_2299c51 .uc_image_carousel_placeholder img{\n  display:block;\n  width:100%;\n}\n\n#uc_post_carousel_elementor_2299c51 .uc_image_carousel_content {\n  display:flex;\n  flex-direction:column;\n}\n\n\t\n\n\n\n\n\n\n\n\n\n#uc_post_carousel_elementor_2299c51 .ue-meta-data{  \n  display:flex !important;\n  flex-wrap: wrap;\n  line-height:1em;\n}\n\n#uc_post_carousel_elementor_2299c51 .ue-grid-item-meta-data{\n      display:inline-flex;\n      align-items:center;\n}\n\n.ue-grid-item-meta-data{\n  font-size:12px;\n}\n\n#uc_post_carousel_elementor_2299c51 .ue-grid-item-meta-data-icon{\n  line-height:1em;\n}\n\n#uc_post_carousel_elementor_2299c51 .ue-grid-item-meta-data-icon svg{\n  width:1em;\n  height:1em;\n}\n\n#uc_post_carousel_elementor_2299c51 .ue-debug-meta{\n  padding:10px;\n  border:1px solid red;\n  position:relative;\n  line-height:1.5em;\n  font-size:11px;\n  width:100%;\n}\n\n\n\n#uc_post_carousel_elementor_2299c51 .owl-nav .owl-prev.disabled,\n#uc_post_carousel_elementor_2299c51 .owl-nav .owl-next.disabled {\n   display: none;\n}\n\n<\/style>\n\n<div class=\"uc_overlay_image_carousel\" id=\"uc_post_carousel_elementor_2299c51-wrapper\">\n   <div class=\"uc_carousel owl-carousel owl-theme uc-items-wrapper  \" data-custom-sethtml=\"true\"  data-id=\"\" id=\"uc_post_carousel_elementor_2299c51\" >\n   \t\t<div class=\"uc_image_carousel_container_holder uc_carousel_item ue-item\">\n  \n    <div class=\"uc_image_carousel_placeholder elementor-animation-grow\">\n        <a href=\"https:\/\/tidolore.ch\/staging\/de\/plaettchenreiches-plasma-prp\/\" style=\"display:block;\">                    <img decoding=\"async\" src=\"https:\/\/tidolore.ch\/staging\/wp-content\/uploads\/ac_assets\/post_carousel\/\/placeholder.jpg\"> \n        \t\n        <div class=\"ue_pos_carousel_image_overlay\"><\/div>\n    <\/a>      <\/div>\n  \n  \n    <div class=\"uc_image_carousel_content\" >\n        <div>\n          \n                            \n          \n                   <a href=\"https:\/\/tidolore.ch\/staging\/de\/plaettchenreiches-plasma-prp\/\">            <div class=\"uc_post_title\">Pl\u00e4ttchenreiches Plasma (PRP)<\/div>\n          <\/a>                   \n         \n         <div class=\"ue-meta-data\">\n                        \t\t\t            \n                                    \n            \n                        \n                        \n                       \n                      \n           \n             \n            \n          <\/div>          \n          \n        <div class=\"uc_paragraph\" >Was ist eine PRP-Injektion?\n\nDie PRP-Injektion (Platelet Rich Plasma) ist ein medizinisches Verfahren,...<\/div>        \n        <\/div>\n    \n            \n    \t<div class=\"ue-item-btn-holder\">   \n           <a target=\"_blank\" href=\"https:\/\/tidolore.ch\/staging\/de\/plaettchenreiches-plasma-prp\/\" class=\"uc_more_btn ue-dynamic-popup-single \" href='https:\/\/tidolore.ch\/staging\/de\/plaettchenreiches-plasma-prp\/'>Mehr lesen<\/a>\n\t\t<\/div>\n    \n          <\/div>\n    \n  \n    \n<\/div>\n<div class=\"uc_image_carousel_container_holder uc_carousel_item ue-item\">\n  \n    <div class=\"uc_image_carousel_placeholder elementor-animation-grow\">\n        <a href=\"https:\/\/tidolore.ch\/staging\/de\/neuropathie-des-nervus-cluneus\/\" style=\"display:block;\">         \n            <img loading=\"lazy\" decoding=\"async\" src=\"https:\/\/tidolore.ch\/staging\/wp-content\/uploads\/2025\/08\/dreamstime_m_238107192-768x512.jpg\"  src=\"https:\/\/tidolore.ch\/staging\/wp-content\/uploads\/2025\/08\/dreamstime_m_238107192-768x512.jpg\" alt=\"Archiv-Fotos\" width=\"768\" height=\"512\" alt=\"Archiv-Fotos\" title=\"Archiv-Fotos\"> \n        \t\n        <div class=\"ue_pos_carousel_image_overlay\"><\/div>\n    <\/a>      <\/div>\n  \n  \n    <div class=\"uc_image_carousel_content\" >\n        <div>\n          \n                            \n          \n                   <a href=\"https:\/\/tidolore.ch\/staging\/de\/neuropathie-des-nervus-cluneus\/\">            <div class=\"uc_post_title\">Neuropathie des Nervus Cluneus<\/div>\n          <\/a>                   \n         \n         <div class=\"ue-meta-data\">\n                        \t\t\t            \n                                    \n            \n                        \n                        \n                       \n                      \n           \n             \n            \n          <\/div>          \n          \n        <div class=\"uc_paragraph\" >Die Neuropathie des Nervus Cluneus ist eine wenig bekannte, aber nicht seltene Ursache f\u00fcr Schmerzen...<\/div>        \n        <\/div>\n    \n            \n    \t<div class=\"ue-item-btn-holder\">   \n           <a target=\"_blank\" href=\"https:\/\/tidolore.ch\/staging\/de\/neuropathie-des-nervus-cluneus\/\" class=\"uc_more_btn ue-dynamic-popup-single \" href='https:\/\/tidolore.ch\/staging\/de\/neuropathie-des-nervus-cluneus\/'>Mehr lesen<\/a>\n\t\t<\/div>\n    \n          <\/div>\n    \n  \n    \n<\/div>\n<div class=\"uc_image_carousel_container_holder uc_carousel_item ue-item\">\n  \n    <div class=\"uc_image_carousel_placeholder elementor-animation-grow\">\n        <a href=\"https:\/\/tidolore.ch\/staging\/de\/radiofrequenz-der-clunealnerven\/\" style=\"display:block;\">         \n            <img loading=\"lazy\" decoding=\"async\" src=\"https:\/\/tidolore.ch\/staging\/wp-content\/uploads\/2025\/08\/dreamstime_m_217430363-768x513.jpg\"  src=\"https:\/\/tidolore.ch\/staging\/wp-content\/uploads\/2025\/08\/dreamstime_m_217430363-768x513.jpg\" alt=\"Archiv-Fotos\" width=\"768\" height=\"513\" alt=\"Archiv-Fotos\" title=\"Archiv-Fotos\"> \n        \t\n        <div class=\"ue_pos_carousel_image_overlay\"><\/div>\n    <\/a>      <\/div>\n  \n  \n    <div class=\"uc_image_carousel_content\" >\n        <div>\n          \n                            \n          \n                   <a href=\"https:\/\/tidolore.ch\/staging\/de\/radiofrequenz-der-clunealnerven\/\">            <div class=\"uc_post_title\">Radiofrequenz der Clunealnerven<\/div>\n          <\/a>                   \n         \n         <div class=\"ue-meta-data\">\n                        \t\t\t            \n                                    \n            \n                        \n                        \n                       \n                      \n           \n             \n            \n          <\/div>          \n          \n        <div class=\"uc_paragraph\" >Die superioren Clunealnerven sind kleine sensorische Nerven, die im unteren Teil der Wirbels\u00e4ule (zwischen...<\/div>        \n        <\/div>\n    \n            \n    \t<div class=\"ue-item-btn-holder\">   \n           <a target=\"_blank\" href=\"https:\/\/tidolore.ch\/staging\/de\/radiofrequenz-der-clunealnerven\/\" class=\"uc_more_btn ue-dynamic-popup-single \" href='https:\/\/tidolore.ch\/staging\/de\/radiofrequenz-der-clunealnerven\/'>Mehr lesen<\/a>\n\t\t<\/div>\n    \n          <\/div>\n    \n  \n    \n<\/div>\n<div class=\"uc_image_carousel_container_holder uc_carousel_item ue-item\">\n  \n    <div class=\"uc_image_carousel_placeholder elementor-animation-grow\">\n        <a href=\"https:\/\/tidolore.ch\/staging\/de\/diagnostischer-block-des-suprascapular-nervs\/\" style=\"display:block;\">         \n            <img loading=\"lazy\" decoding=\"async\" src=\"https:\/\/tidolore.ch\/staging\/wp-content\/uploads\/2025\/08\/shoulder_post02.png\"  src=\"https:\/\/tidolore.ch\/staging\/wp-content\/uploads\/2025\/08\/shoulder_post02.png\" alt=\"Schulter-Display\" width=\"386\" height=\"500\" alt=\"Schulter-Display\" title=\"Schulter-Display\"> \n        \t\n        <div class=\"ue_pos_carousel_image_overlay\"><\/div>\n    <\/a>      <\/div>\n  \n  \n    <div class=\"uc_image_carousel_content\" >\n        <div>\n          \n                            \n          \n                   <a href=\"https:\/\/tidolore.ch\/staging\/de\/diagnostischer-block-des-suprascapular-nervs\/\">            <div class=\"uc_post_title\">Diagnostischer Block des Suprascapular-Nervs<\/div>\n          <\/a>                   \n         \n         <div class=\"ue-meta-data\">\n                        \t\t\t            \n                                    \n            \n                        \n                        \n                       \n                      \n           \n             \n            \n          <\/div>          \n          \n        <div class=\"uc_paragraph\" >Bevor wir fortschrittlichere Behandlungen wie die gepulste Radiofrequenz durchf\u00fchren, ist es wichtig...<\/div>        \n        <\/div>\n    \n            \n    \t<div class=\"ue-item-btn-holder\">   \n           <a target=\"_blank\" href=\"https:\/\/tidolore.ch\/staging\/de\/diagnostischer-block-des-suprascapular-nervs\/\" class=\"uc_more_btn ue-dynamic-popup-single \" href='https:\/\/tidolore.ch\/staging\/de\/diagnostischer-block-des-suprascapular-nervs\/'>Mehr lesen<\/a>\n\t\t<\/div>\n    \n          <\/div>\n    \n  \n    \n<\/div>\n<div class=\"uc_image_carousel_container_holder uc_carousel_item ue-item\">\n  \n    <div class=\"uc_image_carousel_placeholder elementor-animation-grow\">\n        <a href=\"https:\/\/tidolore.ch\/staging\/de\/schulterschmerzen\/\" style=\"display:block;\">         \n            <img loading=\"lazy\" decoding=\"async\" src=\"https:\/\/tidolore.ch\/staging\/wp-content\/uploads\/2025\/08\/dreamstime_m_74662678-768x512.jpg\"  src=\"https:\/\/tidolore.ch\/staging\/wp-content\/uploads\/2025\/08\/dreamstime_m_74662678-768x512.jpg\" alt=\"Archiv-Fotos\" width=\"768\" height=\"512\" alt=\"Archiv-Fotos\" title=\"Archiv-Fotos\"> \n        \t\n        <div class=\"ue_pos_carousel_image_overlay\"><\/div>\n    <\/a>      <\/div>\n  \n  \n    <div class=\"uc_image_carousel_content\" >\n        <div>\n          \n                            \n          \n                   <a href=\"https:\/\/tidolore.ch\/staging\/de\/schulterschmerzen\/\">            <div class=\"uc_post_title\">Schulterschmerzen<\/div>\n          <\/a>                   \n         \n         <div class=\"ue-meta-data\">\n                        \t\t\t            \n                                    \n            \n                        \n                        \n                       \n                      \n           \n             \n            \n          <\/div>          \n          \n        <div class=\"uc_paragraph\" >Die Schulter ist eines der komplexesten Gelenke des K\u00f6rpers. Aufgrund ihrer besonderen Struktur erm\u00f6glicht...<\/div>        \n        <\/div>\n    \n            \n    \t<div class=\"ue-item-btn-holder\">   \n           <a target=\"_blank\" href=\"https:\/\/tidolore.ch\/staging\/de\/schulterschmerzen\/\" class=\"uc_more_btn ue-dynamic-popup-single \" href='https:\/\/tidolore.ch\/staging\/de\/schulterschmerzen\/'>Mehr lesen<\/a>\n\t\t<\/div>\n    \n          <\/div>\n    \n  \n    \n<\/div>\n<div class=\"uc_image_carousel_container_holder uc_carousel_item ue-item\">\n  \n    <div class=\"uc_image_carousel_placeholder elementor-animation-grow\">\n        <a href=\"https:\/\/tidolore.ch\/staging\/de\/capsaicins-8\/\" style=\"display:block;\">         \n            <img loading=\"lazy\" decoding=\"async\" src=\"https:\/\/tidolore.ch\/staging\/wp-content\/uploads\/2025\/07\/WhatsApp-Image-2026-01-06-at-16.53.15-768x512.jpeg\"  src=\"https:\/\/tidolore.ch\/staging\/wp-content\/uploads\/2025\/07\/WhatsApp-Image-2026-01-06-at-16.53.15-768x512.jpeg\" alt=\"Valeria Fumagalli arbeitet\" width=\"768\" height=\"512\" alt=\"Valeria Fumagalli arbeitet\" title=\"Valeria Fumagalli arbeitet\"> \n        \t\n        <div class=\"ue_pos_carousel_image_overlay\"><\/div>\n    <\/a>      <\/div>\n  \n  \n    <div class=\"uc_image_carousel_content\" >\n        <div>\n          \n                            \n          \n                   <a href=\"https:\/\/tidolore.ch\/staging\/de\/capsaicins-8\/\">            <div class=\"uc_post_title\">CAPSAICINS 8%<\/div>\n          <\/a>                   \n         \n         <div class=\"ue-meta-data\">\n                        \t\t\t            \n                                    \n            \n                        \n                        \n                       \n                      \n           \n             \n            \n          <\/div>          \n          \n        <div class=\"uc_paragraph\" >Capsaicin ist eine nat\u00fcrliche Substanz, die aus Chilischoten gewonnen wird und f\u00fcr ihre F\u00e4higkeit bekannt...<\/div>        \n        <\/div>\n    \n            \n    \t<div class=\"ue-item-btn-holder\">   \n           <a target=\"_blank\" href=\"https:\/\/tidolore.ch\/staging\/de\/capsaicins-8\/\" class=\"uc_more_btn ue-dynamic-popup-single \" href='https:\/\/tidolore.ch\/staging\/de\/capsaicins-8\/'>Mehr lesen<\/a>\n\t\t<\/div>\n    \n          <\/div>\n    \n  \n    \n<\/div>\n<div class=\"uc_image_carousel_container_holder uc_carousel_item ue-item\">\n  \n    <div class=\"uc_image_carousel_placeholder elementor-animation-grow\">\n        <a href=\"https:\/\/tidolore.ch\/staging\/de\/schmerzen-im-zusammenhang-mit-dem-ehlers-danlos-syndrom\/\" style=\"display:block;\">         \n            <img loading=\"lazy\" decoding=\"async\" src=\"https:\/\/tidolore.ch\/staging\/wp-content\/uploads\/2025\/07\/dreamstime_m_270415598-768x542.jpg\"  src=\"https:\/\/tidolore.ch\/staging\/wp-content\/uploads\/2025\/07\/dreamstime_m_270415598-768x542.jpg\" alt=\"Archiv-Fotos\" width=\"768\" height=\"542\" alt=\"Archiv-Fotos\" title=\"Archiv-Fotos\"> \n        \t\n        <div class=\"ue_pos_carousel_image_overlay\"><\/div>\n    <\/a>      <\/div>\n  \n  \n    <div class=\"uc_image_carousel_content\" >\n        <div>\n          \n                            \n          \n                   <a href=\"https:\/\/tidolore.ch\/staging\/de\/schmerzen-im-zusammenhang-mit-dem-ehlers-danlos-syndrom\/\">            <div class=\"uc_post_title\">Schmerzen im Zusammenhang mit dem Ehlers-Danlos-Syndrom<\/div>\n          <\/a>                   \n         \n         <div class=\"ue-meta-data\">\n                        \t\t\t            \n                                    \n            \n                        \n                        \n                       \n                      \n           \n             \n            \n          <\/div>          \n          \n        <div class=\"uc_paragraph\" >Was ist das?\n\n\n\n\nDas Ehlers-Danlos-Syndrom (EDS) ist eine Gruppe von genetisch bedingten Erkrankungen,...<\/div>        \n        <\/div>\n    \n            \n    \t<div class=\"ue-item-btn-holder\">   \n           <a target=\"_blank\" href=\"https:\/\/tidolore.ch\/staging\/de\/schmerzen-im-zusammenhang-mit-dem-ehlers-danlos-syndrom\/\" class=\"uc_more_btn ue-dynamic-popup-single \" href='https:\/\/tidolore.ch\/staging\/de\/schmerzen-im-zusammenhang-mit-dem-ehlers-danlos-syndrom\/'>Mehr lesen<\/a>\n\t\t<\/div>\n    \n          <\/div>\n    \n  \n    \n<\/div>\n<div class=\"uc_image_carousel_container_holder uc_carousel_item ue-item\">\n  \n    <div class=\"uc_image_carousel_placeholder elementor-animation-grow\">\n        <a href=\"https:\/\/tidolore.ch\/staging\/de\/krebsbedingte-schmerzen\/\" style=\"display:block;\">         \n            <img loading=\"lazy\" decoding=\"async\" src=\"https:\/\/tidolore.ch\/staging\/wp-content\/uploads\/2025\/07\/dreamstime_m_99219098-768x543.jpg\"  src=\"https:\/\/tidolore.ch\/staging\/wp-content\/uploads\/2025\/07\/dreamstime_m_99219098-768x543.jpg\" alt=\"Archiv-Fotos\" width=\"768\" height=\"543\" alt=\"Archiv-Fotos\" title=\"Archiv-Fotos\"> \n        \t\n        <div class=\"ue_pos_carousel_image_overlay\"><\/div>\n    <\/a>      <\/div>\n  \n  \n    <div class=\"uc_image_carousel_content\" >\n        <div>\n          \n                            \n          \n                   <a href=\"https:\/\/tidolore.ch\/staging\/de\/krebsbedingte-schmerzen\/\">            <div class=\"uc_post_title\">Krebsbedingte Schmerzen<\/div>\n          <\/a>                   \n         \n         <div class=\"ue-meta-data\">\n                        \t\t\t            \n                                    \n            \n                        \n                        \n                       \n                      \n           \n             \n            \n          <\/div>          \n          \n        <div class=\"uc_paragraph\" >Selbst bei einer schwierigen Diagnose muss niemand mit unn\u00f6tigen Schmerzen leben\n\nWas ist das?\n\nKrebsbedingte...<\/div>        \n        <\/div>\n    \n            \n    \t<div class=\"ue-item-btn-holder\">   \n           <a target=\"_blank\" href=\"https:\/\/tidolore.ch\/staging\/de\/krebsbedingte-schmerzen\/\" class=\"uc_more_btn ue-dynamic-popup-single \" href='https:\/\/tidolore.ch\/staging\/de\/krebsbedingte-schmerzen\/'>Mehr lesen<\/a>\n\t\t<\/div>\n    \n          <\/div>\n    \n  \n    \n<\/div>\n<div class=\"uc_image_carousel_container_holder uc_carousel_item ue-item\">\n  \n    <div class=\"uc_image_carousel_placeholder elementor-animation-grow\">\n        <a href=\"https:\/\/tidolore.ch\/staging\/de\/kreuz-darmbein-gelenk\/\" style=\"display:block;\">         \n            <img loading=\"lazy\" decoding=\"async\" src=\"https:\/\/tidolore.ch\/staging\/wp-content\/uploads\/2025\/07\/dreamstime_xxl_296045140-768x536.jpg\"  src=\"https:\/\/tidolore.ch\/staging\/wp-content\/uploads\/2025\/07\/dreamstime_xxl_296045140-768x536.jpg\" alt=\"Archiv-Fotos\" width=\"768\" height=\"536\" alt=\"Archiv-Fotos\" title=\"Archiv-Fotos\"> \n        \t\n        <div class=\"ue_pos_carousel_image_overlay\"><\/div>\n    <\/a>      <\/div>\n  \n  \n    <div class=\"uc_image_carousel_content\" >\n        <div>\n          \n                            \n          \n                   <a href=\"https:\/\/tidolore.ch\/staging\/de\/kreuz-darmbein-gelenk\/\">            <div class=\"uc_post_title\">Kreuz-Darmbein-Gelenk<\/div>\n          <\/a>                   \n         \n         <div class=\"ue-meta-data\">\n                        \t\t\t            \n                                    \n            \n                        \n                        \n                       \n                      \n           \n             \n            \n          <\/div>          \n          \n        <div class=\"uc_paragraph\" >Eine oft \u00fcbersehene Ursache f\u00fcr chronische R\u00fcckenschmerzen\n\nBei einem erheblichen Prozentsatz der Patienten...<\/div>        \n        <\/div>\n    \n            \n    \t<div class=\"ue-item-btn-holder\">   \n           <a target=\"_blank\" href=\"https:\/\/tidolore.ch\/staging\/de\/kreuz-darmbein-gelenk\/\" class=\"uc_more_btn ue-dynamic-popup-single \" href='https:\/\/tidolore.ch\/staging\/de\/kreuz-darmbein-gelenk\/'>Mehr lesen<\/a>\n\t\t<\/div>\n    \n          <\/div>\n    \n  \n    \n<\/div>\n<div class=\"uc_image_carousel_container_holder uc_carousel_item ue-item\">\n  \n    <div class=\"uc_image_carousel_placeholder elementor-animation-grow\">\n        <a href=\"https:\/\/tidolore.ch\/staging\/de\/chronische-postoperative-schmerzen\/\" style=\"display:block;\">         \n            <img loading=\"lazy\" decoding=\"async\" src=\"https:\/\/tidolore.ch\/staging\/wp-content\/uploads\/2025\/07\/dreamstime_m_140156034-768x512.jpg\"  src=\"https:\/\/tidolore.ch\/staging\/wp-content\/uploads\/2025\/07\/dreamstime_m_140156034-768x512.jpg\" alt=\"Archiv-Fotos\" width=\"768\" height=\"512\" alt=\"Archiv-Fotos\" title=\"Archiv-Fotos\"> \n        \t\n        <div class=\"ue_pos_carousel_image_overlay\"><\/div>\n    <\/a>      <\/div>\n  \n  \n    <div class=\"uc_image_carousel_content\" >\n        <div>\n          \n                            \n          \n                   <a href=\"https:\/\/tidolore.ch\/staging\/de\/chronische-postoperative-schmerzen\/\">            <div class=\"uc_post_title\">Chronische postoperative Schmerzen<\/div>\n          <\/a>                   \n         \n         <div class=\"ue-meta-data\">\n                        \t\t\t            \n                                    \n            \n                        \n                        \n                       \n                      \n           \n             \n            \n          <\/div>          \n          \n        <div class=\"uc_paragraph\" >Was ist das?\n\nChronische postoperative Schmerzen sind Schmerzen, die l\u00e4nger als drei Monate nach der...<\/div>        \n        <\/div>\n    \n            \n    \t<div class=\"ue-item-btn-holder\">   \n           <a target=\"_blank\" href=\"https:\/\/tidolore.ch\/staging\/de\/chronische-postoperative-schmerzen\/\" class=\"uc_more_btn ue-dynamic-popup-single \" href='https:\/\/tidolore.ch\/staging\/de\/chronische-postoperative-schmerzen\/'>Mehr lesen<\/a>\n\t\t<\/div>\n    \n          <\/div>\n    \n  \n    \n<\/div>\n<div class=\"uc_image_carousel_container_holder uc_carousel_item ue-item\">\n  \n    <div class=\"uc_image_carousel_placeholder elementor-animation-grow\">\n        <a href=\"https:\/\/tidolore.ch\/staging\/de\/schleudertrauma\/\" style=\"display:block;\">         \n            <img loading=\"lazy\" decoding=\"async\" src=\"https:\/\/tidolore.ch\/staging\/wp-content\/uploads\/2025\/07\/image-12-768x511.png\"  src=\"https:\/\/tidolore.ch\/staging\/wp-content\/uploads\/2025\/07\/image-12-768x511.png\" alt=\"Archiv-Fotos\" width=\"768\" height=\"511\" alt=\"Archiv-Fotos\" title=\"Archiv-Fotos\"> \n        \t\n        <div class=\"ue_pos_carousel_image_overlay\"><\/div>\n    <\/a>      <\/div>\n  \n  \n    <div class=\"uc_image_carousel_content\" >\n        <div>\n          \n                            \n          \n                   <a href=\"https:\/\/tidolore.ch\/staging\/de\/schleudertrauma\/\">            <div class=\"uc_post_title\">Schleudertrauma<\/div>\n          <\/a>                   \n         \n         <div class=\"ue-meta-data\">\n                        \t\t\t            \n                                    \n            \n                        \n                        \n                       \n                      \n           \n             \n            \n          <\/div>          \n          \n        <div class=\"uc_paragraph\" >Ein Schleudertrauma ist eine Verletzung der Halswirbels\u00e4ule (Nacken), die auftritt, wenn der Kopf abrupt...<\/div>        \n        <\/div>\n    \n            \n    \t<div class=\"ue-item-btn-holder\">   \n           <a target=\"_blank\" href=\"https:\/\/tidolore.ch\/staging\/de\/schleudertrauma\/\" class=\"uc_more_btn ue-dynamic-popup-single \" href='https:\/\/tidolore.ch\/staging\/de\/schleudertrauma\/'>Mehr lesen<\/a>\n\t\t<\/div>\n    \n          <\/div>\n    \n  \n    \n<\/div>\n<div class=\"uc_image_carousel_container_holder uc_carousel_item ue-item\">\n  \n    <div class=\"uc_image_carousel_placeholder elementor-animation-grow\">\n        <a href=\"https:\/\/tidolore.ch\/staging\/de\/fibromyalgie\/\" style=\"display:block;\">         \n            <img loading=\"lazy\" decoding=\"async\" src=\"https:\/\/tidolore.ch\/staging\/wp-content\/uploads\/2025\/07\/dreamstime_m_102692985-768x512.jpg\"  src=\"https:\/\/tidolore.ch\/staging\/wp-content\/uploads\/2025\/07\/dreamstime_m_102692985-768x512.jpg\" alt=\"Archiv-Fotos\" width=\"768\" height=\"512\" alt=\"Archiv-Fotos\" title=\"Archiv-Fotos\"> \n        \t\n        <div class=\"ue_pos_carousel_image_overlay\"><\/div>\n    <\/a>      <\/div>\n  \n  \n    <div class=\"uc_image_carousel_content\" >\n        <div>\n          \n                            \n          \n                   <a href=\"https:\/\/tidolore.ch\/staging\/de\/fibromyalgie\/\">            <div class=\"uc_post_title\">Fibromyalgie<\/div>\n          <\/a>                   \n         \n         <div class=\"ue-meta-data\">\n                        \t\t\t            \n                                    \n            \n                        \n                        \n                       \n                      \n           \n             \n            \n          <\/div>          \n          \n        <div class=\"uc_paragraph\" >Fibromyalgie ist eine chronische und komplexe Erkrankung, die Ursachen hat:\n\n\nDiffuse Muskel- und Gelenkschmerzen\n\n\nGro\u00dfe...<\/div>        \n        <\/div>\n    \n            \n    \t<div class=\"ue-item-btn-holder\">   \n           <a target=\"_blank\" href=\"https:\/\/tidolore.ch\/staging\/de\/fibromyalgie\/\" class=\"uc_more_btn ue-dynamic-popup-single \" href='https:\/\/tidolore.ch\/staging\/de\/fibromyalgie\/'>Mehr lesen<\/a>\n\t\t<\/div>\n    \n          <\/div>\n    \n  \n    \n<\/div>\n<div class=\"uc_image_carousel_container_holder uc_carousel_item ue-item\">\n  \n    <div class=\"uc_image_carousel_placeholder elementor-animation-grow\">\n        <a href=\"https:\/\/tidolore.ch\/staging\/de\/postherpetische-neuralgie-schmerzen-nach-guertelrose-guertelrose\/\" style=\"display:block;\">         \n            <img loading=\"lazy\" decoding=\"async\" src=\"https:\/\/tidolore.ch\/staging\/wp-content\/uploads\/2025\/07\/dreamstime_m_89592011-768x512.jpg\"  src=\"https:\/\/tidolore.ch\/staging\/wp-content\/uploads\/2025\/07\/dreamstime_m_89592011-768x512.jpg\" alt=\"Archiv-Fotos\" width=\"768\" height=\"512\" alt=\"Archiv-Fotos\" title=\"Archiv-Fotos\"> \n        \t\n        <div class=\"ue_pos_carousel_image_overlay\"><\/div>\n    <\/a>      <\/div>\n  \n  \n    <div class=\"uc_image_carousel_content\" >\n        <div>\n          \n                            \n          \n                   <a href=\"https:\/\/tidolore.ch\/staging\/de\/postherpetische-neuralgie-schmerzen-nach-guertelrose-guertelrose\/\">            <div class=\"uc_post_title\">Postherpetische Neuralgie (Schmerzen nach G\u00fcrtelrose\/G\u00fcrtelrose)<\/div>\n          <\/a>                   \n         \n         <div class=\"ue-meta-data\">\n                        \t\t\t            \n                                    \n            \n                        \n                        \n                       \n                      \n           \n             \n            \n          <\/div>          \n          \n        <div class=\"uc_paragraph\" >Was ist das?\n\nDie postherpetische Neuralgie ist die h\u00e4ufigste chronische Komplikation der G\u00fcrtelrose....<\/div>        \n        <\/div>\n    \n            \n    \t<div class=\"ue-item-btn-holder\">   \n           <a target=\"_blank\" href=\"https:\/\/tidolore.ch\/staging\/de\/postherpetische-neuralgie-schmerzen-nach-guertelrose-guertelrose\/\" class=\"uc_more_btn ue-dynamic-popup-single \" href='https:\/\/tidolore.ch\/staging\/de\/postherpetische-neuralgie-schmerzen-nach-guertelrose-guertelrose\/'>Mehr lesen<\/a>\n\t\t<\/div>\n    \n          <\/div>\n    \n  \n    \n<\/div>\n<div class=\"uc_image_carousel_container_holder uc_carousel_item ue-item\">\n  \n    <div class=\"uc_image_carousel_placeholder elementor-animation-grow\">\n        <a href=\"https:\/\/tidolore.ch\/staging\/de\/periphere-neuropathien-diabetisch-toxisch-pharmakologisch\/\" style=\"display:block;\">         \n            <img loading=\"lazy\" decoding=\"async\" src=\"https:\/\/tidolore.ch\/staging\/wp-content\/uploads\/2025\/07\/Painful-Feet-768x576.jpg\"  src=\"https:\/\/tidolore.ch\/staging\/wp-content\/uploads\/2025\/07\/Painful-Feet-768x576.jpg\" alt=\"Fu\u00dfschmerzen\" width=\"768\" height=\"576\" alt=\"Fu\u00dfschmerzen\" title=\"Fu\u00dfschmerzen\"> \n        \t\n        <div class=\"ue_pos_carousel_image_overlay\"><\/div>\n    <\/a>      <\/div>\n  \n  \n    <div class=\"uc_image_carousel_content\" >\n        <div>\n          \n                            \n          \n                   <a href=\"https:\/\/tidolore.ch\/staging\/de\/periphere-neuropathien-diabetisch-toxisch-pharmakologisch\/\">            <div class=\"uc_post_title\">Periphere Neuropathien (diabetisch, toxisch, pharmakologisch)<\/div>\n          <\/a>                   \n         \n         <div class=\"ue-meta-data\">\n                        \t\t\t            \n                                    \n            \n                        \n                        \n                       \n                      \n           \n             \n            \n          <\/div>          \n          \n        <div class=\"uc_paragraph\" >Periphere Neuropathie ist eine Erkrankung, bei der die Nerven in den Armen und Beinen nicht mehr richtig...<\/div>        \n        <\/div>\n    \n            \n    \t<div class=\"ue-item-btn-holder\">   \n           <a target=\"_blank\" href=\"https:\/\/tidolore.ch\/staging\/de\/periphere-neuropathien-diabetisch-toxisch-pharmakologisch\/\" class=\"uc_more_btn ue-dynamic-popup-single \" href='https:\/\/tidolore.ch\/staging\/de\/periphere-neuropathien-diabetisch-toxisch-pharmakologisch\/'>Mehr lesen<\/a>\n\t\t<\/div>\n    \n          <\/div>\n    \n  \n    \n<\/div>\n<div class=\"uc_image_carousel_container_holder uc_carousel_item ue-item\">\n  \n    <div class=\"uc_image_carousel_placeholder elementor-animation-grow\">\n        <a href=\"https:\/\/tidolore.ch\/staging\/de\/schmerzen-nach-einer-amputation-phantomschmerz-stumpfschmerz\/\" style=\"display:block;\">         \n            <img loading=\"lazy\" decoding=\"async\" src=\"https:\/\/tidolore.ch\/staging\/wp-content\/uploads\/2025\/07\/dreamstime_m_117616170-768x512.jpg\"  src=\"https:\/\/tidolore.ch\/staging\/wp-content\/uploads\/2025\/07\/dreamstime_m_117616170-768x512.jpg\" alt=\"Archiv-Fotos\" width=\"768\" height=\"512\" alt=\"Archiv-Fotos\" title=\"Archiv-Fotos\"> \n        \t\n        <div class=\"ue_pos_carousel_image_overlay\"><\/div>\n    <\/a>      <\/div>\n  \n  \n    <div class=\"uc_image_carousel_content\" >\n        <div>\n          \n                            \n          \n                   <a href=\"https:\/\/tidolore.ch\/staging\/de\/schmerzen-nach-einer-amputation-phantomschmerz-stumpfschmerz\/\">            <div class=\"uc_post_title\">Schmerzen nach einer Amputation (Phantomschmerz, Stumpfschmerz)<\/div>\n          <\/a>                   \n         \n         <div class=\"ue-meta-data\">\n                        \t\t\t            \n                                    \n            \n                        \n                        \n                       \n                      \n           \n             \n            \n          <\/div>          \n          \n        <div class=\"uc_paragraph\" >Postamputationsschmerzen sind eine Form von chronischen Schmerzen, die nach der chirurgischen Entfernung...<\/div>        \n        <\/div>\n    \n            \n    \t<div class=\"ue-item-btn-holder\">   \n           <a target=\"_blank\" href=\"https:\/\/tidolore.ch\/staging\/de\/schmerzen-nach-einer-amputation-phantomschmerz-stumpfschmerz\/\" class=\"uc_more_btn ue-dynamic-popup-single \" href='https:\/\/tidolore.ch\/staging\/de\/schmerzen-nach-einer-amputation-phantomschmerz-stumpfschmerz\/'>Mehr lesen<\/a>\n\t\t<\/div>\n    \n          <\/div>\n    \n  \n    \n<\/div>\n<div class=\"uc_image_carousel_container_holder uc_carousel_item ue-item\">\n  \n    <div class=\"uc_image_carousel_placeholder elementor-animation-grow\">\n        <a href=\"https:\/\/tidolore.ch\/staging\/de\/chronische-unterleibs-und-beckenschmerzen\/\" style=\"display:block;\">         \n            <img loading=\"lazy\" decoding=\"async\" src=\"https:\/\/tidolore.ch\/staging\/wp-content\/uploads\/2025\/07\/image-11-768x513.png\"  src=\"https:\/\/tidolore.ch\/staging\/wp-content\/uploads\/2025\/07\/image-11-768x513.png\" alt=\"Archiv-Fotos\" width=\"768\" height=\"513\" alt=\"Archiv-Fotos\" title=\"Archiv-Fotos\"> \n        \t\n        <div class=\"ue_pos_carousel_image_overlay\"><\/div>\n    <\/a>      <\/div>\n  \n  \n    <div class=\"uc_image_carousel_content\" >\n        <div>\n          \n                            \n          \n                   <a href=\"https:\/\/tidolore.ch\/staging\/de\/chronische-unterleibs-und-beckenschmerzen\/\">            <div class=\"uc_post_title\">Chronische Unterleibs- und Beckenschmerzen<\/div>\n          <\/a>                   \n         \n         <div class=\"ue-meta-data\">\n                        \t\t\t            \n                                    \n            \n                        \n                        \n                       \n                      \n           \n             \n            \n          <\/div>          \n          \n        <div class=\"uc_paragraph\" >Chronische Unterleibs- oder Beckenschmerzen sind Schmerzen, die l\u00e4nger als drei Monate in einem Bereich...<\/div>        \n        <\/div>\n    \n            \n    \t<div class=\"ue-item-btn-holder\">   \n           <a target=\"_blank\" href=\"https:\/\/tidolore.ch\/staging\/de\/chronische-unterleibs-und-beckenschmerzen\/\" class=\"uc_more_btn ue-dynamic-popup-single \" href='https:\/\/tidolore.ch\/staging\/de\/chronische-unterleibs-und-beckenschmerzen\/'>Mehr lesen<\/a>\n\t\t<\/div>\n    \n          <\/div>\n    \n  \n    \n<\/div>\n<div class=\"uc_image_carousel_container_holder uc_carousel_item ue-item\">\n  \n    <div class=\"uc_image_carousel_placeholder elementor-animation-grow\">\n        <a href=\"https:\/\/tidolore.ch\/staging\/de\/kopfschmerzen-und-schmerzen-im-gesicht\/\" style=\"display:block;\">         \n            <img loading=\"lazy\" decoding=\"async\" src=\"https:\/\/tidolore.ch\/staging\/wp-content\/uploads\/2025\/07\/image-10-768x511.png\"  src=\"https:\/\/tidolore.ch\/staging\/wp-content\/uploads\/2025\/07\/image-10-768x511.png\" alt=\"Archiv-Fotos\" width=\"768\" height=\"511\" alt=\"Archiv-Fotos\" title=\"Archiv-Fotos\"> \n        \t\n        <div class=\"ue_pos_carousel_image_overlay\"><\/div>\n    <\/a>      <\/div>\n  \n  \n    <div class=\"uc_image_carousel_content\" >\n        <div>\n          \n                            \n          \n                   <a href=\"https:\/\/tidolore.ch\/staging\/de\/kopfschmerzen-und-schmerzen-im-gesicht\/\">            <div class=\"uc_post_title\">Kopfschmerzen und Schmerzen im Gesicht<\/div>\n          <\/a>                   \n         \n         <div class=\"ue-meta-data\">\n                        \t\t\t            \n                                    \n            \n                        \n                        \n                       \n                      \n           \n             \n            \n          <\/div>          \n          \n        <div class=\"uc_paragraph\" >(Migr\u00e4ne, Okzipitalneuralgie, Trigeminusneuralgie und andere Formen von chronischen Gesichtsschmerzen)\n\n\nWenn...<\/div>        \n        <\/div>\n    \n            \n    \t<div class=\"ue-item-btn-holder\">   \n           <a target=\"_blank\" href=\"https:\/\/tidolore.ch\/staging\/de\/kopfschmerzen-und-schmerzen-im-gesicht\/\" class=\"uc_more_btn ue-dynamic-popup-single \" href='https:\/\/tidolore.ch\/staging\/de\/kopfschmerzen-und-schmerzen-im-gesicht\/'>Mehr lesen<\/a>\n\t\t<\/div>\n    \n          <\/div>\n    \n  \n    \n<\/div>\n<div class=\"uc_image_carousel_container_holder uc_carousel_item ue-item\">\n  \n    <div class=\"uc_image_carousel_placeholder elementor-animation-grow\">\n        <a href=\"https:\/\/tidolore.ch\/staging\/de\/chronische-gelenkschmerzen-arthrose-und-entzuendliche-arthritis\/\" style=\"display:block;\">         \n            <img loading=\"lazy\" decoding=\"async\" src=\"https:\/\/tidolore.ch\/staging\/wp-content\/uploads\/2025\/07\/dreamstime_m_129053740-768x512.jpg\"  src=\"https:\/\/tidolore.ch\/staging\/wp-content\/uploads\/2025\/07\/dreamstime_m_129053740-768x512.jpg\" alt=\"Archiv-Fotos\" width=\"768\" height=\"512\" alt=\"Archiv-Fotos\" title=\"Archiv-Fotos\"> \n        \t\n        <div class=\"ue_pos_carousel_image_overlay\"><\/div>\n    <\/a>      <\/div>\n  \n  \n    <div class=\"uc_image_carousel_content\" >\n        <div>\n          \n                            \n          \n                   <a href=\"https:\/\/tidolore.ch\/staging\/de\/chronische-gelenkschmerzen-arthrose-und-entzuendliche-arthritis\/\">            <div class=\"uc_post_title\">Chronische Gelenkschmerzen (Arthrose und entz\u00fcndliche Arthritis)<\/div>\n          <\/a>                   \n         \n         <div class=\"ue-meta-data\">\n                        \t\t\t            \n                                    \n            \n                        \n                        \n                       \n                      \n           \n             \n            \n          <\/div>          \n          \n        <div class=\"uc_paragraph\" >Was sind chronische Gelenkschmerzen?\n\nChronische Gelenkschmerzen sind Schmerzen in den Gelenken (z.B....<\/div>        \n        <\/div>\n    \n            \n    \t<div class=\"ue-item-btn-holder\">   \n           <a target=\"_blank\" href=\"https:\/\/tidolore.ch\/staging\/de\/chronische-gelenkschmerzen-arthrose-und-entzuendliche-arthritis\/\" class=\"uc_more_btn ue-dynamic-popup-single \" href='https:\/\/tidolore.ch\/staging\/de\/chronische-gelenkschmerzen-arthrose-und-entzuendliche-arthritis\/'>Mehr lesen<\/a>\n\t\t<\/div>\n    \n          <\/div>\n    \n  \n    \n<\/div>\n<div class=\"uc_image_carousel_container_holder uc_carousel_item ue-item\">\n  \n    <div class=\"uc_image_carousel_placeholder elementor-animation-grow\">\n        <a href=\"https:\/\/tidolore.ch\/staging\/de\/komplexes-regionales-schmerzsyndrom-crps-algodystrophie\/\" style=\"display:block;\">         \n            <img loading=\"lazy\" decoding=\"async\" src=\"https:\/\/tidolore.ch\/staging\/wp-content\/uploads\/2025\/07\/image-8-768x513.png\"  src=\"https:\/\/tidolore.ch\/staging\/wp-content\/uploads\/2025\/07\/image-8-768x513.png\" alt=\"Archiv-Fotos\" width=\"768\" height=\"513\" alt=\"Archiv-Fotos\" title=\"Archiv-Fotos\"> \n        \t\n        <div class=\"ue_pos_carousel_image_overlay\"><\/div>\n    <\/a>      <\/div>\n  \n  \n    <div class=\"uc_image_carousel_content\" >\n        <div>\n          \n                            \n          \n                   <a href=\"https:\/\/tidolore.ch\/staging\/de\/komplexes-regionales-schmerzsyndrom-crps-algodystrophie\/\">            <div class=\"uc_post_title\">Komplexes regionales Schmerzsyndrom (CRPS, Algodystrophie)<\/div>\n          <\/a>                   \n         \n         <div class=\"ue-meta-data\">\n                        \t\t\t            \n                                    \n            \n                        \n                        \n                       \n                      \n           \n             \n            \n          <\/div>          \n          \n        <div class=\"uc_paragraph\" >Das komplexe regionale Schmerzsyndrom (CRPS) ist eine seltene Erkrankung des Nervensystems, die nach...<\/div>        \n        <\/div>\n    \n            \n    \t<div class=\"ue-item-btn-holder\">   \n           <a target=\"_blank\" href=\"https:\/\/tidolore.ch\/staging\/de\/komplexes-regionales-schmerzsyndrom-crps-algodystrophie\/\" class=\"uc_more_btn ue-dynamic-popup-single \" href='https:\/\/tidolore.ch\/staging\/de\/komplexes-regionales-schmerzsyndrom-crps-algodystrophie\/'>Mehr lesen<\/a>\n\t\t<\/div>\n    \n          <\/div>\n    \n  \n    \n<\/div>\n<div class=\"uc_image_carousel_container_holder uc_carousel_item ue-item\">\n  \n    <div class=\"uc_image_carousel_placeholder elementor-animation-grow\">\n        <a href=\"https:\/\/tidolore.ch\/staging\/de\/anhaltende-wirbelsaeulenschmerzen-nach-einer-operation\/\" style=\"display:block;\">         \n            <img loading=\"lazy\" decoding=\"async\" src=\"https:\/\/tidolore.ch\/staging\/wp-content\/uploads\/2025\/07\/dreamstime_m_128936884-768x512.jpg\"  src=\"https:\/\/tidolore.ch\/staging\/wp-content\/uploads\/2025\/07\/dreamstime_m_128936884-768x512.jpg\" alt=\"Archiv-Fotos\" width=\"768\" height=\"512\" alt=\"Archiv-Fotos\" title=\"Archiv-Fotos\"> \n        \t\n        <div class=\"ue_pos_carousel_image_overlay\"><\/div>\n    <\/a>      <\/div>\n  \n  \n    <div class=\"uc_image_carousel_content\" >\n        <div>\n          \n                            \n          \n                   <a href=\"https:\/\/tidolore.ch\/staging\/de\/anhaltende-wirbelsaeulenschmerzen-nach-einer-operation\/\">            <div class=\"uc_post_title\">Anhaltende Wirbels\u00e4ulenschmerzen nach einer Operation<\/div>\n          <\/a>                   \n         \n         <div class=\"ue-meta-data\">\n                        \t\t\t            \n                                    \n            \n                        \n                        \n                       \n                      \n           \n             \n            \n          <\/div>          \n          \n        <div class=\"uc_paragraph\" >Das persistierende Wirbels\u00e4ulenschmerzsyndrom Typ 2 beschreibt einen Zustand, bei dem die Schmerzen in...<\/div>        \n        <\/div>\n    \n            \n    \t<div class=\"ue-item-btn-holder\">   \n           <a target=\"_blank\" href=\"https:\/\/tidolore.ch\/staging\/de\/anhaltende-wirbelsaeulenschmerzen-nach-einer-operation\/\" class=\"uc_more_btn ue-dynamic-popup-single \" href='https:\/\/tidolore.ch\/staging\/de\/anhaltende-wirbelsaeulenschmerzen-nach-einer-operation\/'>Mehr lesen<\/a>\n\t\t<\/div>\n    \n          <\/div>\n    \n  \n    \n<\/div>\n<div class=\"uc_image_carousel_container_holder uc_carousel_item ue-item\">\n  \n    <div class=\"uc_image_carousel_placeholder elementor-animation-grow\">\n        <a href=\"https:\/\/tidolore.ch\/staging\/de\/zervikale-radikulopathie\/\" style=\"display:block;\">         \n            <img loading=\"lazy\" decoding=\"async\" src=\"https:\/\/tidolore.ch\/staging\/wp-content\/uploads\/2025\/07\/dreamstime_m_266484448-768x512.jpg\"  src=\"https:\/\/tidolore.ch\/staging\/wp-content\/uploads\/2025\/07\/dreamstime_m_266484448-768x512.jpg\" alt=\"Archiv-Fotos\" width=\"768\" height=\"512\" alt=\"Archiv-Fotos\" title=\"Archiv-Fotos\"> \n        \t\n        <div class=\"ue_pos_carousel_image_overlay\"><\/div>\n    <\/a>      <\/div>\n  \n  \n    <div class=\"uc_image_carousel_content\" >\n        <div>\n          \n                            \n          \n                   <a href=\"https:\/\/tidolore.ch\/staging\/de\/zervikale-radikulopathie\/\">            <div class=\"uc_post_title\">Zervikale Radikulopathie<\/div>\n          <\/a>                   \n         \n         <div class=\"ue-meta-data\">\n                        \t\t\t            \n                                    \n            \n                        \n                        \n                       \n                      \n           \n             \n            \n          <\/div>          \n          \n        <div class=\"uc_paragraph\" >Die zervikale Radikulopathie ist eine Erkrankung, bei der eine oder mehrere Nervenwurzeln der Halswirbels\u00e4ule...<\/div>        \n        <\/div>\n    \n            \n    \t<div class=\"ue-item-btn-holder\">   \n           <a target=\"_blank\" href=\"https:\/\/tidolore.ch\/staging\/de\/zervikale-radikulopathie\/\" class=\"uc_more_btn ue-dynamic-popup-single \" href='https:\/\/tidolore.ch\/staging\/de\/zervikale-radikulopathie\/'>Mehr lesen<\/a>\n\t\t<\/div>\n    \n          <\/div>\n    \n  \n    \n<\/div>\n<div class=\"uc_image_carousel_container_holder uc_carousel_item ue-item\">\n  \n    <div class=\"uc_image_carousel_placeholder elementor-animation-grow\">\n        <a href=\"https:\/\/tidolore.ch\/staging\/de\/zervikale-facettengelenke\/\" style=\"display:block;\">         \n            <img loading=\"lazy\" decoding=\"async\" src=\"https:\/\/tidolore.ch\/staging\/wp-content\/uploads\/2025\/06\/Lumbar-Stenosis-Before-768x960.png\"  src=\"https:\/\/tidolore.ch\/staging\/wp-content\/uploads\/2025\/06\/Lumbar-Stenosis-Before-768x960.png\" alt=\"Lumbale Stenose Vorher\" width=\"768\" height=\"960\" alt=\"Lumbale Stenose Vorher\" title=\"Lumbale Stenose Vorher\"> \n        \t\n        <div class=\"ue_pos_carousel_image_overlay\"><\/div>\n    <\/a>      <\/div>\n  \n  \n    <div class=\"uc_image_carousel_content\" >\n        <div>\n          \n                            \n          \n                   <a href=\"https:\/\/tidolore.ch\/staging\/de\/zervikale-facettengelenke\/\">            <div class=\"uc_post_title\">Zervikale Facettengelenke<\/div>\n          <\/a>                   \n         \n         <div class=\"ue-meta-data\">\n                        \t\t\t            \n                                    \n            \n                        \n                        \n                       \n                      \n           \n             \n            \n          <\/div>          \n          \n        <div class=\"uc_paragraph\" >Die Facettengelenke des Halses sind kleine Gelenke, die die Dreh-, Kipp- und Beugebewegungen des Kopfes...<\/div>        \n        <\/div>\n    \n            \n    \t<div class=\"ue-item-btn-holder\">   \n           <a target=\"_blank\" href=\"https:\/\/tidolore.ch\/staging\/de\/zervikale-facettengelenke\/\" class=\"uc_more_btn ue-dynamic-popup-single \" href='https:\/\/tidolore.ch\/staging\/de\/zervikale-facettengelenke\/'>Mehr lesen<\/a>\n\t\t<\/div>\n    \n          <\/div>\n    \n  \n    \n<\/div>\n<div class=\"uc_image_carousel_container_holder uc_carousel_item ue-item\">\n  \n    <div class=\"uc_image_carousel_placeholder elementor-animation-grow\">\n        <a href=\"https:\/\/tidolore.ch\/staging\/de\/ischias\/\" style=\"display:block;\">         \n            <img loading=\"lazy\" decoding=\"async\" src=\"https:\/\/tidolore.ch\/staging\/wp-content\/uploads\/2025\/07\/image-6-768x513.png\"  src=\"https:\/\/tidolore.ch\/staging\/wp-content\/uploads\/2025\/07\/image-6-768x513.png\" alt=\"Archiv-Fotos\" width=\"768\" height=\"513\" alt=\"Archiv-Fotos\" title=\"Archiv-Fotos\"> \n        \t\n        <div class=\"ue_pos_carousel_image_overlay\"><\/div>\n    <\/a>      <\/div>\n  \n  \n    <div class=\"uc_image_carousel_content\" >\n        <div>\n          \n                            \n          \n                   <a href=\"https:\/\/tidolore.ch\/staging\/de\/ischias\/\">            <div class=\"uc_post_title\">Ischias<\/div>\n          <\/a>                   \n         \n         <div class=\"ue-meta-data\">\n                        \t\t\t            \n                                    \n            \n                        \n                        \n                       \n                      \n           \n             \n            \n          <\/div>          \n          \n        <div class=\"uc_paragraph\" >Was ist das?\n\nIschias ist ein Schmerz, der entlang des Ischiasnervs, dem l\u00e4ngsten Nerv im menschlichen...<\/div>        \n        <\/div>\n    \n            \n    \t<div class=\"ue-item-btn-holder\">   \n           <a target=\"_blank\" href=\"https:\/\/tidolore.ch\/staging\/de\/ischias\/\" class=\"uc_more_btn ue-dynamic-popup-single \" href='https:\/\/tidolore.ch\/staging\/de\/ischias\/'>Mehr lesen<\/a>\n\t\t<\/div>\n    \n          <\/div>\n    \n  \n    \n<\/div>\n<div class=\"uc_image_carousel_container_holder uc_carousel_item ue-item\">\n  \n    <div class=\"uc_image_carousel_placeholder elementor-animation-grow\">\n        <a href=\"https:\/\/tidolore.ch\/staging\/de\/stenose-des-spinalkanals\/\" style=\"display:block;\">         \n            <img loading=\"lazy\" decoding=\"async\" src=\"https:\/\/tidolore.ch\/staging\/wp-content\/uploads\/2025\/07\/Image-from-ViewMedica-768x432.png\"  src=\"https:\/\/tidolore.ch\/staging\/wp-content\/uploads\/2025\/07\/Image-from-ViewMedica-768x432.png\" alt=\"Visualisierung der Spinalkanalstenose\" width=\"768\" height=\"432\" alt=\"Visualisierung der Spinalkanalstenose\" title=\"Visualisierung der Spinalkanalstenose\"> \n        \t\n        <div class=\"ue_pos_carousel_image_overlay\"><\/div>\n    <\/a>      <\/div>\n  \n  \n    <div class=\"uc_image_carousel_content\" >\n        <div>\n          \n                            \n          \n                   <a href=\"https:\/\/tidolore.ch\/staging\/de\/stenose-des-spinalkanals\/\">            <div class=\"uc_post_title\">Stenose des Spinalkanals<\/div>\n          <\/a>                   \n         \n         <div class=\"ue-meta-data\">\n                        \t\t\t            \n                                    \n            \n                        \n                        \n                       \n                      \n           \n             \n            \n          <\/div>          \n          \n        <div class=\"uc_paragraph\" >Die Spinalkanalstenose ist eine der h\u00e4ufigsten Ursachen f\u00fcr chronische Schmerzen im unteren R\u00fcckenbereich,...<\/div>        \n        <\/div>\n    \n            \n    \t<div class=\"ue-item-btn-holder\">   \n           <a target=\"_blank\" href=\"https:\/\/tidolore.ch\/staging\/de\/stenose-des-spinalkanals\/\" class=\"uc_more_btn ue-dynamic-popup-single \" href='https:\/\/tidolore.ch\/staging\/de\/stenose-des-spinalkanals\/'>Mehr lesen<\/a>\n\t\t<\/div>\n    \n          <\/div>\n    \n  \n    \n<\/div>\n<div class=\"uc_image_carousel_container_holder uc_carousel_item ue-item\">\n  \n    <div class=\"uc_image_carousel_placeholder elementor-animation-grow\">\n        <a href=\"https:\/\/tidolore.ch\/staging\/de\/discogene-schmerzen\/\" style=\"display:block;\">         \n            <img loading=\"lazy\" decoding=\"async\" src=\"https:\/\/tidolore.ch\/staging\/wp-content\/uploads\/2025\/07\/Plif-Image-768x432.png\"  src=\"https:\/\/tidolore.ch\/staging\/wp-content\/uploads\/2025\/07\/Plif-Image-768x432.png\" alt=\"Visualisierung von diskogenen Schmerzen\" width=\"768\" height=\"432\" alt=\"Visualisierung von diskogenen Schmerzen\" title=\"Visualisierung von diskogenen Schmerzen\"> \n        \t\n        <div class=\"ue_pos_carousel_image_overlay\"><\/div>\n    <\/a>      <\/div>\n  \n  \n    <div class=\"uc_image_carousel_content\" >\n        <div>\n          \n                            \n          \n                   <a href=\"https:\/\/tidolore.ch\/staging\/de\/discogene-schmerzen\/\">            <div class=\"uc_post_title\">Discogene Schmerzen<\/div>\n          <\/a>                   \n         \n         <div class=\"ue-meta-data\">\n                        \t\t\t            \n                                    \n            \n                        \n                        \n                       \n                      \n           \n             \n            \n          <\/div>          \n          \n        <div class=\"uc_paragraph\" >Bei bis zu 40% der Patienten mit chronischen Kreuzschmerzen sind die Schmerzen auf die Bandscheiben zur\u00fcckzuf\u00fchren.\n\nWas...<\/div>        \n        <\/div>\n    \n            \n    \t<div class=\"ue-item-btn-holder\">   \n           <a target=\"_blank\" href=\"https:\/\/tidolore.ch\/staging\/de\/discogene-schmerzen\/\" class=\"uc_more_btn ue-dynamic-popup-single \" href='https:\/\/tidolore.ch\/staging\/de\/discogene-schmerzen\/'>Mehr lesen<\/a>\n\t\t<\/div>\n    \n          <\/div>\n    \n  \n    \n<\/div>\n<div class=\"uc_image_carousel_container_holder uc_carousel_item ue-item\">\n  \n    <div class=\"uc_image_carousel_placeholder elementor-animation-grow\">\n        <a href=\"https:\/\/tidolore.ch\/staging\/de\/facettengelenksyndrom\/\" style=\"display:block;\">         \n            <img loading=\"lazy\" decoding=\"async\" src=\"https:\/\/tidolore.ch\/staging\/wp-content\/uploads\/2025\/06\/Lumbar-Stenosis-Before-768x960.png\"  src=\"https:\/\/tidolore.ch\/staging\/wp-content\/uploads\/2025\/06\/Lumbar-Stenosis-Before-768x960.png\" alt=\"Lumbale Stenose Vorher\" width=\"768\" height=\"960\" alt=\"Lumbale Stenose Vorher\" title=\"Lumbale Stenose Vorher\"> \n        \t\n        <div class=\"ue_pos_carousel_image_overlay\"><\/div>\n    <\/a>      <\/div>\n  \n  \n    <div class=\"uc_image_carousel_content\" >\n        <div>\n          \n                            \n          \n                   <a href=\"https:\/\/tidolore.ch\/staging\/de\/facettengelenksyndrom\/\">            <div class=\"uc_post_title\">Facettengelenksyndrom<\/div>\n          <\/a>                   \n         \n         <div class=\"ue-meta-data\">\n                        \t\t\t            \n                                    \n            \n                        \n                        \n                       \n                      \n           \n             \n            \n          <\/div>          \n          \n        <div class=\"uc_paragraph\" >Eine h\u00e4ufige Ursache: Facettengelenksyndrom\n\nBei etwa 15-41% der Patienten mit chronischen Kreuzschmerzen...<\/div>        \n        <\/div>\n    \n            \n    \t<div class=\"ue-item-btn-holder\">   \n           <a target=\"_blank\" href=\"https:\/\/tidolore.ch\/staging\/de\/facettengelenksyndrom\/\" class=\"uc_more_btn ue-dynamic-popup-single \" href='https:\/\/tidolore.ch\/staging\/de\/facettengelenksyndrom\/'>Mehr lesen<\/a>\n\t\t<\/div>\n    \n          <\/div>\n    \n  \n    \n<\/div>\n<div class=\"uc_image_carousel_container_holder uc_carousel_item ue-item\">\n  \n    <div class=\"uc_image_carousel_placeholder elementor-animation-grow\">\n        <a href=\"https:\/\/tidolore.ch\/staging\/de\/transkutane-elektrische-nervenstimulation\/\" style=\"display:block;\">         \n            <img loading=\"lazy\" decoding=\"async\" src=\"https:\/\/tidolore.ch\/staging\/wp-content\/uploads\/2025\/07\/WhatsApp-Image-2026-01-06-at-16.42.10-768x512.jpeg\"  src=\"https:\/\/tidolore.ch\/staging\/wp-content\/uploads\/2025\/07\/WhatsApp-Image-2026-01-06-at-16.42.10-768x512.jpeg\" alt=\"Valeria Fumagalli arbeitet\" width=\"768\" height=\"512\" alt=\"Valeria Fumagalli arbeitet\" title=\"Valeria Fumagalli arbeitet\"> \n        \t\n        <div class=\"ue_pos_carousel_image_overlay\"><\/div>\n    <\/a>      <\/div>\n  \n  \n    <div class=\"uc_image_carousel_content\" >\n        <div>\n          \n                            \n          \n                   <a href=\"https:\/\/tidolore.ch\/staging\/de\/transkutane-elektrische-nervenstimulation\/\">            <div class=\"uc_post_title\">Transkutane elektrische Nervenstimulation<\/div>\n          <\/a>                   \n         \n         <div class=\"ue-meta-data\">\n                        \t\t\t            \n                                    \n            \n                        \n                        \n                       \n                      \n           \n             \n            \n          <\/div>          \n          \n        <div class=\"uc_paragraph\" >Was ist TENS?\n\nTENS (Transkutane Elektrische Nervenstimulation) ist eine einfache und sichere Behandlung,...<\/div>        \n        <\/div>\n    \n            \n    \t<div class=\"ue-item-btn-holder\">   \n           <a target=\"_blank\" href=\"https:\/\/tidolore.ch\/staging\/de\/transkutane-elektrische-nervenstimulation\/\" class=\"uc_more_btn ue-dynamic-popup-single \" href='https:\/\/tidolore.ch\/staging\/de\/transkutane-elektrische-nervenstimulation\/'>Mehr lesen<\/a>\n\t\t<\/div>\n    \n          <\/div>\n    \n  \n    \n<\/div>\n<div class=\"uc_image_carousel_container_holder uc_carousel_item ue-item\">\n  \n    <div class=\"uc_image_carousel_placeholder elementor-animation-grow\">\n        <a href=\"https:\/\/tidolore.ch\/staging\/de\/zervikale-translaminare-epidurale-infiltration\/\" style=\"display:block;\">         \n            <img loading=\"lazy\" decoding=\"async\" src=\"https:\/\/tidolore.ch\/staging\/wp-content\/uploads\/2025\/06\/Thoracic-Episteroid-Image-0005-768x432.png\"  src=\"https:\/\/tidolore.ch\/staging\/wp-content\/uploads\/2025\/06\/Thoracic-Episteroid-Image-0005-768x432.png\" alt=\"Thorakales Episteroid Bild 0005\" width=\"768\" height=\"432\" alt=\"Thorakales Episteroid Bild 0005\" title=\"Thorakales Episteroid Bild 0005\"> \n        \t\n        <div class=\"ue_pos_carousel_image_overlay\"><\/div>\n    <\/a>      <\/div>\n  \n  \n    <div class=\"uc_image_carousel_content\" >\n        <div>\n          \n                            \n          \n                   <a href=\"https:\/\/tidolore.ch\/staging\/de\/zervikale-translaminare-epidurale-infiltration\/\">            <div class=\"uc_post_title\">Zervikale translaminare epidurale Infiltration<\/div>\n          <\/a>                   \n         \n         <div class=\"ue-meta-data\">\n                        \t\t\t            \n                                    \n            \n                        \n                        \n                       \n                      \n           \n             \n            \n          <\/div>          \n          \n        <div class=\"uc_paragraph\" >Warum schl\u00e4gt man mir dieses Verfahren vor?\n\nIhr Arzt vermutet, dass die Schmerzen im Nacken, in den...<\/div>        \n        <\/div>\n    \n            \n    \t<div class=\"ue-item-btn-holder\">   \n           <a target=\"_blank\" href=\"https:\/\/tidolore.ch\/staging\/de\/zervikale-translaminare-epidurale-infiltration\/\" class=\"uc_more_btn ue-dynamic-popup-single \" href='https:\/\/tidolore.ch\/staging\/de\/zervikale-translaminare-epidurale-infiltration\/'>Mehr lesen<\/a>\n\t\t<\/div>\n    \n          <\/div>\n    \n  \n    \n<\/div>\n<div class=\"uc_image_carousel_container_holder uc_carousel_item ue-item\">\n  \n    <div class=\"uc_image_carousel_placeholder elementor-animation-grow\">\n        <a href=\"https:\/\/tidolore.ch\/staging\/de\/denervierung-des-zervikalen-facettengelenks-mit-radiofrequenz\/\" style=\"display:block;\">         \n            <img loading=\"lazy\" decoding=\"async\" src=\"https:\/\/tidolore.ch\/staging\/wp-content\/uploads\/2025\/06\/cervicalrfneurotomy_0000_cervicalrfneurotomy_01_03_25-768x432.png\"  src=\"https:\/\/tidolore.ch\/staging\/wp-content\/uploads\/2025\/06\/cervicalrfneurotomy_0000_cervicalrfneurotomy_01_03_25-768x432.png\" alt=\"Visualisierung der zervikalen Facettengelenksdenervierung mit Radiofrequenz\" width=\"768\" height=\"432\" alt=\"Visualisierung der zervikalen Facettengelenksdenervierung mit Radiofrequenz\" title=\"Visualisierung der zervikalen Facettengelenksdenervierung mit Radiofrequenz\"> \n        \t\n        <div class=\"ue_pos_carousel_image_overlay\"><\/div>\n    <\/a>      <\/div>\n  \n  \n    <div class=\"uc_image_carousel_content\" >\n        <div>\n          \n                            \n          \n                   <a href=\"https:\/\/tidolore.ch\/staging\/de\/denervierung-des-zervikalen-facettengelenks-mit-radiofrequenz\/\">            <div class=\"uc_post_title\">Denervierung des zervikalen Facettengelenks mit Radiofrequenz<\/div>\n          <\/a>                   \n         \n         <div class=\"ue-meta-data\">\n                        \t\t\t            \n                                    \n            \n                        \n                        \n                       \n                      \n           \n             \n            \n          <\/div>          \n          \n        <div class=\"uc_paragraph\" >Warum schl\u00e4gt man mir dieses Verfahren vor?\n\nIhr Arzt vermutet, dass die Schmerzen im Nacken, im Kopf,...<\/div>        \n        <\/div>\n    \n            \n    \t<div class=\"ue-item-btn-holder\">   \n           <a target=\"_blank\" href=\"https:\/\/tidolore.ch\/staging\/de\/denervierung-des-zervikalen-facettengelenks-mit-radiofrequenz\/\" class=\"uc_more_btn ue-dynamic-popup-single \" href='https:\/\/tidolore.ch\/staging\/de\/denervierung-des-zervikalen-facettengelenks-mit-radiofrequenz\/'>Mehr lesen<\/a>\n\t\t<\/div>\n    \n          <\/div>\n    \n  \n    \n<\/div>\n<div class=\"uc_image_carousel_container_holder uc_carousel_item ue-item\">\n  \n    <div class=\"uc_image_carousel_placeholder elementor-animation-grow\">\n        <a href=\"https:\/\/tidolore.ch\/staging\/de\/blockierung-der-facettengelenke-im-nacken\/\" style=\"display:block;\">         \n            <img loading=\"lazy\" decoding=\"async\" src=\"https:\/\/tidolore.ch\/staging\/wp-content\/uploads\/2025\/06\/Layer-3-Image-768x432.png\"  src=\"https:\/\/tidolore.ch\/staging\/wp-content\/uploads\/2025\/06\/Layer-3-Image-768x432.png\" alt=\"Ebene 3 Bild\" width=\"768\" height=\"432\" alt=\"Ebene 3 Bild\" title=\"Ebene 3 Bild\"> \n        \t\n        <div class=\"ue_pos_carousel_image_overlay\"><\/div>\n    <\/a>      <\/div>\n  \n  \n    <div class=\"uc_image_carousel_content\" >\n        <div>\n          \n                            \n          \n                   <a href=\"https:\/\/tidolore.ch\/staging\/de\/blockierung-der-facettengelenke-im-nacken\/\">            <div class=\"uc_post_title\">Blockierung der Facettengelenke im Nacken<\/div>\n          <\/a>                   \n         \n         <div class=\"ue-meta-data\">\n                        \t\t\t            \n                                    \n            \n                        \n                        \n                       \n                      \n           \n             \n            \n          <\/div>          \n          \n        <div class=\"uc_paragraph\" >Warum muss ich dieses Verfahren durchf\u00fchren?\n\nIhr Arzt vermutet, dass Ihre Nackenschmerzen von kleinen...<\/div>        \n        <\/div>\n    \n            \n    \t<div class=\"ue-item-btn-holder\">   \n           <a target=\"_blank\" href=\"https:\/\/tidolore.ch\/staging\/de\/blockierung-der-facettengelenke-im-nacken\/\" class=\"uc_more_btn ue-dynamic-popup-single \" href='https:\/\/tidolore.ch\/staging\/de\/blockierung-der-facettengelenke-im-nacken\/'>Mehr lesen<\/a>\n\t\t<\/div>\n    \n          <\/div>\n    \n  \n    \n<\/div>\n<div class=\"uc_image_carousel_container_holder uc_carousel_item ue-item\">\n  \n    <div class=\"uc_image_carousel_placeholder elementor-animation-grow\">\n        <a href=\"https:\/\/tidolore.ch\/staging\/de\/neurostimulation-des-rueckenmarks\/\" style=\"display:block;\">         \n            <img loading=\"lazy\" decoding=\"async\" src=\"https:\/\/tidolore.ch\/staging\/wp-content\/uploads\/2025\/06\/Image-5-420x640-1.png\"  src=\"https:\/\/tidolore.ch\/staging\/wp-content\/uploads\/2025\/06\/Image-5-420x640-1.png\" alt=\"Bild 5 420x640\" width=\"420\" height=\"245\" alt=\"Bild 5 420x640\" title=\"Bild 5 420x640\"> \n        \t\n        <div class=\"ue_pos_carousel_image_overlay\"><\/div>\n    <\/a>      <\/div>\n  \n  \n    <div class=\"uc_image_carousel_content\" >\n        <div>\n          \n                            \n          \n                   <a href=\"https:\/\/tidolore.ch\/staging\/de\/neurostimulation-des-rueckenmarks\/\">            <div class=\"uc_post_title\">Neurostimulation des R\u00fcckenmarks<\/div>\n          <\/a>                   \n         \n         <div class=\"ue-meta-data\">\n                        \t\t\t            \n                                    \n            \n                        \n                        \n                       \n                      \n           \n             \n            \n          <\/div>          \n          \n        <div class=\"uc_paragraph\" >Die Neurostimulation des R\u00fcckenmarks ist eine innovative Behandlung zur Linderung chronischer Schmerzen,...<\/div>        \n        <\/div>\n    \n            \n    \t<div class=\"ue-item-btn-holder\">   \n           <a target=\"_blank\" href=\"https:\/\/tidolore.ch\/staging\/de\/neurostimulation-des-rueckenmarks\/\" class=\"uc_more_btn ue-dynamic-popup-single \" href='https:\/\/tidolore.ch\/staging\/de\/neurostimulation-des-rueckenmarks\/'>Mehr lesen<\/a>\n\t\t<\/div>\n    \n          <\/div>\n    \n  \n    \n<\/div>\n<div class=\"uc_image_carousel_container_holder uc_carousel_item ue-item\">\n  \n    <div class=\"uc_image_carousel_placeholder elementor-animation-grow\">\n        <a href=\"https:\/\/tidolore.ch\/staging\/de\/infiltration-des-iliosakralgelenks\/\" style=\"display:block;\">         \n            <img loading=\"lazy\" decoding=\"async\" src=\"https:\/\/tidolore.ch\/staging\/wp-content\/uploads\/2025\/06\/WhatsApp-Image-2026-01-06-at-17.03.41-768x512.jpeg\"  src=\"https:\/\/tidolore.ch\/staging\/wp-content\/uploads\/2025\/06\/WhatsApp-Image-2026-01-06-at-17.03.41-768x512.jpeg\" alt=\"Eva Koetsier und Monica Scoppettuolo bei der Arbeit\" width=\"768\" height=\"512\" alt=\"Eva Koetsier und Monica Scoppettuolo bei der Arbeit\" title=\"Eva Koetsier und Monica Scoppettuolo bei der Arbeit\"> \n        \t\n        <div class=\"ue_pos_carousel_image_overlay\"><\/div>\n    <\/a>      <\/div>\n  \n  \n    <div class=\"uc_image_carousel_content\" >\n        <div>\n          \n                            \n          \n                   <a href=\"https:\/\/tidolore.ch\/staging\/de\/infiltration-des-iliosakralgelenks\/\">            <div class=\"uc_post_title\">Infiltration des Iliosakralgelenks<\/div>\n          <\/a>                   \n         \n         <div class=\"ue-meta-data\">\n                        \t\t\t            \n                                    \n            \n                        \n                        \n                       \n                      \n           \n             \n            \n          <\/div>          \n          \n        <div class=\"uc_paragraph\" >Warum schl\u00e4gt man mir dieses Verfahren vor?\n\nIhr Arzt vermutet, dass die Schmerzen im unteren R\u00fccken...<\/div>        \n        <\/div>\n    \n            \n    \t<div class=\"ue-item-btn-holder\">   \n           <a target=\"_blank\" href=\"https:\/\/tidolore.ch\/staging\/de\/infiltration-des-iliosakralgelenks\/\" class=\"uc_more_btn ue-dynamic-popup-single \" href='https:\/\/tidolore.ch\/staging\/de\/infiltration-des-iliosakralgelenks\/'>Mehr lesen<\/a>\n\t\t<\/div>\n    \n          <\/div>\n    \n  \n    \n<\/div>\n<div class=\"uc_image_carousel_container_holder uc_carousel_item ue-item\">\n  \n    <div class=\"uc_image_carousel_placeholder elementor-animation-grow\">\n        <a href=\"https:\/\/tidolore.ch\/staging\/de\/transforaminale-lumbale-epidurale-infiltration\/\" style=\"display:block;\">         \n            <img loading=\"lazy\" decoding=\"async\" src=\"https:\/\/tidolore.ch\/staging\/wp-content\/uploads\/2025\/06\/Transepisteroid-Image-0016-768x432.png\"  src=\"https:\/\/tidolore.ch\/staging\/wp-content\/uploads\/2025\/06\/Transepisteroid-Image-0016-768x432.png\" alt=\"Transepisteroid Bild 0016\" width=\"768\" height=\"432\" alt=\"Transepisteroid Bild 0016\" title=\"Transepisteroid Bild 0016\"> \n        \t\n        <div class=\"ue_pos_carousel_image_overlay\"><\/div>\n    <\/a>      <\/div>\n  \n  \n    <div class=\"uc_image_carousel_content\" >\n        <div>\n          \n                            \n          \n                   <a href=\"https:\/\/tidolore.ch\/staging\/de\/transforaminale-lumbale-epidurale-infiltration\/\">            <div class=\"uc_post_title\">Transforaminale lumbale epidurale Infiltration<\/div>\n          <\/a>                   \n         \n         <div class=\"ue-meta-data\">\n                        \t\t\t            \n                                    \n            \n                        \n                        \n                       \n                      \n           \n             \n            \n          <\/div>          \n          \n        <div class=\"uc_paragraph\" >Warum schl\u00e4gt man mir dieses Verfahren vor?\n\nIhr Arzt vermutet, dass Ihre Schmerzen im unteren R\u00fccken...<\/div>        \n        <\/div>\n    \n            \n    \t<div class=\"ue-item-btn-holder\">   \n           <a target=\"_blank\" href=\"https:\/\/tidolore.ch\/staging\/de\/transforaminale-lumbale-epidurale-infiltration\/\" class=\"uc_more_btn ue-dynamic-popup-single \" href='https:\/\/tidolore.ch\/staging\/de\/transforaminale-lumbale-epidurale-infiltration\/'>Mehr lesen<\/a>\n\t\t<\/div>\n    \n          <\/div>\n    \n  \n    \n<\/div>\n<div class=\"uc_image_carousel_container_holder uc_carousel_item ue-item\">\n  \n    <div class=\"uc_image_carousel_placeholder elementor-animation-grow\">\n        <a href=\"https:\/\/tidolore.ch\/staging\/de\/translaminare-epidurale-infiltration\/\" style=\"display:block;\">         \n            <img loading=\"lazy\" decoding=\"async\" src=\"https:\/\/tidolore.ch\/staging\/wp-content\/uploads\/2025\/06\/Cervepisteroid-Image-0013-768x432.png\"  src=\"https:\/\/tidolore.ch\/staging\/wp-content\/uploads\/2025\/06\/Cervepisteroid-Image-0013-768x432.png\" alt=\"Cervepisteroid Bild 0013\" width=\"768\" height=\"432\" alt=\"Cervepisteroid Bild 0013\" title=\"Cervepisteroid Bild 0013\"> \n        \t\n        <div class=\"ue_pos_carousel_image_overlay\"><\/div>\n    <\/a>      <\/div>\n  \n  \n    <div class=\"uc_image_carousel_content\" >\n        <div>\n          \n                            \n          \n                   <a href=\"https:\/\/tidolore.ch\/staging\/de\/translaminare-epidurale-infiltration\/\">            <div class=\"uc_post_title\">Translaminare epidurale Infiltration<\/div>\n          <\/a>                   \n         \n         <div class=\"ue-meta-data\">\n                        \t\t\t            \n                                    \n            \n                        \n                        \n                       \n                      \n           \n             \n            \n          <\/div>          \n          \n        <div class=\"uc_paragraph\" >Warum schl\u00e4gt man mir dieses Verfahren vor?\n\nIhr Arzt vermutet, dass Schmerzen im unteren R\u00fccken, im...<\/div>        \n        <\/div>\n    \n            \n    \t<div class=\"ue-item-btn-holder\">   \n           <a target=\"_blank\" href=\"https:\/\/tidolore.ch\/staging\/de\/translaminare-epidurale-infiltration\/\" class=\"uc_more_btn ue-dynamic-popup-single \" href='https:\/\/tidolore.ch\/staging\/de\/translaminare-epidurale-infiltration\/'>Mehr lesen<\/a>\n\t\t<\/div>\n    \n          <\/div>\n    \n  \n    \n<\/div>\n<div class=\"uc_image_carousel_container_holder uc_carousel_item ue-item\">\n  \n    <div class=\"uc_image_carousel_placeholder elementor-animation-grow\">\n        <a href=\"https:\/\/tidolore.ch\/staging\/de\/radiofrequente-facettengelenksdenervierung-lumbal-thorakal\/\" style=\"display:block;\">         \n            <img loading=\"lazy\" decoding=\"async\" src=\"https:\/\/tidolore.ch\/staging\/wp-content\/uploads\/2025\/06\/Lumbar-Stenosis-Before-768x960.png\"  src=\"https:\/\/tidolore.ch\/staging\/wp-content\/uploads\/2025\/06\/Lumbar-Stenosis-Before-768x960.png\" alt=\"Lumbale Stenose Vorher\" width=\"768\" height=\"960\" alt=\"Lumbale Stenose Vorher\" title=\"Lumbale Stenose Vorher\"> \n        \t\n        <div class=\"ue_pos_carousel_image_overlay\"><\/div>\n    <\/a>      <\/div>\n  \n  \n    <div class=\"uc_image_carousel_content\" >\n        <div>\n          \n                            \n          \n                   <a href=\"https:\/\/tidolore.ch\/staging\/de\/radiofrequente-facettengelenksdenervierung-lumbal-thorakal\/\">            <div class=\"uc_post_title\">Radiofrequente Facettengelenksdenervierung, lumbal\/thorakal<\/div>\n          <\/a>                   \n         \n         <div class=\"ue-meta-data\">\n                        \t\t\t            \n                                    \n            \n                        \n                        \n                       \n                      \n           \n             \n            \n          <\/div>          \n          \n        <div class=\"uc_paragraph\" >Warum schl\u00e4gt man mir dieses Verfahren vor?\n\nIhr Arzt vermutet, dass die Schmerzen im R\u00fccken, in der...<\/div>        \n        <\/div>\n    \n            \n    \t<div class=\"ue-item-btn-holder\">   \n           <a target=\"_blank\" href=\"https:\/\/tidolore.ch\/staging\/de\/radiofrequente-facettengelenksdenervierung-lumbal-thorakal\/\" class=\"uc_more_btn ue-dynamic-popup-single \" href='https:\/\/tidolore.ch\/staging\/de\/radiofrequente-facettengelenksdenervierung-lumbal-thorakal\/'>Mehr lesen<\/a>\n\t\t<\/div>\n    \n          <\/div>\n    \n  \n    \n<\/div>\n<div class=\"uc_image_carousel_container_holder uc_carousel_item ue-item\">\n  \n    <div class=\"uc_image_carousel_placeholder elementor-animation-grow\">\n        <a href=\"https:\/\/tidolore.ch\/staging\/de\/verriegelung-der-facettengelenke-der-lenden-und-brustwirbelsaeulengelenke\/\" style=\"display:block;\">         \n            <img loading=\"lazy\" decoding=\"async\" src=\"https:\/\/tidolore.ch\/staging\/wp-content\/uploads\/2025\/06\/Layer-3-Image-1-768x432.png\"  src=\"https:\/\/tidolore.ch\/staging\/wp-content\/uploads\/2025\/06\/Layer-3-Image-1-768x432.png\" alt=\"Ebene 3 Bild (1)\" width=\"768\" height=\"432\" alt=\"Ebene 3 Bild (1)\" title=\"Ebene 3 Bild (1)\"> \n        \t\n        <div class=\"ue_pos_carousel_image_overlay\"><\/div>\n    <\/a>      <\/div>\n  \n  \n    <div class=\"uc_image_carousel_content\" >\n        <div>\n          \n                            \n          \n                   <a href=\"https:\/\/tidolore.ch\/staging\/de\/verriegelung-der-facettengelenke-der-lenden-und-brustwirbelsaeulengelenke\/\">            <div class=\"uc_post_title\">Verriegelung der Facettengelenke der Lenden- und Brustwirbels\u00e4ulengelenke<\/div>\n          <\/a>                   \n         \n         <div class=\"ue-meta-data\">\n                        \t\t\t            \n                                    \n            \n                        \n                        \n                       \n                      \n           \n             \n            \n          <\/div>          \n          \n        <div class=\"uc_paragraph\" >Warum muss ich dieses Verfahren durchf\u00fchren?\n\nIhr Arzt vermutet, dass Ihre Nackenschmerzen von kleinen...<\/div>        \n        <\/div>\n    \n            \n    \t<div class=\"ue-item-btn-holder\">   \n           <a target=\"_blank\" href=\"https:\/\/tidolore.ch\/staging\/de\/verriegelung-der-facettengelenke-der-lenden-und-brustwirbelsaeulengelenke\/\" class=\"uc_more_btn ue-dynamic-popup-single \" href='https:\/\/tidolore.ch\/staging\/de\/verriegelung-der-facettengelenke-der-lenden-und-brustwirbelsaeulengelenke\/'>Mehr lesen<\/a>\n\t\t<\/div>\n    \n          <\/div>\n    \n  \n    \n<\/div>\n\n   <\/div>\t\n<\/div>\n\n\n<!-- end Post Carousel -->\t\t\t\t<\/div>\n\t\t\t\t<\/div>\n\t\t\t\t\t<\/div>\n\t\t\t\t<\/div>\n\t\t<div class=\"elementor-element elementor-element-cb0164b e-flex e-con-boxed e-con e-parent\" data-id=\"cb0164b\" data-element_type=\"container\" data-e-type=\"container\">\n\t\t\t\t\t<div class=\"e-con-inner\">\n\t\t<div class=\"elementor-element elementor-element-1e3bbaa e-grid e-con-full elementor-hidden-desktop elementor-hidden-tablet elementor-hidden-mobile e-con e-child\" data-id=\"1e3bbaa\" data-element_type=\"container\" data-e-type=\"container\">\n\t\t<a class=\"elementor-element elementor-element-484f616 e-con-full e-transform e-flex e-con e-child\" data-id=\"484f616\" data-element_type=\"container\" data-e-type=\"container\" data-settings=\"{&quot;background_background&quot;:&quot;classic&quot;,&quot;_transform_translateY_effect_hover&quot;:{&quot;unit&quot;:&quot;px&quot;,&quot;size&quot;:-5,&quot;sizes&quot;:[]},&quot;_transform_translateX_effect_hover&quot;:{&quot;unit&quot;:&quot;px&quot;,&quot;size&quot;:&quot;&quot;,&quot;sizes&quot;:[]},&quot;_transform_translateX_effect_hover_tablet&quot;:{&quot;unit&quot;:&quot;px&quot;,&quot;size&quot;:&quot;&quot;,&quot;sizes&quot;:[]},&quot;_transform_translateX_effect_hover_mobile&quot;:{&quot;unit&quot;:&quot;px&quot;,&quot;size&quot;:&quot;&quot;,&quot;sizes&quot;:[]},&quot;_transform_translateY_effect_hover_tablet&quot;:{&quot;unit&quot;:&quot;px&quot;,&quot;size&quot;:&quot;&quot;,&quot;sizes&quot;:[]},&quot;_transform_translateY_effect_hover_mobile&quot;:{&quot;unit&quot;:&quot;px&quot;,&quot;size&quot;:&quot;&quot;,&quot;sizes&quot;:[]}}\" href=\"https:\/\/tidolore.ch\/staging\/sindrome-generale\/mal-di-schiena\/\">\n\t\t\t\t<div class=\"elementor-element elementor-element-485be7a elementor-widget elementor-widget-heading\" data-id=\"485be7a\" data-element_type=\"widget\" data-e-type=\"widget\" data-widget_type=\"heading.default\">\n\t\t\t\t<div class=\"elementor-widget-container\">\n\t\t\t\t\t<h2 class=\"elementor-heading-title elementor-size-default\">R\u00fcckenschmerzen<\/h2>\t\t\t\t<\/div>\n\t\t\t\t<\/div>\n\t\t\t\t<div class=\"elementor-element elementor-element-ac83800 elementor-widget__width-inherit elementor-widget elementor-widget-text-editor\" data-id=\"ac83800\" data-element_type=\"widget\" data-e-type=\"widget\" data-widget_type=\"text-editor.default\">\n\t\t\t\t<div class=\"elementor-widget-container\">\n\t\t\t\t\t\t\t\t\t<section><div class=\"section_item\"><div class=\"text_container\"><article class=\"text-token-text-primary w-full\" dir=\"auto\" data-testid=\"conversation-turn-4\" data-scroll-anchor=\"true\"><div class=\"text-base my-auto mx-auto py-5 [--thread-content-margin:--spacing(4)] @[37rem]:[--thread-content-margin:--spacing(6)] @[72rem]:[--thread-content-margin:--spacing(16)] px-(--thread-content-margin)\"><div class=\"[--thread-content-max-width:32rem] @[34rem]:[--thread-content-max-width:40rem] @[64rem]:[--thread-content-max-width:48rem] mx-auto flex max-w-(--thread-content-max-width) flex-1 text-base gap-4 md:gap-5 lg:gap-6 group\/turn-messages focus-visible:outline-hidden\" tabindex=\"-1\"><div class=\"group\/conversation-turn relative flex w-full min-w-0 flex-col agent-turn\"><div class=\"relative flex-col gap-1 md:gap-3\"><div class=\"flex max-w-full flex-col grow\"><div class=\"min-h-8 text-message relative flex w-full flex-col items-end gap-2 text-start break-words whitespace-normal [.text-message+&amp;]:mt-5\" dir=\"auto\" data-message-author-role=\"assistant\" data-message-id=\"6dab0729-d325-434d-99f3-67366ccfde5f\" data-message-model-slug=\"gpt-4o\"><div class=\"flex w-full flex-col gap-1 empty:hidden first:pt-[3px]\"><div class=\"markdown prose dark:prose-invert w-full break-words dark\"><p data-start=\"123\" data-end=\"303\">Schmerzen im unteren R\u00fccken sind eine sehr h\u00e4ufige Erkrankung. Sie k\u00f6nnen verschiedene Ursachen haben, z. B. Muskel-, Gelenk- oder Bandscheibenprobleme, und schr\u00e4nken oft die t\u00e4glichen Aktivit\u00e4ten ein. <\/p><\/div><\/div><\/div><\/div><\/div><\/div><\/div><\/div><\/article><\/div><\/div><\/section><section><\/section>\t\t\t\t\t\t\t\t<\/div>\n\t\t\t\t<\/div>\n\t\t\t\t<\/a>\n\t\t<a class=\"elementor-element elementor-element-1521561 e-con-full e-transform e-flex e-con e-child\" data-id=\"1521561\" data-element_type=\"container\" data-e-type=\"container\" data-settings=\"{&quot;background_background&quot;:&quot;classic&quot;,&quot;_transform_translateY_effect_hover&quot;:{&quot;unit&quot;:&quot;px&quot;,&quot;size&quot;:-5,&quot;sizes&quot;:[]},&quot;_transform_translateX_effect_hover&quot;:{&quot;unit&quot;:&quot;px&quot;,&quot;size&quot;:&quot;&quot;,&quot;sizes&quot;:[]},&quot;_transform_translateX_effect_hover_tablet&quot;:{&quot;unit&quot;:&quot;px&quot;,&quot;size&quot;:&quot;&quot;,&quot;sizes&quot;:[]},&quot;_transform_translateX_effect_hover_mobile&quot;:{&quot;unit&quot;:&quot;px&quot;,&quot;size&quot;:&quot;&quot;,&quot;sizes&quot;:[]},&quot;_transform_translateY_effect_hover_tablet&quot;:{&quot;unit&quot;:&quot;px&quot;,&quot;size&quot;:&quot;&quot;,&quot;sizes&quot;:[]},&quot;_transform_translateY_effect_hover_mobile&quot;:{&quot;unit&quot;:&quot;px&quot;,&quot;size&quot;:&quot;&quot;,&quot;sizes&quot;:[]}}\" href=\"https:\/\/tidolore.ch\/staging\/sindrome-generale\/dolore-al-collo\/\">\n\t\t\t\t<div class=\"elementor-element elementor-element-0c03886 elementor-widget elementor-widget-heading\" data-id=\"0c03886\" data-element_type=\"widget\" data-e-type=\"widget\" data-widget_type=\"heading.default\">\n\t\t\t\t<div class=\"elementor-widget-container\">\n\t\t\t\t\t<h2 class=\"elementor-heading-title elementor-size-default\">Hals<\/h2>\t\t\t\t<\/div>\n\t\t\t\t<\/div>\n\t\t\t\t<div class=\"elementor-element elementor-element-125edc1 elementor-widget__width-inherit elementor-widget elementor-widget-text-editor\" data-id=\"125edc1\" data-element_type=\"widget\" data-e-type=\"widget\" data-widget_type=\"text-editor.default\">\n\t\t\t\t<div class=\"elementor-widget-container\">\n\t\t\t\t\t\t\t\t\t<section>\n<div class=\"section_item\">\n<div class=\"text_container\">\n<article class=\"text-token-text-primary w-full\" dir=\"auto\" data-testid=\"conversation-turn-4\" data-scroll-anchor=\"true\">\n<div class=\"text-base my-auto mx-auto py-5 [--thread-content-margin:--spacing(4)] @[37rem]:[--thread-content-margin:--spacing(6)] @[72rem]:[--thread-content-margin:--spacing(16)] px-(--thread-content-margin)\">\n<div class=\"[--thread-content-max-width:32rem] @[34rem]:[--thread-content-max-width:40rem] @[64rem]:[--thread-content-max-width:48rem] mx-auto flex max-w-(--thread-content-max-width) flex-1 text-base gap-4 md:gap-5 lg:gap-6 group\/turn-messages focus-visible:outline-hidden\" tabindex=\"-1\">\n<div class=\"group\/conversation-turn relative flex w-full min-w-0 flex-col agent-turn\">\n<div class=\"relative flex-col gap-1 md:gap-3\">\n<div class=\"flex max-w-full flex-col grow\">\n<div class=\"min-h-8 text-message relative flex w-full flex-col items-end gap-2 text-start break-words whitespace-normal [.text-message+&amp;]:mt-5\" dir=\"auto\" data-message-author-role=\"assistant\" data-message-id=\"6dab0729-d325-434d-99f3-67366ccfde5f\" data-message-model-slug=\"gpt-4o\">\n<div class=\"flex w-full flex-col gap-1 empty:hidden first:pt-[3px]\">\n<div class=\"markdown prose dark:prose-invert w-full break-words dark\">\n<p data-start=\"305\" data-end=\"466\">Nackenschmerzen \u00e4u\u00dfern sich durch Steifheit und eingeschr\u00e4nkte Beweglichkeit. Sie k\u00f6nnen bis in die Schultern und Arme ausstrahlen und anhaltende Beschwerden verursachen.<\/p>\n<\/div>\n<\/div>\n<\/div>\n<\/div>\n<\/div>\n<\/div>\n<\/div>\n<\/div>\n<\/article>\n<\/div>\n<\/div>\n<\/section>\n<section><\/section>\t\t\t\t\t\t\t\t<\/div>\n\t\t\t\t<\/div>\n\t\t\t\t<\/a>\n\t\t<a class=\"elementor-element elementor-element-4ae0238 e-con-full e-transform e-flex e-con e-child\" data-id=\"4ae0238\" data-element_type=\"container\" data-e-type=\"container\" data-settings=\"{&quot;background_background&quot;:&quot;classic&quot;,&quot;_transform_translateY_effect_hover&quot;:{&quot;unit&quot;:&quot;px&quot;,&quot;size&quot;:-5,&quot;sizes&quot;:[]},&quot;_transform_translateX_effect_hover&quot;:{&quot;unit&quot;:&quot;px&quot;,&quot;size&quot;:&quot;&quot;,&quot;sizes&quot;:[]},&quot;_transform_translateX_effect_hover_tablet&quot;:{&quot;unit&quot;:&quot;px&quot;,&quot;size&quot;:&quot;&quot;,&quot;sizes&quot;:[]},&quot;_transform_translateX_effect_hover_mobile&quot;:{&quot;unit&quot;:&quot;px&quot;,&quot;size&quot;:&quot;&quot;,&quot;sizes&quot;:[]},&quot;_transform_translateY_effect_hover_tablet&quot;:{&quot;unit&quot;:&quot;px&quot;,&quot;size&quot;:&quot;&quot;,&quot;sizes&quot;:[]},&quot;_transform_translateY_effect_hover_mobile&quot;:{&quot;unit&quot;:&quot;px&quot;,&quot;size&quot;:&quot;&quot;,&quot;sizes&quot;:[]}}\" href=\"\/dolore-alla-spalla\/\">\n\t\t\t\t<div class=\"elementor-element elementor-element-cc4531b elementor-widget elementor-widget-heading\" data-id=\"cc4531b\" data-element_type=\"widget\" data-e-type=\"widget\" data-widget_type=\"heading.default\">\n\t\t\t\t<div class=\"elementor-widget-container\">\n\t\t\t\t\t<h2 class=\"elementor-heading-title elementor-size-default\">Schmerzen in der Schulter<\/h2>\t\t\t\t<\/div>\n\t\t\t\t<\/div>\n\t\t\t\t<div class=\"elementor-element elementor-element-b1454a6 elementor-widget__width-inherit elementor-widget elementor-widget-text-editor\" data-id=\"b1454a6\" data-element_type=\"widget\" data-e-type=\"widget\" data-widget_type=\"text-editor.default\">\n\t\t\t\t<div class=\"elementor-widget-container\">\n\t\t\t\t\t\t\t\t\t<section>\n<div class=\"section_item\">\n<div class=\"text_container\">\n<article class=\"text-token-text-primary w-full\" dir=\"auto\" data-testid=\"conversation-turn-4\" data-scroll-anchor=\"true\">\n<div class=\"text-base my-auto mx-auto py-5 [--thread-content-margin:--spacing(4)] @[37rem]:[--thread-content-margin:--spacing(6)] @[72rem]:[--thread-content-margin:--spacing(16)] px-(--thread-content-margin)\">\n<div class=\"[--thread-content-max-width:32rem] @[34rem]:[--thread-content-max-width:40rem] @[64rem]:[--thread-content-max-width:48rem] mx-auto flex max-w-(--thread-content-max-width) flex-1 text-base gap-4 md:gap-5 lg:gap-6 group\/turn-messages focus-visible:outline-hidden\" tabindex=\"-1\">\n<div class=\"group\/conversation-turn relative flex w-full min-w-0 flex-col agent-turn\">\n<div class=\"relative flex-col gap-1 md:gap-3\">\n<div class=\"flex max-w-full flex-col grow\">\n<div class=\"min-h-8 text-message relative flex w-full flex-col items-end gap-2 text-start break-words whitespace-normal [.text-message+&amp;]:mt-5\" dir=\"auto\" data-message-author-role=\"assistant\" data-message-id=\"6dab0729-d325-434d-99f3-67366ccfde5f\" data-message-model-slug=\"gpt-4o\">\n<div class=\"flex w-full flex-col gap-1 empty:hidden first:pt-[3px]\">\n<div class=\"markdown prose dark:prose-invert w-full break-words dark\">\n<p data-start=\"468\" data-end=\"651\">Oft im Zusammenhang mit Entz\u00fcndungen, Verletzungen oder Gelenkdegenerationen. Reduziert die Kraft und den Bewegungsumfang und erschwert die t\u00e4glichen Aktivit\u00e4ten.<\/p>\n<\/div>\n<\/div>\n<\/div>\n<\/div>\n<\/div>\n<\/div>\n<\/div>\n<\/div>\n<\/article>\n<\/div>\n<\/div>\n<\/section>\n<section><\/section>\t\t\t\t\t\t\t\t<\/div>\n\t\t\t\t<\/div>\n\t\t\t\t<\/a>\n\t\t<a class=\"elementor-element elementor-element-0fccf1a e-con-full e-transform e-flex e-con e-child\" data-id=\"0fccf1a\" data-element_type=\"container\" data-e-type=\"container\" data-settings=\"{&quot;background_background&quot;:&quot;classic&quot;,&quot;_transform_translateY_effect_hover&quot;:{&quot;unit&quot;:&quot;px&quot;,&quot;size&quot;:-5,&quot;sizes&quot;:[]},&quot;_transform_translateX_effect_hover&quot;:{&quot;unit&quot;:&quot;px&quot;,&quot;size&quot;:&quot;&quot;,&quot;sizes&quot;:[]},&quot;_transform_translateX_effect_hover_tablet&quot;:{&quot;unit&quot;:&quot;px&quot;,&quot;size&quot;:&quot;&quot;,&quot;sizes&quot;:[]},&quot;_transform_translateX_effect_hover_mobile&quot;:{&quot;unit&quot;:&quot;px&quot;,&quot;size&quot;:&quot;&quot;,&quot;sizes&quot;:[]},&quot;_transform_translateY_effect_hover_tablet&quot;:{&quot;unit&quot;:&quot;px&quot;,&quot;size&quot;:&quot;&quot;,&quot;sizes&quot;:[]},&quot;_transform_translateY_effect_hover_mobile&quot;:{&quot;unit&quot;:&quot;px&quot;,&quot;size&quot;:&quot;&quot;,&quot;sizes&quot;:[]}}\" href=\"https:\/\/tidolore.ch\/staging\/de\/periphere-neuropathien-diabetisch-toxisch-pharmakologisch\/\">\n\t\t\t\t<div class=\"elementor-element elementor-element-55d1c5a elementor-widget elementor-widget-heading\" data-id=\"55d1c5a\" data-element_type=\"widget\" data-e-type=\"widget\" data-widget_type=\"heading.default\">\n\t\t\t\t<div class=\"elementor-widget-container\">\n\t\t\t\t\t<h2 class=\"elementor-heading-title elementor-size-default\">Periphere Nervenschmerzen<\/h2>\t\t\t\t<\/div>\n\t\t\t\t<\/div>\n\t\t\t\t<div class=\"elementor-element elementor-element-09337aa elementor-widget__width-inherit elementor-widget elementor-widget-text-editor\" data-id=\"09337aa\" data-element_type=\"widget\" data-e-type=\"widget\" data-widget_type=\"text-editor.default\">\n\t\t\t\t<div class=\"elementor-widget-container\">\n\t\t\t\t\t\t\t\t\t<section>\n<div class=\"section_item\">\n<div class=\"text_container\">\n<article class=\"text-token-text-primary w-full\" dir=\"auto\" data-testid=\"conversation-turn-4\" data-scroll-anchor=\"true\">\n<div class=\"text-base my-auto mx-auto py-5 [--thread-content-margin:--spacing(4)] @[37rem]:[--thread-content-margin:--spacing(6)] @[72rem]:[--thread-content-margin:--spacing(16)] px-(--thread-content-margin)\">\n<div class=\"[--thread-content-max-width:32rem] @[34rem]:[--thread-content-max-width:40rem] @[64rem]:[--thread-content-max-width:48rem] mx-auto flex max-w-(--thread-content-max-width) flex-1 text-base gap-4 md:gap-5 lg:gap-6 group\/turn-messages focus-visible:outline-hidden\" tabindex=\"-1\">\n<div class=\"group\/conversation-turn relative flex w-full min-w-0 flex-col agent-turn\">\n<div class=\"relative flex-col gap-1 md:gap-3\">\n<div class=\"flex max-w-full flex-col grow\">\n<div class=\"min-h-8 text-message relative flex w-full flex-col items-end gap-2 text-start break-words whitespace-normal [.text-message+&amp;]:mt-5\" dir=\"auto\" data-message-author-role=\"assistant\" data-message-id=\"6dab0729-d325-434d-99f3-67366ccfde5f\" data-message-model-slug=\"gpt-4o\">\n<div class=\"flex w-full flex-col gap-1 empty:hidden first:pt-[3px]\">\n<div class=\"markdown prose dark:prose-invert w-full break-words dark\">\n<p data-start=\"468\" data-end=\"651\">Sie \u00e4u\u00dfert sich durch ein brennendes Gef\u00fchl, Kribbeln oder elektrische Schocks. Sie ist typisch f\u00fcr periphere Neuropathien und kann die Lebensqualit\u00e4t beeintr\u00e4chtigen.<\/p>\n<\/div>\n<\/div>\n<\/div>\n<\/div>\n<\/div>\n<\/div>\n<\/div>\n<\/div>\n<\/article>\n<\/div>\n<\/div>\n<\/section>\n<section><\/section>\t\t\t\t\t\t\t\t<\/div>\n\t\t\t\t<\/div>\n\t\t\t\t<\/a>\n\t\t<a class=\"elementor-element elementor-element-ebe3215 e-con-full e-transform e-flex e-con e-child\" data-id=\"ebe3215\" data-element_type=\"container\" data-e-type=\"container\" data-settings=\"{&quot;background_background&quot;:&quot;classic&quot;,&quot;_transform_translateY_effect_hover&quot;:{&quot;unit&quot;:&quot;px&quot;,&quot;size&quot;:-5,&quot;sizes&quot;:[]},&quot;_transform_translateX_effect_hover&quot;:{&quot;unit&quot;:&quot;px&quot;,&quot;size&quot;:&quot;&quot;,&quot;sizes&quot;:[]},&quot;_transform_translateX_effect_hover_tablet&quot;:{&quot;unit&quot;:&quot;px&quot;,&quot;size&quot;:&quot;&quot;,&quot;sizes&quot;:[]},&quot;_transform_translateX_effect_hover_mobile&quot;:{&quot;unit&quot;:&quot;px&quot;,&quot;size&quot;:&quot;&quot;,&quot;sizes&quot;:[]},&quot;_transform_translateY_effect_hover_tablet&quot;:{&quot;unit&quot;:&quot;px&quot;,&quot;size&quot;:&quot;&quot;,&quot;sizes&quot;:[]},&quot;_transform_translateY_effect_hover_mobile&quot;:{&quot;unit&quot;:&quot;px&quot;,&quot;size&quot;:&quot;&quot;,&quot;sizes&quot;:[]}}\" href=\"https:\/\/tidolore.ch\/staging\/de\/kopfschmerzen-und-schmerzen-im-gesicht\/\">\n\t\t\t\t<div class=\"elementor-element elementor-element-15251ce elementor-widget elementor-widget-heading\" data-id=\"15251ce\" data-element_type=\"widget\" data-e-type=\"widget\" data-widget_type=\"heading.default\">\n\t\t\t\t<div class=\"elementor-widget-container\">\n\t\t\t\t\t<h2 class=\"elementor-heading-title elementor-size-default\">Kopfschmerzen<\/h2>\t\t\t\t<\/div>\n\t\t\t\t<\/div>\n\t\t\t\t<div class=\"elementor-element elementor-element-008613f elementor-widget__width-inherit elementor-widget elementor-widget-text-editor\" data-id=\"008613f\" data-element_type=\"widget\" data-e-type=\"widget\" data-widget_type=\"text-editor.default\">\n\t\t\t\t<div class=\"elementor-widget-container\">\n\t\t\t\t\t\t\t\t\t<section>\n<div class=\"section_item\">\n<div class=\"text_container\">\n<article class=\"text-token-text-primary w-full\" dir=\"auto\" data-testid=\"conversation-turn-4\" data-scroll-anchor=\"true\">\n<div class=\"text-base my-auto mx-auto py-5 [--thread-content-margin:--spacing(4)] @[37rem]:[--thread-content-margin:--spacing(6)] @[72rem]:[--thread-content-margin:--spacing(16)] px-(--thread-content-margin)\">\n<div class=\"[--thread-content-max-width:32rem] @[34rem]:[--thread-content-max-width:40rem] @[64rem]:[--thread-content-max-width:48rem] mx-auto flex max-w-(--thread-content-max-width) flex-1 text-base gap-4 md:gap-5 lg:gap-6 group\/turn-messages focus-visible:outline-hidden\" tabindex=\"-1\">\n<div class=\"group\/conversation-turn relative flex w-full min-w-0 flex-col agent-turn\">\n<div class=\"relative flex-col gap-1 md:gap-3\">\n<div class=\"flex max-w-full flex-col grow\">\n<div class=\"min-h-8 text-message relative flex w-full flex-col items-end gap-2 text-start break-words whitespace-normal [.text-message+&amp;]:mt-5\" dir=\"auto\" data-message-author-role=\"assistant\" data-message-id=\"6dab0729-d325-434d-99f3-67366ccfde5f\" data-message-model-slug=\"gpt-4o\">\n<div class=\"flex w-full flex-col gap-1 empty:hidden first:pt-[3px]\">\n<div class=\"markdown prose dark:prose-invert w-full break-words dark\">\n<p data-start=\"843\" data-end=\"1011\">Dazu geh\u00f6ren Kopfschmerzen und Migr\u00e4ne. Sie k\u00f6nnen episodisch oder chronisch auftreten, mit unterschiedlicher Intensit\u00e4t, und sind oft mit Licht- oder L\u00e4rmempfindlichkeit verbunden.<\/p>\n<\/div>\n<\/div>\n<\/div>\n<\/div>\n<\/div>\n<\/div>\n<\/div>\n<\/div>\n<\/article>\n<\/div>\n<\/div>\n<\/section>\n<section><\/section>\t\t\t\t\t\t\t\t<\/div>\n\t\t\t\t<\/div>\n\t\t\t\t<\/a>\n\t\t<a class=\"elementor-element elementor-element-f8e7355 e-con-full e-transform e-flex e-con e-child\" data-id=\"f8e7355\" data-element_type=\"container\" data-e-type=\"container\" data-settings=\"{&quot;background_background&quot;:&quot;classic&quot;,&quot;_transform_translateY_effect_hover&quot;:{&quot;unit&quot;:&quot;px&quot;,&quot;size&quot;:-5,&quot;sizes&quot;:[]},&quot;_transform_translateX_effect_hover&quot;:{&quot;unit&quot;:&quot;px&quot;,&quot;size&quot;:&quot;&quot;,&quot;sizes&quot;:[]},&quot;_transform_translateX_effect_hover_tablet&quot;:{&quot;unit&quot;:&quot;px&quot;,&quot;size&quot;:&quot;&quot;,&quot;sizes&quot;:[]},&quot;_transform_translateX_effect_hover_mobile&quot;:{&quot;unit&quot;:&quot;px&quot;,&quot;size&quot;:&quot;&quot;,&quot;sizes&quot;:[]},&quot;_transform_translateY_effect_hover_tablet&quot;:{&quot;unit&quot;:&quot;px&quot;,&quot;size&quot;:&quot;&quot;,&quot;sizes&quot;:[]},&quot;_transform_translateY_effect_hover_mobile&quot;:{&quot;unit&quot;:&quot;px&quot;,&quot;size&quot;:&quot;&quot;,&quot;sizes&quot;:[]}}\" href=\"https:\/\/tidolore.ch\/staging\/de\/komplexes-regionales-schmerzsyndrom-crps-algodystrophie\/\">\n\t\t\t\t<div class=\"elementor-element elementor-element-4e42ee4 elementor-widget elementor-widget-heading\" data-id=\"4e42ee4\" data-element_type=\"widget\" data-e-type=\"widget\" data-widget_type=\"heading.default\">\n\t\t\t\t<div class=\"elementor-widget-container\">\n\t\t\t\t\t<h2 class=\"elementor-heading-title elementor-size-default\">Schmerzen durch CRPS (Algodystrophie)<\/h2>\t\t\t\t<\/div>\n\t\t\t\t<\/div>\n\t\t\t\t<div class=\"elementor-element elementor-element-3e41ab1 elementor-widget__width-inherit elementor-widget elementor-widget-text-editor\" data-id=\"3e41ab1\" data-element_type=\"widget\" data-e-type=\"widget\" data-widget_type=\"text-editor.default\">\n\t\t\t\t<div class=\"elementor-widget-container\">\n\t\t\t\t\t\t\t\t\t<section>\n<div class=\"section_item\">\n<div class=\"text_container\">\n<article class=\"text-token-text-primary w-full\" dir=\"auto\" data-testid=\"conversation-turn-4\" data-scroll-anchor=\"true\">\n<div class=\"text-base my-auto mx-auto py-5 [--thread-content-margin:--spacing(4)] @[37rem]:[--thread-content-margin:--spacing(6)] @[72rem]:[--thread-content-margin:--spacing(16)] px-(--thread-content-margin)\">\n<div class=\"[--thread-content-max-width:32rem] @[34rem]:[--thread-content-max-width:40rem] @[64rem]:[--thread-content-max-width:48rem] mx-auto flex max-w-(--thread-content-max-width) flex-1 text-base gap-4 md:gap-5 lg:gap-6 group\/turn-messages focus-visible:outline-hidden\" tabindex=\"-1\">\n<div class=\"group\/conversation-turn relative flex w-full min-w-0 flex-col agent-turn\">\n<div class=\"relative flex-col gap-1 md:gap-3\">\n<div class=\"flex max-w-full flex-col grow\">\n<div class=\"min-h-8 text-message relative flex w-full flex-col items-end gap-2 text-start break-words whitespace-normal [.text-message+&amp;]:mt-5\" dir=\"auto\" data-message-author-role=\"assistant\" data-message-id=\"6dab0729-d325-434d-99f3-67366ccfde5f\" data-message-model-slug=\"gpt-4o\">\n<div class=\"flex w-full flex-col gap-1 empty:hidden first:pt-[3px]\">\n<div class=\"markdown prose dark:prose-invert w-full break-words dark\">\n<p data-start=\"145\" data-end=\"381\">Eine komplexe Erkrankung, die durch intensive, anhaltende Schmerzen gekennzeichnet ist, die in keinem Verh\u00e4ltnis zur urspr\u00fcnglichen Ursache stehen. Sie betrifft in der Regel eine Gliedma\u00dfe und wird oft von Haut- und motorischen Ver\u00e4nderungen begleitet.<\/p>\n<\/div>\n<\/div>\n<\/div>\n<\/div>\n<\/div>\n<\/div>\n<\/div>\n<\/div>\n<\/article>\n<\/div>\n<\/div>\n<\/section>\n<section><\/section>\t\t\t\t\t\t\t\t<\/div>\n\t\t\t\t<\/div>\n\t\t\t\t<\/a>\n\t\t<a class=\"elementor-element elementor-element-dd9654d e-con-full e-transform e-flex e-con e-child\" data-id=\"dd9654d\" data-element_type=\"container\" data-e-type=\"container\" data-settings=\"{&quot;background_background&quot;:&quot;classic&quot;,&quot;_transform_translateY_effect_hover&quot;:{&quot;unit&quot;:&quot;px&quot;,&quot;size&quot;:-5,&quot;sizes&quot;:[]},&quot;_transform_translateX_effect_hover&quot;:{&quot;unit&quot;:&quot;px&quot;,&quot;size&quot;:&quot;&quot;,&quot;sizes&quot;:[]},&quot;_transform_translateX_effect_hover_tablet&quot;:{&quot;unit&quot;:&quot;px&quot;,&quot;size&quot;:&quot;&quot;,&quot;sizes&quot;:[]},&quot;_transform_translateX_effect_hover_mobile&quot;:{&quot;unit&quot;:&quot;px&quot;,&quot;size&quot;:&quot;&quot;,&quot;sizes&quot;:[]},&quot;_transform_translateY_effect_hover_tablet&quot;:{&quot;unit&quot;:&quot;px&quot;,&quot;size&quot;:&quot;&quot;,&quot;sizes&quot;:[]},&quot;_transform_translateY_effect_hover_mobile&quot;:{&quot;unit&quot;:&quot;px&quot;,&quot;size&quot;:&quot;&quot;,&quot;sizes&quot;:[]}}\" href=\"https:\/\/tidolore.ch\/staging\/de\/fibromyalgie\/\">\n\t\t\t\t<div class=\"elementor-element elementor-element-c0a9f6e elementor-widget elementor-widget-heading\" data-id=\"c0a9f6e\" data-element_type=\"widget\" data-e-type=\"widget\" data-widget_type=\"heading.default\">\n\t\t\t\t<div class=\"elementor-widget-container\">\n\t\t\t\t\t<h2 class=\"elementor-heading-title elementor-size-default\">Fibromyalgie-Schmerz<\/h2>\t\t\t\t<\/div>\n\t\t\t\t<\/div>\n\t\t\t\t<div class=\"elementor-element elementor-element-7dfa8ec elementor-widget__width-inherit elementor-widget elementor-widget-text-editor\" data-id=\"7dfa8ec\" data-element_type=\"widget\" data-e-type=\"widget\" data-widget_type=\"text-editor.default\">\n\t\t\t\t<div class=\"elementor-widget-container\">\n\t\t\t\t\t\t\t\t\t<section>\n<div class=\"section_item\">\n<div class=\"text_container\">\n<article class=\"text-token-text-primary w-full\" dir=\"auto\" data-testid=\"conversation-turn-4\" data-scroll-anchor=\"true\">\n<div class=\"text-base my-auto mx-auto py-5 [--thread-content-margin:--spacing(4)] @[37rem]:[--thread-content-margin:--spacing(6)] @[72rem]:[--thread-content-margin:--spacing(16)] px-(--thread-content-margin)\">\n<div class=\"[--thread-content-max-width:32rem] @[34rem]:[--thread-content-max-width:40rem] @[64rem]:[--thread-content-max-width:48rem] mx-auto flex max-w-(--thread-content-max-width) flex-1 text-base gap-4 md:gap-5 lg:gap-6 group\/turn-messages focus-visible:outline-hidden\" tabindex=\"-1\">\n<div class=\"group\/conversation-turn relative flex w-full min-w-0 flex-col agent-turn\">\n<div class=\"relative flex-col gap-1 md:gap-3\">\n<div class=\"flex max-w-full flex-col grow\">\n<div class=\"min-h-8 text-message relative flex w-full flex-col items-end gap-2 text-start break-words whitespace-normal [.text-message+&amp;]:mt-5\" dir=\"auto\" data-message-author-role=\"assistant\" data-message-id=\"6dab0729-d325-434d-99f3-67366ccfde5f\" data-message-model-slug=\"gpt-4o\">\n<div class=\"flex w-full flex-col gap-1 empty:hidden first:pt-[3px]\">\n<div class=\"markdown prose dark:prose-invert w-full break-words dark\">\n<p data-start=\"1216\" data-end=\"1408\">Sie \u00e4u\u00dfert sich in weit verbreiteten und anhaltenden Schmerzen, die mit M\u00fcdigkeit und Schlafst\u00f6rungen einhergehen. Es handelt sich um eine chronische Erkrankung, die einen multidisziplin\u00e4ren Ansatz erfordert.<\/p>\n<\/div>\n<\/div>\n<\/div>\n<\/div>\n<\/div>\n<\/div>\n<\/div>\n<\/div>\n<\/article>\n<\/div>\n<\/div>\n<\/section>\n<section><\/section>\t\t\t\t\t\t\t\t<\/div>\n\t\t\t\t<\/div>\n\t\t\t\t<\/a>\n\t\t<div class=\"elementor-element elementor-element-d626685 e-con-full e-transform e-flex e-con e-child\" data-id=\"d626685\" data-element_type=\"container\" data-e-type=\"container\" data-settings=\"{&quot;background_background&quot;:&quot;classic&quot;,&quot;_transform_translateY_effect_hover&quot;:{&quot;unit&quot;:&quot;px&quot;,&quot;size&quot;:-5,&quot;sizes&quot;:[]},&quot;_transform_translateX_effect_hover&quot;:{&quot;unit&quot;:&quot;px&quot;,&quot;size&quot;:&quot;&quot;,&quot;sizes&quot;:[]},&quot;_transform_translateX_effect_hover_tablet&quot;:{&quot;unit&quot;:&quot;px&quot;,&quot;size&quot;:&quot;&quot;,&quot;sizes&quot;:[]},&quot;_transform_translateX_effect_hover_mobile&quot;:{&quot;unit&quot;:&quot;px&quot;,&quot;size&quot;:&quot;&quot;,&quot;sizes&quot;:[]},&quot;_transform_translateY_effect_hover_tablet&quot;:{&quot;unit&quot;:&quot;px&quot;,&quot;size&quot;:&quot;&quot;,&quot;sizes&quot;:[]},&quot;_transform_translateY_effect_hover_mobile&quot;:{&quot;unit&quot;:&quot;px&quot;,&quot;size&quot;:&quot;&quot;,&quot;sizes&quot;:[]}}\">\n\t\t\t\t<div class=\"elementor-element elementor-element-3989378 elementor-widget elementor-widget-heading\" data-id=\"3989378\" data-element_type=\"widget\" data-e-type=\"widget\" data-widget_type=\"heading.default\">\n\t\t\t\t<div class=\"elementor-widget-container\">\n\t\t\t\t\t<h2 class=\"elementor-heading-title elementor-size-default\">Andere Arten von Schmerzen<\/h2>\t\t\t\t<\/div>\n\t\t\t\t<\/div>\n\t\t\t\t<div class=\"elementor-element elementor-element-b62f26b elementor-widget__width-inherit elementor-widget elementor-widget-text-editor\" data-id=\"b62f26b\" data-element_type=\"widget\" data-e-type=\"widget\" data-widget_type=\"text-editor.default\">\n\t\t\t\t<div class=\"elementor-widget-container\">\n\t\t\t\t\t\t\t\t\t<section><div class=\"section_item\"><div class=\"text_container\"><article class=\"text-token-text-primary w-full\" dir=\"auto\" data-testid=\"conversation-turn-4\" data-scroll-anchor=\"true\"><div class=\"text-base my-auto mx-auto py-5 [--thread-content-margin:--spacing(4)] @[37rem]:[--thread-content-margin:--spacing(6)] @[72rem]:[--thread-content-margin:--spacing(16)] px-(--thread-content-margin)\"><div class=\"[--thread-content-max-width:32rem] @[34rem]:[--thread-content-max-width:40rem] @[64rem]:[--thread-content-max-width:48rem] mx-auto flex max-w-(--thread-content-max-width) flex-1 text-base gap-4 md:gap-5 lg:gap-6 group\/turn-messages focus-visible:outline-hidden\" tabindex=\"-1\"><div class=\"group\/conversation-turn relative flex w-full min-w-0 flex-col agent-turn\"><div class=\"relative flex-col gap-1 md:gap-3\"><div class=\"flex max-w-full flex-col grow\"><div class=\"min-h-8 text-message relative flex w-full flex-col items-end gap-2 text-start break-words whitespace-normal [.text-message+&amp;]:mt-5\" dir=\"auto\" data-message-author-role=\"assistant\" data-message-id=\"6dab0729-d325-434d-99f3-67366ccfde5f\" data-message-model-slug=\"gpt-4o\"><div class=\"flex w-full flex-col gap-1 empty:hidden first:pt-[3px]\"><div class=\"markdown prose dark:prose-invert w-full break-words dark\"><p data-start=\"1216\" data-end=\"1408\">Sie k\u00f6nnen die Behandlungen unten vollst\u00e4ndig nachlesen.<\/p><\/div><\/div><\/div><\/div><\/div><\/div><\/div><\/div><\/article><\/div><\/div><\/section><section><\/section>\t\t\t\t\t\t\t\t<\/div>\n\t\t\t\t<\/div>\n\t\t\t\t<\/div>\n\t\t\t\t<\/div>\n\t\t\t\t<div class=\"elementor-element elementor-element-bb4dd8f elementor-hidden-desktop elementor-hidden-tablet elementor-hidden-mobile elementor-grid-3 elementor-grid-tablet-2 elementor-grid-mobile-1 elementor-posts--thumbnail-top elementor-widget elementor-widget-posts\" data-id=\"bb4dd8f\" data-element_type=\"widget\" data-e-type=\"widget\" data-settings=\"{&quot;classic_row_gap&quot;:{&quot;unit&quot;:&quot;px&quot;,&quot;size&quot;:15,&quot;sizes&quot;:[]},&quot;pagination_type&quot;:&quot;numbers&quot;,&quot;classic_columns&quot;:&quot;3&quot;,&quot;classic_columns_tablet&quot;:&quot;2&quot;,&quot;classic_columns_mobile&quot;:&quot;1&quot;,&quot;classic_row_gap_tablet&quot;:{&quot;unit&quot;:&quot;px&quot;,&quot;size&quot;:&quot;&quot;,&quot;sizes&quot;:[]},&quot;classic_row_gap_mobile&quot;:{&quot;unit&quot;:&quot;px&quot;,&quot;size&quot;:&quot;&quot;,&quot;sizes&quot;:[]}}\" data-widget_type=\"posts.classic\">\n\t\t\t\t<div class=\"elementor-widget-container\">\n\t\t\t\t\t\t\t<div class=\"elementor-posts-container elementor-posts elementor-posts--skin-classic elementor-grid\" role=\"list\">\n\t\t\t\t<article class=\"elementor-post elementor-grid-item post-4746 post type-post status-publish format-standard hentry category-unkategorisiert\" role=\"listitem\">\n\t\t\t\t<div class=\"elementor-post__text\">\n\t\t\t\t<h2 class=\"elementor-post__title\">\n\t\t\t<a href=\"https:\/\/tidolore.ch\/staging\/de\/plaettchenreiches-plasma-prp\/\" >\n\t\t\t\tPl\u00e4ttchenreiches Plasma (PRP)\t\t\t<\/a>\n\t\t<\/h2>\n\t\t\n\t\t<a class=\"elementor-post__read-more\" href=\"https:\/\/tidolore.ch\/staging\/de\/plaettchenreiches-plasma-prp\/\" aria-label=\"Read more about Pl\u00e4ttchenreiches Plasma (PRP)\" tabindex=\"-1\" >\n\t\t\tMehr lesen\t\t<\/a>\n\n\t\t\t\t<\/div>\n\t\t\t\t<\/article>\n\t\t\t\t<article class=\"elementor-post elementor-grid-item post-3899 post type-post status-publish format-standard has-post-thumbnail hentry category-syndrom\" role=\"listitem\">\n\t\t\t\t<a class=\"elementor-post__thumbnail__link\" href=\"https:\/\/tidolore.ch\/staging\/de\/neuropathie-des-nervus-cluneus\/\" tabindex=\"-1\" >\n\t\t\t<div class=\"elementor-post__thumbnail\"><img loading=\"lazy\" decoding=\"async\" width=\"300\" height=\"200\" src=\"https:\/\/tidolore.ch\/staging\/wp-content\/uploads\/2025\/08\/dreamstime_m_238107192-300x200.jpg\" class=\"attachment-medium size-medium wp-image-3900\" alt=\"\" srcset=\"https:\/\/tidolore.ch\/staging\/wp-content\/uploads\/2025\/08\/dreamstime_m_238107192-300x200.jpg 300w, https:\/\/tidolore.ch\/staging\/wp-content\/uploads\/2025\/08\/dreamstime_m_238107192-1024x683.jpg 1024w, https:\/\/tidolore.ch\/staging\/wp-content\/uploads\/2025\/08\/dreamstime_m_238107192-768x512.jpg 768w, https:\/\/tidolore.ch\/staging\/wp-content\/uploads\/2025\/08\/dreamstime_m_238107192-1536x1024.jpg 1536w, https:\/\/tidolore.ch\/staging\/wp-content\/uploads\/2025\/08\/dreamstime_m_238107192-2048x1365.jpg 2048w\" sizes=\"(max-width: 300px) 100vw, 300px\" \/><\/div>\n\t\t<\/a>\n\t\t\t\t<div class=\"elementor-post__text\">\n\t\t\t\t<h2 class=\"elementor-post__title\">\n\t\t\t<a href=\"https:\/\/tidolore.ch\/staging\/de\/neuropathie-des-nervus-cluneus\/\" >\n\t\t\t\tNeuropathie des Nervus Cluneus\t\t\t<\/a>\n\t\t<\/h2>\n\t\t\n\t\t<a class=\"elementor-post__read-more\" href=\"https:\/\/tidolore.ch\/staging\/de\/neuropathie-des-nervus-cluneus\/\" aria-label=\"Read more about Neuropathie des Nervus Cluneus\" tabindex=\"-1\" >\n\t\t\tMehr lesen\t\t<\/a>\n\n\t\t\t\t<\/div>\n\t\t\t\t<\/article>\n\t\t\t\t<article class=\"elementor-post elementor-grid-item post-3891 post type-post status-publish format-standard has-post-thumbnail hentry category-unkategorisiert\" role=\"listitem\">\n\t\t\t\t<a class=\"elementor-post__thumbnail__link\" href=\"https:\/\/tidolore.ch\/staging\/de\/radiofrequenz-der-clunealnerven\/\" tabindex=\"-1\" >\n\t\t\t<div class=\"elementor-post__thumbnail\"><img loading=\"lazy\" decoding=\"async\" width=\"300\" height=\"200\" src=\"https:\/\/tidolore.ch\/staging\/wp-content\/uploads\/2025\/08\/dreamstime_m_217430363-300x200.jpg\" class=\"attachment-medium size-medium wp-image-3892\" alt=\"\" srcset=\"https:\/\/tidolore.ch\/staging\/wp-content\/uploads\/2025\/08\/dreamstime_m_217430363-300x200.jpg 300w, https:\/\/tidolore.ch\/staging\/wp-content\/uploads\/2025\/08\/dreamstime_m_217430363-1024x684.jpg 1024w, https:\/\/tidolore.ch\/staging\/wp-content\/uploads\/2025\/08\/dreamstime_m_217430363-768x513.jpg 768w, https:\/\/tidolore.ch\/staging\/wp-content\/uploads\/2025\/08\/dreamstime_m_217430363-1536x1026.jpg 1536w, https:\/\/tidolore.ch\/staging\/wp-content\/uploads\/2025\/08\/dreamstime_m_217430363-2048x1368.jpg 2048w\" sizes=\"(max-width: 300px) 100vw, 300px\" \/><\/div>\n\t\t<\/a>\n\t\t\t\t<div class=\"elementor-post__text\">\n\t\t\t\t<h2 class=\"elementor-post__title\">\n\t\t\t<a href=\"https:\/\/tidolore.ch\/staging\/de\/radiofrequenz-der-clunealnerven\/\" >\n\t\t\t\tRadiofrequenz der Clunealnerven\t\t\t<\/a>\n\t\t<\/h2>\n\t\t\n\t\t<a class=\"elementor-post__read-more\" href=\"https:\/\/tidolore.ch\/staging\/de\/radiofrequenz-der-clunealnerven\/\" aria-label=\"Read more about Radiofrequenz der Clunealnerven\" tabindex=\"-1\" >\n\t\t\tMehr lesen\t\t<\/a>\n\n\t\t\t\t<\/div>\n\t\t\t\t<\/article>\n\t\t\t\t<article class=\"elementor-post elementor-grid-item post-3894 post type-post status-publish format-standard has-post-thumbnail hentry category-unkategorisiert\" role=\"listitem\">\n\t\t\t\t<a class=\"elementor-post__thumbnail__link\" href=\"https:\/\/tidolore.ch\/staging\/de\/diagnostischer-block-des-suprascapular-nervs\/\" tabindex=\"-1\" >\n\t\t\t<div class=\"elementor-post__thumbnail\"><img loading=\"lazy\" decoding=\"async\" width=\"232\" height=\"300\" src=\"https:\/\/tidolore.ch\/staging\/wp-content\/uploads\/2025\/08\/shoulder_post02-232x300.png\" class=\"attachment-medium size-medium wp-image-3895\" alt=\"\" srcset=\"https:\/\/tidolore.ch\/staging\/wp-content\/uploads\/2025\/08\/shoulder_post02-232x300.png 232w, https:\/\/tidolore.ch\/staging\/wp-content\/uploads\/2025\/08\/shoulder_post02.png 386w\" sizes=\"(max-width: 232px) 100vw, 232px\" \/><\/div>\n\t\t<\/a>\n\t\t\t\t<div class=\"elementor-post__text\">\n\t\t\t\t<h2 class=\"elementor-post__title\">\n\t\t\t<a href=\"https:\/\/tidolore.ch\/staging\/de\/diagnostischer-block-des-suprascapular-nervs\/\" >\n\t\t\t\tDiagnostischer Block des Suprascapular-Nervs\t\t\t<\/a>\n\t\t<\/h2>\n\t\t\n\t\t<a class=\"elementor-post__read-more\" href=\"https:\/\/tidolore.ch\/staging\/de\/diagnostischer-block-des-suprascapular-nervs\/\" aria-label=\"Read more about Diagnostischer Block des Suprascapular-Nervs\" tabindex=\"-1\" >\n\t\t\tMehr lesen\t\t<\/a>\n\n\t\t\t\t<\/div>\n\t\t\t\t<\/article>\n\t\t\t\t<article class=\"elementor-post elementor-grid-item post-3935 post type-post status-publish format-standard has-post-thumbnail hentry category-syndrom\" role=\"listitem\">\n\t\t\t\t<a class=\"elementor-post__thumbnail__link\" href=\"https:\/\/tidolore.ch\/staging\/de\/schulterschmerzen\/\" tabindex=\"-1\" >\n\t\t\t<div class=\"elementor-post__thumbnail\"><img loading=\"lazy\" decoding=\"async\" width=\"300\" height=\"200\" src=\"https:\/\/tidolore.ch\/staging\/wp-content\/uploads\/2025\/08\/dreamstime_m_74662678-300x200.jpg\" class=\"attachment-medium size-medium wp-image-3936\" alt=\"\" srcset=\"https:\/\/tidolore.ch\/staging\/wp-content\/uploads\/2025\/08\/dreamstime_m_74662678-300x200.jpg 300w, https:\/\/tidolore.ch\/staging\/wp-content\/uploads\/2025\/08\/dreamstime_m_74662678-1024x683.jpg 1024w, https:\/\/tidolore.ch\/staging\/wp-content\/uploads\/2025\/08\/dreamstime_m_74662678-768x512.jpg 768w, https:\/\/tidolore.ch\/staging\/wp-content\/uploads\/2025\/08\/dreamstime_m_74662678-1536x1024.jpg 1536w, https:\/\/tidolore.ch\/staging\/wp-content\/uploads\/2025\/08\/dreamstime_m_74662678-2048x1365.jpg 2048w\" sizes=\"(max-width: 300px) 100vw, 300px\" \/><\/div>\n\t\t<\/a>\n\t\t\t\t<div class=\"elementor-post__text\">\n\t\t\t\t<h2 class=\"elementor-post__title\">\n\t\t\t<a href=\"https:\/\/tidolore.ch\/staging\/de\/schulterschmerzen\/\" >\n\t\t\t\tSchulterschmerzen\t\t\t<\/a>\n\t\t<\/h2>\n\t\t\n\t\t<a class=\"elementor-post__read-more\" href=\"https:\/\/tidolore.ch\/staging\/de\/schulterschmerzen\/\" aria-label=\"Read more about Schulterschmerzen\" tabindex=\"-1\" >\n\t\t\tMehr lesen\t\t<\/a>\n\n\t\t\t\t<\/div>\n\t\t\t\t<\/article>\n\t\t\t\t<article class=\"elementor-post elementor-grid-item post-3905 post type-post status-publish format-standard has-post-thumbnail hentry category-unkategorisiert\" role=\"listitem\">\n\t\t\t\t<a class=\"elementor-post__thumbnail__link\" href=\"https:\/\/tidolore.ch\/staging\/de\/capsaicins-8\/\" tabindex=\"-1\" >\n\t\t\t<div class=\"elementor-post__thumbnail\"><img loading=\"lazy\" decoding=\"async\" width=\"300\" height=\"200\" src=\"https:\/\/tidolore.ch\/staging\/wp-content\/uploads\/2025\/07\/WhatsApp-Image-2026-01-06-at-16.53.15-300x200.jpeg\" class=\"attachment-medium size-medium wp-image-3907\" alt=\"\" srcset=\"https:\/\/tidolore.ch\/staging\/wp-content\/uploads\/2025\/07\/WhatsApp-Image-2026-01-06-at-16.53.15-300x200.jpeg 300w, https:\/\/tidolore.ch\/staging\/wp-content\/uploads\/2025\/07\/WhatsApp-Image-2026-01-06-at-16.53.15-1024x682.jpeg 1024w, https:\/\/tidolore.ch\/staging\/wp-content\/uploads\/2025\/07\/WhatsApp-Image-2026-01-06-at-16.53.15-768x512.jpeg 768w, https:\/\/tidolore.ch\/staging\/wp-content\/uploads\/2025\/07\/WhatsApp-Image-2026-01-06-at-16.53.15-1536x1023.jpeg 1536w, https:\/\/tidolore.ch\/staging\/wp-content\/uploads\/2025\/07\/WhatsApp-Image-2026-01-06-at-16.53.15.jpeg 1600w\" sizes=\"(max-width: 300px) 100vw, 300px\" \/><\/div>\n\t\t<\/a>\n\t\t\t\t<div class=\"elementor-post__text\">\n\t\t\t\t<h2 class=\"elementor-post__title\">\n\t\t\t<a href=\"https:\/\/tidolore.ch\/staging\/de\/capsaicins-8\/\" >\n\t\t\t\tCAPSAICINS 8%\t\t\t<\/a>\n\t\t<\/h2>\n\t\t\n\t\t<a class=\"elementor-post__read-more\" href=\"https:\/\/tidolore.ch\/staging\/de\/capsaicins-8\/\" aria-label=\"Read more about CAPSAICINS 8%\" tabindex=\"-1\" >\n\t\t\tMehr lesen\t\t<\/a>\n\n\t\t\t\t<\/div>\n\t\t\t\t<\/article>\n\t\t\t\t<\/div>\n\t\t\n\t\t\t\t<div class=\"e-load-more-anchor\" data-page=\"1\" data-max-page=\"6\" data-next-page=\"https:\/\/tidolore.ch\/staging\/de\/wp-json\/wp\/v2\/pages\/4002\/page\/2\/\"><\/div>\n\t\t\t\t<nav class=\"elementor-pagination\" aria-label=\"Pagination\">\n\t\t\t<span aria-current=\"page\" class=\"page-numbers current\"><span class=\"elementor-screen-only\">Page<\/span>1<\/span>\n<a class=\"page-numbers\" href=\"https:\/\/tidolore.ch\/staging\/de\/wp-json\/wp\/v2\/pages\/4002\/page\/2\/\"><span class=\"elementor-screen-only\">Page<\/span>2<\/a>\n<a class=\"page-numbers\" href=\"https:\/\/tidolore.ch\/staging\/de\/wp-json\/wp\/v2\/pages\/4002\/page\/3\/\"><span class=\"elementor-screen-only\">Page<\/span>3<\/a>\n<span class=\"page-numbers dots\">&hellip;<\/span>\n<a class=\"page-numbers\" href=\"https:\/\/tidolore.ch\/staging\/de\/wp-json\/wp\/v2\/pages\/4002\/page\/6\/\"><span class=\"elementor-screen-only\">Page<\/span>6<\/a>\t\t<\/nav>\n\t\t\t\t\t\t<\/div>\n\t\t\t\t<\/div>\n\t\t\t\t\t<\/div>\n\t\t\t\t<\/div>\n\t\t\t\t<\/div>\n\t\t","protected":false},"excerpt":{"rendered":"<p>Behandlungen Abh\u00e4ngig von vielen Faktoren, wie der Art der Schmerzen und dem allgemeinen Gesundheitszustand, gibt es zahlreiche M\u00f6glichkeiten der Schmerzbehandlung. Ist Schmerztherapie das Richtige f\u00fcr<\/p>\n","protected":false},"author":1,"featured_media":0,"parent":0,"menu_order":0,"comment_status":"closed","ping_status":"closed","template":"","meta":{"footnotes":""},"class_list":["post-4002","page","type-page","status-publish","hentry"],"rttpg_featured_image_url":null,"rttpg_author":{"display_name":"admin","author_link":"https:\/\/tidolore.ch\/staging\/de\/author\/administrator\/"},"rttpg_comment":0,"rttpg_category":"","rttpg_excerpt":"Behandlungen Abh\u00e4ngig von vielen Faktoren, wie der Art der Schmerzen und dem allgemeinen Gesundheitszustand, gibt es zahlreiche M\u00f6glichkeiten der Schmerzbehandlung. Ist Schmerztherapie das Richtige f\u00fcr","_links":{"self":[{"href":"https:\/\/tidolore.ch\/staging\/de\/wp-json\/wp\/v2\/pages\/4002","targetHints":{"allow":["GET"]}}],"collection":[{"href":"https:\/\/tidolore.ch\/staging\/de\/wp-json\/wp\/v2\/pages"}],"about":[{"href":"https:\/\/tidolore.ch\/staging\/de\/wp-json\/wp\/v2\/types\/page"}],"author":[{"embeddable":true,"href":"https:\/\/tidolore.ch\/staging\/de\/wp-json\/wp\/v2\/users\/1"}],"replies":[{"embeddable":true,"href":"https:\/\/tidolore.ch\/staging\/de\/wp-json\/wp\/v2\/comments?post=4002"}],"version-history":[{"count":15,"href":"https:\/\/tidolore.ch\/staging\/de\/wp-json\/wp\/v2\/pages\/4002\/revisions"}],"predecessor-version":[{"id":4755,"href":"https:\/\/tidolore.ch\/staging\/de\/wp-json\/wp\/v2\/pages\/4002\/revisions\/4755"}],"wp:attachment":[{"href":"https:\/\/tidolore.ch\/staging\/de\/wp-json\/wp\/v2\/media?parent=4002"}],"curies":[{"name":"wp","href":"https:\/\/api.w.org\/{rel}","templated":true}]}}