{"id":60,"date":"2025-04-16T12:12:51","date_gmt":"2025-04-16T12:12:51","guid":{"rendered":"https:\/\/tidolore.ch\/staging\/?page_id=60"},"modified":"2026-04-26T11:10:05","modified_gmt":"2026-04-26T11:10:05","slug":"trattamenti","status":"publish","type":"page","link":"https:\/\/tidolore.ch\/staging\/trattamenti\/","title":{"rendered":"Trattamenti"},"content":{"rendered":"\t\t<div data-elementor-type=\"wp-page\" data-elementor-id=\"60\" class=\"elementor elementor-60\" data-elementor-post-type=\"page\">\n\t\t\t\t<div class=\"elementor-element elementor-element-bc9f403 e-con-full e-flex e-con e-parent\" data-id=\"bc9f403\" data-element_type=\"container\" data-e-type=\"container\" data-settings=\"{&quot;background_background&quot;:&quot;classic&quot;}\">\n\t\t<div class=\"elementor-element elementor-element-6b2c39f e-flex e-con-boxed e-con e-child\" data-id=\"6b2c39f\" data-element_type=\"container\" data-e-type=\"container\">\n\t\t\t\t\t<div class=\"e-con-inner\">\n\t\t\t\t<div class=\"elementor-element elementor-element-06496e6 elementor-widget elementor-widget-heading\" data-id=\"06496e6\" data-element_type=\"widget\" data-e-type=\"widget\" data-widget_type=\"heading.default\">\n\t\t\t\t<div class=\"elementor-widget-container\">\n\t\t\t\t\t<h1 class=\"elementor-heading-title elementor-size-default\">Trattamenti<\/h1>\t\t\t\t<\/div>\n\t\t\t\t<\/div>\n\t\t\t\t<div class=\"elementor-element elementor-element-3c20f0a elementor-widget elementor-widget-text-editor\" data-id=\"3c20f0a\" data-element_type=\"widget\" data-e-type=\"widget\" data-widget_type=\"text-editor.default\">\n\t\t\t\t<div class=\"elementor-widget-container\">\n\t\t\t\t\t\t\t\t\t<p>A seconda di molti fattori, come il tipo di dolore e la salute generale, esistono numerose opzioni per trattare il dolore.<\/p>\t\t\t\t\t\t\t\t<\/div>\n\t\t\t\t<\/div>\n\t\t\t\t\t<\/div>\n\t\t\t\t<\/div>\n\t\t\t\t<\/div>\n\t\t<div class=\"elementor-element elementor-element-56eb2e1 e-flex e-con-boxed e-con e-parent\" data-id=\"56eb2e1\" data-element_type=\"container\" data-e-type=\"container\">\n\t\t\t\t\t<div class=\"e-con-inner\">\n\t\t\t\t<div class=\"elementor-element elementor-element-de55f05 elementor-widget elementor-widget-text-editor\" data-id=\"de55f05\" data-element_type=\"widget\" data-e-type=\"widget\" data-widget_type=\"text-editor.default\">\n\t\t\t\t<div class=\"elementor-widget-container\">\n\t\t\t\t\t\t\t\t\t<h3><span style=\"font-size: 20px;\"><strong>La gestione del dolore \u00e8 adatta a te?<\/strong><\/span><\/h3><section><div class=\"section_item\"><div class=\"text_container\"><article class=\"text-token-text-primary w-full\" dir=\"auto\" data-testid=\"conversation-turn-4\" data-scroll-anchor=\"true\"><div class=\"text-base my-auto mx-auto py-5 [--thread-content-margin:--spacing(4)] @[37rem]:[--thread-content-margin:--spacing(6)] @[72rem]:[--thread-content-margin:--spacing(16)] px-(--thread-content-margin)\"><div class=\"[--thread-content-max-width:32rem] @[34rem]:[--thread-content-max-width:40rem] @[64rem]:[--thread-content-max-width:48rem] mx-auto flex max-w-(--thread-content-max-width) flex-1 text-base gap-4 md:gap-5 lg:gap-6 group\/turn-messages focus-visible:outline-hidden\" tabindex=\"-1\"><div class=\"group\/conversation-turn relative flex w-full min-w-0 flex-col agent-turn\"><div class=\"relative flex-col gap-1 md:gap-3\"><div class=\"flex max-w-full flex-col grow\"><div class=\"min-h-8 text-message relative flex w-full flex-col items-end gap-2 text-start break-words whitespace-normal [.text-message+&amp;]:mt-5\" dir=\"auto\" data-message-author-role=\"assistant\" data-message-id=\"6dab0729-d325-434d-99f3-67366ccfde5f\" data-message-model-slug=\"gpt-4o\"><div class=\"flex w-full flex-col gap-1 empty:hidden first:pt-[3px]\"><div class=\"markdown prose dark:prose-invert w-full break-words dark\"><p>Ci sono molte possibilit\u00e0 per trattare il dolore, a seconda del tipo di dolore e della tua salute generale. A volte un trattamento che prima non ha funzionato pu\u00f2 dare buoni risultati se viene combinato con un approccio multimodale.<\/p><p data-start=\"0\" data-end=\"515\" data-is-last-node=\"\" data-is-only-node=\"\">Siamo specializzati nel trattare problemi complessi di dolore cronico.<\/p><h3 data-start=\"0\" data-end=\"515\"><strong><span style=\"font-size: 20px;\">I nostri trattamenti<\/span><\/strong><\/h3><section><section><div class=\"section_item\"><div class=\"text_container\"><article class=\"text-token-text-primary w-full\" dir=\"auto\" data-testid=\"conversation-turn-4\" data-scroll-anchor=\"true\"><div class=\"text-base my-auto mx-auto py-5 [--thread-content-margin:--spacing(4)] @[37rem]:[--thread-content-margin:--spacing(6)] @[72rem]:[--thread-content-margin:--spacing(16)] px-(--thread-content-margin)\"><div class=\"[--thread-content-max-width:32rem] @[34rem]:[--thread-content-max-width:40rem] @[64rem]:[--thread-content-max-width:48rem] mx-auto flex max-w-(--thread-content-max-width) flex-1 text-base gap-4 md:gap-5 lg:gap-6 group\/turn-messages focus-visible:outline-hidden\" tabindex=\"-1\"><div class=\"group\/conversation-turn relative flex w-full min-w-0 flex-col agent-turn\"><div class=\"relative flex-col gap-1 md:gap-3\"><div class=\"flex max-w-full flex-col grow\"><div class=\"min-h-8 text-message relative flex w-full flex-col items-end gap-2 text-start break-words whitespace-normal [.text-message+&amp;]:mt-5\" dir=\"auto\" data-message-author-role=\"assistant\" data-message-id=\"6dab0729-d325-434d-99f3-67366ccfde5f\" data-message-model-slug=\"gpt-4o\"><div class=\"flex w-full flex-col gap-1 empty:hidden first:pt-[3px]\"><div class=\"markdown prose dark:prose-invert w-full break-words dark\"><p>Le visite e i trattamenti si svolgono in regime ambulatoriale e sono coperti dall\u2019assicurazione sanitaria o, se necessario, dall\u2019assicurazione infortuni. Riceviamo pazienti su invio del medico di famiglia o di uno specialista.<\/p><section><div class=\"section_item\"><div class=\"text_container\"><article class=\"text-token-text-primary w-full\" dir=\"auto\" data-testid=\"conversation-turn-4\" data-scroll-anchor=\"true\"><div class=\"text-base my-auto mx-auto py-5 [--thread-content-margin:--spacing(4)] @[37rem]:[--thread-content-margin:--spacing(6)] @[72rem]:[--thread-content-margin:--spacing(16)] px-(--thread-content-margin)\"><div class=\"[--thread-content-max-width:32rem] @[34rem]:[--thread-content-max-width:40rem] @[64rem]:[--thread-content-max-width:48rem] mx-auto flex max-w-(--thread-content-max-width) flex-1 text-base gap-4 md:gap-5 lg:gap-6 group\/turn-messages focus-visible:outline-hidden\" tabindex=\"-1\"><div class=\"group\/conversation-turn relative flex w-full min-w-0 flex-col agent-turn\"><div class=\"relative flex-col gap-1 md:gap-3\"><div class=\"flex max-w-full flex-col grow\"><div class=\"min-h-8 text-message relative flex w-full flex-col items-end gap-2 text-start break-words whitespace-normal [.text-message+&amp;]:mt-5\" dir=\"auto\" data-message-author-role=\"assistant\" data-message-id=\"6dab0729-d325-434d-99f3-67366ccfde5f\" data-message-model-slug=\"gpt-4o\"><div class=\"flex w-full flex-col gap-1 empty:hidden first:pt-[3px]\"><div class=\"markdown prose dark:prose-invert w-full break-words dark\"><ul><li><a href=\"\/procedure-mini-invasive\">Procedure mini-invasive<\/a><\/li><li>Terapie farmacologiche<\/li><li>Neuromodulazione<ul><li><a href=\"https:\/\/tidolore.ch\/staging\/tens\">TENS<\/a><\/li><li><a href=\"https:\/\/tidolore.ch\/staging\/neurostimolazione-del-midollo-spinale\/\">Neurostimolazione del midollo spinale<\/a><\/li><\/ul><\/li><li><a href=\"https:\/\/tidolore.ch\/staging\/capsaicine\/\">Capsaicina topica<\/a><\/li><li>Percorsi integrati personalizzati (nutrizione, fisioterapia, supporto psicologico)<\/li><li>Mesoterapia<\/li><li><a href=\"https:\/\/tidolore.ch\/staging\/plasma-ricco-di-piastrine-prp\/\">Plasma Ricco di Piastrine (PRP)<\/a><\/li><\/ul><\/div><\/div><\/div><\/div><\/div><\/div><\/div><\/div><\/article><\/div><\/div><\/section><\/div><\/div><\/div><\/div><\/div><\/div><\/div><\/div><\/article><\/div><\/div><\/section><section><\/section><\/section><\/div><\/div><\/div><\/div><\/div><\/div><\/div><\/div><\/article><\/div><\/div><\/section>\t\t\t\t\t\t\t\t<\/div>\n\t\t\t\t<\/div>\n\t\t\t\t\t<\/div>\n\t\t\t\t<\/div>\n\t\t<div class=\"elementor-element elementor-element-bb5f083 e-flex e-con-boxed e-con e-parent\" data-id=\"bb5f083\" data-element_type=\"container\" data-e-type=\"container\" data-settings=\"{&quot;background_background&quot;:&quot;classic&quot;}\">\n\t\t\t\t\t<div class=\"e-con-inner\">\n\t\t\t\t<div class=\"elementor-element elementor-element-5711563 elementor-widget elementor-widget-heading\" data-id=\"5711563\" data-element_type=\"widget\" data-e-type=\"widget\" data-widget_type=\"heading.default\">\n\t\t\t\t<div class=\"elementor-widget-container\">\n\t\t\t\t\t<h2 class=\"elementor-heading-title elementor-size-default\">I Tipi di Dolore<\/h2>\t\t\t\t<\/div>\n\t\t\t\t<\/div>\n\t\t\t\t<div class=\"elementor-element elementor-element-54ca6ab elementor-widget elementor-widget-text-editor\" data-id=\"54ca6ab\" data-element_type=\"widget\" data-e-type=\"widget\" data-widget_type=\"text-editor.default\">\n\t\t\t\t<div class=\"elementor-widget-container\">\n\t\t\t\t\t\t\t\t\t<blockquote><p><strong>Trattiamo ogni tipo di dolore.<\/strong> Di seguito alcuni esempi con le relative opzioni terapeutiche:<\/p><\/blockquote>\t\t\t\t\t\t\t\t<\/div>\n\t\t\t\t<\/div>\n\t\t\t\t<div class=\"elementor-element elementor-element-af68219 elementor-widget__width-initial elementor-widget elementor-widget-ucaddon_post_carousel\" data-id=\"af68219\" data-element_type=\"widget\" data-e-type=\"widget\" data-widget_type=\"ucaddon_post_carousel.default\">\n\t\t\t\t<div class=\"elementor-widget-container\">\n\t\t\t\t\t\n<!-- start Post Carousel -->\n\t\t<link id='font-awesome-css' href='https:\/\/tidolore.ch\/staging\/wp-content\/plugins\/unlimited-elements-for-elementor\/assets_libraries\/font-awesome6\/fontawesome-all.min.css' type='text\/css' rel='stylesheet' >\n\t\t<link id='font-awesome-4-shim-css' href='https:\/\/tidolore.ch\/staging\/wp-content\/plugins\/unlimited-elements-for-elementor\/assets_libraries\/font-awesome6\/fontawesome-v4-shims.min.css' type='text\/css' rel='stylesheet' >\n\t\t<link id='owl-carousel-css' href='https:\/\/tidolore.ch\/staging\/wp-content\/plugins\/unlimited-elements-for-elementor\/assets_libraries\/owl-carousel-new\/assets\/owl.carousel.css' type='text\/css' rel='stylesheet' >\n\t\t<link id='lity-css' href='https:\/\/tidolore.ch\/staging\/wp-content\/plugins\/unlimited-elements-for-elementor\/assets_libraries\/lity\/lity.min.css' type='text\/css' rel='stylesheet' >\n\n<style>\/* widget: Post Carousel *\/\n\n#uc_post_carousel_elementor_af68219-wrapper{\n  min-height:1px;\n}\n\n#uc_post_carousel_elementor_af68219 *{\n  box-sizing:border-box;\n}\n\n#uc_post_carousel_elementor_af68219 .ue-grid-item-category a{\n  white-space: nowrap;\n}\n\n\n#uc_post_carousel_elementor_af68219{\n  position:relative;\n}\n\n.uc_post_title{\n  font-size:21px;\n}\n\n#uc_post_carousel_elementor_af68219 .ue-item{\n  transition:0.3s;\n  position:relative;\n}\n\n#uc_post_carousel_elementor_af68219 .uc_image_carousel_placeholder{\n  position:relative;\n}\n\n#uc_post_carousel_elementor_af68219 .ue_pos_carousel_image_overlay{\n  position:absolute;\n  top:0;\n  bottom:0;\n  left:0;\n  right:0;\n  transition:0.3s;\n}\n\n#uc_post_carousel_elementor_af68219 .owl-stage{\n  display:flex;\n}\n\n#uc_post_carousel_elementor_af68219 .uc_image_carousel_container_holder{\n  display: flex;\n  flex-direction: column;\n  height: 100%;\n}\n\n#uc_post_carousel_elementor_af68219 .uc_image_carousel_content{\n  flex-grow: 1;\n  justify-content: space-between;}\n\n\n#uc_post_carousel_elementor_af68219 .uc_carousel_item{\n  overflow:hidden;\n}\n\n#uc_post_carousel_elementor_af68219 .owl-nav .owl-prev{\n    position:absolute;\n    display:inline-block;\n    text-align:center;  \t\n    \t\n\n}\n#uc_post_carousel_elementor_af68219 .owl-nav .owl-next{\n  position:absolute;\n  display:inline-block;\n  text-align:center;\n  \t\n}\n\n\n#uc_post_carousel_elementor_af68219 .owl-dots {\n  overflow:hidden;\n  display:flex !important;\n}\n\n#uc_post_carousel_elementor_af68219 .owl-dot {\n  border-radius:50%;\n  display:inline-block;\n  padding: 0;\n}\n\n#uc_post_carousel_elementor_af68219 .uc_more_btn{\n  display:inline-block;\n  text-align:center;\n  text-decoration:none;\n}  \n\n#uc_post_carousel_elementor_af68219 .uc_more_btn svg{\n  width:1em;\n  height:1em;\n}\n\n#uc_post_carousel_elementor_af68219 .uc_image_carousel_placeholder{\n  overflow:hidden;\n}\n#uc_post_carousel_elementor_af68219 .uc_image_carousel_placeholder img{\n  display:block;\n  width:100%;\n}\n\n#uc_post_carousel_elementor_af68219 .uc_image_carousel_content {\n  display:flex;\n  flex-direction:column;\n}\n\n\t\n\n\n\n\n\n\n\n\n\n#uc_post_carousel_elementor_af68219 .ue-meta-data{  \n  display:flex !important;\n  flex-wrap: wrap;\n  line-height:1em;\n}\n\n#uc_post_carousel_elementor_af68219 .ue-grid-item-meta-data{\n      display:inline-flex;\n      align-items:center;\n}\n\n.ue-grid-item-meta-data{\n  font-size:12px;\n}\n\n#uc_post_carousel_elementor_af68219 .ue-grid-item-meta-data-icon{\n  line-height:1em;\n}\n\n#uc_post_carousel_elementor_af68219 .ue-grid-item-meta-data-icon svg{\n  width:1em;\n  height:1em;\n}\n\n#uc_post_carousel_elementor_af68219 .ue-debug-meta{\n  padding:10px;\n  border:1px solid red;\n  position:relative;\n  line-height:1.5em;\n  font-size:11px;\n  width:100%;\n}\n\n\n\n#uc_post_carousel_elementor_af68219 .owl-nav .owl-prev.disabled,\n#uc_post_carousel_elementor_af68219 .owl-nav .owl-next.disabled {\n   display: none;\n}\n\n<\/style>\n\n<div class=\"uc_overlay_image_carousel\" id=\"uc_post_carousel_elementor_af68219-wrapper\">\n   <div class=\"uc_carousel owl-carousel owl-theme uc-items-wrapper  \" data-custom-sethtml=\"true\"  data-id=\"\" id=\"uc_post_carousel_elementor_af68219\" >\n   \t\t<div class=\"uc_image_carousel_container_holder uc_carousel_item ue-item\">\n  \n    <div class=\"uc_image_carousel_placeholder elementor-animation-grow\">\n        <a href=\"https:\/\/tidolore.ch\/staging\/neuropatia-dei-nervi-cluneali\/\" style=\"display:block;\">         \n            <img loading=\"lazy\" decoding=\"async\" src=\"https:\/\/tidolore.ch\/staging\/wp-content\/uploads\/2025\/08\/dreamstime_m_238107192-768x512.jpg\"  src=\"https:\/\/tidolore.ch\/staging\/wp-content\/uploads\/2025\/08\/dreamstime_m_238107192-768x512.jpg\" alt=\"Foto stock\" width=\"768\" height=\"512\" alt=\"Foto stock\" title=\"Foto stock\"> \n        \t\n        <div class=\"ue_pos_carousel_image_overlay\"><\/div>\n    <\/a>      <\/div>\n  \n  \n    <div class=\"uc_image_carousel_content\" >\n        <div>\n          \n                            \n          \n                   <a href=\"https:\/\/tidolore.ch\/staging\/neuropatia-dei-nervi-cluneali\/\">            <div class=\"uc_post_title\">Neuropatia dei nervi cluneali<\/div>\n          <\/a>                   \n         \n         <div class=\"ue-meta-data\">\n                        \t\t\t            \n                                    \n            \n                        \n                        \n                       \n                      \n           \n             \n            \n          <\/div>          \n          \n        <div class=\"uc_paragraph\" >La neuropatia dei nervi cluneali \u00e8 una causa poco conosciuta ma non rara di dolore nella parte bassa...<\/div>        \n        <\/div>\n    \n            \n    \t<div class=\"ue-item-btn-holder\">   \n           <a target=\"_blank\" href=\"https:\/\/tidolore.ch\/staging\/neuropatia-dei-nervi-cluneali\/\" class=\"uc_more_btn ue-dynamic-popup-single \" href='https:\/\/tidolore.ch\/staging\/neuropatia-dei-nervi-cluneali\/'>Leggi Tutto<\/a>\n\t\t<\/div>\n    \n          <\/div>\n    \n  \n    \n<\/div>\n<div class=\"uc_image_carousel_container_holder uc_carousel_item ue-item\">\n  \n    <div class=\"uc_image_carousel_placeholder elementor-animation-grow\">\n        <a href=\"https:\/\/tidolore.ch\/staging\/dolore-alla-spalla\/\" style=\"display:block;\">         \n            <img loading=\"lazy\" decoding=\"async\" src=\"https:\/\/tidolore.ch\/staging\/wp-content\/uploads\/2025\/08\/dreamstime_m_74662678-768x512.jpg\"  src=\"https:\/\/tidolore.ch\/staging\/wp-content\/uploads\/2025\/08\/dreamstime_m_74662678-768x512.jpg\" alt=\"Foto stock\" width=\"768\" height=\"512\" alt=\"Foto stock\" title=\"Foto stock\"> \n        \t\n        <div class=\"ue_pos_carousel_image_overlay\"><\/div>\n    <\/a>      <\/div>\n  \n  \n    <div class=\"uc_image_carousel_content\" >\n        <div>\n          \n                            \n          \n                   <a href=\"https:\/\/tidolore.ch\/staging\/dolore-alla-spalla\/\">            <div class=\"uc_post_title\">Dolore alla Spalla<\/div>\n          <\/a>                   \n         \n         <div class=\"ue-meta-data\">\n                        \t\t\t            \n                                    \n            \n                        \n                        \n                       \n                      \n           \n             \n            \n          <\/div>          \n          \n        <div class=\"uc_paragraph\" >La spalla \u00e8 una delle articolazioni pi\u00f9 complesse del corpo. Permette un ampio raggio di movimento grazie...<\/div>        \n        <\/div>\n    \n            \n    \t<div class=\"ue-item-btn-holder\">   \n           <a target=\"_blank\" href=\"https:\/\/tidolore.ch\/staging\/dolore-alla-spalla\/\" class=\"uc_more_btn ue-dynamic-popup-single \" href='https:\/\/tidolore.ch\/staging\/dolore-alla-spalla\/'>Leggi Tutto<\/a>\n\t\t<\/div>\n    \n          <\/div>\n    \n  \n    \n<\/div>\n<div class=\"uc_image_carousel_container_holder uc_carousel_item ue-item\">\n  \n    <div class=\"uc_image_carousel_placeholder elementor-animation-grow\">\n        <a href=\"https:\/\/tidolore.ch\/staging\/dolore-correlato-alla-sindrome-di-ehlers-danlos\/\" style=\"display:block;\">         \n            <img loading=\"lazy\" decoding=\"async\" src=\"https:\/\/tidolore.ch\/staging\/wp-content\/uploads\/2025\/07\/dreamstime_m_270415598-768x542.jpg\"  src=\"https:\/\/tidolore.ch\/staging\/wp-content\/uploads\/2025\/07\/dreamstime_m_270415598-768x542.jpg\" alt=\"Foto stock\" width=\"768\" height=\"542\" alt=\"Foto stock\" title=\"Foto stock\"> \n        \t\n        <div class=\"ue_pos_carousel_image_overlay\"><\/div>\n    <\/a>      <\/div>\n  \n  \n    <div class=\"uc_image_carousel_content\" >\n        <div>\n          \n                            \n          \n                   <a href=\"https:\/\/tidolore.ch\/staging\/dolore-correlato-alla-sindrome-di-ehlers-danlos\/\">            <div class=\"uc_post_title\">Dolore correlato alla Sindrome di Ehlers-Danlos<\/div>\n          <\/a>                   \n         \n         <div class=\"ue-meta-data\">\n                        \t\t\t            \n                                    \n            \n                        \n                        \n                       \n                      \n           \n             \n            \n          <\/div>          \n          \n        <div class=\"uc_paragraph\" >Cos\u2019\u00e8?\n\n\n\n\n\n\nLa Sindrome di Ehlers-Danlos (EDS) \u00e8 un gruppo di condizioni genetiche che colpiscono i...<\/div>        \n        <\/div>\n    \n            \n    \t<div class=\"ue-item-btn-holder\">   \n           <a target=\"_blank\" href=\"https:\/\/tidolore.ch\/staging\/dolore-correlato-alla-sindrome-di-ehlers-danlos\/\" class=\"uc_more_btn ue-dynamic-popup-single \" href='https:\/\/tidolore.ch\/staging\/dolore-correlato-alla-sindrome-di-ehlers-danlos\/'>Leggi Tutto<\/a>\n\t\t<\/div>\n    \n          <\/div>\n    \n  \n    \n<\/div>\n<div class=\"uc_image_carousel_container_holder uc_carousel_item ue-item\">\n  \n    <div class=\"uc_image_carousel_placeholder elementor-animation-grow\">\n        <a href=\"https:\/\/tidolore.ch\/staging\/dolore-legato-al-cancro\/\" style=\"display:block;\">         \n            <img loading=\"lazy\" decoding=\"async\" src=\"https:\/\/tidolore.ch\/staging\/wp-content\/uploads\/2025\/07\/dreamstime_m_99219098-768x543.jpg\"  src=\"https:\/\/tidolore.ch\/staging\/wp-content\/uploads\/2025\/07\/dreamstime_m_99219098-768x543.jpg\" alt=\"Foto stock\" width=\"768\" height=\"543\" alt=\"Foto stock\" title=\"Foto stock\"> \n        \t\n        <div class=\"ue_pos_carousel_image_overlay\"><\/div>\n    <\/a>      <\/div>\n  \n  \n    <div class=\"uc_image_carousel_content\" >\n        <div>\n          \n                            \n          \n                   <a href=\"https:\/\/tidolore.ch\/staging\/dolore-legato-al-cancro\/\">            <div class=\"uc_post_title\">Dolore legato al cancro<\/div>\n          <\/a>                   \n         \n         <div class=\"ue-meta-data\">\n                        \t\t\t            \n                                    \n            \n                        \n                        \n                       \n                      \n           \n             \n            \n          <\/div>          \n          \n        <div class=\"uc_paragraph\" >Anche con una diagnosi difficile, nessuno deve convivere con il dolore inutile\n\n\nCos\u2019\u00e8?\n\n\nIl dolore legato...<\/div>        \n        <\/div>\n    \n            \n    \t<div class=\"ue-item-btn-holder\">   \n           <a target=\"_blank\" href=\"https:\/\/tidolore.ch\/staging\/dolore-legato-al-cancro\/\" class=\"uc_more_btn ue-dynamic-popup-single \" href='https:\/\/tidolore.ch\/staging\/dolore-legato-al-cancro\/'>Leggi Tutto<\/a>\n\t\t<\/div>\n    \n          <\/div>\n    \n  \n    \n<\/div>\n<div class=\"uc_image_carousel_container_holder uc_carousel_item ue-item\">\n  \n    <div class=\"uc_image_carousel_placeholder elementor-animation-grow\">\n        <a href=\"https:\/\/tidolore.ch\/staging\/sindrome-dellarticolazione-sacro-iliaca\/\" style=\"display:block;\">         \n            <img loading=\"lazy\" decoding=\"async\" src=\"https:\/\/tidolore.ch\/staging\/wp-content\/uploads\/2025\/07\/dreamstime_xxl_296045140-768x536.jpg\"  src=\"https:\/\/tidolore.ch\/staging\/wp-content\/uploads\/2025\/07\/dreamstime_xxl_296045140-768x536.jpg\" alt=\"Foto stock\" width=\"768\" height=\"536\" alt=\"Foto stock\" title=\"Foto stock\"> \n        \t\n        <div class=\"ue_pos_carousel_image_overlay\"><\/div>\n    <\/a>      <\/div>\n  \n  \n    <div class=\"uc_image_carousel_content\" >\n        <div>\n          \n                            \n          \n                   <a href=\"https:\/\/tidolore.ch\/staging\/sindrome-dellarticolazione-sacro-iliaca\/\">            <div class=\"uc_post_title\">Articolazione sacro-iliaca<\/div>\n          <\/a>                   \n         \n         <div class=\"ue-meta-data\">\n                        \t\t\t            \n                                    \n            \n                        \n                        \n                       \n                      \n           \n             \n            \n          <\/div>          \n          \n        <div class=\"uc_paragraph\" >Una causa spesso trascurata del mal di schiena cronico\n\n\nIn una percentuale significativa di pazienti...<\/div>        \n        <\/div>\n    \n            \n    \t<div class=\"ue-item-btn-holder\">   \n           <a target=\"_blank\" href=\"https:\/\/tidolore.ch\/staging\/sindrome-dellarticolazione-sacro-iliaca\/\" class=\"uc_more_btn ue-dynamic-popup-single \" href='https:\/\/tidolore.ch\/staging\/sindrome-dellarticolazione-sacro-iliaca\/'>Leggi Tutto<\/a>\n\t\t<\/div>\n    \n          <\/div>\n    \n  \n    \n<\/div>\n<div class=\"uc_image_carousel_container_holder uc_carousel_item ue-item\">\n  \n    <div class=\"uc_image_carousel_placeholder elementor-animation-grow\">\n        <a href=\"https:\/\/tidolore.ch\/staging\/dolore-cronico-post-chirurgico\/\" style=\"display:block;\">         \n            <img loading=\"lazy\" decoding=\"async\" src=\"https:\/\/tidolore.ch\/staging\/wp-content\/uploads\/2025\/07\/dreamstime_m_140156034-768x512.jpg\"  src=\"https:\/\/tidolore.ch\/staging\/wp-content\/uploads\/2025\/07\/dreamstime_m_140156034-768x512.jpg\" alt=\"Foto stock\" width=\"768\" height=\"512\" alt=\"Foto stock\" title=\"Foto stock\"> \n        \t\n        <div class=\"ue_pos_carousel_image_overlay\"><\/div>\n    <\/a>      <\/div>\n  \n  \n    <div class=\"uc_image_carousel_content\" >\n        <div>\n          \n                            \n          \n                   <a href=\"https:\/\/tidolore.ch\/staging\/dolore-cronico-post-chirurgico\/\">            <div class=\"uc_post_title\">Dolore cronico post-chirurgico<\/div>\n          <\/a>                   \n         \n         <div class=\"ue-meta-data\">\n                        \t\t\t            \n                                    \n            \n                        \n                        \n                       \n                      \n           \n             \n            \n          <\/div>          \n          \n        <div class=\"uc_paragraph\" >Cos\u2019\u00e8?\n\n\nIl dolore cronico post-chirurgico \u00e8 un dolore che persiste per oltre 3 mesi dopo un intervento...<\/div>        \n        <\/div>\n    \n            \n    \t<div class=\"ue-item-btn-holder\">   \n           <a target=\"_blank\" href=\"https:\/\/tidolore.ch\/staging\/dolore-cronico-post-chirurgico\/\" class=\"uc_more_btn ue-dynamic-popup-single \" href='https:\/\/tidolore.ch\/staging\/dolore-cronico-post-chirurgico\/'>Leggi Tutto<\/a>\n\t\t<\/div>\n    \n          <\/div>\n    \n  \n    \n<\/div>\n<div class=\"uc_image_carousel_container_holder uc_carousel_item ue-item\">\n  \n    <div class=\"uc_image_carousel_placeholder elementor-animation-grow\">\n        <a href=\"https:\/\/tidolore.ch\/staging\/colpo-di-frusta\/\" style=\"display:block;\">         \n            <img loading=\"lazy\" decoding=\"async\" src=\"https:\/\/tidolore.ch\/staging\/wp-content\/uploads\/2025\/07\/image-12-768x511.png\"  src=\"https:\/\/tidolore.ch\/staging\/wp-content\/uploads\/2025\/07\/image-12-768x511.png\" alt=\"Foto stock\" width=\"768\" height=\"511\" alt=\"Foto stock\" title=\"Foto stock\"> \n        \t\n        <div class=\"ue_pos_carousel_image_overlay\"><\/div>\n    <\/a>      <\/div>\n  \n  \n    <div class=\"uc_image_carousel_content\" >\n        <div>\n          \n                            \n          \n                   <a href=\"https:\/\/tidolore.ch\/staging\/colpo-di-frusta\/\">            <div class=\"uc_post_title\">Colpo di frusta<\/div>\n          <\/a>                   \n         \n         <div class=\"ue-meta-data\">\n                        \t\t\t            \n                                    \n            \n                        \n                        \n                       \n                      \n           \n             \n            \n          <\/div>          \n          \n        <div class=\"uc_paragraph\" >Il colpo della frusta \u00e8 una lesione del rachide cervicale (collo) che avviene quando la testa viene spinta...<\/div>        \n        <\/div>\n    \n            \n    \t<div class=\"ue-item-btn-holder\">   \n           <a target=\"_blank\" href=\"https:\/\/tidolore.ch\/staging\/colpo-di-frusta\/\" class=\"uc_more_btn ue-dynamic-popup-single \" href='https:\/\/tidolore.ch\/staging\/colpo-di-frusta\/'>Leggi Tutto<\/a>\n\t\t<\/div>\n    \n          <\/div>\n    \n  \n    \n<\/div>\n<div class=\"uc_image_carousel_container_holder uc_carousel_item ue-item\">\n  \n    <div class=\"uc_image_carousel_placeholder elementor-animation-grow\">\n        <a href=\"https:\/\/tidolore.ch\/staging\/fibromyalgia\/\" style=\"display:block;\">         \n            <img loading=\"lazy\" decoding=\"async\" src=\"https:\/\/tidolore.ch\/staging\/wp-content\/uploads\/2025\/07\/dreamstime_m_102692985-768x512.jpg\"  src=\"https:\/\/tidolore.ch\/staging\/wp-content\/uploads\/2025\/07\/dreamstime_m_102692985-768x512.jpg\" alt=\"Foto stock\" width=\"768\" height=\"512\" alt=\"Foto stock\" title=\"Foto stock\"> \n        \t\n        <div class=\"ue_pos_carousel_image_overlay\"><\/div>\n    <\/a>      <\/div>\n  \n  \n    <div class=\"uc_image_carousel_content\" >\n        <div>\n          \n                            \n          \n                   <a href=\"https:\/\/tidolore.ch\/staging\/fibromyalgia\/\">            <div class=\"uc_post_title\">Fibromyalgia<\/div>\n          <\/a>                   \n         \n         <div class=\"ue-meta-data\">\n                        \t\t\t            \n                                    \n            \n                        \n                        \n                       \n                      \n           \n             \n            \n          <\/div>          \n          \n        <div class=\"uc_paragraph\" >La fibromialgia \u00e8 una condizione cronica e complessa che causa:\n\n\n\nDolori muscolari e articolari diffusi\n\n\nGrande...<\/div>        \n        <\/div>\n    \n            \n    \t<div class=\"ue-item-btn-holder\">   \n           <a target=\"_blank\" href=\"https:\/\/tidolore.ch\/staging\/fibromyalgia\/\" class=\"uc_more_btn ue-dynamic-popup-single \" href='https:\/\/tidolore.ch\/staging\/fibromyalgia\/'>Leggi Tutto<\/a>\n\t\t<\/div>\n    \n          <\/div>\n    \n  \n    \n<\/div>\n<div class=\"uc_image_carousel_container_holder uc_carousel_item ue-item\">\n  \n    <div class=\"uc_image_carousel_placeholder elementor-animation-grow\">\n        <a href=\"https:\/\/tidolore.ch\/staging\/nevralgia-posterpetica\/\" style=\"display:block;\">         \n            <img loading=\"lazy\" decoding=\"async\" src=\"https:\/\/tidolore.ch\/staging\/wp-content\/uploads\/2025\/07\/dreamstime_m_89592011-768x512.jpg\"  src=\"https:\/\/tidolore.ch\/staging\/wp-content\/uploads\/2025\/07\/dreamstime_m_89592011-768x512.jpg\" alt=\"Foto stock\" width=\"768\" height=\"512\" alt=\"Foto stock\" title=\"Foto stock\"> \n        \t\n        <div class=\"ue_pos_carousel_image_overlay\"><\/div>\n    <\/a>      <\/div>\n  \n  \n    <div class=\"uc_image_carousel_content\" >\n        <div>\n          \n                            \n          \n                   <a href=\"https:\/\/tidolore.ch\/staging\/nevralgia-posterpetica\/\">            <div class=\"uc_post_title\">Nevralgia posterpetica (dolore dopo herpes zoster \/ fuoco di Sant'Antonio)<\/div>\n          <\/a>                   \n         \n         <div class=\"ue-meta-data\">\n                        \t\t\t            \n                                    \n            \n                        \n                        \n                       \n                      \n           \n             \n            \n          <\/div>          \n          \n        <div class=\"uc_paragraph\" >Cos&#8217;\u00e8?\n\n\nLa nevralgia posterpetica \u00e8 la complicanza cronica pi\u00f9 comune dell\u2019herpes zoster. Si tratta...<\/div>        \n        <\/div>\n    \n            \n    \t<div class=\"ue-item-btn-holder\">   \n           <a target=\"_blank\" href=\"https:\/\/tidolore.ch\/staging\/nevralgia-posterpetica\/\" class=\"uc_more_btn ue-dynamic-popup-single \" href='https:\/\/tidolore.ch\/staging\/nevralgia-posterpetica\/'>Leggi Tutto<\/a>\n\t\t<\/div>\n    \n          <\/div>\n    \n  \n    \n<\/div>\n<div class=\"uc_image_carousel_container_holder uc_carousel_item ue-item\">\n  \n    <div class=\"uc_image_carousel_placeholder elementor-animation-grow\">\n        <a href=\"https:\/\/tidolore.ch\/staging\/neuropatie-periferiche\/\" style=\"display:block;\">         \n            <img loading=\"lazy\" decoding=\"async\" src=\"https:\/\/tidolore.ch\/staging\/wp-content\/uploads\/2025\/07\/Painful-Feet-768x576.jpg\"  src=\"https:\/\/tidolore.ch\/staging\/wp-content\/uploads\/2025\/07\/Painful-Feet-768x576.jpg\" alt=\"Dolore ai piedi\" width=\"768\" height=\"576\" alt=\"Dolore ai piedi\" title=\"Dolore ai piedi\"> \n        \t\n        <div class=\"ue_pos_carousel_image_overlay\"><\/div>\n    <\/a>      <\/div>\n  \n  \n    <div class=\"uc_image_carousel_content\" >\n        <div>\n          \n                            \n          \n                   <a href=\"https:\/\/tidolore.ch\/staging\/neuropatie-periferiche\/\">            <div class=\"uc_post_title\">Neuropatie periferiche (diabetiche, tossiche, farmacologiche)<\/div>\n          <\/a>                   \n         \n         <div class=\"ue-meta-data\">\n                        \t\t\t            \n                                    \n            \n                        \n                        \n                       \n                      \n           \n             \n            \n          <\/div>          \n          \n        <div class=\"uc_paragraph\" >La neuropatia periferica \u00e8 una condizione in cui i nervi delle braccia e delle gambe non funzionano pi\u00f9...<\/div>        \n        <\/div>\n    \n            \n    \t<div class=\"ue-item-btn-holder\">   \n           <a target=\"_blank\" href=\"https:\/\/tidolore.ch\/staging\/neuropatie-periferiche\/\" class=\"uc_more_btn ue-dynamic-popup-single \" href='https:\/\/tidolore.ch\/staging\/neuropatie-periferiche\/'>Leggi Tutto<\/a>\n\t\t<\/div>\n    \n          <\/div>\n    \n  \n    \n<\/div>\n<div class=\"uc_image_carousel_container_holder uc_carousel_item ue-item\">\n  \n    <div class=\"uc_image_carousel_placeholder elementor-animation-grow\">\n        <a href=\"https:\/\/tidolore.ch\/staging\/dolore-post-amputazione\/\" style=\"display:block;\">         \n            <img loading=\"lazy\" decoding=\"async\" src=\"https:\/\/tidolore.ch\/staging\/wp-content\/uploads\/2025\/07\/dreamstime_m_117616170-768x512.jpg\"  src=\"https:\/\/tidolore.ch\/staging\/wp-content\/uploads\/2025\/07\/dreamstime_m_117616170-768x512.jpg\" alt=\"Foto stock\" width=\"768\" height=\"512\" alt=\"Foto stock\" title=\"Foto stock\"> \n        \t\n        <div class=\"ue_pos_carousel_image_overlay\"><\/div>\n    <\/a>      <\/div>\n  \n  \n    <div class=\"uc_image_carousel_content\" >\n        <div>\n          \n                            \n          \n                   <a href=\"https:\/\/tidolore.ch\/staging\/dolore-post-amputazione\/\">            <div class=\"uc_post_title\">Dolore post-amputazione (arto fantasma, dolore del moncone)<\/div>\n          <\/a>                   \n         \n         <div class=\"ue-meta-data\">\n                        \t\t\t            \n                                    \n            \n                        \n                        \n                       \n                      \n           \n             \n            \n          <\/div>          \n          \n        <div class=\"uc_paragraph\" >Il dolore post-amputazione \u00e8 una forma di dolore cronico che pu\u00f2 svilupparsi dopo l\u2019asportazione chirurgica...<\/div>        \n        <\/div>\n    \n            \n    \t<div class=\"ue-item-btn-holder\">   \n           <a target=\"_blank\" href=\"https:\/\/tidolore.ch\/staging\/dolore-post-amputazione\/\" class=\"uc_more_btn ue-dynamic-popup-single \" href='https:\/\/tidolore.ch\/staging\/dolore-post-amputazione\/'>Leggi Tutto<\/a>\n\t\t<\/div>\n    \n          <\/div>\n    \n  \n    \n<\/div>\n<div class=\"uc_image_carousel_container_holder uc_carousel_item ue-item\">\n  \n    <div class=\"uc_image_carousel_placeholder elementor-animation-grow\">\n        <a href=\"https:\/\/tidolore.ch\/staging\/dolore-addominale-e-pelvico-cronico\/\" style=\"display:block;\">         \n            <img loading=\"lazy\" decoding=\"async\" src=\"https:\/\/tidolore.ch\/staging\/wp-content\/uploads\/2025\/07\/image-11-768x513.png\"  src=\"https:\/\/tidolore.ch\/staging\/wp-content\/uploads\/2025\/07\/image-11-768x513.png\" alt=\"Foto stock\" width=\"768\" height=\"513\" alt=\"Foto stock\" title=\"Foto stock\"> \n        \t\n        <div class=\"ue_pos_carousel_image_overlay\"><\/div>\n    <\/a>      <\/div>\n  \n  \n    <div class=\"uc_image_carousel_content\" >\n        <div>\n          \n                            \n          \n                   <a href=\"https:\/\/tidolore.ch\/staging\/dolore-addominale-e-pelvico-cronico\/\">            <div class=\"uc_post_title\">Dolore addominale e pelvico cronico<\/div>\n          <\/a>                   \n         \n         <div class=\"ue-meta-data\">\n                        \t\t\t            \n                                    \n            \n                        \n                        \n                       \n                      \n           \n             \n            \n          <\/div>          \n          \n        <div class=\"uc_paragraph\" >Il dolore cronico addominale o pelvico \u00e8 un dolore che persiste per pi\u00f9 di 3 mesi in una zona che comprende...<\/div>        \n        <\/div>\n    \n            \n    \t<div class=\"ue-item-btn-holder\">   \n           <a target=\"_blank\" href=\"https:\/\/tidolore.ch\/staging\/dolore-addominale-e-pelvico-cronico\/\" class=\"uc_more_btn ue-dynamic-popup-single \" href='https:\/\/tidolore.ch\/staging\/dolore-addominale-e-pelvico-cronico\/'>Leggi Tutto<\/a>\n\t\t<\/div>\n    \n          <\/div>\n    \n  \n    \n<\/div>\n<div class=\"uc_image_carousel_container_holder uc_carousel_item ue-item\">\n  \n    <div class=\"uc_image_carousel_placeholder elementor-animation-grow\">\n        <a href=\"https:\/\/tidolore.ch\/staging\/cefalee-e-dolore-facciale\/\" style=\"display:block;\">         \n            <img loading=\"lazy\" decoding=\"async\" src=\"https:\/\/tidolore.ch\/staging\/wp-content\/uploads\/2025\/07\/image-10-768x511.png\"  src=\"https:\/\/tidolore.ch\/staging\/wp-content\/uploads\/2025\/07\/image-10-768x511.png\" alt=\"Foto stock\" width=\"768\" height=\"511\" alt=\"Foto stock\" title=\"Foto stock\"> \n        \t\n        <div class=\"ue_pos_carousel_image_overlay\"><\/div>\n    <\/a>      <\/div>\n  \n  \n    <div class=\"uc_image_carousel_content\" >\n        <div>\n          \n                            \n          \n                   <a href=\"https:\/\/tidolore.ch\/staging\/cefalee-e-dolore-facciale\/\">            <div class=\"uc_post_title\">Cefalee e dolore facciale<\/div>\n          <\/a>                   \n         \n         <div class=\"ue-meta-data\">\n                        \t\t\t            \n                                    \n            \n                        \n                        \n                       \n                      \n           \n             \n            \n          <\/div>          \n          \n        <div class=\"uc_paragraph\" >(Emicrania, Nevralgia occipitale, Nevralgia del Trigemino e altre forme di dolore cronico al volto)\n\n\n\nQuando...<\/div>        \n        <\/div>\n    \n            \n    \t<div class=\"ue-item-btn-holder\">   \n           <a target=\"_blank\" href=\"https:\/\/tidolore.ch\/staging\/cefalee-e-dolore-facciale\/\" class=\"uc_more_btn ue-dynamic-popup-single \" href='https:\/\/tidolore.ch\/staging\/cefalee-e-dolore-facciale\/'>Leggi Tutto<\/a>\n\t\t<\/div>\n    \n          <\/div>\n    \n  \n    \n<\/div>\n<div class=\"uc_image_carousel_container_holder uc_carousel_item ue-item\">\n  \n    <div class=\"uc_image_carousel_placeholder elementor-animation-grow\">\n        <a href=\"https:\/\/tidolore.ch\/staging\/dolori-articolari-cronici\/\" style=\"display:block;\">         \n            <img loading=\"lazy\" decoding=\"async\" src=\"https:\/\/tidolore.ch\/staging\/wp-content\/uploads\/2025\/07\/dreamstime_m_129053740-768x512.jpg\"  src=\"https:\/\/tidolore.ch\/staging\/wp-content\/uploads\/2025\/07\/dreamstime_m_129053740-768x512.jpg\" alt=\"Foto stock\" width=\"768\" height=\"512\" alt=\"Foto stock\" title=\"Foto stock\"> \n        \t\n        <div class=\"ue_pos_carousel_image_overlay\"><\/div>\n    <\/a>      <\/div>\n  \n  \n    <div class=\"uc_image_carousel_content\" >\n        <div>\n          \n                            \n          \n                   <a href=\"https:\/\/tidolore.ch\/staging\/dolori-articolari-cronici\/\">            <div class=\"uc_post_title\">Dolori articolari cronici (Artrosi e Artriti Infiammatorie)<\/div>\n          <\/a>                   \n         \n         <div class=\"ue-meta-data\">\n                        \t\t\t            \n                                    \n            \n                        \n                        \n                       \n                      \n           \n             \n            \n          <\/div>          \n          \n        <div class=\"uc_paragraph\" >Cos\u2019\u00e8 il dolore articolare cronico?\n\n\nIl dolore articolare cronico \u00e8 un dolore che coinvolge le articolazioni...<\/div>        \n        <\/div>\n    \n            \n    \t<div class=\"ue-item-btn-holder\">   \n           <a target=\"_blank\" href=\"https:\/\/tidolore.ch\/staging\/dolori-articolari-cronici\/\" class=\"uc_more_btn ue-dynamic-popup-single \" href='https:\/\/tidolore.ch\/staging\/dolori-articolari-cronici\/'>Leggi Tutto<\/a>\n\t\t<\/div>\n    \n          <\/div>\n    \n  \n    \n<\/div>\n<div class=\"uc_image_carousel_container_holder uc_carousel_item ue-item\">\n  \n    <div class=\"uc_image_carousel_placeholder elementor-animation-grow\">\n        <a href=\"https:\/\/tidolore.ch\/staging\/sindrome-dolorosa-regionale-complessa\/\" style=\"display:block;\">         \n            <img loading=\"lazy\" decoding=\"async\" src=\"https:\/\/tidolore.ch\/staging\/wp-content\/uploads\/2025\/07\/image-8-768x513.png\"  src=\"https:\/\/tidolore.ch\/staging\/wp-content\/uploads\/2025\/07\/image-8-768x513.png\" alt=\"Foto stock\" width=\"768\" height=\"513\" alt=\"Foto stock\" title=\"Foto stock\"> \n        \t\n        <div class=\"ue_pos_carousel_image_overlay\"><\/div>\n    <\/a>      <\/div>\n  \n  \n    <div class=\"uc_image_carousel_content\" >\n        <div>\n          \n                            \n          \n                   <a href=\"https:\/\/tidolore.ch\/staging\/sindrome-dolorosa-regionale-complessa\/\">            <div class=\"uc_post_title\">Sindrome Dolorosa Regionale Complessa (CRPS, algodistrofia)<\/div>\n          <\/a>                   \n         \n         <div class=\"ue-meta-data\">\n                        \t\t\t            \n                                    \n            \n                        \n                        \n                       \n                      \n           \n             \n            \n          <\/div>          \n          \n        <div class=\"uc_paragraph\" >La Sindrome Dolorosa Regionale Complessa (CRPS) \u00e8 una malattia rara del sistema nervoso, che provoca...<\/div>        \n        <\/div>\n    \n            \n    \t<div class=\"ue-item-btn-holder\">   \n           <a target=\"_blank\" href=\"https:\/\/tidolore.ch\/staging\/sindrome-dolorosa-regionale-complessa\/\" class=\"uc_more_btn ue-dynamic-popup-single \" href='https:\/\/tidolore.ch\/staging\/sindrome-dolorosa-regionale-complessa\/'>Leggi Tutto<\/a>\n\t\t<\/div>\n    \n          <\/div>\n    \n  \n    \n<\/div>\n<div class=\"uc_image_carousel_container_holder uc_carousel_item ue-item\">\n  \n    <div class=\"uc_image_carousel_placeholder elementor-animation-grow\">\n        <a href=\"https:\/\/tidolore.ch\/staging\/sindrome-del-dolore-spinale-persistente\/\" style=\"display:block;\">         \n            <img loading=\"lazy\" decoding=\"async\" src=\"https:\/\/tidolore.ch\/staging\/wp-content\/uploads\/2025\/07\/dreamstime_m_128936884-768x512.jpg\"  src=\"https:\/\/tidolore.ch\/staging\/wp-content\/uploads\/2025\/07\/dreamstime_m_128936884-768x512.jpg\" alt=\"Foto stock\" width=\"768\" height=\"512\" alt=\"Foto stock\" title=\"Foto stock\"> \n        \t\n        <div class=\"ue_pos_carousel_image_overlay\"><\/div>\n    <\/a>      <\/div>\n  \n  \n    <div class=\"uc_image_carousel_content\" >\n        <div>\n          \n                            \n          \n                   <a href=\"https:\/\/tidolore.ch\/staging\/sindrome-del-dolore-spinale-persistente\/\">            <div class=\"uc_post_title\">Dolore spinale persistente dopo intervento chirurgico<\/div>\n          <\/a>                   \n         \n         <div class=\"ue-meta-data\">\n                        \t\t\t            \n                                    \n            \n                        \n                        \n                       \n                      \n           \n             \n            \n          <\/div>          \n          \n        <div class=\"uc_paragraph\" >La sindrome del dolore spinale persistente di tipo 2 descrive una condizione in cui il dolore alla colonna...<\/div>        \n        <\/div>\n    \n            \n    \t<div class=\"ue-item-btn-holder\">   \n           <a target=\"_blank\" href=\"https:\/\/tidolore.ch\/staging\/sindrome-del-dolore-spinale-persistente\/\" class=\"uc_more_btn ue-dynamic-popup-single \" href='https:\/\/tidolore.ch\/staging\/sindrome-del-dolore-spinale-persistente\/'>Leggi Tutto<\/a>\n\t\t<\/div>\n    \n          <\/div>\n    \n  \n    \n<\/div>\n<div class=\"uc_image_carousel_container_holder uc_carousel_item ue-item\">\n  \n    <div class=\"uc_image_carousel_placeholder elementor-animation-grow\">\n        <a href=\"https:\/\/tidolore.ch\/staging\/radicolopatia-cervicale\/\" style=\"display:block;\">         \n            <img loading=\"lazy\" decoding=\"async\" src=\"https:\/\/tidolore.ch\/staging\/wp-content\/uploads\/2025\/07\/dreamstime_m_266484448-768x512.jpg\"  src=\"https:\/\/tidolore.ch\/staging\/wp-content\/uploads\/2025\/07\/dreamstime_m_266484448-768x512.jpg\" alt=\"Foto stock\" width=\"768\" height=\"512\" alt=\"Foto stock\" title=\"Foto stock\"> \n        \t\n        <div class=\"ue_pos_carousel_image_overlay\"><\/div>\n    <\/a>      <\/div>\n  \n  \n    <div class=\"uc_image_carousel_content\" >\n        <div>\n          \n                            \n          \n                   <a href=\"https:\/\/tidolore.ch\/staging\/radicolopatia-cervicale\/\">            <div class=\"uc_post_title\">Radicolopatia cervicale<\/div>\n          <\/a>                   \n         \n         <div class=\"ue-meta-data\">\n                        \t\t\t            \n                                    \n            \n                        \n                        \n                       \n                      \n           \n             \n            \n          <\/div>          \n          \n        <div class=\"uc_paragraph\" >La radicolopatia cervicale \u00e8 una condizione in cui una o pi\u00f9 radici nervose del rachide cervicale (nella...<\/div>        \n        <\/div>\n    \n            \n    \t<div class=\"ue-item-btn-holder\">   \n           <a target=\"_blank\" href=\"https:\/\/tidolore.ch\/staging\/radicolopatia-cervicale\/\" class=\"uc_more_btn ue-dynamic-popup-single \" href='https:\/\/tidolore.ch\/staging\/radicolopatia-cervicale\/'>Leggi Tutto<\/a>\n\t\t<\/div>\n    \n          <\/div>\n    \n  \n    \n<\/div>\n<div class=\"uc_image_carousel_container_holder uc_carousel_item ue-item\">\n  \n    <div class=\"uc_image_carousel_placeholder elementor-animation-grow\">\n        <a href=\"https:\/\/tidolore.ch\/staging\/sindrome-delle-faccette-articolari-cervicale\/\" style=\"display:block;\">         \n            <img loading=\"lazy\" decoding=\"async\" src=\"https:\/\/tidolore.ch\/staging\/wp-content\/uploads\/2025\/06\/Lumbar-Stenosis-Before-e1774800757242-768x672.png\"  src=\"https:\/\/tidolore.ch\/staging\/wp-content\/uploads\/2025\/06\/Lumbar-Stenosis-Before-e1774800757242-768x672.png\" alt=\"Lumbar Stenosis Before\" width=\"768\" height=\"672\" alt=\"Lumbar Stenosis Before\" title=\"Lumbar Stenosis Before\"> \n        \t\n        <div class=\"ue_pos_carousel_image_overlay\"><\/div>\n    <\/a>      <\/div>\n  \n  \n    <div class=\"uc_image_carousel_content\" >\n        <div>\n          \n                            \n          \n                   <a href=\"https:\/\/tidolore.ch\/staging\/sindrome-delle-faccette-articolari-cervicale\/\">            <div class=\"uc_post_title\">Le faccette articolari cervicale<\/div>\n          <\/a>                   \n         \n         <div class=\"ue-meta-data\">\n                        \t\t\t            \n                                    \n            \n                        \n                        \n                       \n                      \n           \n             \n            \n          <\/div>          \n          \n        <div class=\"uc_paragraph\" >Le faccette articolari del collo sono piccole articolazioni che permettono i movimenti di rotazione,...<\/div>        \n        <\/div>\n    \n            \n    \t<div class=\"ue-item-btn-holder\">   \n           <a target=\"_blank\" href=\"https:\/\/tidolore.ch\/staging\/sindrome-delle-faccette-articolari-cervicale\/\" class=\"uc_more_btn ue-dynamic-popup-single \" href='https:\/\/tidolore.ch\/staging\/sindrome-delle-faccette-articolari-cervicale\/'>Leggi Tutto<\/a>\n\t\t<\/div>\n    \n          <\/div>\n    \n  \n    \n<\/div>\n<div class=\"uc_image_carousel_container_holder uc_carousel_item ue-item\">\n  \n    <div class=\"uc_image_carousel_placeholder elementor-animation-grow\">\n        <a href=\"https:\/\/tidolore.ch\/staging\/sciatalgia\/\" style=\"display:block;\">         \n            <img loading=\"lazy\" decoding=\"async\" src=\"https:\/\/tidolore.ch\/staging\/wp-content\/uploads\/2025\/07\/image-6-768x513.png\"  src=\"https:\/\/tidolore.ch\/staging\/wp-content\/uploads\/2025\/07\/image-6-768x513.png\" alt=\"Foto stock\" width=\"768\" height=\"513\" alt=\"Foto stock\" title=\"Foto stock\"> \n        \t\n        <div class=\"ue_pos_carousel_image_overlay\"><\/div>\n    <\/a>      <\/div>\n  \n  \n    <div class=\"uc_image_carousel_content\" >\n        <div>\n          \n                            \n          \n                   <a href=\"https:\/\/tidolore.ch\/staging\/sciatalgia\/\">            <div class=\"uc_post_title\">Sciatalgia<\/div>\n          <\/a>                   \n         \n         <div class=\"ue-meta-data\">\n                        \t\t\t            \n                                    \n            \n                        \n                        \n                       \n                      \n           \n             \n            \n          <\/div>          \n          \n        <div class=\"uc_paragraph\" >Cos&#8217;\u00e8?\n\n\nLa sciatalgia \u00e8 un dolore che si irradia lungo il percorso del nervo sciatico, il pi\u00f9...<\/div>        \n        <\/div>\n    \n            \n    \t<div class=\"ue-item-btn-holder\">   \n           <a target=\"_blank\" href=\"https:\/\/tidolore.ch\/staging\/sciatalgia\/\" class=\"uc_more_btn ue-dynamic-popup-single \" href='https:\/\/tidolore.ch\/staging\/sciatalgia\/'>Leggi Tutto<\/a>\n\t\t<\/div>\n    \n          <\/div>\n    \n  \n    \n<\/div>\n<div class=\"uc_image_carousel_container_holder uc_carousel_item ue-item\">\n  \n    <div class=\"uc_image_carousel_placeholder elementor-animation-grow\">\n        <a href=\"https:\/\/tidolore.ch\/staging\/stenosi-del-canale-spinale\/\" style=\"display:block;\">         \n            <img loading=\"lazy\" decoding=\"async\" src=\"https:\/\/tidolore.ch\/staging\/wp-content\/uploads\/2025\/07\/Image-from-ViewMedica-768x432.png\"  src=\"https:\/\/tidolore.ch\/staging\/wp-content\/uploads\/2025\/07\/Image-from-ViewMedica-768x432.png\" alt=\"Visualizzazione della stenosi del canale spinale\" width=\"768\" height=\"432\" alt=\"Visualizzazione della stenosi del canale spinale\" title=\"Visualizzazione della stenosi del canale spinale\"> \n        \t\n        <div class=\"ue_pos_carousel_image_overlay\"><\/div>\n    <\/a>      <\/div>\n  \n  \n    <div class=\"uc_image_carousel_content\" >\n        <div>\n          \n                            \n          \n                   <a href=\"https:\/\/tidolore.ch\/staging\/stenosi-del-canale-spinale\/\">            <div class=\"uc_post_title\">Stenosi del canale spinale<\/div>\n          <\/a>                   \n         \n         <div class=\"ue-meta-data\">\n                        \t\t\t            \n                                    \n            \n                        \n                        \n                       \n                      \n           \n             \n            \n          <\/div>          \n          \n        <div class=\"uc_paragraph\" >La stenosi del canale spinale \u00e8 una delle cause pi\u00f9 comuni di dolore lombare cronico, soprattutto negli...<\/div>        \n        <\/div>\n    \n            \n    \t<div class=\"ue-item-btn-holder\">   \n           <a target=\"_blank\" href=\"https:\/\/tidolore.ch\/staging\/stenosi-del-canale-spinale\/\" class=\"uc_more_btn ue-dynamic-popup-single \" href='https:\/\/tidolore.ch\/staging\/stenosi-del-canale-spinale\/'>Leggi Tutto<\/a>\n\t\t<\/div>\n    \n          <\/div>\n    \n  \n    \n<\/div>\n<div class=\"uc_image_carousel_container_holder uc_carousel_item ue-item\">\n  \n    <div class=\"uc_image_carousel_placeholder elementor-animation-grow\">\n        <a href=\"https:\/\/tidolore.ch\/staging\/dolore-discogenico\/\" style=\"display:block;\">         \n            <img loading=\"lazy\" decoding=\"async\" src=\"https:\/\/tidolore.ch\/staging\/wp-content\/uploads\/2025\/07\/Plif-Image-768x432.png\"  src=\"https:\/\/tidolore.ch\/staging\/wp-content\/uploads\/2025\/07\/Plif-Image-768x432.png\" alt=\"Visualizzazione del dolore discogenico\" width=\"768\" height=\"432\" alt=\"Visualizzazione del dolore discogenico\" title=\"Visualizzazione del dolore discogenico\"> \n        \t\n        <div class=\"ue_pos_carousel_image_overlay\"><\/div>\n    <\/a>      <\/div>\n  \n  \n    <div class=\"uc_image_carousel_content\" >\n        <div>\n          \n                            \n          \n                   <a href=\"https:\/\/tidolore.ch\/staging\/dolore-discogenico\/\">            <div class=\"uc_post_title\">Dolore Discogenico<\/div>\n          <\/a>                   \n         \n         <div class=\"ue-meta-data\">\n                        \t\t\t            \n                                    \n            \n                        \n                        \n                       \n                      \n           \n             \n            \n          <\/div>          \n          \n        <div class=\"uc_paragraph\" >Fino al 40% dei pazienti con dolore lombare cronico presenta un\u2019origine discale del dolore.\n\n\nChe cos\u2019\u00e8...<\/div>        \n        <\/div>\n    \n            \n    \t<div class=\"ue-item-btn-holder\">   \n           <a target=\"_blank\" href=\"https:\/\/tidolore.ch\/staging\/dolore-discogenico\/\" class=\"uc_more_btn ue-dynamic-popup-single \" href='https:\/\/tidolore.ch\/staging\/dolore-discogenico\/'>Leggi Tutto<\/a>\n\t\t<\/div>\n    \n          <\/div>\n    \n  \n    \n<\/div>\n<div class=\"uc_image_carousel_container_holder uc_carousel_item ue-item\">\n  \n    <div class=\"uc_image_carousel_placeholder elementor-animation-grow\">\n        <a href=\"https:\/\/tidolore.ch\/staging\/sindrome-delle-faccette-articolari\/\" style=\"display:block;\">         \n            <img loading=\"lazy\" decoding=\"async\" src=\"https:\/\/tidolore.ch\/staging\/wp-content\/uploads\/2025\/06\/Lumbar-Stenosis-Before-e1774800757242-768x672.png\"  src=\"https:\/\/tidolore.ch\/staging\/wp-content\/uploads\/2025\/06\/Lumbar-Stenosis-Before-e1774800757242-768x672.png\" alt=\"Lumbar Stenosis Before\" width=\"768\" height=\"672\" alt=\"Lumbar Stenosis Before\" title=\"Lumbar Stenosis Before\"> \n        \t\n        <div class=\"ue_pos_carousel_image_overlay\"><\/div>\n    <\/a>      <\/div>\n  \n  \n    <div class=\"uc_image_carousel_content\" >\n        <div>\n          \n                            \n          \n                   <a href=\"https:\/\/tidolore.ch\/staging\/sindrome-delle-faccette-articolari\/\">            <div class=\"uc_post_title\">Sindrome delle faccette articolari<\/div>\n          <\/a>                   \n         \n         <div class=\"ue-meta-data\">\n                        \t\t\t            \n                                    \n            \n                        \n                        \n                       \n                      \n           \n             \n            \n          <\/div>          \n          \n        <div class=\"uc_paragraph\" >Una causa frequente: la sindrome delle faccette articolari\n\n\nIn circa il 15-41% dei pazienti con dolore...<\/div>        \n        <\/div>\n    \n            \n    \t<div class=\"ue-item-btn-holder\">   \n           <a target=\"_blank\" href=\"https:\/\/tidolore.ch\/staging\/sindrome-delle-faccette-articolari\/\" class=\"uc_more_btn ue-dynamic-popup-single \" href='https:\/\/tidolore.ch\/staging\/sindrome-delle-faccette-articolari\/'>Leggi Tutto<\/a>\n\t\t<\/div>\n    \n          <\/div>\n    \n  \n    \n<\/div>\n\n   <\/div>\t\n<\/div>\n\n\n<!-- end Post Carousel -->\t\t\t\t<\/div>\n\t\t\t\t<\/div>\n\t\t\t\t\t<\/div>\n\t\t\t\t<\/div>\n\t\t<div class=\"elementor-element elementor-element-f9e59de e-flex e-con-boxed e-con e-parent\" data-id=\"f9e59de\" data-element_type=\"container\" data-e-type=\"container\">\n\t\t\t\t\t<div class=\"e-con-inner\">\n\t\t\t\t<div class=\"elementor-element elementor-element-445f89f elementor-widget elementor-widget-heading\" data-id=\"445f89f\" data-element_type=\"widget\" data-e-type=\"widget\" data-widget_type=\"heading.default\">\n\t\t\t\t<div class=\"elementor-widget-container\">\n\t\t\t\t\t<h2 class=\"elementor-heading-title elementor-size-default\">I Nostri Trattamenti<\/h2>\t\t\t\t<\/div>\n\t\t\t\t<\/div>\n\t\t\t\t<div class=\"elementor-element elementor-element-2299c51 elementor-widget__width-initial elementor-widget elementor-widget-ucaddon_post_carousel\" data-id=\"2299c51\" data-element_type=\"widget\" data-e-type=\"widget\" data-widget_type=\"ucaddon_post_carousel.default\">\n\t\t\t\t<div class=\"elementor-widget-container\">\n\t\t\t\t\t\n<!-- start Post Carousel -->\n\n<style>\/* widget: Post Carousel *\/\n\n#uc_post_carousel_elementor_2299c51-wrapper{\n  min-height:1px;\n}\n\n#uc_post_carousel_elementor_2299c51 *{\n  box-sizing:border-box;\n}\n\n#uc_post_carousel_elementor_2299c51 .ue-grid-item-category a{\n  white-space: nowrap;\n}\n\n\n#uc_post_carousel_elementor_2299c51{\n  position:relative;\n}\n\n.uc_post_title{\n  font-size:21px;\n}\n\n#uc_post_carousel_elementor_2299c51 .ue-item{\n  transition:0.3s;\n  position:relative;\n}\n\n#uc_post_carousel_elementor_2299c51 .uc_image_carousel_placeholder{\n  position:relative;\n}\n\n#uc_post_carousel_elementor_2299c51 .ue_pos_carousel_image_overlay{\n  position:absolute;\n  top:0;\n  bottom:0;\n  left:0;\n  right:0;\n  transition:0.3s;\n}\n\n#uc_post_carousel_elementor_2299c51 .owl-stage{\n  display:flex;\n}\n\n#uc_post_carousel_elementor_2299c51 .uc_image_carousel_container_holder{\n  display: flex;\n  flex-direction: column;\n  height: 100%;\n}\n\n#uc_post_carousel_elementor_2299c51 .uc_image_carousel_content{\n  flex-grow: 1;\n  justify-content: space-between;}\n\n\n#uc_post_carousel_elementor_2299c51 .uc_carousel_item{\n  overflow:hidden;\n}\n\n#uc_post_carousel_elementor_2299c51 .owl-nav .owl-prev{\n    position:absolute;\n    display:inline-block;\n    text-align:center;  \t\n    \t\n\n}\n#uc_post_carousel_elementor_2299c51 .owl-nav .owl-next{\n  position:absolute;\n  display:inline-block;\n  text-align:center;\n  \t\n}\n\n\n#uc_post_carousel_elementor_2299c51 .owl-dots {\n  overflow:hidden;\n  display:flex !important;\n}\n\n#uc_post_carousel_elementor_2299c51 .owl-dot {\n  border-radius:50%;\n  display:inline-block;\n  padding: 0;\n}\n\n#uc_post_carousel_elementor_2299c51 .uc_more_btn{\n  display:inline-block;\n  text-align:center;\n  text-decoration:none;\n}  \n\n#uc_post_carousel_elementor_2299c51 .uc_more_btn svg{\n  width:1em;\n  height:1em;\n}\n\n#uc_post_carousel_elementor_2299c51 .uc_image_carousel_placeholder{\n  overflow:hidden;\n}\n#uc_post_carousel_elementor_2299c51 .uc_image_carousel_placeholder img{\n  display:block;\n  width:100%;\n}\n\n#uc_post_carousel_elementor_2299c51 .uc_image_carousel_content {\n  display:flex;\n  flex-direction:column;\n}\n\n\t\n\n\n\n\n\n\n\n\n\n#uc_post_carousel_elementor_2299c51 .ue-meta-data{  \n  display:flex !important;\n  flex-wrap: wrap;\n  line-height:1em;\n}\n\n#uc_post_carousel_elementor_2299c51 .ue-grid-item-meta-data{\n      display:inline-flex;\n      align-items:center;\n}\n\n.ue-grid-item-meta-data{\n  font-size:12px;\n}\n\n#uc_post_carousel_elementor_2299c51 .ue-grid-item-meta-data-icon{\n  line-height:1em;\n}\n\n#uc_post_carousel_elementor_2299c51 .ue-grid-item-meta-data-icon svg{\n  width:1em;\n  height:1em;\n}\n\n#uc_post_carousel_elementor_2299c51 .ue-debug-meta{\n  padding:10px;\n  border:1px solid red;\n  position:relative;\n  line-height:1.5em;\n  font-size:11px;\n  width:100%;\n}\n\n\n\n#uc_post_carousel_elementor_2299c51 .owl-nav .owl-prev.disabled,\n#uc_post_carousel_elementor_2299c51 .owl-nav .owl-next.disabled {\n   display: none;\n}\n\n<\/style>\n\n<div class=\"uc_overlay_image_carousel\" id=\"uc_post_carousel_elementor_2299c51-wrapper\">\n   <div class=\"uc_carousel owl-carousel owl-theme uc-items-wrapper  \" data-custom-sethtml=\"true\"  data-id=\"\" id=\"uc_post_carousel_elementor_2299c51\" >\n   \t\t<div class=\"uc_image_carousel_container_holder uc_carousel_item ue-item\">\n  \n    <div class=\"uc_image_carousel_placeholder elementor-animation-grow\">\n        <a href=\"https:\/\/tidolore.ch\/staging\/plasma-ricco-di-piastrine-prp\/\" style=\"display:block;\">                    <img decoding=\"async\" src=\"https:\/\/tidolore.ch\/staging\/wp-content\/uploads\/ac_assets\/post_carousel\/\/placeholder.jpg\"> \n        \t\n        <div class=\"ue_pos_carousel_image_overlay\"><\/div>\n    <\/a>      <\/div>\n  \n  \n    <div class=\"uc_image_carousel_content\" >\n        <div>\n          \n                            \n          \n                   <a href=\"https:\/\/tidolore.ch\/staging\/plasma-ricco-di-piastrine-prp\/\">            <div class=\"uc_post_title\">Plasma Ricco di Piastrine (PRP)<\/div>\n          <\/a>                   \n         \n         <div class=\"ue-meta-data\">\n                        \t\t\t            \n                                    \n            \n                        \n                        \n                       \n                      \n           \n             \n            \n          <\/div>          \n          \n        <div class=\"uc_paragraph\" >Che cosa \u00e8 l\u2019iniezione di PRP?\n\n\nL\u2019iniezione di PRP (Plasma Ricco di Piastrine) \u00e8 una procedura medica...<\/div>        \n        <\/div>\n    \n            \n    \t<div class=\"ue-item-btn-holder\">   \n           <a target=\"_blank\" href=\"https:\/\/tidolore.ch\/staging\/plasma-ricco-di-piastrine-prp\/\" class=\"uc_more_btn ue-dynamic-popup-single \" href='https:\/\/tidolore.ch\/staging\/plasma-ricco-di-piastrine-prp\/'>Leggi Tutto<\/a>\n\t\t<\/div>\n    \n          <\/div>\n    \n  \n    \n<\/div>\n<div class=\"uc_image_carousel_container_holder uc_carousel_item ue-item\">\n  \n    <div class=\"uc_image_carousel_placeholder elementor-animation-grow\">\n        <a href=\"https:\/\/tidolore.ch\/staging\/neuropatia-dei-nervi-cluneali\/\" style=\"display:block;\">         \n            <img loading=\"lazy\" decoding=\"async\" src=\"https:\/\/tidolore.ch\/staging\/wp-content\/uploads\/2025\/08\/dreamstime_m_238107192-768x512.jpg\"  src=\"https:\/\/tidolore.ch\/staging\/wp-content\/uploads\/2025\/08\/dreamstime_m_238107192-768x512.jpg\" alt=\"Foto stock\" width=\"768\" height=\"512\" alt=\"Foto stock\" title=\"Foto stock\"> \n        \t\n        <div class=\"ue_pos_carousel_image_overlay\"><\/div>\n    <\/a>      <\/div>\n  \n  \n    <div class=\"uc_image_carousel_content\" >\n        <div>\n          \n                            \n          \n                   <a href=\"https:\/\/tidolore.ch\/staging\/neuropatia-dei-nervi-cluneali\/\">            <div class=\"uc_post_title\">Neuropatia dei nervi cluneali<\/div>\n          <\/a>                   \n         \n         <div class=\"ue-meta-data\">\n                        \t\t\t            \n                                    \n            \n                        \n                        \n                       \n                      \n           \n             \n            \n          <\/div>          \n          \n        <div class=\"uc_paragraph\" >La neuropatia dei nervi cluneali \u00e8 una causa poco conosciuta ma non rara di dolore nella parte bassa...<\/div>        \n        <\/div>\n    \n            \n    \t<div class=\"ue-item-btn-holder\">   \n           <a target=\"_blank\" href=\"https:\/\/tidolore.ch\/staging\/neuropatia-dei-nervi-cluneali\/\" class=\"uc_more_btn ue-dynamic-popup-single \" href='https:\/\/tidolore.ch\/staging\/neuropatia-dei-nervi-cluneali\/'>Leggi Tutto<\/a>\n\t\t<\/div>\n    \n          <\/div>\n    \n  \n    \n<\/div>\n<div class=\"uc_image_carousel_container_holder uc_carousel_item ue-item\">\n  \n    <div class=\"uc_image_carousel_placeholder elementor-animation-grow\">\n        <a href=\"https:\/\/tidolore.ch\/staging\/radiofrequenza-dei-nervi-cluneali\/\" style=\"display:block;\">         \n            <img loading=\"lazy\" decoding=\"async\" src=\"https:\/\/tidolore.ch\/staging\/wp-content\/uploads\/2025\/08\/dreamstime_m_217430363-768x513.jpg\"  src=\"https:\/\/tidolore.ch\/staging\/wp-content\/uploads\/2025\/08\/dreamstime_m_217430363-768x513.jpg\" alt=\"Foto stock\" width=\"768\" height=\"513\" alt=\"Foto stock\" title=\"Foto stock\"> \n        \t\n        <div class=\"ue_pos_carousel_image_overlay\"><\/div>\n    <\/a>      <\/div>\n  \n  \n    <div class=\"uc_image_carousel_content\" >\n        <div>\n          \n                            \n          \n                   <a href=\"https:\/\/tidolore.ch\/staging\/radiofrequenza-dei-nervi-cluneali\/\">            <div class=\"uc_post_title\">Radiofrequenza dei nervi cluneali<\/div>\n          <\/a>                   \n         \n         <div class=\"ue-meta-data\">\n                        \t\t\t            \n                                    \n            \n                        \n                        \n                       \n                      \n           \n             \n            \n          <\/div>          \n          \n        <div class=\"uc_paragraph\" >I nervi cluneali superiori sono piccoli nervi sensoriali che partono dalla parte bassa della colonna...<\/div>        \n        <\/div>\n    \n            \n    \t<div class=\"ue-item-btn-holder\">   \n           <a target=\"_blank\" href=\"https:\/\/tidolore.ch\/staging\/radiofrequenza-dei-nervi-cluneali\/\" class=\"uc_more_btn ue-dynamic-popup-single \" href='https:\/\/tidolore.ch\/staging\/radiofrequenza-dei-nervi-cluneali\/'>Leggi Tutto<\/a>\n\t\t<\/div>\n    \n          <\/div>\n    \n  \n    \n<\/div>\n<div class=\"uc_image_carousel_container_holder uc_carousel_item ue-item\">\n  \n    <div class=\"uc_image_carousel_placeholder elementor-animation-grow\">\n        <a href=\"https:\/\/tidolore.ch\/staging\/blocco-diagnostico-del-nervo-soprascapolare\/\" style=\"display:block;\">         \n            <img loading=\"lazy\" decoding=\"async\" src=\"https:\/\/tidolore.ch\/staging\/wp-content\/uploads\/2025\/08\/shoulder_post02.png\"  src=\"https:\/\/tidolore.ch\/staging\/wp-content\/uploads\/2025\/08\/shoulder_post02.png\" alt=\"Spalla visualizzazione\" width=\"386\" height=\"500\" alt=\"Spalla visualizzazione\" title=\"Spalla visualizzazione\"> \n        \t\n        <div class=\"ue_pos_carousel_image_overlay\"><\/div>\n    <\/a>      <\/div>\n  \n  \n    <div class=\"uc_image_carousel_content\" >\n        <div>\n          \n                            \n          \n                   <a href=\"https:\/\/tidolore.ch\/staging\/blocco-diagnostico-del-nervo-soprascapolare\/\">            <div class=\"uc_post_title\">Blocco Diagnostico del Nervo Soprascapolare<\/div>\n          <\/a>                   \n         \n         <div class=\"ue-meta-data\">\n                        \t\t\t            \n                                    \n            \n                        \n                        \n                       \n                      \n           \n             \n            \n          <\/div>          \n          \n        <div class=\"uc_paragraph\" >Prima di eseguire trattamenti pi\u00f9 avanzati come la radiofrequenza pulsata, \u00e8 importante capire come il...<\/div>        \n        <\/div>\n    \n            \n    \t<div class=\"ue-item-btn-holder\">   \n           <a target=\"_blank\" href=\"https:\/\/tidolore.ch\/staging\/blocco-diagnostico-del-nervo-soprascapolare\/\" class=\"uc_more_btn ue-dynamic-popup-single \" href='https:\/\/tidolore.ch\/staging\/blocco-diagnostico-del-nervo-soprascapolare\/'>Leggi Tutto<\/a>\n\t\t<\/div>\n    \n          <\/div>\n    \n  \n    \n<\/div>\n<div class=\"uc_image_carousel_container_holder uc_carousel_item ue-item\">\n  \n    <div class=\"uc_image_carousel_placeholder elementor-animation-grow\">\n        <a href=\"https:\/\/tidolore.ch\/staging\/dolore-alla-spalla\/\" style=\"display:block;\">         \n            <img loading=\"lazy\" decoding=\"async\" src=\"https:\/\/tidolore.ch\/staging\/wp-content\/uploads\/2025\/08\/dreamstime_m_74662678-768x512.jpg\"  src=\"https:\/\/tidolore.ch\/staging\/wp-content\/uploads\/2025\/08\/dreamstime_m_74662678-768x512.jpg\" alt=\"Foto stock\" width=\"768\" height=\"512\" alt=\"Foto stock\" title=\"Foto stock\"> \n        \t\n        <div class=\"ue_pos_carousel_image_overlay\"><\/div>\n    <\/a>      <\/div>\n  \n  \n    <div class=\"uc_image_carousel_content\" >\n        <div>\n          \n                            \n          \n                   <a href=\"https:\/\/tidolore.ch\/staging\/dolore-alla-spalla\/\">            <div class=\"uc_post_title\">Dolore alla Spalla<\/div>\n          <\/a>                   \n         \n         <div class=\"ue-meta-data\">\n                        \t\t\t            \n                                    \n            \n                        \n                        \n                       \n                      \n           \n             \n            \n          <\/div>          \n          \n        <div class=\"uc_paragraph\" >La spalla \u00e8 una delle articolazioni pi\u00f9 complesse del corpo. Permette un ampio raggio di movimento grazie...<\/div>        \n        <\/div>\n    \n            \n    \t<div class=\"ue-item-btn-holder\">   \n           <a target=\"_blank\" href=\"https:\/\/tidolore.ch\/staging\/dolore-alla-spalla\/\" class=\"uc_more_btn ue-dynamic-popup-single \" href='https:\/\/tidolore.ch\/staging\/dolore-alla-spalla\/'>Leggi Tutto<\/a>\n\t\t<\/div>\n    \n          <\/div>\n    \n  \n    \n<\/div>\n<div class=\"uc_image_carousel_container_holder uc_carousel_item ue-item\">\n  \n    <div class=\"uc_image_carousel_placeholder elementor-animation-grow\">\n        <a href=\"https:\/\/tidolore.ch\/staging\/capsaicine\/\" style=\"display:block;\">         \n            <img loading=\"lazy\" decoding=\"async\" src=\"https:\/\/tidolore.ch\/staging\/wp-content\/uploads\/2025\/07\/WhatsApp-Image-2026-01-06-at-16.53.15-768x512.jpeg\"  src=\"https:\/\/tidolore.ch\/staging\/wp-content\/uploads\/2025\/07\/WhatsApp-Image-2026-01-06-at-16.53.15-768x512.jpeg\" alt=\"Valeria Fumagalli lavorando\" width=\"768\" height=\"512\" alt=\"Valeria Fumagalli lavorando\" title=\"Valeria Fumagalli lavorando\"> \n        \t\n        <div class=\"ue_pos_carousel_image_overlay\"><\/div>\n    <\/a>      <\/div>\n  \n  \n    <div class=\"uc_image_carousel_content\" >\n        <div>\n          \n                            \n          \n                   <a href=\"https:\/\/tidolore.ch\/staging\/capsaicine\/\">            <div class=\"uc_post_title\">CAPSAICINE 8%<\/div>\n          <\/a>                   \n         \n         <div class=\"ue-meta-data\">\n                        \t\t\t            \n                                    \n            \n                        \n                        \n                       \n                      \n           \n             \n            \n          <\/div>          \n          \n        <div class=\"uc_paragraph\" >La capsaicina \u00e8 una sostanza naturale derivata dal peperoncino, conosciuta per la sua capacit\u00e0 di influenzare...<\/div>        \n        <\/div>\n    \n            \n    \t<div class=\"ue-item-btn-holder\">   \n           <a target=\"_blank\" href=\"https:\/\/tidolore.ch\/staging\/capsaicine\/\" class=\"uc_more_btn ue-dynamic-popup-single \" href='https:\/\/tidolore.ch\/staging\/capsaicine\/'>Leggi Tutto<\/a>\n\t\t<\/div>\n    \n          <\/div>\n    \n  \n    \n<\/div>\n<div class=\"uc_image_carousel_container_holder uc_carousel_item ue-item\">\n  \n    <div class=\"uc_image_carousel_placeholder elementor-animation-grow\">\n        <a href=\"https:\/\/tidolore.ch\/staging\/dolore-correlato-alla-sindrome-di-ehlers-danlos\/\" style=\"display:block;\">         \n            <img loading=\"lazy\" decoding=\"async\" src=\"https:\/\/tidolore.ch\/staging\/wp-content\/uploads\/2025\/07\/dreamstime_m_270415598-768x542.jpg\"  src=\"https:\/\/tidolore.ch\/staging\/wp-content\/uploads\/2025\/07\/dreamstime_m_270415598-768x542.jpg\" alt=\"Foto stock\" width=\"768\" height=\"542\" alt=\"Foto stock\" title=\"Foto stock\"> \n        \t\n        <div class=\"ue_pos_carousel_image_overlay\"><\/div>\n    <\/a>      <\/div>\n  \n  \n    <div class=\"uc_image_carousel_content\" >\n        <div>\n          \n                            \n          \n                   <a href=\"https:\/\/tidolore.ch\/staging\/dolore-correlato-alla-sindrome-di-ehlers-danlos\/\">            <div class=\"uc_post_title\">Dolore correlato alla Sindrome di Ehlers-Danlos<\/div>\n          <\/a>                   \n         \n         <div class=\"ue-meta-data\">\n                        \t\t\t            \n                                    \n            \n                        \n                        \n                       \n                      \n           \n             \n            \n          <\/div>          \n          \n        <div class=\"uc_paragraph\" >Cos\u2019\u00e8?\n\n\n\n\n\n\nLa Sindrome di Ehlers-Danlos (EDS) \u00e8 un gruppo di condizioni genetiche che colpiscono i...<\/div>        \n        <\/div>\n    \n            \n    \t<div class=\"ue-item-btn-holder\">   \n           <a target=\"_blank\" href=\"https:\/\/tidolore.ch\/staging\/dolore-correlato-alla-sindrome-di-ehlers-danlos\/\" class=\"uc_more_btn ue-dynamic-popup-single \" href='https:\/\/tidolore.ch\/staging\/dolore-correlato-alla-sindrome-di-ehlers-danlos\/'>Leggi Tutto<\/a>\n\t\t<\/div>\n    \n          <\/div>\n    \n  \n    \n<\/div>\n<div class=\"uc_image_carousel_container_holder uc_carousel_item ue-item\">\n  \n    <div class=\"uc_image_carousel_placeholder elementor-animation-grow\">\n        <a href=\"https:\/\/tidolore.ch\/staging\/dolore-legato-al-cancro\/\" style=\"display:block;\">         \n            <img loading=\"lazy\" decoding=\"async\" src=\"https:\/\/tidolore.ch\/staging\/wp-content\/uploads\/2025\/07\/dreamstime_m_99219098-768x543.jpg\"  src=\"https:\/\/tidolore.ch\/staging\/wp-content\/uploads\/2025\/07\/dreamstime_m_99219098-768x543.jpg\" alt=\"Foto stock\" width=\"768\" height=\"543\" alt=\"Foto stock\" title=\"Foto stock\"> \n        \t\n        <div class=\"ue_pos_carousel_image_overlay\"><\/div>\n    <\/a>      <\/div>\n  \n  \n    <div class=\"uc_image_carousel_content\" >\n        <div>\n          \n                            \n          \n                   <a href=\"https:\/\/tidolore.ch\/staging\/dolore-legato-al-cancro\/\">            <div class=\"uc_post_title\">Dolore legato al cancro<\/div>\n          <\/a>                   \n         \n         <div class=\"ue-meta-data\">\n                        \t\t\t            \n                                    \n            \n                        \n                        \n                       \n                      \n           \n             \n            \n          <\/div>          \n          \n        <div class=\"uc_paragraph\" >Anche con una diagnosi difficile, nessuno deve convivere con il dolore inutile\n\n\nCos\u2019\u00e8?\n\n\nIl dolore legato...<\/div>        \n        <\/div>\n    \n            \n    \t<div class=\"ue-item-btn-holder\">   \n           <a target=\"_blank\" href=\"https:\/\/tidolore.ch\/staging\/dolore-legato-al-cancro\/\" class=\"uc_more_btn ue-dynamic-popup-single \" href='https:\/\/tidolore.ch\/staging\/dolore-legato-al-cancro\/'>Leggi Tutto<\/a>\n\t\t<\/div>\n    \n          <\/div>\n    \n  \n    \n<\/div>\n<div class=\"uc_image_carousel_container_holder uc_carousel_item ue-item\">\n  \n    <div class=\"uc_image_carousel_placeholder elementor-animation-grow\">\n        <a href=\"https:\/\/tidolore.ch\/staging\/sindrome-dellarticolazione-sacro-iliaca\/\" style=\"display:block;\">         \n            <img loading=\"lazy\" decoding=\"async\" src=\"https:\/\/tidolore.ch\/staging\/wp-content\/uploads\/2025\/07\/dreamstime_xxl_296045140-768x536.jpg\"  src=\"https:\/\/tidolore.ch\/staging\/wp-content\/uploads\/2025\/07\/dreamstime_xxl_296045140-768x536.jpg\" alt=\"Foto stock\" width=\"768\" height=\"536\" alt=\"Foto stock\" title=\"Foto stock\"> \n        \t\n        <div class=\"ue_pos_carousel_image_overlay\"><\/div>\n    <\/a>      <\/div>\n  \n  \n    <div class=\"uc_image_carousel_content\" >\n        <div>\n          \n                            \n          \n                   <a href=\"https:\/\/tidolore.ch\/staging\/sindrome-dellarticolazione-sacro-iliaca\/\">            <div class=\"uc_post_title\">Articolazione sacro-iliaca<\/div>\n          <\/a>                   \n         \n         <div class=\"ue-meta-data\">\n                        \t\t\t            \n                                    \n            \n                        \n                        \n                       \n                      \n           \n             \n            \n          <\/div>          \n          \n        <div class=\"uc_paragraph\" >Una causa spesso trascurata del mal di schiena cronico\n\n\nIn una percentuale significativa di pazienti...<\/div>        \n        <\/div>\n    \n            \n    \t<div class=\"ue-item-btn-holder\">   \n           <a target=\"_blank\" href=\"https:\/\/tidolore.ch\/staging\/sindrome-dellarticolazione-sacro-iliaca\/\" class=\"uc_more_btn ue-dynamic-popup-single \" href='https:\/\/tidolore.ch\/staging\/sindrome-dellarticolazione-sacro-iliaca\/'>Leggi Tutto<\/a>\n\t\t<\/div>\n    \n          <\/div>\n    \n  \n    \n<\/div>\n<div class=\"uc_image_carousel_container_holder uc_carousel_item ue-item\">\n  \n    <div class=\"uc_image_carousel_placeholder elementor-animation-grow\">\n        <a href=\"https:\/\/tidolore.ch\/staging\/dolore-cronico-post-chirurgico\/\" style=\"display:block;\">         \n            <img loading=\"lazy\" decoding=\"async\" src=\"https:\/\/tidolore.ch\/staging\/wp-content\/uploads\/2025\/07\/dreamstime_m_140156034-768x512.jpg\"  src=\"https:\/\/tidolore.ch\/staging\/wp-content\/uploads\/2025\/07\/dreamstime_m_140156034-768x512.jpg\" alt=\"Foto stock\" width=\"768\" height=\"512\" alt=\"Foto stock\" title=\"Foto stock\"> \n        \t\n        <div class=\"ue_pos_carousel_image_overlay\"><\/div>\n    <\/a>      <\/div>\n  \n  \n    <div class=\"uc_image_carousel_content\" >\n        <div>\n          \n                            \n          \n                   <a href=\"https:\/\/tidolore.ch\/staging\/dolore-cronico-post-chirurgico\/\">            <div class=\"uc_post_title\">Dolore cronico post-chirurgico<\/div>\n          <\/a>                   \n         \n         <div class=\"ue-meta-data\">\n                        \t\t\t            \n                                    \n            \n                        \n                        \n                       \n                      \n           \n             \n            \n          <\/div>          \n          \n        <div class=\"uc_paragraph\" >Cos\u2019\u00e8?\n\n\nIl dolore cronico post-chirurgico \u00e8 un dolore che persiste per oltre 3 mesi dopo un intervento...<\/div>        \n        <\/div>\n    \n            \n    \t<div class=\"ue-item-btn-holder\">   \n           <a target=\"_blank\" href=\"https:\/\/tidolore.ch\/staging\/dolore-cronico-post-chirurgico\/\" class=\"uc_more_btn ue-dynamic-popup-single \" href='https:\/\/tidolore.ch\/staging\/dolore-cronico-post-chirurgico\/'>Leggi Tutto<\/a>\n\t\t<\/div>\n    \n          <\/div>\n    \n  \n    \n<\/div>\n<div class=\"uc_image_carousel_container_holder uc_carousel_item ue-item\">\n  \n    <div class=\"uc_image_carousel_placeholder elementor-animation-grow\">\n        <a href=\"https:\/\/tidolore.ch\/staging\/colpo-di-frusta\/\" style=\"display:block;\">         \n            <img loading=\"lazy\" decoding=\"async\" src=\"https:\/\/tidolore.ch\/staging\/wp-content\/uploads\/2025\/07\/image-12-768x511.png\"  src=\"https:\/\/tidolore.ch\/staging\/wp-content\/uploads\/2025\/07\/image-12-768x511.png\" alt=\"Foto stock\" width=\"768\" height=\"511\" alt=\"Foto stock\" title=\"Foto stock\"> \n        \t\n        <div class=\"ue_pos_carousel_image_overlay\"><\/div>\n    <\/a>      <\/div>\n  \n  \n    <div class=\"uc_image_carousel_content\" >\n        <div>\n          \n                            \n          \n                   <a href=\"https:\/\/tidolore.ch\/staging\/colpo-di-frusta\/\">            <div class=\"uc_post_title\">Colpo di frusta<\/div>\n          <\/a>                   \n         \n         <div class=\"ue-meta-data\">\n                        \t\t\t            \n                                    \n            \n                        \n                        \n                       \n                      \n           \n             \n            \n          <\/div>          \n          \n        <div class=\"uc_paragraph\" >Il colpo della frusta \u00e8 una lesione del rachide cervicale (collo) che avviene quando la testa viene spinta...<\/div>        \n        <\/div>\n    \n            \n    \t<div class=\"ue-item-btn-holder\">   \n           <a target=\"_blank\" href=\"https:\/\/tidolore.ch\/staging\/colpo-di-frusta\/\" class=\"uc_more_btn ue-dynamic-popup-single \" href='https:\/\/tidolore.ch\/staging\/colpo-di-frusta\/'>Leggi Tutto<\/a>\n\t\t<\/div>\n    \n          <\/div>\n    \n  \n    \n<\/div>\n<div class=\"uc_image_carousel_container_holder uc_carousel_item ue-item\">\n  \n    <div class=\"uc_image_carousel_placeholder elementor-animation-grow\">\n        <a href=\"https:\/\/tidolore.ch\/staging\/fibromyalgia\/\" style=\"display:block;\">         \n            <img loading=\"lazy\" decoding=\"async\" src=\"https:\/\/tidolore.ch\/staging\/wp-content\/uploads\/2025\/07\/dreamstime_m_102692985-768x512.jpg\"  src=\"https:\/\/tidolore.ch\/staging\/wp-content\/uploads\/2025\/07\/dreamstime_m_102692985-768x512.jpg\" alt=\"Foto stock\" width=\"768\" height=\"512\" alt=\"Foto stock\" title=\"Foto stock\"> \n        \t\n        <div class=\"ue_pos_carousel_image_overlay\"><\/div>\n    <\/a>      <\/div>\n  \n  \n    <div class=\"uc_image_carousel_content\" >\n        <div>\n          \n                            \n          \n                   <a href=\"https:\/\/tidolore.ch\/staging\/fibromyalgia\/\">            <div class=\"uc_post_title\">Fibromyalgia<\/div>\n          <\/a>                   \n         \n         <div class=\"ue-meta-data\">\n                        \t\t\t            \n                                    \n            \n                        \n                        \n                       \n                      \n           \n             \n            \n          <\/div>          \n          \n        <div class=\"uc_paragraph\" >La fibromialgia \u00e8 una condizione cronica e complessa che causa:\n\n\n\nDolori muscolari e articolari diffusi\n\n\nGrande...<\/div>        \n        <\/div>\n    \n            \n    \t<div class=\"ue-item-btn-holder\">   \n           <a target=\"_blank\" href=\"https:\/\/tidolore.ch\/staging\/fibromyalgia\/\" class=\"uc_more_btn ue-dynamic-popup-single \" href='https:\/\/tidolore.ch\/staging\/fibromyalgia\/'>Leggi Tutto<\/a>\n\t\t<\/div>\n    \n          <\/div>\n    \n  \n    \n<\/div>\n<div class=\"uc_image_carousel_container_holder uc_carousel_item ue-item\">\n  \n    <div class=\"uc_image_carousel_placeholder elementor-animation-grow\">\n        <a href=\"https:\/\/tidolore.ch\/staging\/nevralgia-posterpetica\/\" style=\"display:block;\">         \n            <img loading=\"lazy\" decoding=\"async\" src=\"https:\/\/tidolore.ch\/staging\/wp-content\/uploads\/2025\/07\/dreamstime_m_89592011-768x512.jpg\"  src=\"https:\/\/tidolore.ch\/staging\/wp-content\/uploads\/2025\/07\/dreamstime_m_89592011-768x512.jpg\" alt=\"Foto stock\" width=\"768\" height=\"512\" alt=\"Foto stock\" title=\"Foto stock\"> \n        \t\n        <div class=\"ue_pos_carousel_image_overlay\"><\/div>\n    <\/a>      <\/div>\n  \n  \n    <div class=\"uc_image_carousel_content\" >\n        <div>\n          \n                            \n          \n                   <a href=\"https:\/\/tidolore.ch\/staging\/nevralgia-posterpetica\/\">            <div class=\"uc_post_title\">Nevralgia posterpetica (dolore dopo herpes zoster \/ fuoco di Sant'Antonio)<\/div>\n          <\/a>                   \n         \n         <div class=\"ue-meta-data\">\n                        \t\t\t            \n                                    \n            \n                        \n                        \n                       \n                      \n           \n             \n            \n          <\/div>          \n          \n        <div class=\"uc_paragraph\" >Cos&#8217;\u00e8?\n\n\nLa nevralgia posterpetica \u00e8 la complicanza cronica pi\u00f9 comune dell\u2019herpes zoster. Si tratta...<\/div>        \n        <\/div>\n    \n            \n    \t<div class=\"ue-item-btn-holder\">   \n           <a target=\"_blank\" href=\"https:\/\/tidolore.ch\/staging\/nevralgia-posterpetica\/\" class=\"uc_more_btn ue-dynamic-popup-single \" href='https:\/\/tidolore.ch\/staging\/nevralgia-posterpetica\/'>Leggi Tutto<\/a>\n\t\t<\/div>\n    \n          <\/div>\n    \n  \n    \n<\/div>\n<div class=\"uc_image_carousel_container_holder uc_carousel_item ue-item\">\n  \n    <div class=\"uc_image_carousel_placeholder elementor-animation-grow\">\n        <a href=\"https:\/\/tidolore.ch\/staging\/neuropatie-periferiche\/\" style=\"display:block;\">         \n            <img loading=\"lazy\" decoding=\"async\" src=\"https:\/\/tidolore.ch\/staging\/wp-content\/uploads\/2025\/07\/Painful-Feet-768x576.jpg\"  src=\"https:\/\/tidolore.ch\/staging\/wp-content\/uploads\/2025\/07\/Painful-Feet-768x576.jpg\" alt=\"Dolore ai piedi\" width=\"768\" height=\"576\" alt=\"Dolore ai piedi\" title=\"Dolore ai piedi\"> \n        \t\n        <div class=\"ue_pos_carousel_image_overlay\"><\/div>\n    <\/a>      <\/div>\n  \n  \n    <div class=\"uc_image_carousel_content\" >\n        <div>\n          \n                            \n          \n                   <a href=\"https:\/\/tidolore.ch\/staging\/neuropatie-periferiche\/\">            <div class=\"uc_post_title\">Neuropatie periferiche (diabetiche, tossiche, farmacologiche)<\/div>\n          <\/a>                   \n         \n         <div class=\"ue-meta-data\">\n                        \t\t\t            \n                                    \n            \n                        \n                        \n                       \n                      \n           \n             \n            \n          <\/div>          \n          \n        <div class=\"uc_paragraph\" >La neuropatia periferica \u00e8 una condizione in cui i nervi delle braccia e delle gambe non funzionano pi\u00f9...<\/div>        \n        <\/div>\n    \n            \n    \t<div class=\"ue-item-btn-holder\">   \n           <a target=\"_blank\" href=\"https:\/\/tidolore.ch\/staging\/neuropatie-periferiche\/\" class=\"uc_more_btn ue-dynamic-popup-single \" href='https:\/\/tidolore.ch\/staging\/neuropatie-periferiche\/'>Leggi Tutto<\/a>\n\t\t<\/div>\n    \n          <\/div>\n    \n  \n    \n<\/div>\n<div class=\"uc_image_carousel_container_holder uc_carousel_item ue-item\">\n  \n    <div class=\"uc_image_carousel_placeholder elementor-animation-grow\">\n        <a href=\"https:\/\/tidolore.ch\/staging\/dolore-post-amputazione\/\" style=\"display:block;\">         \n            <img loading=\"lazy\" decoding=\"async\" src=\"https:\/\/tidolore.ch\/staging\/wp-content\/uploads\/2025\/07\/dreamstime_m_117616170-768x512.jpg\"  src=\"https:\/\/tidolore.ch\/staging\/wp-content\/uploads\/2025\/07\/dreamstime_m_117616170-768x512.jpg\" alt=\"Foto stock\" width=\"768\" height=\"512\" alt=\"Foto stock\" title=\"Foto stock\"> \n        \t\n        <div class=\"ue_pos_carousel_image_overlay\"><\/div>\n    <\/a>      <\/div>\n  \n  \n    <div class=\"uc_image_carousel_content\" >\n        <div>\n          \n                            \n          \n                   <a href=\"https:\/\/tidolore.ch\/staging\/dolore-post-amputazione\/\">            <div class=\"uc_post_title\">Dolore post-amputazione (arto fantasma, dolore del moncone)<\/div>\n          <\/a>                   \n         \n         <div class=\"ue-meta-data\">\n                        \t\t\t            \n                                    \n            \n                        \n                        \n                       \n                      \n           \n             \n            \n          <\/div>          \n          \n        <div class=\"uc_paragraph\" >Il dolore post-amputazione \u00e8 una forma di dolore cronico che pu\u00f2 svilupparsi dopo l\u2019asportazione chirurgica...<\/div>        \n        <\/div>\n    \n            \n    \t<div class=\"ue-item-btn-holder\">   \n           <a target=\"_blank\" href=\"https:\/\/tidolore.ch\/staging\/dolore-post-amputazione\/\" class=\"uc_more_btn ue-dynamic-popup-single \" href='https:\/\/tidolore.ch\/staging\/dolore-post-amputazione\/'>Leggi Tutto<\/a>\n\t\t<\/div>\n    \n          <\/div>\n    \n  \n    \n<\/div>\n<div class=\"uc_image_carousel_container_holder uc_carousel_item ue-item\">\n  \n    <div class=\"uc_image_carousel_placeholder elementor-animation-grow\">\n        <a href=\"https:\/\/tidolore.ch\/staging\/dolore-addominale-e-pelvico-cronico\/\" style=\"display:block;\">         \n            <img loading=\"lazy\" decoding=\"async\" src=\"https:\/\/tidolore.ch\/staging\/wp-content\/uploads\/2025\/07\/image-11-768x513.png\"  src=\"https:\/\/tidolore.ch\/staging\/wp-content\/uploads\/2025\/07\/image-11-768x513.png\" alt=\"Foto stock\" width=\"768\" height=\"513\" alt=\"Foto stock\" title=\"Foto stock\"> \n        \t\n        <div class=\"ue_pos_carousel_image_overlay\"><\/div>\n    <\/a>      <\/div>\n  \n  \n    <div class=\"uc_image_carousel_content\" >\n        <div>\n          \n                            \n          \n                   <a href=\"https:\/\/tidolore.ch\/staging\/dolore-addominale-e-pelvico-cronico\/\">            <div class=\"uc_post_title\">Dolore addominale e pelvico cronico<\/div>\n          <\/a>                   \n         \n         <div class=\"ue-meta-data\">\n                        \t\t\t            \n                                    \n            \n                        \n                        \n                       \n                      \n           \n             \n            \n          <\/div>          \n          \n        <div class=\"uc_paragraph\" >Il dolore cronico addominale o pelvico \u00e8 un dolore che persiste per pi\u00f9 di 3 mesi in una zona che comprende...<\/div>        \n        <\/div>\n    \n            \n    \t<div class=\"ue-item-btn-holder\">   \n           <a target=\"_blank\" href=\"https:\/\/tidolore.ch\/staging\/dolore-addominale-e-pelvico-cronico\/\" class=\"uc_more_btn ue-dynamic-popup-single \" href='https:\/\/tidolore.ch\/staging\/dolore-addominale-e-pelvico-cronico\/'>Leggi Tutto<\/a>\n\t\t<\/div>\n    \n          <\/div>\n    \n  \n    \n<\/div>\n<div class=\"uc_image_carousel_container_holder uc_carousel_item ue-item\">\n  \n    <div class=\"uc_image_carousel_placeholder elementor-animation-grow\">\n        <a href=\"https:\/\/tidolore.ch\/staging\/cefalee-e-dolore-facciale\/\" style=\"display:block;\">         \n            <img loading=\"lazy\" decoding=\"async\" src=\"https:\/\/tidolore.ch\/staging\/wp-content\/uploads\/2025\/07\/image-10-768x511.png\"  src=\"https:\/\/tidolore.ch\/staging\/wp-content\/uploads\/2025\/07\/image-10-768x511.png\" alt=\"Foto stock\" width=\"768\" height=\"511\" alt=\"Foto stock\" title=\"Foto stock\"> \n        \t\n        <div class=\"ue_pos_carousel_image_overlay\"><\/div>\n    <\/a>      <\/div>\n  \n  \n    <div class=\"uc_image_carousel_content\" >\n        <div>\n          \n                            \n          \n                   <a href=\"https:\/\/tidolore.ch\/staging\/cefalee-e-dolore-facciale\/\">            <div class=\"uc_post_title\">Cefalee e dolore facciale<\/div>\n          <\/a>                   \n         \n         <div class=\"ue-meta-data\">\n                        \t\t\t            \n                                    \n            \n                        \n                        \n                       \n                      \n           \n             \n            \n          <\/div>          \n          \n        <div class=\"uc_paragraph\" >(Emicrania, Nevralgia occipitale, Nevralgia del Trigemino e altre forme di dolore cronico al volto)\n\n\n\nQuando...<\/div>        \n        <\/div>\n    \n            \n    \t<div class=\"ue-item-btn-holder\">   \n           <a target=\"_blank\" href=\"https:\/\/tidolore.ch\/staging\/cefalee-e-dolore-facciale\/\" class=\"uc_more_btn ue-dynamic-popup-single \" href='https:\/\/tidolore.ch\/staging\/cefalee-e-dolore-facciale\/'>Leggi Tutto<\/a>\n\t\t<\/div>\n    \n          <\/div>\n    \n  \n    \n<\/div>\n<div class=\"uc_image_carousel_container_holder uc_carousel_item ue-item\">\n  \n    <div class=\"uc_image_carousel_placeholder elementor-animation-grow\">\n        <a href=\"https:\/\/tidolore.ch\/staging\/dolori-articolari-cronici\/\" style=\"display:block;\">         \n            <img loading=\"lazy\" decoding=\"async\" src=\"https:\/\/tidolore.ch\/staging\/wp-content\/uploads\/2025\/07\/dreamstime_m_129053740-768x512.jpg\"  src=\"https:\/\/tidolore.ch\/staging\/wp-content\/uploads\/2025\/07\/dreamstime_m_129053740-768x512.jpg\" alt=\"Foto stock\" width=\"768\" height=\"512\" alt=\"Foto stock\" title=\"Foto stock\"> \n        \t\n        <div class=\"ue_pos_carousel_image_overlay\"><\/div>\n    <\/a>      <\/div>\n  \n  \n    <div class=\"uc_image_carousel_content\" >\n        <div>\n          \n                            \n          \n                   <a href=\"https:\/\/tidolore.ch\/staging\/dolori-articolari-cronici\/\">            <div class=\"uc_post_title\">Dolori articolari cronici (Artrosi e Artriti Infiammatorie)<\/div>\n          <\/a>                   \n         \n         <div class=\"ue-meta-data\">\n                        \t\t\t            \n                                    \n            \n                        \n                        \n                       \n                      \n           \n             \n            \n          <\/div>          \n          \n        <div class=\"uc_paragraph\" >Cos\u2019\u00e8 il dolore articolare cronico?\n\n\nIl dolore articolare cronico \u00e8 un dolore che coinvolge le articolazioni...<\/div>        \n        <\/div>\n    \n            \n    \t<div class=\"ue-item-btn-holder\">   \n           <a target=\"_blank\" href=\"https:\/\/tidolore.ch\/staging\/dolori-articolari-cronici\/\" class=\"uc_more_btn ue-dynamic-popup-single \" href='https:\/\/tidolore.ch\/staging\/dolori-articolari-cronici\/'>Leggi Tutto<\/a>\n\t\t<\/div>\n    \n          <\/div>\n    \n  \n    \n<\/div>\n<div class=\"uc_image_carousel_container_holder uc_carousel_item ue-item\">\n  \n    <div class=\"uc_image_carousel_placeholder elementor-animation-grow\">\n        <a href=\"https:\/\/tidolore.ch\/staging\/sindrome-dolorosa-regionale-complessa\/\" style=\"display:block;\">         \n            <img loading=\"lazy\" decoding=\"async\" src=\"https:\/\/tidolore.ch\/staging\/wp-content\/uploads\/2025\/07\/image-8-768x513.png\"  src=\"https:\/\/tidolore.ch\/staging\/wp-content\/uploads\/2025\/07\/image-8-768x513.png\" alt=\"Foto stock\" width=\"768\" height=\"513\" alt=\"Foto stock\" title=\"Foto stock\"> \n        \t\n        <div class=\"ue_pos_carousel_image_overlay\"><\/div>\n    <\/a>      <\/div>\n  \n  \n    <div class=\"uc_image_carousel_content\" >\n        <div>\n          \n                            \n          \n                   <a href=\"https:\/\/tidolore.ch\/staging\/sindrome-dolorosa-regionale-complessa\/\">            <div class=\"uc_post_title\">Sindrome Dolorosa Regionale Complessa (CRPS, algodistrofia)<\/div>\n          <\/a>                   \n         \n         <div class=\"ue-meta-data\">\n                        \t\t\t            \n                                    \n            \n                        \n                        \n                       \n                      \n           \n             \n            \n          <\/div>          \n          \n        <div class=\"uc_paragraph\" >La Sindrome Dolorosa Regionale Complessa (CRPS) \u00e8 una malattia rara del sistema nervoso, che provoca...<\/div>        \n        <\/div>\n    \n            \n    \t<div class=\"ue-item-btn-holder\">   \n           <a target=\"_blank\" href=\"https:\/\/tidolore.ch\/staging\/sindrome-dolorosa-regionale-complessa\/\" class=\"uc_more_btn ue-dynamic-popup-single \" href='https:\/\/tidolore.ch\/staging\/sindrome-dolorosa-regionale-complessa\/'>Leggi Tutto<\/a>\n\t\t<\/div>\n    \n          <\/div>\n    \n  \n    \n<\/div>\n<div class=\"uc_image_carousel_container_holder uc_carousel_item ue-item\">\n  \n    <div class=\"uc_image_carousel_placeholder elementor-animation-grow\">\n        <a href=\"https:\/\/tidolore.ch\/staging\/sindrome-del-dolore-spinale-persistente\/\" style=\"display:block;\">         \n            <img loading=\"lazy\" decoding=\"async\" src=\"https:\/\/tidolore.ch\/staging\/wp-content\/uploads\/2025\/07\/dreamstime_m_128936884-768x512.jpg\"  src=\"https:\/\/tidolore.ch\/staging\/wp-content\/uploads\/2025\/07\/dreamstime_m_128936884-768x512.jpg\" alt=\"Foto stock\" width=\"768\" height=\"512\" alt=\"Foto stock\" title=\"Foto stock\"> \n        \t\n        <div class=\"ue_pos_carousel_image_overlay\"><\/div>\n    <\/a>      <\/div>\n  \n  \n    <div class=\"uc_image_carousel_content\" >\n        <div>\n          \n                            \n          \n                   <a href=\"https:\/\/tidolore.ch\/staging\/sindrome-del-dolore-spinale-persistente\/\">            <div class=\"uc_post_title\">Dolore spinale persistente dopo intervento chirurgico<\/div>\n          <\/a>                   \n         \n         <div class=\"ue-meta-data\">\n                        \t\t\t            \n                                    \n            \n                        \n                        \n                       \n                      \n           \n             \n            \n          <\/div>          \n          \n        <div class=\"uc_paragraph\" >La sindrome del dolore spinale persistente di tipo 2 descrive una condizione in cui il dolore alla colonna...<\/div>        \n        <\/div>\n    \n            \n    \t<div class=\"ue-item-btn-holder\">   \n           <a target=\"_blank\" href=\"https:\/\/tidolore.ch\/staging\/sindrome-del-dolore-spinale-persistente\/\" class=\"uc_more_btn ue-dynamic-popup-single \" href='https:\/\/tidolore.ch\/staging\/sindrome-del-dolore-spinale-persistente\/'>Leggi Tutto<\/a>\n\t\t<\/div>\n    \n          <\/div>\n    \n  \n    \n<\/div>\n<div class=\"uc_image_carousel_container_holder uc_carousel_item ue-item\">\n  \n    <div class=\"uc_image_carousel_placeholder elementor-animation-grow\">\n        <a href=\"https:\/\/tidolore.ch\/staging\/radicolopatia-cervicale\/\" style=\"display:block;\">         \n            <img loading=\"lazy\" decoding=\"async\" src=\"https:\/\/tidolore.ch\/staging\/wp-content\/uploads\/2025\/07\/dreamstime_m_266484448-768x512.jpg\"  src=\"https:\/\/tidolore.ch\/staging\/wp-content\/uploads\/2025\/07\/dreamstime_m_266484448-768x512.jpg\" alt=\"Foto stock\" width=\"768\" height=\"512\" alt=\"Foto stock\" title=\"Foto stock\"> \n        \t\n        <div class=\"ue_pos_carousel_image_overlay\"><\/div>\n    <\/a>      <\/div>\n  \n  \n    <div class=\"uc_image_carousel_content\" >\n        <div>\n          \n                            \n          \n                   <a href=\"https:\/\/tidolore.ch\/staging\/radicolopatia-cervicale\/\">            <div class=\"uc_post_title\">Radicolopatia cervicale<\/div>\n          <\/a>                   \n         \n         <div class=\"ue-meta-data\">\n                        \t\t\t            \n                                    \n            \n                        \n                        \n                       \n                      \n           \n             \n            \n          <\/div>          \n          \n        <div class=\"uc_paragraph\" >La radicolopatia cervicale \u00e8 una condizione in cui una o pi\u00f9 radici nervose del rachide cervicale (nella...<\/div>        \n        <\/div>\n    \n            \n    \t<div class=\"ue-item-btn-holder\">   \n           <a target=\"_blank\" href=\"https:\/\/tidolore.ch\/staging\/radicolopatia-cervicale\/\" class=\"uc_more_btn ue-dynamic-popup-single \" href='https:\/\/tidolore.ch\/staging\/radicolopatia-cervicale\/'>Leggi Tutto<\/a>\n\t\t<\/div>\n    \n          <\/div>\n    \n  \n    \n<\/div>\n<div class=\"uc_image_carousel_container_holder uc_carousel_item ue-item\">\n  \n    <div class=\"uc_image_carousel_placeholder elementor-animation-grow\">\n        <a href=\"https:\/\/tidolore.ch\/staging\/sindrome-delle-faccette-articolari-cervicale\/\" style=\"display:block;\">         \n            <img loading=\"lazy\" decoding=\"async\" src=\"https:\/\/tidolore.ch\/staging\/wp-content\/uploads\/2025\/06\/Lumbar-Stenosis-Before-e1774800757242-768x672.png\"  src=\"https:\/\/tidolore.ch\/staging\/wp-content\/uploads\/2025\/06\/Lumbar-Stenosis-Before-e1774800757242-768x672.png\" alt=\"Lumbar Stenosis Before\" width=\"768\" height=\"672\" alt=\"Lumbar Stenosis Before\" title=\"Lumbar Stenosis Before\"> \n        \t\n        <div class=\"ue_pos_carousel_image_overlay\"><\/div>\n    <\/a>      <\/div>\n  \n  \n    <div class=\"uc_image_carousel_content\" >\n        <div>\n          \n                            \n          \n                   <a href=\"https:\/\/tidolore.ch\/staging\/sindrome-delle-faccette-articolari-cervicale\/\">            <div class=\"uc_post_title\">Le faccette articolari cervicale<\/div>\n          <\/a>                   \n         \n         <div class=\"ue-meta-data\">\n                        \t\t\t            \n                                    \n            \n                        \n                        \n                       \n                      \n           \n             \n            \n          <\/div>          \n          \n        <div class=\"uc_paragraph\" >Le faccette articolari del collo sono piccole articolazioni che permettono i movimenti di rotazione,...<\/div>        \n        <\/div>\n    \n            \n    \t<div class=\"ue-item-btn-holder\">   \n           <a target=\"_blank\" href=\"https:\/\/tidolore.ch\/staging\/sindrome-delle-faccette-articolari-cervicale\/\" class=\"uc_more_btn ue-dynamic-popup-single \" href='https:\/\/tidolore.ch\/staging\/sindrome-delle-faccette-articolari-cervicale\/'>Leggi Tutto<\/a>\n\t\t<\/div>\n    \n          <\/div>\n    \n  \n    \n<\/div>\n<div class=\"uc_image_carousel_container_holder uc_carousel_item ue-item\">\n  \n    <div class=\"uc_image_carousel_placeholder elementor-animation-grow\">\n        <a href=\"https:\/\/tidolore.ch\/staging\/sciatalgia\/\" style=\"display:block;\">         \n            <img loading=\"lazy\" decoding=\"async\" src=\"https:\/\/tidolore.ch\/staging\/wp-content\/uploads\/2025\/07\/image-6-768x513.png\"  src=\"https:\/\/tidolore.ch\/staging\/wp-content\/uploads\/2025\/07\/image-6-768x513.png\" alt=\"Foto stock\" width=\"768\" height=\"513\" alt=\"Foto stock\" title=\"Foto stock\"> \n        \t\n        <div class=\"ue_pos_carousel_image_overlay\"><\/div>\n    <\/a>      <\/div>\n  \n  \n    <div class=\"uc_image_carousel_content\" >\n        <div>\n          \n                            \n          \n                   <a href=\"https:\/\/tidolore.ch\/staging\/sciatalgia\/\">            <div class=\"uc_post_title\">Sciatalgia<\/div>\n          <\/a>                   \n         \n         <div class=\"ue-meta-data\">\n                        \t\t\t            \n                                    \n            \n                        \n                        \n                       \n                      \n           \n             \n            \n          <\/div>          \n          \n        <div class=\"uc_paragraph\" >Cos&#8217;\u00e8?\n\n\nLa sciatalgia \u00e8 un dolore che si irradia lungo il percorso del nervo sciatico, il pi\u00f9...<\/div>        \n        <\/div>\n    \n            \n    \t<div class=\"ue-item-btn-holder\">   \n           <a target=\"_blank\" href=\"https:\/\/tidolore.ch\/staging\/sciatalgia\/\" class=\"uc_more_btn ue-dynamic-popup-single \" href='https:\/\/tidolore.ch\/staging\/sciatalgia\/'>Leggi Tutto<\/a>\n\t\t<\/div>\n    \n          <\/div>\n    \n  \n    \n<\/div>\n<div class=\"uc_image_carousel_container_holder uc_carousel_item ue-item\">\n  \n    <div class=\"uc_image_carousel_placeholder elementor-animation-grow\">\n        <a href=\"https:\/\/tidolore.ch\/staging\/stenosi-del-canale-spinale\/\" style=\"display:block;\">         \n            <img loading=\"lazy\" decoding=\"async\" src=\"https:\/\/tidolore.ch\/staging\/wp-content\/uploads\/2025\/07\/Image-from-ViewMedica-768x432.png\"  src=\"https:\/\/tidolore.ch\/staging\/wp-content\/uploads\/2025\/07\/Image-from-ViewMedica-768x432.png\" alt=\"Visualizzazione della stenosi del canale spinale\" width=\"768\" height=\"432\" alt=\"Visualizzazione della stenosi del canale spinale\" title=\"Visualizzazione della stenosi del canale spinale\"> \n        \t\n        <div class=\"ue_pos_carousel_image_overlay\"><\/div>\n    <\/a>      <\/div>\n  \n  \n    <div class=\"uc_image_carousel_content\" >\n        <div>\n          \n                            \n          \n                   <a href=\"https:\/\/tidolore.ch\/staging\/stenosi-del-canale-spinale\/\">            <div class=\"uc_post_title\">Stenosi del canale spinale<\/div>\n          <\/a>                   \n         \n         <div class=\"ue-meta-data\">\n                        \t\t\t            \n                                    \n            \n                        \n                        \n                       \n                      \n           \n             \n            \n          <\/div>          \n          \n        <div class=\"uc_paragraph\" >La stenosi del canale spinale \u00e8 una delle cause pi\u00f9 comuni di dolore lombare cronico, soprattutto negli...<\/div>        \n        <\/div>\n    \n            \n    \t<div class=\"ue-item-btn-holder\">   \n           <a target=\"_blank\" href=\"https:\/\/tidolore.ch\/staging\/stenosi-del-canale-spinale\/\" class=\"uc_more_btn ue-dynamic-popup-single \" href='https:\/\/tidolore.ch\/staging\/stenosi-del-canale-spinale\/'>Leggi Tutto<\/a>\n\t\t<\/div>\n    \n          <\/div>\n    \n  \n    \n<\/div>\n<div class=\"uc_image_carousel_container_holder uc_carousel_item ue-item\">\n  \n    <div class=\"uc_image_carousel_placeholder elementor-animation-grow\">\n        <a href=\"https:\/\/tidolore.ch\/staging\/dolore-discogenico\/\" style=\"display:block;\">         \n            <img loading=\"lazy\" decoding=\"async\" src=\"https:\/\/tidolore.ch\/staging\/wp-content\/uploads\/2025\/07\/Plif-Image-768x432.png\"  src=\"https:\/\/tidolore.ch\/staging\/wp-content\/uploads\/2025\/07\/Plif-Image-768x432.png\" alt=\"Visualizzazione del dolore discogenico\" width=\"768\" height=\"432\" alt=\"Visualizzazione del dolore discogenico\" title=\"Visualizzazione del dolore discogenico\"> \n        \t\n        <div class=\"ue_pos_carousel_image_overlay\"><\/div>\n    <\/a>      <\/div>\n  \n  \n    <div class=\"uc_image_carousel_content\" >\n        <div>\n          \n                            \n          \n                   <a href=\"https:\/\/tidolore.ch\/staging\/dolore-discogenico\/\">            <div class=\"uc_post_title\">Dolore Discogenico<\/div>\n          <\/a>                   \n         \n         <div class=\"ue-meta-data\">\n                        \t\t\t            \n                                    \n            \n                        \n                        \n                       \n                      \n           \n             \n            \n          <\/div>          \n          \n        <div class=\"uc_paragraph\" >Fino al 40% dei pazienti con dolore lombare cronico presenta un\u2019origine discale del dolore.\n\n\nChe cos\u2019\u00e8...<\/div>        \n        <\/div>\n    \n            \n    \t<div class=\"ue-item-btn-holder\">   \n           <a target=\"_blank\" href=\"https:\/\/tidolore.ch\/staging\/dolore-discogenico\/\" class=\"uc_more_btn ue-dynamic-popup-single \" href='https:\/\/tidolore.ch\/staging\/dolore-discogenico\/'>Leggi Tutto<\/a>\n\t\t<\/div>\n    \n          <\/div>\n    \n  \n    \n<\/div>\n<div class=\"uc_image_carousel_container_holder uc_carousel_item ue-item\">\n  \n    <div class=\"uc_image_carousel_placeholder elementor-animation-grow\">\n        <a href=\"https:\/\/tidolore.ch\/staging\/sindrome-delle-faccette-articolari\/\" style=\"display:block;\">         \n            <img loading=\"lazy\" decoding=\"async\" src=\"https:\/\/tidolore.ch\/staging\/wp-content\/uploads\/2025\/06\/Lumbar-Stenosis-Before-e1774800757242-768x672.png\"  src=\"https:\/\/tidolore.ch\/staging\/wp-content\/uploads\/2025\/06\/Lumbar-Stenosis-Before-e1774800757242-768x672.png\" alt=\"Lumbar Stenosis Before\" width=\"768\" height=\"672\" alt=\"Lumbar Stenosis Before\" title=\"Lumbar Stenosis Before\"> \n        \t\n        <div class=\"ue_pos_carousel_image_overlay\"><\/div>\n    <\/a>      <\/div>\n  \n  \n    <div class=\"uc_image_carousel_content\" >\n        <div>\n          \n                            \n          \n                   <a href=\"https:\/\/tidolore.ch\/staging\/sindrome-delle-faccette-articolari\/\">            <div class=\"uc_post_title\">Sindrome delle faccette articolari<\/div>\n          <\/a>                   \n         \n         <div class=\"ue-meta-data\">\n                        \t\t\t            \n                                    \n            \n                        \n                        \n                       \n                      \n           \n             \n            \n          <\/div>          \n          \n        <div class=\"uc_paragraph\" >Una causa frequente: la sindrome delle faccette articolari\n\n\nIn circa il 15-41% dei pazienti con dolore...<\/div>        \n        <\/div>\n    \n            \n    \t<div class=\"ue-item-btn-holder\">   \n           <a target=\"_blank\" href=\"https:\/\/tidolore.ch\/staging\/sindrome-delle-faccette-articolari\/\" class=\"uc_more_btn ue-dynamic-popup-single \" href='https:\/\/tidolore.ch\/staging\/sindrome-delle-faccette-articolari\/'>Leggi Tutto<\/a>\n\t\t<\/div>\n    \n          <\/div>\n    \n  \n    \n<\/div>\n<div class=\"uc_image_carousel_container_holder uc_carousel_item ue-item\">\n  \n    <div class=\"uc_image_carousel_placeholder elementor-animation-grow\">\n        <a href=\"https:\/\/tidolore.ch\/staging\/tens\/\" style=\"display:block;\">         \n            <img loading=\"lazy\" decoding=\"async\" src=\"https:\/\/tidolore.ch\/staging\/wp-content\/uploads\/2025\/07\/WhatsApp-Image-2026-01-06-at-16.42.10-768x512.jpeg\"  src=\"https:\/\/tidolore.ch\/staging\/wp-content\/uploads\/2025\/07\/WhatsApp-Image-2026-01-06-at-16.42.10-768x512.jpeg\" alt=\"Valeria Fumagalli working\" width=\"768\" height=\"512\" alt=\"Valeria Fumagalli working\" title=\"Valeria Fumagalli working\"> \n        \t\n        <div class=\"ue_pos_carousel_image_overlay\"><\/div>\n    <\/a>      <\/div>\n  \n  \n    <div class=\"uc_image_carousel_content\" >\n        <div>\n          \n                            \n          \n                   <a href=\"https:\/\/tidolore.ch\/staging\/tens\/\">            <div class=\"uc_post_title\">Stimolazione Elettrica Nervosa Transcutanea<\/div>\n          <\/a>                   \n         \n         <div class=\"ue-meta-data\">\n                        \t\t\t            \n                                    \n            \n                        \n                        \n                       \n                      \n           \n             \n            \n          <\/div>          \n          \n        <div class=\"uc_paragraph\" >Cos&#8217;\u00e8 la TENS?\n\n\nLa TENS (Stimolazione Elettrica Nervosa Transcutanea) \u00e8 un trattamento semplice...<\/div>        \n        <\/div>\n    \n            \n    \t<div class=\"ue-item-btn-holder\">   \n           <a target=\"_blank\" href=\"https:\/\/tidolore.ch\/staging\/tens\/\" class=\"uc_more_btn ue-dynamic-popup-single \" href='https:\/\/tidolore.ch\/staging\/tens\/'>Leggi Tutto<\/a>\n\t\t<\/div>\n    \n          <\/div>\n    \n  \n    \n<\/div>\n<div class=\"uc_image_carousel_container_holder uc_carousel_item ue-item\">\n  \n    <div class=\"uc_image_carousel_placeholder elementor-animation-grow\">\n        <a href=\"https:\/\/tidolore.ch\/staging\/infiltrazione-epidurale-translaminare-cervicale\/\" style=\"display:block;\">         \n            <img loading=\"lazy\" decoding=\"async\" src=\"https:\/\/tidolore.ch\/staging\/wp-content\/uploads\/2025\/06\/Thoracic-Episteroid-Image-0005-768x432.png\"  src=\"https:\/\/tidolore.ch\/staging\/wp-content\/uploads\/2025\/06\/Thoracic-Episteroid-Image-0005-768x432.png\" alt=\"Thoracic Episteroid Image 0005\" width=\"768\" height=\"432\" alt=\"Thoracic Episteroid Image 0005\" title=\"Thoracic Episteroid Image 0005\"> \n        \t\n        <div class=\"ue_pos_carousel_image_overlay\"><\/div>\n    <\/a>      <\/div>\n  \n  \n    <div class=\"uc_image_carousel_content\" >\n        <div>\n          \n                            \n          \n                   <a href=\"https:\/\/tidolore.ch\/staging\/infiltrazione-epidurale-translaminare-cervicale\/\">            <div class=\"uc_post_title\">Infiltrazione\u00a0epidurale translaminare\u00a0cervicale<\/div>\n          <\/a>                   \n         \n         <div class=\"ue-meta-data\">\n                        \t\t\t            \n                                    \n            \n                        \n                        \n                       \n                      \n           \n             \n            \n          <\/div>          \n          \n        <div class=\"uc_paragraph\" >Perch\u00e9 mi propongono questa procedura?\n\n\nIl tuo medico sospetta che il dolore al collo, alle spalle o...<\/div>        \n        <\/div>\n    \n            \n    \t<div class=\"ue-item-btn-holder\">   \n           <a target=\"_blank\" href=\"https:\/\/tidolore.ch\/staging\/infiltrazione-epidurale-translaminare-cervicale\/\" class=\"uc_more_btn ue-dynamic-popup-single \" href='https:\/\/tidolore.ch\/staging\/infiltrazione-epidurale-translaminare-cervicale\/'>Leggi Tutto<\/a>\n\t\t<\/div>\n    \n          <\/div>\n    \n  \n    \n<\/div>\n<div class=\"uc_image_carousel_container_holder uc_carousel_item ue-item\">\n  \n    <div class=\"uc_image_carousel_placeholder elementor-animation-grow\">\n        <a href=\"https:\/\/tidolore.ch\/staging\/denervazione-delle-faccette-articolari-cervicali-con-radiofrequenza\/\" style=\"display:block;\">         \n            <img loading=\"lazy\" decoding=\"async\" src=\"https:\/\/tidolore.ch\/staging\/wp-content\/uploads\/2025\/06\/cervicalrfneurotomy_0000_cervicalrfneurotomy_01_03_25-768x432.png\"  src=\"https:\/\/tidolore.ch\/staging\/wp-content\/uploads\/2025\/06\/cervicalrfneurotomy_0000_cervicalrfneurotomy_01_03_25-768x432.png\" alt=\"Visualizzazione della denervazione delle faccette articolari cervicali con la radiofrequenza\" width=\"768\" height=\"432\" alt=\"Visualizzazione della denervazione delle faccette articolari cervicali con la radiofrequenza\" title=\"Visualizzazione della denervazione delle faccette articolari cervicali con la radiofrequenza\"> \n        \t\n        <div class=\"ue_pos_carousel_image_overlay\"><\/div>\n    <\/a>      <\/div>\n  \n  \n    <div class=\"uc_image_carousel_content\" >\n        <div>\n          \n                            \n          \n                   <a href=\"https:\/\/tidolore.ch\/staging\/denervazione-delle-faccette-articolari-cervicali-con-radiofrequenza\/\">            <div class=\"uc_post_title\">Denervazione delle faccette articolari cervicali con radiofrequenza<\/div>\n          <\/a>                   \n         \n         <div class=\"ue-meta-data\">\n                        \t\t\t            \n                                    \n            \n                        \n                        \n                       \n                      \n           \n             \n            \n          <\/div>          \n          \n        <div class=\"uc_paragraph\" >Perch\u00e9 mi propongono questa procedura?\n\n\nIl tuo medico sospetta che il dolore al collo, alla testa, alla...<\/div>        \n        <\/div>\n    \n            \n    \t<div class=\"ue-item-btn-holder\">   \n           <a target=\"_blank\" href=\"https:\/\/tidolore.ch\/staging\/denervazione-delle-faccette-articolari-cervicali-con-radiofrequenza\/\" class=\"uc_more_btn ue-dynamic-popup-single \" href='https:\/\/tidolore.ch\/staging\/denervazione-delle-faccette-articolari-cervicali-con-radiofrequenza\/'>Leggi Tutto<\/a>\n\t\t<\/div>\n    \n          <\/div>\n    \n  \n    \n<\/div>\n<div class=\"uc_image_carousel_container_holder uc_carousel_item ue-item\">\n  \n    <div class=\"uc_image_carousel_placeholder elementor-animation-grow\">\n        <a href=\"https:\/\/tidolore.ch\/staging\/blocco-delle-articolazioni-faccettarie-nel-collo\/\" style=\"display:block;\">         \n            <img loading=\"lazy\" decoding=\"async\" src=\"https:\/\/tidolore.ch\/staging\/wp-content\/uploads\/2025\/06\/Layer-3-Image-768x432.png\"  src=\"https:\/\/tidolore.ch\/staging\/wp-content\/uploads\/2025\/06\/Layer-3-Image-768x432.png\" alt=\"Layer 3 Image\" width=\"768\" height=\"432\" alt=\"Layer 3 Image\" title=\"Layer 3 Image\"> \n        \t\n        <div class=\"ue_pos_carousel_image_overlay\"><\/div>\n    <\/a>      <\/div>\n  \n  \n    <div class=\"uc_image_carousel_content\" >\n        <div>\n          \n                            \n          \n                   <a href=\"https:\/\/tidolore.ch\/staging\/blocco-delle-articolazioni-faccettarie-nel-collo\/\">            <div class=\"uc_post_title\">Blocco delle articolazioni faccettarie nel collo<\/div>\n          <\/a>                   \n         \n         <div class=\"ue-meta-data\">\n                        \t\t\t            \n                                    \n            \n                        \n                        \n                       \n                      \n           \n             \n            \n          <\/div>          \n          \n        <div class=\"uc_paragraph\" >Perch\u00e9 devo fare questa procedura?\n\n\nIl tuo medico sospetta che il dolore al collo possa provenire da...<\/div>        \n        <\/div>\n    \n            \n    \t<div class=\"ue-item-btn-holder\">   \n           <a target=\"_blank\" href=\"https:\/\/tidolore.ch\/staging\/blocco-delle-articolazioni-faccettarie-nel-collo\/\" class=\"uc_more_btn ue-dynamic-popup-single \" href='https:\/\/tidolore.ch\/staging\/blocco-delle-articolazioni-faccettarie-nel-collo\/'>Leggi Tutto<\/a>\n\t\t<\/div>\n    \n          <\/div>\n    \n  \n    \n<\/div>\n<div class=\"uc_image_carousel_container_holder uc_carousel_item ue-item\">\n  \n    <div class=\"uc_image_carousel_placeholder elementor-animation-grow\">\n        <a href=\"https:\/\/tidolore.ch\/staging\/neurostimolazione-del-midollo-spinale\/\" style=\"display:block;\">         \n            <img loading=\"lazy\" decoding=\"async\" src=\"https:\/\/tidolore.ch\/staging\/wp-content\/uploads\/2025\/06\/Image-5-420x640-1.png\"  src=\"https:\/\/tidolore.ch\/staging\/wp-content\/uploads\/2025\/06\/Image-5-420x640-1.png\" alt=\"Image 5 420x640\" width=\"420\" height=\"245\" alt=\"Image 5 420x640\" title=\"Image 5 420x640\"> \n        \t\n        <div class=\"ue_pos_carousel_image_overlay\"><\/div>\n    <\/a>      <\/div>\n  \n  \n    <div class=\"uc_image_carousel_content\" >\n        <div>\n          \n                            \n          \n                   <a href=\"https:\/\/tidolore.ch\/staging\/neurostimolazione-del-midollo-spinale\/\">            <div class=\"uc_post_title\">Neurostimolazione del midollo spinale<\/div>\n          <\/a>                   \n         \n         <div class=\"ue-meta-data\">\n                        \t\t\t            \n                                    \n            \n                        \n                        \n                       \n                      \n           \n             \n            \n          <\/div>          \n          \n        <div class=\"uc_paragraph\" >La neurostimolazione del midollo spinale \u00e8 un trattamento innovativo per ridurre il dolore cronico quando...<\/div>        \n        <\/div>\n    \n            \n    \t<div class=\"ue-item-btn-holder\">   \n           <a target=\"_blank\" href=\"https:\/\/tidolore.ch\/staging\/neurostimolazione-del-midollo-spinale\/\" class=\"uc_more_btn ue-dynamic-popup-single \" href='https:\/\/tidolore.ch\/staging\/neurostimolazione-del-midollo-spinale\/'>Leggi Tutto<\/a>\n\t\t<\/div>\n    \n          <\/div>\n    \n  \n    \n<\/div>\n<div class=\"uc_image_carousel_container_holder uc_carousel_item ue-item\">\n  \n    <div class=\"uc_image_carousel_placeholder elementor-animation-grow\">\n        <a href=\"https:\/\/tidolore.ch\/staging\/infiltrazione-dellarticolazione-sacroiliaca\/\" style=\"display:block;\">         \n            <img loading=\"lazy\" decoding=\"async\" src=\"https:\/\/tidolore.ch\/staging\/wp-content\/uploads\/2025\/06\/WhatsApp-Image-2026-01-06-at-17.03.41-768x512.jpeg\"  src=\"https:\/\/tidolore.ch\/staging\/wp-content\/uploads\/2025\/06\/WhatsApp-Image-2026-01-06-at-17.03.41-768x512.jpeg\" alt=\"Eva Koetsier e Monica Scoppettuolo lavorando\" width=\"768\" height=\"512\" alt=\"Eva Koetsier e Monica Scoppettuolo lavorando\" title=\"Eva Koetsier e Monica Scoppettuolo lavorando\"> \n        \t\n        <div class=\"ue_pos_carousel_image_overlay\"><\/div>\n    <\/a>      <\/div>\n  \n  \n    <div class=\"uc_image_carousel_content\" >\n        <div>\n          \n                            \n          \n                   <a href=\"https:\/\/tidolore.ch\/staging\/infiltrazione-dellarticolazione-sacroiliaca\/\">            <div class=\"uc_post_title\">Infiltrazione dell\u2019articolazione sacro-iliaca<\/div>\n          <\/a>                   \n         \n         <div class=\"ue-meta-data\">\n                        \t\t\t            \n                                    \n            \n                        \n                        \n                       \n                      \n           \n             \n            \n          <\/div>          \n          \n        <div class=\"uc_paragraph\" >Perch\u00e9 mi propongono questa procedura?\n\n\nIl tuo medico sospetta che il dolore nella parte bassa della...<\/div>        \n        <\/div>\n    \n            \n    \t<div class=\"ue-item-btn-holder\">   \n           <a target=\"_blank\" href=\"https:\/\/tidolore.ch\/staging\/infiltrazione-dellarticolazione-sacroiliaca\/\" class=\"uc_more_btn ue-dynamic-popup-single \" href='https:\/\/tidolore.ch\/staging\/infiltrazione-dellarticolazione-sacroiliaca\/'>Leggi Tutto<\/a>\n\t\t<\/div>\n    \n          <\/div>\n    \n  \n    \n<\/div>\n<div class=\"uc_image_carousel_container_holder uc_carousel_item ue-item\">\n  \n    <div class=\"uc_image_carousel_placeholder elementor-animation-grow\">\n        <a href=\"https:\/\/tidolore.ch\/staging\/infiltrazione-epidurale-transforaminale-lombare\/\" style=\"display:block;\">         \n            <img loading=\"lazy\" decoding=\"async\" src=\"https:\/\/tidolore.ch\/staging\/wp-content\/uploads\/2025\/06\/Transepisteroid-Image-0016-768x432.png\"  src=\"https:\/\/tidolore.ch\/staging\/wp-content\/uploads\/2025\/06\/Transepisteroid-Image-0016-768x432.png\" alt=\"Transepisteroid Image 0016\" width=\"768\" height=\"432\" alt=\"Transepisteroid Image 0016\" title=\"Transepisteroid Image 0016\"> \n        \t\n        <div class=\"ue_pos_carousel_image_overlay\"><\/div>\n    <\/a>      <\/div>\n  \n  \n    <div class=\"uc_image_carousel_content\" >\n        <div>\n          \n                            \n          \n                   <a href=\"https:\/\/tidolore.ch\/staging\/infiltrazione-epidurale-transforaminale-lombare\/\">            <div class=\"uc_post_title\">Infiltrazione epidurale transforaminale lombare<\/div>\n          <\/a>                   \n         \n         <div class=\"ue-meta-data\">\n                        \t\t\t            \n                                    \n            \n                        \n                        \n                       \n                      \n           \n             \n            \n          <\/div>          \n          \n        <div class=\"uc_paragraph\" >Perch\u00e9 mi propongono questa procedura?\n\n\nIl tuo medico sospetta che il dolore lombare o alle gambe possa...<\/div>        \n        <\/div>\n    \n            \n    \t<div class=\"ue-item-btn-holder\">   \n           <a target=\"_blank\" href=\"https:\/\/tidolore.ch\/staging\/infiltrazione-epidurale-transforaminale-lombare\/\" class=\"uc_more_btn ue-dynamic-popup-single \" href='https:\/\/tidolore.ch\/staging\/infiltrazione-epidurale-transforaminale-lombare\/'>Leggi Tutto<\/a>\n\t\t<\/div>\n    \n          <\/div>\n    \n  \n    \n<\/div>\n<div class=\"uc_image_carousel_container_holder uc_carousel_item ue-item\">\n  \n    <div class=\"uc_image_carousel_placeholder elementor-animation-grow\">\n        <a href=\"https:\/\/tidolore.ch\/staging\/infiltrazione-epidurale-translaminare\/\" style=\"display:block;\">         \n            <img loading=\"lazy\" decoding=\"async\" src=\"https:\/\/tidolore.ch\/staging\/wp-content\/uploads\/2025\/06\/Cervepisteroid-Image-0013-768x432.png\"  src=\"https:\/\/tidolore.ch\/staging\/wp-content\/uploads\/2025\/06\/Cervepisteroid-Image-0013-768x432.png\" alt=\"Cervepisteroid Image 0013\" width=\"768\" height=\"432\" alt=\"Cervepisteroid Image 0013\" title=\"Cervepisteroid Image 0013\"> \n        \t\n        <div class=\"ue_pos_carousel_image_overlay\"><\/div>\n    <\/a>      <\/div>\n  \n  \n    <div class=\"uc_image_carousel_content\" >\n        <div>\n          \n                            \n          \n                   <a href=\"https:\/\/tidolore.ch\/staging\/infiltrazione-epidurale-translaminare\/\">            <div class=\"uc_post_title\">Infiltrazione epidurale translaminare<\/div>\n          <\/a>                   \n         \n         <div class=\"ue-meta-data\">\n                        \t\t\t            \n                                    \n            \n                        \n                        \n                       \n                      \n           \n             \n            \n          <\/div>          \n          \n        <div class=\"uc_paragraph\" >Perch\u00e9 mi propongono questa procedura?\n\n\nIl tuo medico sospetta che il dolore nella parte bassa della...<\/div>        \n        <\/div>\n    \n            \n    \t<div class=\"ue-item-btn-holder\">   \n           <a target=\"_blank\" href=\"https:\/\/tidolore.ch\/staging\/infiltrazione-epidurale-translaminare\/\" class=\"uc_more_btn ue-dynamic-popup-single \" href='https:\/\/tidolore.ch\/staging\/infiltrazione-epidurale-translaminare\/'>Leggi Tutto<\/a>\n\t\t<\/div>\n    \n          <\/div>\n    \n  \n    \n<\/div>\n<div class=\"uc_image_carousel_container_holder uc_carousel_item ue-item\">\n  \n    <div class=\"uc_image_carousel_placeholder elementor-animation-grow\">\n        <a href=\"https:\/\/tidolore.ch\/staging\/denervazione-delle-faccette-articolari-con-radiofrequenza-lombari-toracali\/\" style=\"display:block;\">         \n            <img loading=\"lazy\" decoding=\"async\" src=\"https:\/\/tidolore.ch\/staging\/wp-content\/uploads\/2025\/06\/Lumbar-Stenosis-Before-e1774800757242-768x672.png\"  src=\"https:\/\/tidolore.ch\/staging\/wp-content\/uploads\/2025\/06\/Lumbar-Stenosis-Before-e1774800757242-768x672.png\" alt=\"Lumbar Stenosis Before\" width=\"768\" height=\"672\" alt=\"Lumbar Stenosis Before\" title=\"Lumbar Stenosis Before\"> \n        \t\n        <div class=\"ue_pos_carousel_image_overlay\"><\/div>\n    <\/a>      <\/div>\n  \n  \n    <div class=\"uc_image_carousel_content\" >\n        <div>\n          \n                            \n          \n                   <a href=\"https:\/\/tidolore.ch\/staging\/denervazione-delle-faccette-articolari-con-radiofrequenza-lombari-toracali\/\">            <div class=\"uc_post_title\">Denervazione delle faccette articolari con radiofrequenza,\u00a0lombari\/toracali<\/div>\n          <\/a>                   \n         \n         <div class=\"ue-meta-data\">\n                        \t\t\t            \n                                    \n            \n                        \n                        \n                       \n                      \n           \n             \n            \n          <\/div>          \n          \n        <div class=\"uc_paragraph\" >Perch\u00e9 mi propongono questa procedura?\n\n\nIl tuo medico sospetta che il dolore alla schiena, al torace,...<\/div>        \n        <\/div>\n    \n            \n    \t<div class=\"ue-item-btn-holder\">   \n           <a target=\"_blank\" href=\"https:\/\/tidolore.ch\/staging\/denervazione-delle-faccette-articolari-con-radiofrequenza-lombari-toracali\/\" class=\"uc_more_btn ue-dynamic-popup-single \" href='https:\/\/tidolore.ch\/staging\/denervazione-delle-faccette-articolari-con-radiofrequenza-lombari-toracali\/'>Leggi Tutto<\/a>\n\t\t<\/div>\n    \n          <\/div>\n    \n  \n    \n<\/div>\n<div class=\"uc_image_carousel_container_holder uc_carousel_item ue-item\">\n  \n    <div class=\"uc_image_carousel_placeholder elementor-animation-grow\">\n        <a href=\"https:\/\/tidolore.ch\/staging\/blocco-delle-articolazioni-faccettarie-lombari-toracali\/\" style=\"display:block;\">         \n            <img loading=\"lazy\" decoding=\"async\" src=\"https:\/\/tidolore.ch\/staging\/wp-content\/uploads\/2025\/06\/Layer-3-Image-1-768x432.png\"  src=\"https:\/\/tidolore.ch\/staging\/wp-content\/uploads\/2025\/06\/Layer-3-Image-1-768x432.png\" alt=\"Layer 3 Image (1)\" width=\"768\" height=\"432\" alt=\"Layer 3 Image (1)\" title=\"Layer 3 Image (1)\"> \n        \t\n        <div class=\"ue_pos_carousel_image_overlay\"><\/div>\n    <\/a>      <\/div>\n  \n  \n    <div class=\"uc_image_carousel_content\" >\n        <div>\n          \n                            \n          \n                   <a href=\"https:\/\/tidolore.ch\/staging\/blocco-delle-articolazioni-faccettarie-lombari-toracali\/\">            <div class=\"uc_post_title\">Blocco delle Articolazioni Faccettarie Lombari\/Toracali<\/div>\n          <\/a>                   \n         \n         <div class=\"ue-meta-data\">\n                        \t\t\t            \n                                    \n            \n                        \n                        \n                       \n                      \n           \n             \n            \n          <\/div>          \n          \n        <div class=\"uc_paragraph\" >Perch\u00e9 devo fare questa procedura?\n\n\nIl tuo medico sospetta che il dolore al collo possa provenire da...<\/div>        \n        <\/div>\n    \n            \n    \t<div class=\"ue-item-btn-holder\">   \n           <a target=\"_blank\" href=\"https:\/\/tidolore.ch\/staging\/blocco-delle-articolazioni-faccettarie-lombari-toracali\/\" class=\"uc_more_btn ue-dynamic-popup-single \" href='https:\/\/tidolore.ch\/staging\/blocco-delle-articolazioni-faccettarie-lombari-toracali\/'>Leggi Tutto<\/a>\n\t\t<\/div>\n    \n          <\/div>\n    \n  \n    \n<\/div>\n\n   <\/div>\t\n<\/div>\n\n\n<!-- end Post Carousel -->\t\t\t\t<\/div>\n\t\t\t\t<\/div>\n\t\t\t\t\t<\/div>\n\t\t\t\t<\/div>\n\t\t<div class=\"elementor-element elementor-element-cb0164b e-flex e-con-boxed e-con e-parent\" data-id=\"cb0164b\" data-element_type=\"container\" data-e-type=\"container\">\n\t\t\t\t\t<div class=\"e-con-inner\">\n\t\t<div class=\"elementor-element elementor-element-1e3bbaa e-grid e-con-full elementor-hidden-desktop elementor-hidden-tablet elementor-hidden-mobile e-con e-child\" data-id=\"1e3bbaa\" data-element_type=\"container\" data-e-type=\"container\">\n\t\t<a class=\"elementor-element elementor-element-484f616 e-con-full e-transform e-flex e-con e-child\" data-id=\"484f616\" data-element_type=\"container\" data-e-type=\"container\" data-settings=\"{&quot;background_background&quot;:&quot;classic&quot;,&quot;_transform_translateY_effect_hover&quot;:{&quot;unit&quot;:&quot;px&quot;,&quot;size&quot;:-5,&quot;sizes&quot;:[]},&quot;_transform_translateX_effect_hover&quot;:{&quot;unit&quot;:&quot;px&quot;,&quot;size&quot;:&quot;&quot;,&quot;sizes&quot;:[]},&quot;_transform_translateX_effect_hover_tablet&quot;:{&quot;unit&quot;:&quot;px&quot;,&quot;size&quot;:&quot;&quot;,&quot;sizes&quot;:[]},&quot;_transform_translateX_effect_hover_mobile&quot;:{&quot;unit&quot;:&quot;px&quot;,&quot;size&quot;:&quot;&quot;,&quot;sizes&quot;:[]},&quot;_transform_translateY_effect_hover_tablet&quot;:{&quot;unit&quot;:&quot;px&quot;,&quot;size&quot;:&quot;&quot;,&quot;sizes&quot;:[]},&quot;_transform_translateY_effect_hover_mobile&quot;:{&quot;unit&quot;:&quot;px&quot;,&quot;size&quot;:&quot;&quot;,&quot;sizes&quot;:[]}}\" href=\"https:\/\/tidolore.ch\/staging\/sindrome-generale\/mal-di-schiena\/\">\n\t\t\t\t<div class=\"elementor-element elementor-element-485be7a elementor-widget elementor-widget-heading\" data-id=\"485be7a\" data-element_type=\"widget\" data-e-type=\"widget\" data-widget_type=\"heading.default\">\n\t\t\t\t<div class=\"elementor-widget-container\">\n\t\t\t\t\t<h2 class=\"elementor-heading-title elementor-size-default\">Mal di schiena<\/h2>\t\t\t\t<\/div>\n\t\t\t\t<\/div>\n\t\t\t\t<div class=\"elementor-element elementor-element-ac83800 elementor-widget__width-inherit elementor-widget elementor-widget-text-editor\" data-id=\"ac83800\" data-element_type=\"widget\" data-e-type=\"widget\" data-widget_type=\"text-editor.default\">\n\t\t\t\t<div class=\"elementor-widget-container\">\n\t\t\t\t\t\t\t\t\t<section><div class=\"section_item\"><div class=\"text_container\"><article class=\"text-token-text-primary w-full\" dir=\"auto\" data-testid=\"conversation-turn-4\" data-scroll-anchor=\"true\"><div class=\"text-base my-auto mx-auto py-5 [--thread-content-margin:--spacing(4)] @[37rem]:[--thread-content-margin:--spacing(6)] @[72rem]:[--thread-content-margin:--spacing(16)] px-(--thread-content-margin)\"><div class=\"[--thread-content-max-width:32rem] @[34rem]:[--thread-content-max-width:40rem] @[64rem]:[--thread-content-max-width:48rem] mx-auto flex max-w-(--thread-content-max-width) flex-1 text-base gap-4 md:gap-5 lg:gap-6 group\/turn-messages focus-visible:outline-hidden\" tabindex=\"-1\"><div class=\"group\/conversation-turn relative flex w-full min-w-0 flex-col agent-turn\"><div class=\"relative flex-col gap-1 md:gap-3\"><div class=\"flex max-w-full flex-col grow\"><div class=\"min-h-8 text-message relative flex w-full flex-col items-end gap-2 text-start break-words whitespace-normal [.text-message+&amp;]:mt-5\" dir=\"auto\" data-message-author-role=\"assistant\" data-message-id=\"6dab0729-d325-434d-99f3-67366ccfde5f\" data-message-model-slug=\"gpt-4o\"><div class=\"flex w-full flex-col gap-1 empty:hidden first:pt-[3px]\"><div class=\"markdown prose dark:prose-invert w-full break-words dark\"><p data-start=\"123\" data-end=\"303\">Il dolore lombare \u00e8 una condizione molto frequente. Pu\u00f2 avere diverse cause, come problemi muscolari, articolari o discali, e spesso limita le attivit\u00e0 quotidiane.<\/p><\/div><\/div><\/div><\/div><\/div><\/div><\/div><\/div><\/article><\/div><\/div><\/section><section><\/section>\t\t\t\t\t\t\t\t<\/div>\n\t\t\t\t<\/div>\n\t\t\t\t<\/a>\n\t\t<a class=\"elementor-element elementor-element-1521561 e-con-full e-transform e-flex e-con e-child\" data-id=\"1521561\" data-element_type=\"container\" data-e-type=\"container\" data-settings=\"{&quot;background_background&quot;:&quot;classic&quot;,&quot;_transform_translateY_effect_hover&quot;:{&quot;unit&quot;:&quot;px&quot;,&quot;size&quot;:-5,&quot;sizes&quot;:[]},&quot;_transform_translateX_effect_hover&quot;:{&quot;unit&quot;:&quot;px&quot;,&quot;size&quot;:&quot;&quot;,&quot;sizes&quot;:[]},&quot;_transform_translateX_effect_hover_tablet&quot;:{&quot;unit&quot;:&quot;px&quot;,&quot;size&quot;:&quot;&quot;,&quot;sizes&quot;:[]},&quot;_transform_translateX_effect_hover_mobile&quot;:{&quot;unit&quot;:&quot;px&quot;,&quot;size&quot;:&quot;&quot;,&quot;sizes&quot;:[]},&quot;_transform_translateY_effect_hover_tablet&quot;:{&quot;unit&quot;:&quot;px&quot;,&quot;size&quot;:&quot;&quot;,&quot;sizes&quot;:[]},&quot;_transform_translateY_effect_hover_mobile&quot;:{&quot;unit&quot;:&quot;px&quot;,&quot;size&quot;:&quot;&quot;,&quot;sizes&quot;:[]}}\" href=\"\/sindrome-generale\/dolore-al-collo\/\">\n\t\t\t\t<div class=\"elementor-element elementor-element-0c03886 elementor-widget elementor-widget-heading\" data-id=\"0c03886\" data-element_type=\"widget\" data-e-type=\"widget\" data-widget_type=\"heading.default\">\n\t\t\t\t<div class=\"elementor-widget-container\">\n\t\t\t\t\t<h2 class=\"elementor-heading-title elementor-size-default\">Collo<\/h2>\t\t\t\t<\/div>\n\t\t\t\t<\/div>\n\t\t\t\t<div class=\"elementor-element elementor-element-125edc1 elementor-widget__width-inherit elementor-widget elementor-widget-text-editor\" data-id=\"125edc1\" data-element_type=\"widget\" data-e-type=\"widget\" data-widget_type=\"text-editor.default\">\n\t\t\t\t<div class=\"elementor-widget-container\">\n\t\t\t\t\t\t\t\t\t<section>\n<div class=\"section_item\">\n<div class=\"text_container\">\n<article class=\"text-token-text-primary w-full\" dir=\"auto\" data-testid=\"conversation-turn-4\" data-scroll-anchor=\"true\">\n<div class=\"text-base my-auto mx-auto py-5 [--thread-content-margin:--spacing(4)] @[37rem]:[--thread-content-margin:--spacing(6)] @[72rem]:[--thread-content-margin:--spacing(16)] px-(--thread-content-margin)\">\n<div class=\"[--thread-content-max-width:32rem] @[34rem]:[--thread-content-max-width:40rem] @[64rem]:[--thread-content-max-width:48rem] mx-auto flex max-w-(--thread-content-max-width) flex-1 text-base gap-4 md:gap-5 lg:gap-6 group\/turn-messages focus-visible:outline-hidden\" tabindex=\"-1\">\n<div class=\"group\/conversation-turn relative flex w-full min-w-0 flex-col agent-turn\">\n<div class=\"relative flex-col gap-1 md:gap-3\">\n<div class=\"flex max-w-full flex-col grow\">\n<div class=\"min-h-8 text-message relative flex w-full flex-col items-end gap-2 text-start break-words whitespace-normal [.text-message+&amp;]:mt-5\" dir=\"auto\" data-message-author-role=\"assistant\" data-message-id=\"6dab0729-d325-434d-99f3-67366ccfde5f\" data-message-model-slug=\"gpt-4o\">\n<div class=\"flex w-full flex-col gap-1 empty:hidden first:pt-[3px]\">\n<div class=\"markdown prose dark:prose-invert w-full break-words dark\">\n<p data-start=\"305\" data-end=\"466\">Il dolore cervicale si manifesta con rigidit\u00e0 e ridotta mobilit\u00e0; pu\u00f2 irradiarsi verso spalle e braccia, generando malessere persistente.<\/p>\n<\/div>\n<\/div>\n<\/div>\n<\/div>\n<\/div>\n<\/div>\n<\/div>\n<\/div>\n<\/article>\n<\/div>\n<\/div>\n<\/section>\n<section><\/section>\t\t\t\t\t\t\t\t<\/div>\n\t\t\t\t<\/div>\n\t\t\t\t<\/a>\n\t\t<a class=\"elementor-element elementor-element-4ae0238 e-con-full e-transform e-flex e-con e-child\" data-id=\"4ae0238\" data-element_type=\"container\" data-e-type=\"container\" data-settings=\"{&quot;background_background&quot;:&quot;classic&quot;,&quot;_transform_translateY_effect_hover&quot;:{&quot;unit&quot;:&quot;px&quot;,&quot;size&quot;:-5,&quot;sizes&quot;:[]},&quot;_transform_translateX_effect_hover&quot;:{&quot;unit&quot;:&quot;px&quot;,&quot;size&quot;:&quot;&quot;,&quot;sizes&quot;:[]},&quot;_transform_translateX_effect_hover_tablet&quot;:{&quot;unit&quot;:&quot;px&quot;,&quot;size&quot;:&quot;&quot;,&quot;sizes&quot;:[]},&quot;_transform_translateX_effect_hover_mobile&quot;:{&quot;unit&quot;:&quot;px&quot;,&quot;size&quot;:&quot;&quot;,&quot;sizes&quot;:[]},&quot;_transform_translateY_effect_hover_tablet&quot;:{&quot;unit&quot;:&quot;px&quot;,&quot;size&quot;:&quot;&quot;,&quot;sizes&quot;:[]},&quot;_transform_translateY_effect_hover_mobile&quot;:{&quot;unit&quot;:&quot;px&quot;,&quot;size&quot;:&quot;&quot;,&quot;sizes&quot;:[]}}\" href=\"\/dolore-alla-spalla\/\">\n\t\t\t\t<div class=\"elementor-element elementor-element-cc4531b elementor-widget elementor-widget-heading\" data-id=\"cc4531b\" data-element_type=\"widget\" data-e-type=\"widget\" data-widget_type=\"heading.default\">\n\t\t\t\t<div class=\"elementor-widget-container\">\n\t\t\t\t\t<h2 class=\"elementor-heading-title elementor-size-default\">Dolore alla spalla<\/h2>\t\t\t\t<\/div>\n\t\t\t\t<\/div>\n\t\t\t\t<div class=\"elementor-element elementor-element-b1454a6 elementor-widget__width-inherit elementor-widget elementor-widget-text-editor\" data-id=\"b1454a6\" data-element_type=\"widget\" data-e-type=\"widget\" data-widget_type=\"text-editor.default\">\n\t\t\t\t<div class=\"elementor-widget-container\">\n\t\t\t\t\t\t\t\t\t<section>\n<div class=\"section_item\">\n<div class=\"text_container\">\n<article class=\"text-token-text-primary w-full\" dir=\"auto\" data-testid=\"conversation-turn-4\" data-scroll-anchor=\"true\">\n<div class=\"text-base my-auto mx-auto py-5 [--thread-content-margin:--spacing(4)] @[37rem]:[--thread-content-margin:--spacing(6)] @[72rem]:[--thread-content-margin:--spacing(16)] px-(--thread-content-margin)\">\n<div class=\"[--thread-content-max-width:32rem] @[34rem]:[--thread-content-max-width:40rem] @[64rem]:[--thread-content-max-width:48rem] mx-auto flex max-w-(--thread-content-max-width) flex-1 text-base gap-4 md:gap-5 lg:gap-6 group\/turn-messages focus-visible:outline-hidden\" tabindex=\"-1\">\n<div class=\"group\/conversation-turn relative flex w-full min-w-0 flex-col agent-turn\">\n<div class=\"relative flex-col gap-1 md:gap-3\">\n<div class=\"flex max-w-full flex-col grow\">\n<div class=\"min-h-8 text-message relative flex w-full flex-col items-end gap-2 text-start break-words whitespace-normal [.text-message+&amp;]:mt-5\" dir=\"auto\" data-message-author-role=\"assistant\" data-message-id=\"6dab0729-d325-434d-99f3-67366ccfde5f\" data-message-model-slug=\"gpt-4o\">\n<div class=\"flex w-full flex-col gap-1 empty:hidden first:pt-[3px]\">\n<div class=\"markdown prose dark:prose-invert w-full break-words dark\">\n<p data-start=\"468\" data-end=\"651\">Spesso correlato a infiammazioni, lesioni o degenerazioni articolari; riduce la forza e l\u2019ampiezza dei movimenti, rendendo difficili le attivit\u00e0 quotidiane.<\/p>\n<\/div>\n<\/div>\n<\/div>\n<\/div>\n<\/div>\n<\/div>\n<\/div>\n<\/div>\n<\/article>\n<\/div>\n<\/div>\n<\/section>\n<section><\/section>\t\t\t\t\t\t\t\t<\/div>\n\t\t\t\t<\/div>\n\t\t\t\t<\/a>\n\t\t<a class=\"elementor-element elementor-element-0fccf1a e-con-full e-transform e-flex e-con e-child\" data-id=\"0fccf1a\" data-element_type=\"container\" data-e-type=\"container\" data-settings=\"{&quot;background_background&quot;:&quot;classic&quot;,&quot;_transform_translateY_effect_hover&quot;:{&quot;unit&quot;:&quot;px&quot;,&quot;size&quot;:-5,&quot;sizes&quot;:[]},&quot;_transform_translateX_effect_hover&quot;:{&quot;unit&quot;:&quot;px&quot;,&quot;size&quot;:&quot;&quot;,&quot;sizes&quot;:[]},&quot;_transform_translateX_effect_hover_tablet&quot;:{&quot;unit&quot;:&quot;px&quot;,&quot;size&quot;:&quot;&quot;,&quot;sizes&quot;:[]},&quot;_transform_translateX_effect_hover_mobile&quot;:{&quot;unit&quot;:&quot;px&quot;,&quot;size&quot;:&quot;&quot;,&quot;sizes&quot;:[]},&quot;_transform_translateY_effect_hover_tablet&quot;:{&quot;unit&quot;:&quot;px&quot;,&quot;size&quot;:&quot;&quot;,&quot;sizes&quot;:[]},&quot;_transform_translateY_effect_hover_mobile&quot;:{&quot;unit&quot;:&quot;px&quot;,&quot;size&quot;:&quot;&quot;,&quot;sizes&quot;:[]}}\" href=\"\/neuropatie-periferiche\/\">\n\t\t\t\t<div class=\"elementor-element elementor-element-55d1c5a elementor-widget elementor-widget-heading\" data-id=\"55d1c5a\" data-element_type=\"widget\" data-e-type=\"widget\" data-widget_type=\"heading.default\">\n\t\t\t\t<div class=\"elementor-widget-container\">\n\t\t\t\t\t<h2 class=\"elementor-heading-title elementor-size-default\">Dolore ai nervi periferici<\/h2>\t\t\t\t<\/div>\n\t\t\t\t<\/div>\n\t\t\t\t<div class=\"elementor-element elementor-element-09337aa elementor-widget__width-inherit elementor-widget elementor-widget-text-editor\" data-id=\"09337aa\" data-element_type=\"widget\" data-e-type=\"widget\" data-widget_type=\"text-editor.default\">\n\t\t\t\t<div class=\"elementor-widget-container\">\n\t\t\t\t\t\t\t\t\t<section>\n<div class=\"section_item\">\n<div class=\"text_container\">\n<article class=\"text-token-text-primary w-full\" dir=\"auto\" data-testid=\"conversation-turn-4\" data-scroll-anchor=\"true\">\n<div class=\"text-base my-auto mx-auto py-5 [--thread-content-margin:--spacing(4)] @[37rem]:[--thread-content-margin:--spacing(6)] @[72rem]:[--thread-content-margin:--spacing(16)] px-(--thread-content-margin)\">\n<div class=\"[--thread-content-max-width:32rem] @[34rem]:[--thread-content-max-width:40rem] @[64rem]:[--thread-content-max-width:48rem] mx-auto flex max-w-(--thread-content-max-width) flex-1 text-base gap-4 md:gap-5 lg:gap-6 group\/turn-messages focus-visible:outline-hidden\" tabindex=\"-1\">\n<div class=\"group\/conversation-turn relative flex w-full min-w-0 flex-col agent-turn\">\n<div class=\"relative flex-col gap-1 md:gap-3\">\n<div class=\"flex max-w-full flex-col grow\">\n<div class=\"min-h-8 text-message relative flex w-full flex-col items-end gap-2 text-start break-words whitespace-normal [.text-message+&amp;]:mt-5\" dir=\"auto\" data-message-author-role=\"assistant\" data-message-id=\"6dab0729-d325-434d-99f3-67366ccfde5f\" data-message-model-slug=\"gpt-4o\">\n<div class=\"flex w-full flex-col gap-1 empty:hidden first:pt-[3px]\">\n<div class=\"markdown prose dark:prose-invert w-full break-words dark\">\n<p data-start=\"468\" data-end=\"651\">Si presenta come sensazione di bruciore, formicolio o scosse elettriche; \u00e8 tipico delle neuropatie periferiche e pu\u00f2 compromettere la qualit\u00e0 della vita.<\/p>\n<\/div>\n<\/div>\n<\/div>\n<\/div>\n<\/div>\n<\/div>\n<\/div>\n<\/div>\n<\/article>\n<\/div>\n<\/div>\n<\/section>\n<section><\/section>\t\t\t\t\t\t\t\t<\/div>\n\t\t\t\t<\/div>\n\t\t\t\t<\/a>\n\t\t<a class=\"elementor-element elementor-element-ebe3215 e-con-full e-transform e-flex e-con e-child\" data-id=\"ebe3215\" data-element_type=\"container\" data-e-type=\"container\" data-settings=\"{&quot;background_background&quot;:&quot;classic&quot;,&quot;_transform_translateY_effect_hover&quot;:{&quot;unit&quot;:&quot;px&quot;,&quot;size&quot;:-5,&quot;sizes&quot;:[]},&quot;_transform_translateX_effect_hover&quot;:{&quot;unit&quot;:&quot;px&quot;,&quot;size&quot;:&quot;&quot;,&quot;sizes&quot;:[]},&quot;_transform_translateX_effect_hover_tablet&quot;:{&quot;unit&quot;:&quot;px&quot;,&quot;size&quot;:&quot;&quot;,&quot;sizes&quot;:[]},&quot;_transform_translateX_effect_hover_mobile&quot;:{&quot;unit&quot;:&quot;px&quot;,&quot;size&quot;:&quot;&quot;,&quot;sizes&quot;:[]},&quot;_transform_translateY_effect_hover_tablet&quot;:{&quot;unit&quot;:&quot;px&quot;,&quot;size&quot;:&quot;&quot;,&quot;sizes&quot;:[]},&quot;_transform_translateY_effect_hover_mobile&quot;:{&quot;unit&quot;:&quot;px&quot;,&quot;size&quot;:&quot;&quot;,&quot;sizes&quot;:[]}}\" href=\"\/cefalee-e-dolore-facciale\/\">\n\t\t\t\t<div class=\"elementor-element elementor-element-15251ce elementor-widget elementor-widget-heading\" data-id=\"15251ce\" data-element_type=\"widget\" data-e-type=\"widget\" data-widget_type=\"heading.default\">\n\t\t\t\t<div class=\"elementor-widget-container\">\n\t\t\t\t\t<h2 class=\"elementor-heading-title elementor-size-default\">Dolore alla testa<\/h2>\t\t\t\t<\/div>\n\t\t\t\t<\/div>\n\t\t\t\t<div class=\"elementor-element elementor-element-008613f elementor-widget__width-inherit elementor-widget elementor-widget-text-editor\" data-id=\"008613f\" data-element_type=\"widget\" data-e-type=\"widget\" data-widget_type=\"text-editor.default\">\n\t\t\t\t<div class=\"elementor-widget-container\">\n\t\t\t\t\t\t\t\t\t<section>\n<div class=\"section_item\">\n<div class=\"text_container\">\n<article class=\"text-token-text-primary w-full\" dir=\"auto\" data-testid=\"conversation-turn-4\" data-scroll-anchor=\"true\">\n<div class=\"text-base my-auto mx-auto py-5 [--thread-content-margin:--spacing(4)] @[37rem]:[--thread-content-margin:--spacing(6)] @[72rem]:[--thread-content-margin:--spacing(16)] px-(--thread-content-margin)\">\n<div class=\"[--thread-content-max-width:32rem] @[34rem]:[--thread-content-max-width:40rem] @[64rem]:[--thread-content-max-width:48rem] mx-auto flex max-w-(--thread-content-max-width) flex-1 text-base gap-4 md:gap-5 lg:gap-6 group\/turn-messages focus-visible:outline-hidden\" tabindex=\"-1\">\n<div class=\"group\/conversation-turn relative flex w-full min-w-0 flex-col agent-turn\">\n<div class=\"relative flex-col gap-1 md:gap-3\">\n<div class=\"flex max-w-full flex-col grow\">\n<div class=\"min-h-8 text-message relative flex w-full flex-col items-end gap-2 text-start break-words whitespace-normal [.text-message+&amp;]:mt-5\" dir=\"auto\" data-message-author-role=\"assistant\" data-message-id=\"6dab0729-d325-434d-99f3-67366ccfde5f\" data-message-model-slug=\"gpt-4o\">\n<div class=\"flex w-full flex-col gap-1 empty:hidden first:pt-[3px]\">\n<div class=\"markdown prose dark:prose-invert w-full break-words dark\">\n<p data-start=\"843\" data-end=\"1011\">Include cefalee e emicranie; pu\u00f2 essere episodico o cronico, con intensit\u00e0 variabile, e spesso si associa a sensibilit\u00e0 alla luce o al rumore.<\/p>\n<\/div>\n<\/div>\n<\/div>\n<\/div>\n<\/div>\n<\/div>\n<\/div>\n<\/div>\n<\/article>\n<\/div>\n<\/div>\n<\/section>\n<section><\/section>\t\t\t\t\t\t\t\t<\/div>\n\t\t\t\t<\/div>\n\t\t\t\t<\/a>\n\t\t<a class=\"elementor-element elementor-element-f8e7355 e-con-full e-transform e-flex e-con e-child\" data-id=\"f8e7355\" data-element_type=\"container\" data-e-type=\"container\" data-settings=\"{&quot;background_background&quot;:&quot;classic&quot;,&quot;_transform_translateY_effect_hover&quot;:{&quot;unit&quot;:&quot;px&quot;,&quot;size&quot;:-5,&quot;sizes&quot;:[]},&quot;_transform_translateX_effect_hover&quot;:{&quot;unit&quot;:&quot;px&quot;,&quot;size&quot;:&quot;&quot;,&quot;sizes&quot;:[]},&quot;_transform_translateX_effect_hover_tablet&quot;:{&quot;unit&quot;:&quot;px&quot;,&quot;size&quot;:&quot;&quot;,&quot;sizes&quot;:[]},&quot;_transform_translateX_effect_hover_mobile&quot;:{&quot;unit&quot;:&quot;px&quot;,&quot;size&quot;:&quot;&quot;,&quot;sizes&quot;:[]},&quot;_transform_translateY_effect_hover_tablet&quot;:{&quot;unit&quot;:&quot;px&quot;,&quot;size&quot;:&quot;&quot;,&quot;sizes&quot;:[]},&quot;_transform_translateY_effect_hover_mobile&quot;:{&quot;unit&quot;:&quot;px&quot;,&quot;size&quot;:&quot;&quot;,&quot;sizes&quot;:[]}}\" href=\"\/sindrome-dolorosa-regionale-complessa\/\">\n\t\t\t\t<div class=\"elementor-element elementor-element-4e42ee4 elementor-widget elementor-widget-heading\" data-id=\"4e42ee4\" data-element_type=\"widget\" data-e-type=\"widget\" data-widget_type=\"heading.default\">\n\t\t\t\t<div class=\"elementor-widget-container\">\n\t\t\t\t\t<h2 class=\"elementor-heading-title elementor-size-default\">Dolore da CRPS (algodistrofia)<\/h2>\t\t\t\t<\/div>\n\t\t\t\t<\/div>\n\t\t\t\t<div class=\"elementor-element elementor-element-3e41ab1 elementor-widget__width-inherit elementor-widget elementor-widget-text-editor\" data-id=\"3e41ab1\" data-element_type=\"widget\" data-e-type=\"widget\" data-widget_type=\"text-editor.default\">\n\t\t\t\t<div class=\"elementor-widget-container\">\n\t\t\t\t\t\t\t\t\t<section>\n<div class=\"section_item\">\n<div class=\"text_container\">\n<article class=\"text-token-text-primary w-full\" dir=\"auto\" data-testid=\"conversation-turn-4\" data-scroll-anchor=\"true\">\n<div class=\"text-base my-auto mx-auto py-5 [--thread-content-margin:--spacing(4)] @[37rem]:[--thread-content-margin:--spacing(6)] @[72rem]:[--thread-content-margin:--spacing(16)] px-(--thread-content-margin)\">\n<div class=\"[--thread-content-max-width:32rem] @[34rem]:[--thread-content-max-width:40rem] @[64rem]:[--thread-content-max-width:48rem] mx-auto flex max-w-(--thread-content-max-width) flex-1 text-base gap-4 md:gap-5 lg:gap-6 group\/turn-messages focus-visible:outline-hidden\" tabindex=\"-1\">\n<div class=\"group\/conversation-turn relative flex w-full min-w-0 flex-col agent-turn\">\n<div class=\"relative flex-col gap-1 md:gap-3\">\n<div class=\"flex max-w-full flex-col grow\">\n<div class=\"min-h-8 text-message relative flex w-full flex-col items-end gap-2 text-start break-words whitespace-normal [.text-message+&amp;]:mt-5\" dir=\"auto\" data-message-author-role=\"assistant\" data-message-id=\"6dab0729-d325-434d-99f3-67366ccfde5f\" data-message-model-slug=\"gpt-4o\">\n<div class=\"flex w-full flex-col gap-1 empty:hidden first:pt-[3px]\">\n<div class=\"markdown prose dark:prose-invert w-full break-words dark\">\n<p data-start=\"145\" data-end=\"381\">Disturbo complesso caratterizzato da dolore intenso, continuo e sproporzionato rispetto alla causa iniziale; interessa solitamente un arto ed \u00e8 spesso accompagnato da alterazioni cutanee e motorie.<\/p>\n<\/div>\n<\/div>\n<\/div>\n<\/div>\n<\/div>\n<\/div>\n<\/div>\n<\/div>\n<\/article>\n<\/div>\n<\/div>\n<\/section>\n<section><\/section>\t\t\t\t\t\t\t\t<\/div>\n\t\t\t\t<\/div>\n\t\t\t\t<\/a>\n\t\t<a class=\"elementor-element elementor-element-dd9654d e-con-full e-transform e-flex e-con e-child\" data-id=\"dd9654d\" data-element_type=\"container\" data-e-type=\"container\" data-settings=\"{&quot;background_background&quot;:&quot;classic&quot;,&quot;_transform_translateY_effect_hover&quot;:{&quot;unit&quot;:&quot;px&quot;,&quot;size&quot;:-5,&quot;sizes&quot;:[]},&quot;_transform_translateX_effect_hover&quot;:{&quot;unit&quot;:&quot;px&quot;,&quot;size&quot;:&quot;&quot;,&quot;sizes&quot;:[]},&quot;_transform_translateX_effect_hover_tablet&quot;:{&quot;unit&quot;:&quot;px&quot;,&quot;size&quot;:&quot;&quot;,&quot;sizes&quot;:[]},&quot;_transform_translateX_effect_hover_mobile&quot;:{&quot;unit&quot;:&quot;px&quot;,&quot;size&quot;:&quot;&quot;,&quot;sizes&quot;:[]},&quot;_transform_translateY_effect_hover_tablet&quot;:{&quot;unit&quot;:&quot;px&quot;,&quot;size&quot;:&quot;&quot;,&quot;sizes&quot;:[]},&quot;_transform_translateY_effect_hover_mobile&quot;:{&quot;unit&quot;:&quot;px&quot;,&quot;size&quot;:&quot;&quot;,&quot;sizes&quot;:[]}}\" href=\"https:\/\/tidolore.ch\/staging\/fibromyalgia\/\">\n\t\t\t\t<div class=\"elementor-element elementor-element-c0a9f6e elementor-widget elementor-widget-heading\" data-id=\"c0a9f6e\" data-element_type=\"widget\" data-e-type=\"widget\" data-widget_type=\"heading.default\">\n\t\t\t\t<div class=\"elementor-widget-container\">\n\t\t\t\t\t<h2 class=\"elementor-heading-title elementor-size-default\">Dolore da fibromialgia<\/h2>\t\t\t\t<\/div>\n\t\t\t\t<\/div>\n\t\t\t\t<div class=\"elementor-element elementor-element-7dfa8ec elementor-widget__width-inherit elementor-widget elementor-widget-text-editor\" data-id=\"7dfa8ec\" data-element_type=\"widget\" data-e-type=\"widget\" data-widget_type=\"text-editor.default\">\n\t\t\t\t<div class=\"elementor-widget-container\">\n\t\t\t\t\t\t\t\t\t<section>\n<div class=\"section_item\">\n<div class=\"text_container\">\n<article class=\"text-token-text-primary w-full\" dir=\"auto\" data-testid=\"conversation-turn-4\" data-scroll-anchor=\"true\">\n<div class=\"text-base my-auto mx-auto py-5 [--thread-content-margin:--spacing(4)] @[37rem]:[--thread-content-margin:--spacing(6)] @[72rem]:[--thread-content-margin:--spacing(16)] px-(--thread-content-margin)\">\n<div class=\"[--thread-content-max-width:32rem] @[34rem]:[--thread-content-max-width:40rem] @[64rem]:[--thread-content-max-width:48rem] mx-auto flex max-w-(--thread-content-max-width) flex-1 text-base gap-4 md:gap-5 lg:gap-6 group\/turn-messages focus-visible:outline-hidden\" tabindex=\"-1\">\n<div class=\"group\/conversation-turn relative flex w-full min-w-0 flex-col agent-turn\">\n<div class=\"relative flex-col gap-1 md:gap-3\">\n<div class=\"flex max-w-full flex-col grow\">\n<div class=\"min-h-8 text-message relative flex w-full flex-col items-end gap-2 text-start break-words whitespace-normal [.text-message+&amp;]:mt-5\" dir=\"auto\" data-message-author-role=\"assistant\" data-message-id=\"6dab0729-d325-434d-99f3-67366ccfde5f\" data-message-model-slug=\"gpt-4o\">\n<div class=\"flex w-full flex-col gap-1 empty:hidden first:pt-[3px]\">\n<div class=\"markdown prose dark:prose-invert w-full break-words dark\">\n<p data-start=\"1216\" data-end=\"1408\">Si manifesta con dolore diffuso e persistente, associato a stanchezza e disturbi del sonno; \u00e8 una condizione cronica che richiede un approccio multidisciplinare.<\/p>\n<\/div>\n<\/div>\n<\/div>\n<\/div>\n<\/div>\n<\/div>\n<\/div>\n<\/div>\n<\/article>\n<\/div>\n<\/div>\n<\/section>\n<section><\/section>\t\t\t\t\t\t\t\t<\/div>\n\t\t\t\t<\/div>\n\t\t\t\t<\/a>\n\t\t<div class=\"elementor-element elementor-element-d626685 e-con-full e-transform e-flex e-con e-child\" data-id=\"d626685\" data-element_type=\"container\" data-e-type=\"container\" data-settings=\"{&quot;background_background&quot;:&quot;classic&quot;,&quot;_transform_translateY_effect_hover&quot;:{&quot;unit&quot;:&quot;px&quot;,&quot;size&quot;:-5,&quot;sizes&quot;:[]},&quot;_transform_translateX_effect_hover&quot;:{&quot;unit&quot;:&quot;px&quot;,&quot;size&quot;:&quot;&quot;,&quot;sizes&quot;:[]},&quot;_transform_translateX_effect_hover_tablet&quot;:{&quot;unit&quot;:&quot;px&quot;,&quot;size&quot;:&quot;&quot;,&quot;sizes&quot;:[]},&quot;_transform_translateX_effect_hover_mobile&quot;:{&quot;unit&quot;:&quot;px&quot;,&quot;size&quot;:&quot;&quot;,&quot;sizes&quot;:[]},&quot;_transform_translateY_effect_hover_tablet&quot;:{&quot;unit&quot;:&quot;px&quot;,&quot;size&quot;:&quot;&quot;,&quot;sizes&quot;:[]},&quot;_transform_translateY_effect_hover_mobile&quot;:{&quot;unit&quot;:&quot;px&quot;,&quot;size&quot;:&quot;&quot;,&quot;sizes&quot;:[]}}\">\n\t\t\t\t<div class=\"elementor-element elementor-element-3989378 elementor-widget elementor-widget-heading\" data-id=\"3989378\" data-element_type=\"widget\" data-e-type=\"widget\" data-widget_type=\"heading.default\">\n\t\t\t\t<div class=\"elementor-widget-container\">\n\t\t\t\t\t<h2 class=\"elementor-heading-title elementor-size-default\">Altri tipi di dolore<\/h2>\t\t\t\t<\/div>\n\t\t\t\t<\/div>\n\t\t\t\t<div class=\"elementor-element elementor-element-b62f26b elementor-widget__width-inherit elementor-widget elementor-widget-text-editor\" data-id=\"b62f26b\" data-element_type=\"widget\" data-e-type=\"widget\" data-widget_type=\"text-editor.default\">\n\t\t\t\t<div class=\"elementor-widget-container\">\n\t\t\t\t\t\t\t\t\t<section><div class=\"section_item\"><div class=\"text_container\"><article class=\"text-token-text-primary w-full\" dir=\"auto\" data-testid=\"conversation-turn-4\" data-scroll-anchor=\"true\"><div class=\"text-base my-auto mx-auto py-5 [--thread-content-margin:--spacing(4)] @[37rem]:[--thread-content-margin:--spacing(6)] @[72rem]:[--thread-content-margin:--spacing(16)] px-(--thread-content-margin)\"><div class=\"[--thread-content-max-width:32rem] @[34rem]:[--thread-content-max-width:40rem] @[64rem]:[--thread-content-max-width:48rem] mx-auto flex max-w-(--thread-content-max-width) flex-1 text-base gap-4 md:gap-5 lg:gap-6 group\/turn-messages focus-visible:outline-hidden\" tabindex=\"-1\"><div class=\"group\/conversation-turn relative flex w-full min-w-0 flex-col agent-turn\"><div class=\"relative flex-col gap-1 md:gap-3\"><div class=\"flex max-w-full flex-col grow\"><div class=\"min-h-8 text-message relative flex w-full flex-col items-end gap-2 text-start break-words whitespace-normal [.text-message+&amp;]:mt-5\" dir=\"auto\" data-message-author-role=\"assistant\" data-message-id=\"6dab0729-d325-434d-99f3-67366ccfde5f\" data-message-model-slug=\"gpt-4o\"><div class=\"flex w-full flex-col gap-1 empty:hidden first:pt-[3px]\"><div class=\"markdown prose dark:prose-invert w-full break-words dark\"><p data-start=\"1216\" data-end=\"1408\">Puoi trovare i trattamenti in completo qui sotto.<\/p><\/div><\/div><\/div><\/div><\/div><\/div><\/div><\/div><\/article><\/div><\/div><\/section><section><\/section>\t\t\t\t\t\t\t\t<\/div>\n\t\t\t\t<\/div>\n\t\t\t\t<\/div>\n\t\t\t\t<\/div>\n\t\t\t\t<div class=\"elementor-element elementor-element-bb4dd8f elementor-hidden-desktop elementor-hidden-tablet elementor-hidden-mobile elementor-grid-3 elementor-grid-tablet-2 elementor-grid-mobile-1 elementor-posts--thumbnail-top elementor-widget elementor-widget-posts\" data-id=\"bb4dd8f\" data-element_type=\"widget\" data-e-type=\"widget\" data-settings=\"{&quot;classic_row_gap&quot;:{&quot;unit&quot;:&quot;px&quot;,&quot;size&quot;:15,&quot;sizes&quot;:[]},&quot;pagination_type&quot;:&quot;numbers&quot;,&quot;classic_columns&quot;:&quot;3&quot;,&quot;classic_columns_tablet&quot;:&quot;2&quot;,&quot;classic_columns_mobile&quot;:&quot;1&quot;,&quot;classic_row_gap_tablet&quot;:{&quot;unit&quot;:&quot;px&quot;,&quot;size&quot;:&quot;&quot;,&quot;sizes&quot;:[]},&quot;classic_row_gap_mobile&quot;:{&quot;unit&quot;:&quot;px&quot;,&quot;size&quot;:&quot;&quot;,&quot;sizes&quot;:[]}}\" data-widget_type=\"posts.classic\">\n\t\t\t\t<div class=\"elementor-widget-container\">\n\t\t\t\t\t\t\t<div class=\"elementor-posts-container elementor-posts elementor-posts--skin-classic elementor-grid\" role=\"list\">\n\t\t\t\t<article class=\"elementor-post elementor-grid-item post-4741 post type-post status-publish format-standard hentry category-senza-categoria\" role=\"listitem\">\n\t\t\t\t<div class=\"elementor-post__text\">\n\t\t\t\t<h2 class=\"elementor-post__title\">\n\t\t\t<a href=\"https:\/\/tidolore.ch\/staging\/plasma-ricco-di-piastrine-prp\/\" >\n\t\t\t\tPlasma Ricco di Piastrine (PRP)\t\t\t<\/a>\n\t\t<\/h2>\n\t\t\n\t\t<a class=\"elementor-post__read-more\" href=\"https:\/\/tidolore.ch\/staging\/plasma-ricco-di-piastrine-prp\/\" aria-label=\"Read more about Plasma Ricco di Piastrine (PRP)\" tabindex=\"-1\" >\n\t\t\tRead More\t\t<\/a>\n\n\t\t\t\t<\/div>\n\t\t\t\t<\/article>\n\t\t\t\t<article class=\"elementor-post elementor-grid-item post-2552 post type-post status-publish format-standard has-post-thumbnail hentry category-sindrome\" role=\"listitem\">\n\t\t\t\t<a class=\"elementor-post__thumbnail__link\" href=\"https:\/\/tidolore.ch\/staging\/neuropatia-dei-nervi-cluneali\/\" tabindex=\"-1\" >\n\t\t\t<div class=\"elementor-post__thumbnail\"><img loading=\"lazy\" decoding=\"async\" width=\"300\" height=\"200\" src=\"https:\/\/tidolore.ch\/staging\/wp-content\/uploads\/2025\/08\/dreamstime_m_238107192-300x200.jpg\" class=\"attachment-medium size-medium wp-image-2555\" alt=\"\" srcset=\"https:\/\/tidolore.ch\/staging\/wp-content\/uploads\/2025\/08\/dreamstime_m_238107192-300x200.jpg 300w, https:\/\/tidolore.ch\/staging\/wp-content\/uploads\/2025\/08\/dreamstime_m_238107192-1024x683.jpg 1024w, https:\/\/tidolore.ch\/staging\/wp-content\/uploads\/2025\/08\/dreamstime_m_238107192-768x512.jpg 768w, https:\/\/tidolore.ch\/staging\/wp-content\/uploads\/2025\/08\/dreamstime_m_238107192-1536x1024.jpg 1536w, https:\/\/tidolore.ch\/staging\/wp-content\/uploads\/2025\/08\/dreamstime_m_238107192-2048x1365.jpg 2048w\" sizes=\"(max-width: 300px) 100vw, 300px\" \/><\/div>\n\t\t<\/a>\n\t\t\t\t<div class=\"elementor-post__text\">\n\t\t\t\t<h2 class=\"elementor-post__title\">\n\t\t\t<a href=\"https:\/\/tidolore.ch\/staging\/neuropatia-dei-nervi-cluneali\/\" >\n\t\t\t\tNeuropatia dei nervi cluneali\t\t\t<\/a>\n\t\t<\/h2>\n\t\t\n\t\t<a class=\"elementor-post__read-more\" href=\"https:\/\/tidolore.ch\/staging\/neuropatia-dei-nervi-cluneali\/\" aria-label=\"Read more about Neuropatia dei nervi cluneali\" tabindex=\"-1\" >\n\t\t\tRead More\t\t<\/a>\n\n\t\t\t\t<\/div>\n\t\t\t\t<\/article>\n\t\t\t\t<article class=\"elementor-post elementor-grid-item post-2550 post type-post status-publish format-standard has-post-thumbnail hentry category-senza-categoria\" role=\"listitem\">\n\t\t\t\t<a class=\"elementor-post__thumbnail__link\" href=\"https:\/\/tidolore.ch\/staging\/radiofrequenza-dei-nervi-cluneali\/\" tabindex=\"-1\" >\n\t\t\t<div class=\"elementor-post__thumbnail\"><img loading=\"lazy\" decoding=\"async\" width=\"300\" height=\"200\" src=\"https:\/\/tidolore.ch\/staging\/wp-content\/uploads\/2025\/08\/dreamstime_m_217430363-300x200.jpg\" class=\"attachment-medium size-medium wp-image-2553\" alt=\"\" srcset=\"https:\/\/tidolore.ch\/staging\/wp-content\/uploads\/2025\/08\/dreamstime_m_217430363-300x200.jpg 300w, https:\/\/tidolore.ch\/staging\/wp-content\/uploads\/2025\/08\/dreamstime_m_217430363-1024x684.jpg 1024w, https:\/\/tidolore.ch\/staging\/wp-content\/uploads\/2025\/08\/dreamstime_m_217430363-768x513.jpg 768w, https:\/\/tidolore.ch\/staging\/wp-content\/uploads\/2025\/08\/dreamstime_m_217430363-1536x1026.jpg 1536w, https:\/\/tidolore.ch\/staging\/wp-content\/uploads\/2025\/08\/dreamstime_m_217430363-2048x1368.jpg 2048w\" sizes=\"(max-width: 300px) 100vw, 300px\" \/><\/div>\n\t\t<\/a>\n\t\t\t\t<div class=\"elementor-post__text\">\n\t\t\t\t<h2 class=\"elementor-post__title\">\n\t\t\t<a href=\"https:\/\/tidolore.ch\/staging\/radiofrequenza-dei-nervi-cluneali\/\" >\n\t\t\t\tRadiofrequenza dei nervi cluneali\t\t\t<\/a>\n\t\t<\/h2>\n\t\t\n\t\t<a class=\"elementor-post__read-more\" href=\"https:\/\/tidolore.ch\/staging\/radiofrequenza-dei-nervi-cluneali\/\" aria-label=\"Read more about Radiofrequenza dei nervi cluneali\" tabindex=\"-1\" >\n\t\t\tRead More\t\t<\/a>\n\n\t\t\t\t<\/div>\n\t\t\t\t<\/article>\n\t\t\t\t<article class=\"elementor-post elementor-grid-item post-2548 post type-post status-publish format-standard has-post-thumbnail hentry category-senza-categoria\" role=\"listitem\">\n\t\t\t\t<a class=\"elementor-post__thumbnail__link\" href=\"https:\/\/tidolore.ch\/staging\/blocco-diagnostico-del-nervo-soprascapolare\/\" tabindex=\"-1\" >\n\t\t\t<div class=\"elementor-post__thumbnail\"><img loading=\"lazy\" decoding=\"async\" width=\"232\" height=\"300\" src=\"https:\/\/tidolore.ch\/staging\/wp-content\/uploads\/2025\/08\/shoulder_post02-232x300.png\" class=\"attachment-medium size-medium wp-image-2546\" alt=\"\" srcset=\"https:\/\/tidolore.ch\/staging\/wp-content\/uploads\/2025\/08\/shoulder_post02-232x300.png 232w, https:\/\/tidolore.ch\/staging\/wp-content\/uploads\/2025\/08\/shoulder_post02.png 386w\" sizes=\"(max-width: 232px) 100vw, 232px\" \/><\/div>\n\t\t<\/a>\n\t\t\t\t<div class=\"elementor-post__text\">\n\t\t\t\t<h2 class=\"elementor-post__title\">\n\t\t\t<a href=\"https:\/\/tidolore.ch\/staging\/blocco-diagnostico-del-nervo-soprascapolare\/\" >\n\t\t\t\tBlocco Diagnostico del Nervo Soprascapolare\t\t\t<\/a>\n\t\t<\/h2>\n\t\t\n\t\t<a class=\"elementor-post__read-more\" href=\"https:\/\/tidolore.ch\/staging\/blocco-diagnostico-del-nervo-soprascapolare\/\" aria-label=\"Read more about Blocco Diagnostico del Nervo Soprascapolare\" tabindex=\"-1\" >\n\t\t\tRead More\t\t<\/a>\n\n\t\t\t\t<\/div>\n\t\t\t\t<\/article>\n\t\t\t\t<article class=\"elementor-post elementor-grid-item post-2535 post type-post status-publish format-standard has-post-thumbnail hentry category-sindrome\" role=\"listitem\">\n\t\t\t\t<a class=\"elementor-post__thumbnail__link\" href=\"https:\/\/tidolore.ch\/staging\/dolore-alla-spalla\/\" tabindex=\"-1\" >\n\t\t\t<div class=\"elementor-post__thumbnail\"><img loading=\"lazy\" decoding=\"async\" width=\"300\" height=\"200\" src=\"https:\/\/tidolore.ch\/staging\/wp-content\/uploads\/2025\/08\/dreamstime_m_74662678-300x200.jpg\" class=\"attachment-medium size-medium wp-image-2536\" alt=\"\" srcset=\"https:\/\/tidolore.ch\/staging\/wp-content\/uploads\/2025\/08\/dreamstime_m_74662678-300x200.jpg 300w, https:\/\/tidolore.ch\/staging\/wp-content\/uploads\/2025\/08\/dreamstime_m_74662678-1024x683.jpg 1024w, https:\/\/tidolore.ch\/staging\/wp-content\/uploads\/2025\/08\/dreamstime_m_74662678-768x512.jpg 768w, https:\/\/tidolore.ch\/staging\/wp-content\/uploads\/2025\/08\/dreamstime_m_74662678-1536x1024.jpg 1536w, https:\/\/tidolore.ch\/staging\/wp-content\/uploads\/2025\/08\/dreamstime_m_74662678-2048x1365.jpg 2048w\" sizes=\"(max-width: 300px) 100vw, 300px\" \/><\/div>\n\t\t<\/a>\n\t\t\t\t<div class=\"elementor-post__text\">\n\t\t\t\t<h2 class=\"elementor-post__title\">\n\t\t\t<a href=\"https:\/\/tidolore.ch\/staging\/dolore-alla-spalla\/\" >\n\t\t\t\tDolore alla Spalla\t\t\t<\/a>\n\t\t<\/h2>\n\t\t\n\t\t<a class=\"elementor-post__read-more\" href=\"https:\/\/tidolore.ch\/staging\/dolore-alla-spalla\/\" aria-label=\"Read more about Dolore alla Spalla\" tabindex=\"-1\" >\n\t\t\tRead More\t\t<\/a>\n\n\t\t\t\t<\/div>\n\t\t\t\t<\/article>\n\t\t\t\t<article class=\"elementor-post elementor-grid-item post-2497 post type-post status-publish format-standard has-post-thumbnail hentry category-senza-categoria\" role=\"listitem\">\n\t\t\t\t<a class=\"elementor-post__thumbnail__link\" href=\"https:\/\/tidolore.ch\/staging\/capsaicine\/\" tabindex=\"-1\" >\n\t\t\t<div class=\"elementor-post__thumbnail\"><img loading=\"lazy\" decoding=\"async\" width=\"300\" height=\"200\" src=\"https:\/\/tidolore.ch\/staging\/wp-content\/uploads\/2025\/07\/WhatsApp-Image-2026-01-06-at-16.53.15-300x200.jpeg\" class=\"attachment-medium size-medium wp-image-3650\" alt=\"\" srcset=\"https:\/\/tidolore.ch\/staging\/wp-content\/uploads\/2025\/07\/WhatsApp-Image-2026-01-06-at-16.53.15-300x200.jpeg 300w, https:\/\/tidolore.ch\/staging\/wp-content\/uploads\/2025\/07\/WhatsApp-Image-2026-01-06-at-16.53.15-1024x682.jpeg 1024w, https:\/\/tidolore.ch\/staging\/wp-content\/uploads\/2025\/07\/WhatsApp-Image-2026-01-06-at-16.53.15-768x512.jpeg 768w, https:\/\/tidolore.ch\/staging\/wp-content\/uploads\/2025\/07\/WhatsApp-Image-2026-01-06-at-16.53.15-1536x1023.jpeg 1536w, https:\/\/tidolore.ch\/staging\/wp-content\/uploads\/2025\/07\/WhatsApp-Image-2026-01-06-at-16.53.15.jpeg 1600w\" sizes=\"(max-width: 300px) 100vw, 300px\" \/><\/div>\n\t\t<\/a>\n\t\t\t\t<div class=\"elementor-post__text\">\n\t\t\t\t<h2 class=\"elementor-post__title\">\n\t\t\t<a href=\"https:\/\/tidolore.ch\/staging\/capsaicine\/\" >\n\t\t\t\tCAPSAICINE 8%\t\t\t<\/a>\n\t\t<\/h2>\n\t\t\n\t\t<a class=\"elementor-post__read-more\" href=\"https:\/\/tidolore.ch\/staging\/capsaicine\/\" aria-label=\"Read more about CAPSAICINE 8%\" tabindex=\"-1\" >\n\t\t\tRead More\t\t<\/a>\n\n\t\t\t\t<\/div>\n\t\t\t\t<\/article>\n\t\t\t\t<\/div>\n\t\t\n\t\t\t\t<div class=\"e-load-more-anchor\" data-page=\"1\" data-max-page=\"6\" data-next-page=\"https:\/\/tidolore.ch\/staging\/wp-json\/wp\/v2\/pages\/60\/page\/2\/\"><\/div>\n\t\t\t\t<nav class=\"elementor-pagination\" aria-label=\"Pagination\">\n\t\t\t<span aria-current=\"page\" class=\"page-numbers current\"><span class=\"elementor-screen-only\">Page<\/span>1<\/span>\n<a class=\"page-numbers\" href=\"https:\/\/tidolore.ch\/staging\/wp-json\/wp\/v2\/pages\/60\/page\/2\/\"><span class=\"elementor-screen-only\">Page<\/span>2<\/a>\n<a class=\"page-numbers\" href=\"https:\/\/tidolore.ch\/staging\/wp-json\/wp\/v2\/pages\/60\/page\/3\/\"><span class=\"elementor-screen-only\">Page<\/span>3<\/a>\n<span class=\"page-numbers dots\">&hellip;<\/span>\n<a class=\"page-numbers\" href=\"https:\/\/tidolore.ch\/staging\/wp-json\/wp\/v2\/pages\/60\/page\/6\/\"><span class=\"elementor-screen-only\">Page<\/span>6<\/a>\t\t<\/nav>\n\t\t\t\t\t\t<\/div>\n\t\t\t\t<\/div>\n\t\t\t\t\t<\/div>\n\t\t\t\t<\/div>\n\t\t\t\t<\/div>\n\t\t","protected":false},"excerpt":{"rendered":"<p>Trattamenti A seconda di molti fattori, come il tipo di dolore e la salute generale, esistono numerose opzioni per trattare il dolore. La gestione del<\/p>\n","protected":false},"author":1,"featured_media":0,"parent":0,"menu_order":0,"comment_status":"closed","ping_status":"closed","template":"","meta":{"footnotes":""},"class_list":["post-60","page","type-page","status-publish","hentry"],"rttpg_featured_image_url":null,"rttpg_author":{"display_name":"admin","author_link":"https:\/\/tidolore.ch\/staging\/author\/administrator\/"},"rttpg_comment":0,"rttpg_category":"","rttpg_excerpt":"Trattamenti A seconda di molti fattori, come il tipo di dolore e la salute generale, esistono numerose opzioni per trattare il dolore. La gestione del","_links":{"self":[{"href":"https:\/\/tidolore.ch\/staging\/wp-json\/wp\/v2\/pages\/60","targetHints":{"allow":["GET"]}}],"collection":[{"href":"https:\/\/tidolore.ch\/staging\/wp-json\/wp\/v2\/pages"}],"about":[{"href":"https:\/\/tidolore.ch\/staging\/wp-json\/wp\/v2\/types\/page"}],"author":[{"embeddable":true,"href":"https:\/\/tidolore.ch\/staging\/wp-json\/wp\/v2\/users\/1"}],"replies":[{"embeddable":true,"href":"https:\/\/tidolore.ch\/staging\/wp-json\/wp\/v2\/comments?post=60"}],"version-history":[{"count":580,"href":"https:\/\/tidolore.ch\/staging\/wp-json\/wp\/v2\/pages\/60\/revisions"}],"predecessor-version":[{"id":4745,"href":"https:\/\/tidolore.ch\/staging\/wp-json\/wp\/v2\/pages\/60\/revisions\/4745"}],"wp:attachment":[{"href":"https:\/\/tidolore.ch\/staging\/wp-json\/wp\/v2\/media?parent=60"}],"curies":[{"name":"wp","href":"https:\/\/api.w.org\/{rel}","templated":true}]}}